{"id":10937,"date":"2025-03-21T16:50:49","date_gmt":"2025-03-21T15:50:49","guid":{"rendered":"https:\/\/www.objectifimage-95.fr\/?page_id=10937"},"modified":"2025-10-22T11:28:16","modified_gmt":"2025-10-22T09:28:16","slug":"galeries-adherents-themes","status":"publish","type":"page","link":"https:\/\/www.objectifimage-95.fr\/index.php\/galeries-adherents-themes\/","title":{"rendered":"Par th\u00e8mes"},"content":{"rendered":"\t\t<div data-elementor-type=\"wp-page\" data-elementor-id=\"10937\" class=\"elementor elementor-10937\">\n\t\t\t\t<div class=\"elementor-element elementor-element-bee55dc e-flex e-con-boxed e-con e-parent\" data-id=\"bee55dc\" data-element_type=\"container\" data-e-type=\"container\">\n\t\t\t\t\t<div class=\"e-con-inner\">\n\t\t\t\t<div class=\"elementor-element elementor-element-82e51cb elementor-widget elementor-widget-heading\" data-id=\"82e51cb\" data-element_type=\"widget\" data-e-type=\"widget\" data-widget_type=\"heading.default\">\n\t\t\t\t<div class=\"elementor-widget-container\">\n\t\t\t\t\t<h2 class=\"elementor-heading-title elementor-size-default\">Par th\u00e8mes<\/h2>\t\t\t\t<\/div>\n\t\t\t\t<\/div>\n\t\t\t\t\t<\/div>\n\t\t\t\t<\/div>\n\t\t<div class=\"elementor-element elementor-element-61a5215 e-grid e-con-boxed e-con e-parent\" data-id=\"61a5215\" data-element_type=\"container\" data-e-type=\"container\">\n\t\t\t\t\t<div class=\"e-con-inner\">\n\t\t\t\t<div class=\"elementor-element elementor-element-77fad28 elementor-widget elementor-widget-image\" data-id=\"77fad28\" data-element_type=\"widget\" data-e-type=\"widget\" data-widget_type=\"image.default\">\n\t\t\t\t<div class=\"elementor-widget-container\">\n\t\t\t\t\t\t\t\t\t\t\t\t<figure class=\"wp-caption\">\n\t\t\t\t\t\t\t\t\t\t\t<a href=\"https:\/\/www.objectifimage-95.fr\/index.php\/modula-gallery\/g-adh-papillons\/\">\n\t\t\t\t\t\t\t<img fetchpriority=\"high\" decoding=\"async\" width=\"300\" height=\"200\" src=\"https:\/\/www.objectifimage-95.fr\/wp-content\/uploads\/2025\/03\/Jean-Paul-F-Azure-2-1-300x200.jpg\" class=\"attachment-medium size-medium wp-image-10994\" alt=\"\" srcset=\"https:\/\/www.objectifimage-95.fr\/wp-content\/uploads\/2025\/03\/Jean-Paul-F-Azure-2-1-300x200.jpg 300w, https:\/\/www.objectifimage-95.fr\/wp-content\/uploads\/2025\/03\/Jean-Paul-F-Azure-2-1-1024x683.jpg 1024w, https:\/\/www.objectifimage-95.fr\/wp-content\/uploads\/2025\/03\/Jean-Paul-F-Azure-2-1-768x512.jpg 768w, https:\/\/www.objectifimage-95.fr\/wp-content\/uploads\/2025\/03\/Jean-Paul-F-Azure-2-1-1536x1024.jpg 1536w, https:\/\/www.objectifimage-95.fr\/wp-content\/uploads\/2025\/03\/Jean-Paul-F-Azure-2-1.jpg 1800w\" sizes=\"(max-width: 300px) 100vw, 300px\" \/>\t\t\t\t\t\t\t\t<\/a>\n\t\t\t\t\t\t\t\t\t\t\t<figcaption class=\"widget-image-caption wp-caption-text\">Les papillons<\/figcaption>\n\t\t\t\t\t\t\t\t\t\t<\/figure>\n\t\t\t\t\t\t\t\t\t<\/div>\n\t\t\t\t<\/div>\n\t\t\t\t<div class=\"elementor-element elementor-element-c04ed31 elementor-widget elementor-widget-image\" data-id=\"c04ed31\" data-element_type=\"widget\" data-e-type=\"widget\" data-widget_type=\"image.default\">\n\t\t\t\t<div class=\"elementor-widget-container\">\n\t\t\t\t\t\t\t\t\t\t\t\t<figure class=\"wp-caption\">\n\t\t\t\t\t\t\t\t\t\t\t<a href=\"https:\/\/www.objectifimage-95.fr\/index.php\/modula-gallery\/g-adh-papillons-3\/\">\n\t\t\t\t\t\t\t<img decoding=\"async\" width=\"300\" height=\"200\" src=\"https:\/\/www.objectifimage-95.fr\/wp-content\/uploads\/2025\/10\/Philippe-H-HC01-_DSC0254-1-300x200.jpg\" class=\"attachment-medium size-medium wp-image-17245\" alt=\"\" srcset=\"https:\/\/www.objectifimage-95.fr\/wp-content\/uploads\/2025\/10\/Philippe-H-HC01-_DSC0254-1-300x200.jpg 300w, https:\/\/www.objectifimage-95.fr\/wp-content\/uploads\/2025\/10\/Philippe-H-HC01-_DSC0254-1-1024x683.jpg 1024w, https:\/\/www.objectifimage-95.fr\/wp-content\/uploads\/2025\/10\/Philippe-H-HC01-_DSC0254-1-768x512.jpg 768w, https:\/\/www.objectifimage-95.fr\/wp-content\/uploads\/2025\/10\/Philippe-H-HC01-_DSC0254-1-1536x1024.jpg 1536w, https:\/\/www.objectifimage-95.fr\/wp-content\/uploads\/2025\/10\/Philippe-H-HC01-_DSC0254-1.jpg 1920w\" sizes=\"(max-width: 300px) 100vw, 300px\" \/>\t\t\t\t\t\t\t\t<\/a>\n\t\t\t\t\t\t\t\t\t\t\t<figcaption class=\"widget-image-caption wp-caption-text\">H\u00e9rons cendr\u00e9s<\/figcaption>\n\t\t\t\t\t\t\t\t\t\t<\/figure>\n\t\t\t\t\t\t\t\t\t<\/div>\n\t\t\t\t<\/div>\n\t\t\t\t\t<\/div>\n\t\t\t\t<\/div>\n\t\t\t\t<\/div>\n\t\t","protected":false},"excerpt":{"rendered":"<p>Par th\u00e8mes Les papillons H\u00e9rons cendr\u00e9s<\/p>\n","protected":false},"author":1,"featured_media":0,"parent":0,"menu_order":0,"comment_status":"closed","ping_status":"closed","template":"","meta":{"ocean_post_layout":"","ocean_both_sidebars_style":"","ocean_both_sidebars_content_width":0,"ocean_both_sidebars_sidebars_width":0,"ocean_sidebar":"","ocean_second_sidebar":"","ocean_disable_margins":"enable","ocean_add_body_class":"","ocean_shortcode_before_top_bar":"","ocean_shortcode_after_top_bar":"","ocean_shortcode_before_header":"","ocean_shortcode_after_header":"","ocean_has_shortcode":"","ocean_shortcode_after_title":"","ocean_shortcode_before_footer_widgets":"","ocean_shortcode_after_footer_widgets":"","ocean_shortcode_before_footer_bottom":"","ocean_shortcode_after_footer_bottom":"","ocean_display_top_bar":"default","ocean_display_header":"default","ocean_header_style":"","ocean_center_header_left_menu":"","ocean_custom_header_template":"","ocean_custom_logo":0,"ocean_custom_retina_logo":0,"ocean_custom_logo_max_width":0,"ocean_custom_logo_tablet_max_width":0,"ocean_custom_logo_mobile_max_width":0,"ocean_custom_logo_max_height":0,"ocean_custom_logo_tablet_max_height":0,"ocean_custom_logo_mobile_max_height":0,"ocean_header_custom_menu":"","ocean_menu_typo_font_family":"","ocean_menu_typo_font_subset":"","ocean_menu_typo_font_size":0,"ocean_menu_typo_font_size_tablet":0,"ocean_menu_typo_font_size_mobile":0,"ocean_menu_typo_font_size_unit":"px","ocean_menu_typo_font_weight":"","ocean_menu_typo_font_weight_tablet":"","ocean_menu_typo_font_weight_mobile":"","ocean_menu_typo_transform":"","ocean_menu_typo_transform_tablet":"","ocean_menu_typo_transform_mobile":"","ocean_menu_typo_line_height":0,"ocean_menu_typo_line_height_tablet":0,"ocean_menu_typo_line_height_mobile":0,"ocean_menu_typo_line_height_unit":"","ocean_menu_typo_spacing":0,"ocean_menu_typo_spacing_tablet":0,"ocean_menu_typo_spacing_mobile":0,"ocean_menu_typo_spacing_unit":"","ocean_menu_link_color":"","ocean_menu_link_color_hover":"","ocean_menu_link_color_active":"","ocean_menu_link_background":"","ocean_menu_link_hover_background":"","ocean_menu_link_active_background":"","ocean_menu_social_links_bg":"","ocean_menu_social_hover_links_bg":"","ocean_menu_social_links_color":"","ocean_menu_social_hover_links_color":"","ocean_disable_title":"default","ocean_disable_heading":"default","ocean_post_title":"Galeries adh\u00e9rents","ocean_post_subheading":"","ocean_post_title_style":"background-image","ocean_post_title_background_color":"","ocean_post_title_background":9212,"ocean_post_title_bg_image_position":"","ocean_post_title_bg_image_attachment":"","ocean_post_title_bg_image_repeat":"","ocean_post_title_bg_image_size":"","ocean_post_title_height":0,"ocean_post_title_bg_overlay":0.1,"ocean_post_title_bg_overlay_color":"","ocean_disable_breadcrumbs":"default","ocean_breadcrumbs_color":"","ocean_breadcrumbs_separator_color":"","ocean_breadcrumbs_links_color":"","ocean_breadcrumbs_links_hover_color":"","ocean_display_footer_widgets":"default","ocean_display_footer_bottom":"default","ocean_custom_footer_template":"","footnotes":""},"class_list":["post-10937","page","type-page","status-publish","hentry","entry"],"yoast_head":"<!-- This site is optimized with the Yoast SEO plugin v27.5 - https:\/\/yoast.com\/product\/yoast-seo-wordpress\/ -->\n<title>Par th\u00e8mes - Objectif Image 95<\/title>\n<meta name=\"robots\" content=\"index, follow, max-snippet:-1, max-image-preview:large, max-video-preview:-1\" \/>\n<link rel=\"canonical\" href=\"https:\/\/www.objectifimage-95.fr\/index.php\/galeries-adherents-themes\/\" \/>\n<meta property=\"og:locale\" content=\"fr_FR\" \/>\n<meta property=\"og:type\" content=\"article\" \/>\n<meta property=\"og:title\" content=\"Par th\u00e8mes - Objectif Image 95\" \/>\n<meta property=\"og:description\" content=\"Par th\u00e8mes Les papillons H\u00e9rons cendr\u00e9s\" \/>\n<meta property=\"og:url\" content=\"https:\/\/www.objectifimage-95.fr\/index.php\/galeries-adherents-themes\/\" \/>\n<meta property=\"og:site_name\" content=\"Objectif Image 95\" \/>\n<meta property=\"article:modified_time\" content=\"2025-10-22T09:28:16+00:00\" \/>\n<meta property=\"og:image\" content=\"https:\/\/www.objectifimage-95.fr\/wp-content\/uploads\/2025\/03\/Jean-Paul-F-Azure-2-1.jpg\" \/>\n\t<meta property=\"og:image:width\" content=\"1800\" \/>\n\t<meta property=\"og:image:height\" content=\"1200\" \/>\n\t<meta property=\"og:image:type\" content=\"image\/jpeg\" \/>\n<meta name=\"twitter:card\" content=\"summary_large_image\" \/>\n<meta name=\"twitter:label1\" content=\"Dur\u00e9e de lecture estim\u00e9e\" \/>\n\t<meta name=\"twitter:data1\" content=\"1 minute\" \/>\n<script type=\"application\/ld+json\" class=\"yoast-schema-graph\">{\"@context\":\"https:\\\/\\\/schema.org\",\"@graph\":[{\"@type\":\"WebPage\",\"@id\":\"https:\\\/\\\/www.objectifimage-95.fr\\\/index.php\\\/galeries-adherents-themes\\\/\",\"url\":\"https:\\\/\\\/www.objectifimage-95.fr\\\/index.php\\\/galeries-adherents-themes\\\/\",\"name\":\"Par th\u00e8mes - Objectif Image 95\",\"isPartOf\":{\"@id\":\"https:\\\/\\\/www.objectifimage-95.fr\\\/#website\"},\"primaryImageOfPage\":{\"@id\":\"https:\\\/\\\/www.objectifimage-95.fr\\\/index.php\\\/galeries-adherents-themes\\\/#primaryimage\"},\"image\":{\"@id\":\"https:\\\/\\\/www.objectifimage-95.fr\\\/index.php\\\/galeries-adherents-themes\\\/#primaryimage\"},\"thumbnailUrl\":\"https:\\\/\\\/www.objectifimage-95.fr\\\/wp-content\\\/uploads\\\/2025\\\/03\\\/Jean-Paul-F-Azure-2-1-300x200.jpg\",\"datePublished\":\"2025-03-21T15:50:49+00:00\",\"dateModified\":\"2025-10-22T09:28:16+00:00\",\"breadcrumb\":{\"@id\":\"https:\\\/\\\/www.objectifimage-95.fr\\\/index.php\\\/galeries-adherents-themes\\\/#breadcrumb\"},\"inLanguage\":\"fr-FR\",\"potentialAction\":[{\"@type\":\"ReadAction\",\"target\":[\"https:\\\/\\\/www.objectifimage-95.fr\\\/index.php\\\/galeries-adherents-themes\\\/\"]}]},{\"@type\":\"ImageObject\",\"inLanguage\":\"fr-FR\",\"@id\":\"https:\\\/\\\/www.objectifimage-95.fr\\\/index.php\\\/galeries-adherents-themes\\\/#primaryimage\",\"url\":\"https:\\\/\\\/www.objectifimage-95.fr\\\/wp-content\\\/uploads\\\/2025\\\/03\\\/Jean-Paul-F-Azure-2-1.jpg\",\"contentUrl\":\"https:\\\/\\\/www.objectifimage-95.fr\\\/wp-content\\\/uploads\\\/2025\\\/03\\\/Jean-Paul-F-Azure-2-1.jpg\",\"width\":1800,\"height\":1200,\"caption\":\"Azur\u00e9\"},{\"@type\":\"BreadcrumbList\",\"@id\":\"https:\\\/\\\/www.objectifimage-95.fr\\\/index.php\\\/galeries-adherents-themes\\\/#breadcrumb\",\"itemListElement\":[{\"@type\":\"ListItem\",\"position\":1,\"name\":\"Accueil\",\"item\":\"https:\\\/\\\/www.objectifimage-95.fr\\\/\"},{\"@type\":\"ListItem\",\"position\":2,\"name\":\"Par th\u00e8mes\"}]},{\"@type\":\"WebSite\",\"@id\":\"https:\\\/\\\/www.objectifimage-95.fr\\\/#website\",\"url\":\"https:\\\/\\\/www.objectifimage-95.fr\\\/\",\"name\":\"Objectif Image-95\",\"description\":\"Photo club de Soisy-sous-Montmorency\",\"publisher\":{\"@id\":\"https:\\\/\\\/www.objectifimage-95.fr\\\/#organization\"},\"potentialAction\":[{\"@type\":\"SearchAction\",\"target\":{\"@type\":\"EntryPoint\",\"urlTemplate\":\"https:\\\/\\\/www.objectifimage-95.fr\\\/?s={search_term_string}\"},\"query-input\":{\"@type\":\"PropertyValueSpecification\",\"valueRequired\":true,\"valueName\":\"search_term_string\"}}],\"inLanguage\":\"fr-FR\"},{\"@type\":\"Organization\",\"@id\":\"https:\\\/\\\/www.objectifimage-95.fr\\\/#organization\",\"name\":\"Objectif Image-95\",\"url\":\"https:\\\/\\\/www.objectifimage-95.fr\\\/\",\"logo\":{\"@type\":\"ImageObject\",\"inLanguage\":\"fr-FR\",\"@id\":\"https:\\\/\\\/www.objectifimage-95.fr\\\/#\\\/schema\\\/logo\\\/image\\\/\",\"url\":\"https:\\\/\\\/www.objectifimage-95.fr\\\/wp-content\\\/uploads\\\/2025\\\/01\\\/Logo-520px.png\",\"contentUrl\":\"https:\\\/\\\/www.objectifimage-95.fr\\\/wp-content\\\/uploads\\\/2025\\\/01\\\/Logo-520px.png\",\"width\":520,\"height\":343,\"caption\":\"Objectif Image-95\"},\"image\":{\"@id\":\"https:\\\/\\\/www.objectifimage-95.fr\\\/#\\\/schema\\\/logo\\\/image\\\/\"}}]}<\/script>\n<!-- \/ Yoast SEO plugin. -->","yoast_head_json":{"title":"Par th\u00e8mes - Objectif Image 95","robots":{"index":"index","follow":"follow","max-snippet":"max-snippet:-1","max-image-preview":"max-image-preview:large","max-video-preview":"max-video-preview:-1"},"canonical":"https:\/\/www.objectifimage-95.fr\/index.php\/galeries-adherents-themes\/","og_locale":"fr_FR","og_type":"article","og_title":"Par th\u00e8mes - Objectif Image 95","og_description":"Par th\u00e8mes Les papillons H\u00e9rons cendr\u00e9s","og_url":"https:\/\/www.objectifimage-95.fr\/index.php\/galeries-adherents-themes\/","og_site_name":"Objectif Image 95","article_modified_time":"2025-10-22T09:28:16+00:00","og_image":[{"width":1800,"height":1200,"url":"https:\/\/www.objectifimage-95.fr\/wp-content\/uploads\/2025\/03\/Jean-Paul-F-Azure-2-1.jpg","type":"image\/jpeg"}],"twitter_card":"summary_large_image","twitter_misc":{"Dur\u00e9e de lecture estim\u00e9e":"1 minute"},"schema":{"@context":"https:\/\/schema.org","@graph":[{"@type":"WebPage","@id":"https:\/\/www.objectifimage-95.fr\/index.php\/galeries-adherents-themes\/","url":"https:\/\/www.objectifimage-95.fr\/index.php\/galeries-adherents-themes\/","name":"Par th\u00e8mes - Objectif Image 95","isPartOf":{"@id":"https:\/\/www.objectifimage-95.fr\/#website"},"primaryImageOfPage":{"@id":"https:\/\/www.objectifimage-95.fr\/index.php\/galeries-adherents-themes\/#primaryimage"},"image":{"@id":"https:\/\/www.objectifimage-95.fr\/index.php\/galeries-adherents-themes\/#primaryimage"},"thumbnailUrl":"https:\/\/www.objectifimage-95.fr\/wp-content\/uploads\/2025\/03\/Jean-Paul-F-Azure-2-1-300x200.jpg","datePublished":"2025-03-21T15:50:49+00:00","dateModified":"2025-10-22T09:28:16+00:00","breadcrumb":{"@id":"https:\/\/www.objectifimage-95.fr\/index.php\/galeries-adherents-themes\/#breadcrumb"},"inLanguage":"fr-FR","potentialAction":[{"@type":"ReadAction","target":["https:\/\/www.objectifimage-95.fr\/index.php\/galeries-adherents-themes\/"]}]},{"@type":"ImageObject","inLanguage":"fr-FR","@id":"https:\/\/www.objectifimage-95.fr\/index.php\/galeries-adherents-themes\/#primaryimage","url":"https:\/\/www.objectifimage-95.fr\/wp-content\/uploads\/2025\/03\/Jean-Paul-F-Azure-2-1.jpg","contentUrl":"https:\/\/www.objectifimage-95.fr\/wp-content\/uploads\/2025\/03\/Jean-Paul-F-Azure-2-1.jpg","width":1800,"height":1200,"caption":"Azur\u00e9"},{"@type":"BreadcrumbList","@id":"https:\/\/www.objectifimage-95.fr\/index.php\/galeries-adherents-themes\/#breadcrumb","itemListElement":[{"@type":"ListItem","position":1,"name":"Accueil","item":"https:\/\/www.objectifimage-95.fr\/"},{"@type":"ListItem","position":2,"name":"Par th\u00e8mes"}]},{"@type":"WebSite","@id":"https:\/\/www.objectifimage-95.fr\/#website","url":"https:\/\/www.objectifimage-95.fr\/","name":"Objectif Image-95","description":"Photo club de Soisy-sous-Montmorency","publisher":{"@id":"https:\/\/www.objectifimage-95.fr\/#organization"},"potentialAction":[{"@type":"SearchAction","target":{"@type":"EntryPoint","urlTemplate":"https:\/\/www.objectifimage-95.fr\/?s={search_term_string}"},"query-input":{"@type":"PropertyValueSpecification","valueRequired":true,"valueName":"search_term_string"}}],"inLanguage":"fr-FR"},{"@type":"Organization","@id":"https:\/\/www.objectifimage-95.fr\/#organization","name":"Objectif Image-95","url":"https:\/\/www.objectifimage-95.fr\/","logo":{"@type":"ImageObject","inLanguage":"fr-FR","@id":"https:\/\/www.objectifimage-95.fr\/#\/schema\/logo\/image\/","url":"https:\/\/www.objectifimage-95.fr\/wp-content\/uploads\/2025\/01\/Logo-520px.png","contentUrl":"https:\/\/www.objectifimage-95.fr\/wp-content\/uploads\/2025\/01\/Logo-520px.png","width":520,"height":343,"caption":"Objectif Image-95"},"image":{"@id":"https:\/\/www.objectifimage-95.fr\/#\/schema\/logo\/image\/"}}]}},"jetpack_sharing_enabled":true,"_links":{"self":[{"href":"https:\/\/www.objectifimage-95.fr\/index.php\/wp-json\/wp\/v2\/pages\/10937","targetHints":{"allow":["GET"]}}],"collection":[{"href":"https:\/\/www.objectifimage-95.fr\/index.php\/wp-json\/wp\/v2\/pages"}],"about":[{"href":"https:\/\/www.objectifimage-95.fr\/index.php\/wp-json\/wp\/v2\/types\/page"}],"author":[{"embeddable":true,"href":"https:\/\/www.objectifimage-95.fr\/index.php\/wp-json\/wp\/v2\/users\/1"}],"replies":[{"embeddable":true,"href":"https:\/\/www.objectifimage-95.fr\/index.php\/wp-json\/wp\/v2\/comments?post=10937"}],"version-history":[{"count":72,"href":"https:\/\/www.objectifimage-95.fr\/index.php\/wp-json\/wp\/v2\/pages\/10937\/revisions"}],"predecessor-version":[{"id":17251,"href":"https:\/\/www.objectifimage-95.fr\/index.php\/wp-json\/wp\/v2\/pages\/10937\/revisions\/17251"}],"wp:attachment":[{"href":"https:\/\/www.objectifimage-95.fr\/index.php\/wp-json\/wp\/v2\/media?parent=10937"}],"curies":[{"name":"wp","href":"https:\/\/api.w.org\/{rel}","templated":true}]}}