{"id":4710,"date":"2025-02-12T21:48:57","date_gmt":"2025-02-12T20:48:57","guid":{"rendered":"https:\/\/www.objectifimage-95.fr\/?modula-gallery=g-exp-2023-03-lc-faune-et-flore-2-2"},"modified":"2025-02-26T10:43:26","modified_gmt":"2025-02-26T09:43:26","slug":"g-exp-2023-03-lc-faune-et-flore-2-2","status":"publish","type":"modula-gallery","link":"https:\/\/www.objectifimage-95.fr\/index.php\/modula-gallery\/g-exp-2023-03-lc-faune-et-flore-2-2\/","title":{"rendered":"G-CIN-2024-11-Concours interne Couleur"},"template":"","class_list":["post-4710","modula-gallery","type-modula-gallery","status-publish","hentry","entry"],"modulaSettings":{"type":"grid","grid_type":"5","grid_row_height":250,"grid_justify_last_row":"justify","grid_image_size":"medium","grid_image_dimensions":{"width":0,"height":0},"img_size":200,"img_crop":true,"grid_image_crop":"0","gutter":10,"tablet_gutter":10,"mobile_gutter":10,"width":"100%","height":[800,800,800],"randomFactor":50,"shuffle":"0","maxImagesCount":"0","maxImagesCount_mobile":"0","lightbox":"fancybox","show_navigation":true,"open_Lightbox_on":"both","doubleClick":"0","loop_lightbox":"0","showTitleLightbox":true,"showCaptionLightbox":"0","captionPosition":"center","lightbox_keyboard":true,"lightbox_wheel":"0","lightbox_toolbar":true,"lightbox_close":true,"lightbox_thumbs":true,"lightbox_download":"0","lightbox_zoom":true,"lightbox_share":"0","lightbox_facebook":"0","lightbox_twitter":"0","lightbox_pinterest":"0","lightbox_whatsapp":"0","lightbox_linkedin":"0","lightbox_email":"0","lightboxEmailSubject":"Check out this awesome image !!","lightboxEmailMessage":"Here is the link to the image : %%image_link%% and this is the link to the gallery : %%gallery_link%%","lightbox_clickSlide":"0","lightbox_infobar":true,"lightbox_animationEffect":"false","lightbox_transitionEffect":"fade","showAllOnLightbox":"0","lightbox_touch":"0","lightbox_thumbsAutoStart":"0","mobile_caption_copy":true,"lightbox_background_color":"rgba(30,30,30,.9)","lightbox_thumbsPosition":"bottom","hide_title":true,"titleColor":"#ffffff","titleFontSize":16,"mobileTitleFontSize":12,"hide_description":"0","captionColor":"#ffffff","captionFontSize":14,"mobileCaptionFontSize":10,"show_gallery_title":"0","gallery_title_type":"p","titleFontFamily":"Default","titleFontWeight":"400","captionsFontFamily":"Default","captionFontWeight":"normal","enableSocial":"0","enableTwitter":"0","enableFacebook":"0","enableWhatsapp":"0","enableLinkedin":"0","enablePinterest":"0","enableEmail":"0","emailSubject":"Check out this awesome image !!","emailMessage":"Here is the link to the image : %%image_link%% and this is the link to the gallery : %%gallery_link%%","socialIconColor":"#ffffff","socialIconSize":16,"socialIconPadding":10,"loadedScale":100,"inView":"0","loadedRotate":0,"loadedHSlide":0,"loadedVSlide":0,"effect":"pufrobo","cursor":"zoom-in","uploadCursor":"0","hoverColor":"#ffffff","hoverOpacity":50,"borderSize":0,"borderRadius":0,"borderColor":"#ffffff","shadowSize":0,"shadowColor":"#ffffff","lazy_load":true,"helper-message":"","enable_responsive":"0","tablet_columns":2,"mobile_columns":1,"style":"","last_visited_tab":"modula-general","filters":[""],"dropdownFilters":"0","filterClick":"0","hideAllFilter":"0","allFilterLabel":"All","filterStyle":"default","filterLinkColor":"","filterLinkHoverColor":"","defaultActiveFilter":"All","filterPositioning":"top","filterTextAlignment":"none","enableCollapsibleFilters":"0","collapsibleActionText":"Filter by","enableMobileDropdownFilters":"0","upload_position":"end"},"modulaImages":[{"id":"4812","alt":"","title":"001-LEPAGNOT Alain &#8211; Allumer le feu","description":"","halign":"center","valign":"middle","link":"","target":0,"width":2,"height":2,"togglelightbox":0,"hide_title":0,"filters":"","url":"https:\/\/www.objectifimage-95.fr\/wp-content\/uploads\/2025\/02\/001-LEPAGNOT-Alain-Allumer-le-feu.jpg","caption":"","report":"","src":"https:\/\/www.objectifimage-95.fr\/wp-content\/uploads\/2025\/02\/001-LEPAGNOT-Alain-Allumer-le-feu-768x1024.jpg","data-width":2,"data-height":2},{"id":"4813","alt":"","title":"002-BODOIRA Thierry &#8211; Arbre en IR","description":"","halign":"center","valign":"middle","link":"","target":0,"width":2,"height":2,"togglelightbox":0,"hide_title":0,"filters":"","url":"https:\/\/www.objectifimage-95.fr\/wp-content\/uploads\/2025\/02\/002-BODOIRA-Thierry-Arbre-en-IR.jpg","caption":"","report":"","src":"https:\/\/www.objectifimage-95.fr\/wp-content\/uploads\/2025\/02\/002-BODOIRA-Thierry-Arbre-en-IR-1024x1024.jpg","data-width":2,"data-height":2},{"id":"4814","alt":"","title":"003-KOVEN Pierre-Luc &#8211; Le kimono","description":"","halign":"center","valign":"middle","link":"","target":0,"width":2,"height":2,"togglelightbox":0,"hide_title":0,"filters":"","url":"https:\/\/www.objectifimage-95.fr\/wp-content\/uploads\/2025\/02\/003-KOVEN-Pierre-Luc-Le-kimono.jpg","caption":"","report":"","src":"https:\/\/www.objectifimage-95.fr\/wp-content\/uploads\/2025\/02\/003-KOVEN-Pierre-Luc-Le-kimono-681x1024.jpg","data-width":2,"data-height":2},{"id":"4815","alt":"","title":"004-KOVEN Pierre-Luc &#8211; Spot rouge","description":"","halign":"center","valign":"middle","link":"","target":0,"width":2,"height":2,"togglelightbox":0,"hide_title":0,"filters":"","url":"https:\/\/www.objectifimage-95.fr\/wp-content\/uploads\/2025\/02\/004-KOVEN-Pierre-Luc-Spot-rouge.jpg","caption":"","report":"","src":"https:\/\/www.objectifimage-95.fr\/wp-content\/uploads\/2025\/02\/004-KOVEN-Pierre-Luc-Spot-rouge-683x1024.jpg","data-width":2,"data-height":2},{"id":"4816","alt":"","title":"Jean-Paul-F Anax imperator","description":"Jean-Paul-F Anax imperator","halign":"center","valign":"middle","link":"","target":0,"width":2,"height":2,"togglelightbox":0,"hide_title":0,"filters":"","url":"https:\/\/www.objectifimage-95.fr\/wp-content\/uploads\/2025\/02\/005-FRETIERE-Jean-Paul-Anax-imperateor.jpg","caption":"Jean-Paul-F Anax imperator","report":"","src":"https:\/\/www.objectifimage-95.fr\/wp-content\/uploads\/2025\/02\/005-FRETIERE-Jean-Paul-Anax-imperateor-1024x768.jpg","data-width":2,"data-height":2},{"id":"4817","alt":"","title":"006-HERBECQ Philippe &#8211; Rencontre azur\u00e9s de la bugrane","description":"","halign":"center","valign":"middle","link":"","target":0,"width":2,"height":2,"togglelightbox":0,"hide_title":0,"filters":"","url":"https:\/\/www.objectifimage-95.fr\/wp-content\/uploads\/2025\/02\/006-HERBECQ-Philippe-Rencontre-azures-de-la-bugrane.jpg","caption":"","report":"","src":"https:\/\/www.objectifimage-95.fr\/wp-content\/uploads\/2025\/02\/006-HERBECQ-Philippe-Rencontre-azures-de-la-bugrane-1024x683.jpg","data-width":2,"data-height":2},{"id":"4818","alt":"","title":"007-POMMARET Jean Pierre &#8211; Hirondelles rustiques","description":"","halign":"center","valign":"middle","link":"","target":0,"width":2,"height":2,"togglelightbox":0,"hide_title":0,"filters":"","url":"https:\/\/www.objectifimage-95.fr\/wp-content\/uploads\/2025\/02\/007-POMMARET-Jean-Pierre-Hirondelles-rustiques.jpg","caption":"","report":"","src":"https:\/\/www.objectifimage-95.fr\/wp-content\/uploads\/2025\/02\/007-POMMARET-Jean-Pierre-Hirondelles-rustiques-1024x576.jpg","data-width":2,"data-height":2},{"id":"4819","alt":"","title":"008-LEPAGNOT Alain &#8211; La diagonale","description":"","halign":"center","valign":"middle","link":"","target":0,"width":2,"height":2,"togglelightbox":0,"hide_title":0,"filters":"","url":"https:\/\/www.objectifimage-95.fr\/wp-content\/uploads\/2025\/02\/008-LEPAGNOT-Alain-La-diagonale.jpg","caption":"","report":"","src":"https:\/\/www.objectifimage-95.fr\/wp-content\/uploads\/2025\/02\/008-LEPAGNOT-Alain-La-diagonale-768x1024.jpg","data-width":2,"data-height":2},{"id":"4820","alt":"","title":"009-CIURANA Jos\u00e9 &#8211; Rayon Vert","description":"","halign":"center","valign":"middle","link":"","target":0,"width":2,"height":2,"togglelightbox":0,"hide_title":0,"filters":"","url":"https:\/\/www.objectifimage-95.fr\/wp-content\/uploads\/2025\/02\/009-CIURANA-Jose-Rayon-Vert.jpg","caption":"","report":"","src":"https:\/\/www.objectifimage-95.fr\/wp-content\/uploads\/2025\/02\/009-CIURANA-Jose-Rayon-Vert-1024x917.jpg","data-width":2,"data-height":2},{"id":"4821","alt":"","title":"010-PUIGMAL Pierre &#8211; Clara 7","description":"","halign":"center","valign":"middle","link":"","target":0,"width":2,"height":2,"togglelightbox":0,"hide_title":0,"filters":"","url":"https:\/\/www.objectifimage-95.fr\/wp-content\/uploads\/2025\/02\/010-PUIGMAL-Pierre-Clara-7.jpg","caption":"","report":"","src":"https:\/\/www.objectifimage-95.fr\/wp-content\/uploads\/2025\/02\/010-PUIGMAL-Pierre-Clara-7-1024x1024.jpg","data-width":2,"data-height":2},{"id":"4822","alt":"","title":"011-HERBECQ Pascale &#8211; Couloir de lumi\u00e8re","description":"","halign":"center","valign":"middle","link":"","target":0,"width":2,"height":2,"togglelightbox":0,"hide_title":0,"filters":"","url":"https:\/\/www.objectifimage-95.fr\/wp-content\/uploads\/2025\/02\/011-HERBECQ-Pascale-Couloir-de-lumiere.jpg","caption":"","report":"","src":"https:\/\/www.objectifimage-95.fr\/wp-content\/uploads\/2025\/02\/011-HERBECQ-Pascale-Couloir-de-lumiere-1024x681.jpg","data-width":2,"data-height":2},{"id":"4823","alt":"","title":"012-VAYSSI\u00c8RE Christian &#8211; Tisserin \u00e0 lunette","description":"","halign":"center","valign":"middle","link":"","target":0,"width":2,"height":2,"togglelightbox":0,"hide_title":0,"filters":"","url":"https:\/\/www.objectifimage-95.fr\/wp-content\/uploads\/2025\/02\/012-VAYSSIERE-Christian-Tisserin-a-lunette.jpg","caption":"","report":"","src":"https:\/\/www.objectifimage-95.fr\/wp-content\/uploads\/2025\/02\/012-VAYSSIERE-Christian-Tisserin-a-lunette-683x1024.jpg","data-width":2,"data-height":2},{"id":"4824","alt":"","title":"013-MAZ\u00c9 Edouard &#8211; Aurelia","description":"","halign":"center","valign":"middle","link":"","target":0,"width":2,"height":2,"togglelightbox":0,"hide_title":0,"filters":"","url":"https:\/\/www.objectifimage-95.fr\/wp-content\/uploads\/2025\/02\/013-MAZE-Edouard-Aurelia.jpg","caption":"","report":"","src":"https:\/\/www.objectifimage-95.fr\/wp-content\/uploads\/2025\/02\/013-MAZE-Edouard-Aurelia-683x1024.jpg","data-width":2,"data-height":2},{"id":"4825","alt":"","title":"014-PUIGMAL Pierre &#8211; Toujours plus haut","description":"","halign":"center","valign":"middle","link":"","target":0,"width":2,"height":2,"togglelightbox":0,"hide_title":0,"filters":"","url":"https:\/\/www.objectifimage-95.fr\/wp-content\/uploads\/2025\/02\/014-PUIGMAL-Pierre-Toujours-plus-haut.jpg","caption":"","report":"","src":"https:\/\/www.objectifimage-95.fr\/wp-content\/uploads\/2025\/02\/014-PUIGMAL-Pierre-Toujours-plus-haut-1024x683.jpg","data-width":2,"data-height":2},{"id":"4826","alt":"","title":"015-DERRIENNIC Gilles &#8211; Epervier \u00e0 l&rsquo;aff\u00fbt","description":"","halign":"center","valign":"middle","link":"","target":0,"width":2,"height":2,"togglelightbox":0,"hide_title":0,"filters":"","url":"https:\/\/www.objectifimage-95.fr\/wp-content\/uploads\/2025\/02\/015-DERRIENNIC-Gilles-Epervier-a-laffut.jpg","caption":"","report":"","src":"https:\/\/www.objectifimage-95.fr\/wp-content\/uploads\/2025\/02\/015-DERRIENNIC-Gilles-Epervier-a-laffut-1024x1024.jpg","data-width":2,"data-height":2},{"id":"4827","alt":"","title":"Fabrice-V-Arc-en -Ciel","description":"Fabrice-V:Arc-en-Ciel et nuages sur le Perito-Moreno, Patagonie","halign":"center","valign":"middle","link":"","target":0,"width":2,"height":2,"togglelightbox":0,"hide_title":0,"filters":"","url":"https:\/\/www.objectifimage-95.fr\/wp-content\/uploads\/2025\/02\/016-VIOU-Fabrice-Arc-en-Ciel.jpg","caption":"Fabrice-V:Arc-en-Ciel et nuages sur le Perito-Moreno, Patagonie","report":"","src":"https:\/\/www.objectifimage-95.fr\/wp-content\/uploads\/2025\/02\/016-VIOU-Fabrice-Arc-en-Ciel-1024x683.jpg","data-width":2,"data-height":2},{"id":"4828","alt":"","title":"Fabrice-V-D\u00e9sertique","description":"Fabrice-V:Paysage d\u00e9sertique,Bolivie","halign":"center","valign":"middle","link":"","target":0,"width":2,"height":2,"togglelightbox":0,"hide_title":0,"filters":"","url":"https:\/\/www.objectifimage-95.fr\/wp-content\/uploads\/2025\/02\/017-VIOU-Fabrice-Desertique.jpg","caption":"Fabrice-V:Paysage d\u00e9sertique,Bolivie","report":"","src":"https:\/\/www.objectifimage-95.fr\/wp-content\/uploads\/2025\/02\/017-VIOU-Fabrice-Desertique-1024x683.jpg","data-width":2,"data-height":2},{"id":"4829","alt":"","title":"018-CIURANA Jos\u00e9 &#8211; Fragment de Soi","description":"","halign":"center","valign":"middle","link":"","target":0,"width":2,"height":2,"togglelightbox":0,"hide_title":0,"filters":"","url":"https:\/\/www.objectifimage-95.fr\/wp-content\/uploads\/2025\/02\/018-CIURANA-Jose-Fragment-de-Soi.jpg","caption":"","report":"","src":"https:\/\/www.objectifimage-95.fr\/wp-content\/uploads\/2025\/02\/018-CIURANA-Jose-Fragment-de-Soi-819x1024.jpg","data-width":2,"data-height":2},{"id":"4830","alt":"","title":"Pierre-P-Couple Cath\u00e9drale S\u00e9ville 1","description":"Pierre-P-Couple Cath\u00e9drale S\u00e9ville 1","halign":"center","valign":"middle","link":"","target":0,"width":2,"height":2,"togglelightbox":0,"hide_title":0,"filters":"","url":"https:\/\/www.objectifimage-95.fr\/wp-content\/uploads\/2025\/02\/019-PUIGMAL-Pierre-Couple-enchaine.jpg","caption":"Pierre-P-Couple Cath\u00e9drale S\u00e9ville 1","report":"","src":"https:\/\/www.objectifimage-95.fr\/wp-content\/uploads\/2025\/02\/019-PUIGMAL-Pierre-Couple-enchaine-683x1024.jpg","data-width":2,"data-height":2},{"id":"4831","alt":"","title":"020-DUBUQUOY C\u00e9line &#8211; Clin d&rsquo;oeil","description":"","halign":"center","valign":"middle","link":"","target":0,"width":2,"height":2,"togglelightbox":0,"hide_title":0,"filters":"","url":"https:\/\/www.objectifimage-95.fr\/wp-content\/uploads\/2025\/02\/020-DUBUQUOY-Celine-Clin-doeil.jpg","caption":"","report":"","src":"https:\/\/www.objectifimage-95.fr\/wp-content\/uploads\/2025\/02\/020-DUBUQUOY-Celine-Clin-doeil-1024x683.jpg","data-width":2,"data-height":2},{"id":"4832","alt":"","title":"021-DUBUQUOY C\u00e9line &#8211; Rouge coquelicot","description":"","halign":"center","valign":"middle","link":"","target":0,"width":2,"height":2,"togglelightbox":0,"hide_title":0,"filters":"","url":"https:\/\/www.objectifimage-95.fr\/wp-content\/uploads\/2025\/02\/021-DUBUQUOY-Celine-Rouge-coquelicot.jpg","caption":"","report":"","src":"https:\/\/www.objectifimage-95.fr\/wp-content\/uploads\/2025\/02\/021-DUBUQUOY-Celine-Rouge-coquelicot-1024x683.jpg","data-width":2,"data-height":2},{"id":"4833","alt":"","title":"022-MAZ\u00c9 Edouard &#8211; Cl\u00e9mence","description":"","halign":"center","valign":"middle","link":"","target":0,"width":2,"height":2,"togglelightbox":0,"hide_title":0,"filters":"","url":"https:\/\/www.objectifimage-95.fr\/wp-content\/uploads\/2025\/02\/022-MAZE-Edouard-Clemence.jpg","caption":"","report":"","src":"https:\/\/www.objectifimage-95.fr\/wp-content\/uploads\/2025\/02\/022-MAZE-Edouard-Clemence-1024x1024.jpg","data-width":2,"data-height":2},{"id":"4834","alt":"","title":"023-DORGE Herv\u00e9 &#8211; Futur en couleur","description":"","halign":"center","valign":"middle","link":"","target":0,"width":2,"height":2,"togglelightbox":0,"hide_title":0,"filters":"","url":"https:\/\/www.objectifimage-95.fr\/wp-content\/uploads\/2025\/02\/023-DORGE-Herve-Futur-en-couleur.jpg","caption":"","report":"","src":"https:\/\/www.objectifimage-95.fr\/wp-content\/uploads\/2025\/02\/023-DORGE-Herve-Futur-en-couleur-1024x683.jpg","data-width":2,"data-height":2},{"id":"4835","alt":"","title":"024-PUIGMAL Pierre &#8211; Apr\u00e8s la pluie","description":"","halign":"center","valign":"middle","link":"","target":0,"width":2,"height":2,"togglelightbox":0,"hide_title":0,"filters":"","url":"https:\/\/www.objectifimage-95.fr\/wp-content\/uploads\/2025\/02\/024-PUIGMAL-Pierre-Apres-la-pluie.jpg","caption":"","report":"","src":"https:\/\/www.objectifimage-95.fr\/wp-content\/uploads\/2025\/02\/024-PUIGMAL-Pierre-Apres-la-pluie-1024x1024.jpg","data-width":2,"data-height":2},{"id":"4836","alt":"","title":"025-BODOIRA Thierry &#8211; Reflets","description":"","halign":"center","valign":"middle","link":"","target":0,"width":2,"height":2,"togglelightbox":0,"hide_title":0,"filters":"","url":"https:\/\/www.objectifimage-95.fr\/wp-content\/uploads\/2025\/02\/025-BODOIRA-Thierry-Reflets.jpg","caption":"","report":"","src":"https:\/\/www.objectifimage-95.fr\/wp-content\/uploads\/2025\/02\/025-BODOIRA-Thierry-Reflets-1024x683.jpg","data-width":2,"data-height":2},{"id":"4837","alt":"","title":"026-LEPAGNOT Alain &#8211; Le cygne","description":"","halign":"center","valign":"middle","link":"","target":0,"width":2,"height":2,"togglelightbox":0,"hide_title":0,"filters":"","url":"https:\/\/www.objectifimage-95.fr\/wp-content\/uploads\/2025\/02\/026-LEPAGNOT-Alain-Le-cygne.jpg","caption":"","report":"","src":"https:\/\/www.objectifimage-95.fr\/wp-content\/uploads\/2025\/02\/026-LEPAGNOT-Alain-Le-cygne-1024x683.jpg","data-width":2,"data-height":2},{"id":"4838","alt":"","title":"Christian-V- Pseudosphinx","description":"Christian-V- Pseudosphinx - La chenille gloutonne","halign":"center","valign":"middle","link":"","target":0,"width":2,"height":2,"togglelightbox":0,"hide_title":0,"filters":"","url":"https:\/\/www.objectifimage-95.fr\/wp-content\/uploads\/2025\/02\/027-VAYSSIERE-Christian-Pseudosphinx-chenille-gloutonne.jpg","caption":"Christian-V- Pseudosphinx - La chenille gloutonne","report":"","src":"https:\/\/www.objectifimage-95.fr\/wp-content\/uploads\/2025\/02\/027-VAYSSIERE-Christian-Pseudosphinx-chenille-gloutonne-1024x683.jpg","data-width":2,"data-height":2},{"id":"4839","alt":"","title":"028-VIOU Fabrice &#8211; Lion-Lionne","description":"","halign":"center","valign":"middle","link":"","target":0,"width":2,"height":2,"togglelightbox":0,"hide_title":0,"filters":"","url":"https:\/\/www.objectifimage-95.fr\/wp-content\/uploads\/2025\/02\/028-VIOU-Fabrice-Lion-Lionne.jpg","caption":"","report":"","src":"https:\/\/www.objectifimage-95.fr\/wp-content\/uploads\/2025\/02\/028-VIOU-Fabrice-Lion-Lionne-1024x683.jpg","data-width":2,"data-height":2},{"id":"4840","alt":"","title":"029-DORGE Herv\u00e9 &#8211; Japonaise \u00e0 l&rsquo;ombrelle","description":"","halign":"center","valign":"middle","link":"","target":0,"width":2,"height":2,"togglelightbox":0,"hide_title":0,"filters":"","url":"https:\/\/www.objectifimage-95.fr\/wp-content\/uploads\/2025\/02\/029-DORGE-Herve-Japonaise-a-lombrelle.jpg","caption":"","report":"","src":"https:\/\/www.objectifimage-95.fr\/wp-content\/uploads\/2025\/02\/029-DORGE-Herve-Japonaise-a-lombrelle-1024x1024.jpg","data-width":2,"data-height":2},{"id":"4841","alt":"","title":"Jean-paul-F La nacelle de la flamme des JO","description":"Jean-paul-F La nacelle de la flamme des JO","halign":"center","valign":"middle","link":"","target":0,"width":2,"height":2,"togglelightbox":0,"hide_title":0,"filters":"","url":"https:\/\/www.objectifimage-95.fr\/wp-content\/uploads\/2025\/02\/030-FRETIERE-Jean-Paul-La-nacelle.jpg","caption":"Jean-paul-F La nacelle de la flamme des JO","report":"","src":"https:\/\/www.objectifimage-95.fr\/wp-content\/uploads\/2025\/02\/030-FRETIERE-Jean-Paul-La-nacelle-1024x768.jpg","data-width":2,"data-height":2},{"id":"4842","alt":"","title":"031-HERBECQ Philippe &#8211; Tipula Varipennis","description":"","halign":"center","valign":"middle","link":"","target":0,"width":2,"height":2,"togglelightbox":0,"hide_title":0,"filters":"","url":"https:\/\/www.objectifimage-95.fr\/wp-content\/uploads\/2025\/02\/031-HERBECQ-Philippe-Tipula-Varipennis.jpg","caption":"","report":"","src":"https:\/\/www.objectifimage-95.fr\/wp-content\/uploads\/2025\/02\/031-HERBECQ-Philippe-Tipula-Varipennis-1024x825.jpg","data-width":2,"data-height":2},{"id":"4843","alt":"","title":"032-POMMARET Jean Pierre &#8211; Temp\u00eate bretonne","description":"","halign":"center","valign":"middle","link":"","target":0,"width":2,"height":2,"togglelightbox":0,"hide_title":0,"filters":"","url":"https:\/\/www.objectifimage-95.fr\/wp-content\/uploads\/2025\/02\/032-POMMARET-Jean-Pierre-Tempete-bretonne.jpg","caption":"","report":"","src":"https:\/\/www.objectifimage-95.fr\/wp-content\/uploads\/2025\/02\/032-POMMARET-Jean-Pierre-Tempete-bretonne-1024x683.jpg","data-width":2,"data-height":2},{"id":"4844","alt":"","title":"033-DERRIENNIC Gilles &#8211; Spatule blanche","description":"","halign":"center","valign":"middle","link":"","target":0,"width":2,"height":2,"togglelightbox":0,"hide_title":0,"filters":"","url":"https:\/\/www.objectifimage-95.fr\/wp-content\/uploads\/2025\/02\/033-DERRIENNIC-Gilles-Spatule-blanche.jpg","caption":"","report":"","src":"https:\/\/www.objectifimage-95.fr\/wp-content\/uploads\/2025\/02\/033-DERRIENNIC-Gilles-Spatule-blanche-1024x683.jpg","data-width":2,"data-height":2},{"id":"4845","alt":"","title":"034-VAYSSI\u00c8RE Christian &#8211; Vanneau soldat","description":"","halign":"center","valign":"middle","link":"","target":0,"width":2,"height":2,"togglelightbox":0,"hide_title":0,"filters":"","url":"https:\/\/www.objectifimage-95.fr\/wp-content\/uploads\/2025\/02\/034-VAYSSIERE-Christian-Vanneau-soldat.jpg","caption":"","report":"","src":"https:\/\/www.objectifimage-95.fr\/wp-content\/uploads\/2025\/02\/034-VAYSSIERE-Christian-Vanneau-soldat-1024x683.jpg","data-width":2,"data-height":2},{"id":"4846","alt":"","title":"JLB","description":"JLB","halign":"center","valign":"middle","link":"","target":0,"width":2,"height":2,"togglelightbox":0,"hide_title":0,"filters":"","url":"https:\/\/www.objectifimage-95.fr\/wp-content\/uploads\/2025\/02\/035-BALLOY-Jean-Louis-Le-Heron-du-lac-d39Enghien.jpg","caption":"JLB","report":"","src":"https:\/\/www.objectifimage-95.fr\/wp-content\/uploads\/2025\/02\/035-BALLOY-Jean-Louis-Le-Heron-du-lac-d39Enghien-767x1024.jpg","data-width":2,"data-height":2},{"id":"4847","alt":"","title":"036-CIURANA Jos\u00e9 &#8211; Atterrissage","description":"","halign":"center","valign":"middle","link":"","target":0,"width":2,"height":2,"togglelightbox":0,"hide_title":0,"filters":"","url":"https:\/\/www.objectifimage-95.fr\/wp-content\/uploads\/2025\/02\/036-CIURANA-Jose-Atterrissage.jpg","caption":"","report":"","src":"https:\/\/www.objectifimage-95.fr\/wp-content\/uploads\/2025\/02\/036-CIURANA-Jose-Atterrissage-598x1024.jpg","data-width":2,"data-height":2},{"id":"4848","alt":"","title":"037-BODOIRA Thierry &#8211; La Varde","description":"","halign":"center","valign":"middle","link":"","target":0,"width":2,"height":2,"togglelightbox":0,"hide_title":0,"filters":"","url":"https:\/\/www.objectifimage-95.fr\/wp-content\/uploads\/2025\/02\/037-BODOIRA-Thierry-La-Varde.jpg","caption":"","report":"","src":"https:\/\/www.objectifimage-95.fr\/wp-content\/uploads\/2025\/02\/037-BODOIRA-Thierry-La-Varde-683x1024.jpg","data-width":2,"data-height":2},{"id":"4849","alt":"","title":"Jean-Paul-F Azur\u00e9","description":"Jean-Paul-F Azur\u00e9","halign":"center","valign":"middle","link":"","target":0,"width":2,"height":2,"togglelightbox":0,"hide_title":0,"filters":"","url":"https:\/\/www.objectifimage-95.fr\/wp-content\/uploads\/2025\/02\/038-FRETIERE-Jean-Paul-Azure.jpg","caption":"Jean-Paul-F Azur\u00e9","report":"","src":"https:\/\/www.objectifimage-95.fr\/wp-content\/uploads\/2025\/02\/038-FRETIERE-Jean-Paul-Azure-1024x768.jpg","data-width":2,"data-height":2},{"id":"4850","alt":"","title":"039-VAYSSI\u00c8RE Christian &#8211; Les pic B\u0153ufs","description":"","halign":"center","valign":"middle","link":"","target":0,"width":2,"height":2,"togglelightbox":0,"hide_title":0,"filters":"","url":"https:\/\/www.objectifimage-95.fr\/wp-content\/uploads\/2025\/02\/039-VAYSSIERE-Christian-Les-pic-Boeufs-.jpg","caption":"","report":"","src":"https:\/\/www.objectifimage-95.fr\/wp-content\/uploads\/2025\/02\/039-VAYSSIERE-Christian-Les-pic-Boeufs--1024x683.jpg","data-width":2,"data-height":2},{"id":"4851","alt":"","title":"040-LEPAGNOT Alain &#8211; La grille ouverte","description":"","halign":"center","valign":"middle","link":"","target":0,"width":2,"height":2,"togglelightbox":0,"hide_title":0,"filters":"","url":"https:\/\/www.objectifimage-95.fr\/wp-content\/uploads\/2025\/02\/040-LEPAGNOT-Alain-La-grille-ouverte.jpg","caption":"","report":"","src":"https:\/\/www.objectifimage-95.fr\/wp-content\/uploads\/2025\/02\/040-LEPAGNOT-Alain-La-grille-ouverte-683x1024.jpg","data-width":2,"data-height":2},{"id":"4852","alt":"","title":"041-DUBUQUOY C\u00e9line &#8211; Allez les bleus","description":"","halign":"center","valign":"middle","link":"","target":0,"width":2,"height":2,"togglelightbox":0,"hide_title":0,"filters":"","url":"https:\/\/www.objectifimage-95.fr\/wp-content\/uploads\/2025\/02\/041-DUBUQUOY-Celine-Allez-les-bleus.jpg","caption":"","report":"","src":"https:\/\/www.objectifimage-95.fr\/wp-content\/uploads\/2025\/02\/041-DUBUQUOY-Celine-Allez-les-bleus-683x1024.jpg","data-width":2,"data-height":2},{"id":"4853","alt":"","title":"042-CIURANA Jos\u00e9 &#8211; P\u00eache au Lac","description":"","halign":"center","valign":"middle","link":"","target":0,"width":2,"height":2,"togglelightbox":0,"hide_title":0,"filters":"","url":"https:\/\/www.objectifimage-95.fr\/wp-content\/uploads\/2025\/02\/042-CIURANA-Jose-Peche-au-Lac.jpg","caption":"","report":"","src":"https:\/\/www.objectifimage-95.fr\/wp-content\/uploads\/2025\/02\/042-CIURANA-Jose-Peche-au-Lac-683x1024.jpg","data-width":2,"data-height":2},{"id":"4854","alt":"","title":"043-KOVEN Pierre-Luc &#8211; Echassiers","description":"","halign":"center","valign":"middle","link":"","target":0,"width":2,"height":2,"togglelightbox":0,"hide_title":0,"filters":"","url":"https:\/\/www.objectifimage-95.fr\/wp-content\/uploads\/2025\/02\/043-KOVEN-Pierre-Luc-Echassiers.jpg","caption":"","report":"","src":"https:\/\/www.objectifimage-95.fr\/wp-content\/uploads\/2025\/02\/043-KOVEN-Pierre-Luc-Echassiers-1024x683.jpg","data-width":2,"data-height":2},{"id":"4855","alt":"","title":"044-POMMARET Jean Pierre &#8211; En vert","description":"","halign":"center","valign":"middle","link":"","target":0,"width":2,"height":2,"togglelightbox":0,"hide_title":0,"filters":"","url":"https:\/\/www.objectifimage-95.fr\/wp-content\/uploads\/2025\/02\/044-POMMARET-Jean-Pierre-En-vert.jpg","caption":"","report":"","src":"https:\/\/www.objectifimage-95.fr\/wp-content\/uploads\/2025\/02\/044-POMMARET-Jean-Pierre-En-vert-1024x683.jpg","data-width":2,"data-height":2},{"id":"4856","alt":"","title":"045-POMMARET Jean Pierre &#8211; A la queue le leu","description":"","halign":"center","valign":"middle","link":"","target":0,"width":2,"height":2,"togglelightbox":0,"hide_title":0,"filters":"","url":"https:\/\/www.objectifimage-95.fr\/wp-content\/uploads\/2025\/02\/045-POMMARET-Jean-Pierre-A-la-queue-le-leu.jpg","caption":"","report":"","src":"https:\/\/www.objectifimage-95.fr\/wp-content\/uploads\/2025\/02\/045-POMMARET-Jean-Pierre-A-la-queue-le-leu-1024x683.jpg","data-width":2,"data-height":2},{"id":"4857","alt":"","title":"046-DUBUQUOY C\u00e9line &#8211; Sous les cerisiers","description":"","halign":"center","valign":"middle","link":"","target":0,"width":2,"height":2,"togglelightbox":0,"hide_title":0,"filters":"","url":"https:\/\/www.objectifimage-95.fr\/wp-content\/uploads\/2025\/02\/046-DUBUQUOY-Celine-Sous-les-cerisiers.jpg","caption":"","report":"","src":"https:\/\/www.objectifimage-95.fr\/wp-content\/uploads\/2025\/02\/046-DUBUQUOY-Celine-Sous-les-cerisiers-1024x683.jpg","data-width":2,"data-height":2},{"id":"4858","alt":"","title":"Jean-Paul-F-22-La-Bourse-de-commerce-Lille-1","description":"Jean-Paul-F La-Bourse-de-commerce-Lille","halign":"center","valign":"middle","link":"","target":0,"width":2,"height":2,"togglelightbox":0,"hide_title":0,"filters":"","url":"https:\/\/www.objectifimage-95.fr\/wp-content\/uploads\/2025\/02\/047-FRETIERE-Jean-Paul-Bourse-du-commerce.jpg","caption":"Jean-Paul-F La-Bourse-de-commerce-Lille","report":"","src":"https:\/\/www.objectifimage-95.fr\/wp-content\/uploads\/2025\/02\/047-FRETIERE-Jean-Paul-Bourse-du-commerce-1024x683.jpg","data-width":2,"data-height":2},{"id":"4859","alt":"","title":"048-WALLON G\u00e9rard &#8211; Maurice grand bassin","description":"","halign":"center","valign":"middle","link":"","target":0,"width":2,"height":2,"togglelightbox":0,"hide_title":0,"filters":"","url":"https:\/\/www.objectifimage-95.fr\/wp-content\/uploads\/2025\/02\/048-WALLON-Gerard-Maurice-grand-bassin.jpg","caption":"","report":"","src":"https:\/\/www.objectifimage-95.fr\/wp-content\/uploads\/2025\/02\/048-WALLON-Gerard-Maurice-grand-bassin-1024x683.jpg","data-width":2,"data-height":2},{"id":"4860","alt":"","title":"049-GIRODEAU Michel &#8211; La cariole","description":"","halign":"center","valign":"middle","link":"","target":0,"width":2,"height":2,"togglelightbox":0,"hide_title":0,"filters":"","url":"https:\/\/www.objectifimage-95.fr\/wp-content\/uploads\/2025\/02\/049-GIRODEAU-Michel-La-cariole.jpg","caption":"","report":"","src":"https:\/\/www.objectifimage-95.fr\/wp-content\/uploads\/2025\/02\/049-GIRODEAU-Michel-La-cariole-1024x684.jpg","data-width":2,"data-height":2},{"id":"4861","alt":"","title":"Fabrice-V-Marcheurs","description":"Fabrice-V:Dans une rue de Malaga","halign":"center","valign":"middle","link":"","target":0,"width":2,"height":2,"togglelightbox":0,"hide_title":0,"filters":"","url":"https:\/\/www.objectifimage-95.fr\/wp-content\/uploads\/2025\/02\/050-VIOU-Fabrice-Marcheurs.jpg","caption":"Fabrice-V:Dans une rue de Malaga","report":"","src":"https:\/\/www.objectifimage-95.fr\/wp-content\/uploads\/2025\/02\/050-VIOU-Fabrice-Marcheurs-1024x683.jpg","data-width":2,"data-height":2},{"id":"4862","alt":"","title":"JLB","description":"JLB","halign":"center","valign":"middle","link":"","target":0,"width":2,"height":2,"togglelightbox":0,"hide_title":0,"filters":"","url":"https:\/\/www.objectifimage-95.fr\/wp-content\/uploads\/2025\/02\/051-BALLOY-Jean-Louis-LArt-de-la-Crete.jpg","caption":"JLB","report":"","src":"https:\/\/www.objectifimage-95.fr\/wp-content\/uploads\/2025\/02\/051-BALLOY-Jean-Louis-LArt-de-la-Crete-768x1024.jpg","data-width":2,"data-height":2},{"id":"4863","alt":"","title":"JLB","description":"JLB","halign":"center","valign":"middle","link":"","target":0,"width":2,"height":2,"togglelightbox":0,"hide_title":0,"filters":"","url":"https:\/\/www.objectifimage-95.fr\/wp-content\/uploads\/2025\/02\/052-BALLOY-Jean-Louis-Premices-de-lAutomne.jpg","caption":"JLB","report":"","src":"https:\/\/www.objectifimage-95.fr\/wp-content\/uploads\/2025\/02\/052-BALLOY-Jean-Louis-Premices-de-lAutomne-768x1024.jpg","data-width":2,"data-height":2},{"id":"4864","alt":"","title":"053-BALLOY Jean-Louis &#8211; Hibiscus","description":"","halign":"center","valign":"middle","link":"","target":0,"width":2,"height":2,"togglelightbox":0,"hide_title":0,"filters":"","url":"https:\/\/www.objectifimage-95.fr\/wp-content\/uploads\/2025\/02\/053-BALLOY-Jean-Louis-Hibiscus.jpg","caption":"","report":"","src":"https:\/\/www.objectifimage-95.fr\/wp-content\/uploads\/2025\/02\/053-BALLOY-Jean-Louis-Hibiscus-1024x683.jpg","data-width":2,"data-height":2},{"id":"4865","alt":"","title":"054-DORGE Herv\u00e9 &#8211; Tori","description":"","halign":"center","valign":"middle","link":"","target":0,"width":2,"height":2,"togglelightbox":0,"hide_title":0,"filters":"","url":"https:\/\/www.objectifimage-95.fr\/wp-content\/uploads\/2025\/02\/054-DORGE-Herve-Tori.jpg","caption":"","report":"","src":"https:\/\/www.objectifimage-95.fr\/wp-content\/uploads\/2025\/02\/054-DORGE-Herve-Tori-1024x683.jpg","data-width":2,"data-height":2},{"id":"4866","alt":"","title":"055-GIRODEAU Michel &#8211; Chenonceau","description":"","halign":"center","valign":"middle","link":"","target":0,"width":2,"height":2,"togglelightbox":0,"hide_title":0,"filters":"","url":"https:\/\/www.objectifimage-95.fr\/wp-content\/uploads\/2025\/02\/055-GIRODEAU-Michel-Chenonceau.jpg","caption":"","report":"","src":"https:\/\/www.objectifimage-95.fr\/wp-content\/uploads\/2025\/02\/055-GIRODEAU-Michel-Chenonceau-684x1024.jpg","data-width":2,"data-height":2},{"id":"4867","alt":"","title":"056-MAZ\u00c9 Edouard &#8211; Feu d&rsquo;artifice","description":"","halign":"center","valign":"middle","link":"","target":0,"width":2,"height":2,"togglelightbox":0,"hide_title":0,"filters":"","url":"https:\/\/www.objectifimage-95.fr\/wp-content\/uploads\/2025\/02\/056-MAZE-Edouard-Feu-dartifice.jpg","caption":"","report":"","src":"https:\/\/www.objectifimage-95.fr\/wp-content\/uploads\/2025\/02\/056-MAZE-Edouard-Feu-dartifice-1024x1024.jpg","data-width":2,"data-height":2},{"id":"4868","alt":"","title":"057-HERBECQ Pascale &#8211; Retour sur le sable","description":"","halign":"center","valign":"middle","link":"","target":0,"width":2,"height":2,"togglelightbox":0,"hide_title":0,"filters":"","url":"https:\/\/www.objectifimage-95.fr\/wp-content\/uploads\/2025\/02\/057-HERBECQ-Pascale-Retour-sur-le-sable.jpg","caption":"","report":"","src":"https:\/\/www.objectifimage-95.fr\/wp-content\/uploads\/2025\/02\/057-HERBECQ-Pascale-Retour-sur-le-sable-1024x681.jpg","data-width":2,"data-height":2},{"id":"4869","alt":"","title":"058-GIRODEAU Michel &#8211; La vasque","description":"","halign":"center","valign":"middle","link":"","target":0,"width":2,"height":2,"togglelightbox":0,"hide_title":0,"filters":"","url":"https:\/\/www.objectifimage-95.fr\/wp-content\/uploads\/2025\/02\/058-GIRODEAU-Michel-La-vasque.jpg","caption":"","report":"","src":"https:\/\/www.objectifimage-95.fr\/wp-content\/uploads\/2025\/02\/058-GIRODEAU-Michel-La-vasque-685x1024.jpg","data-width":2,"data-height":2},{"id":"4870","alt":"","title":"059-MAZ\u00c9 Edouard &#8211; Colombe","description":"","halign":"center","valign":"middle","link":"","target":0,"width":2,"height":2,"togglelightbox":0,"hide_title":0,"filters":"","url":"https:\/\/www.objectifimage-95.fr\/wp-content\/uploads\/2025\/02\/059-MAZE-Edouard-Colombe.jpg","caption":"","report":"","src":"https:\/\/www.objectifimage-95.fr\/wp-content\/uploads\/2025\/02\/059-MAZE-Edouard-Colombe-683x1024.jpg","data-width":2,"data-height":2},{"id":"4871","alt":"","title":"060-BODOIRA Thierry &#8211; Zooming","description":"","halign":"center","valign":"middle","link":"","target":0,"width":2,"height":2,"togglelightbox":0,"hide_title":0,"filters":"","url":"https:\/\/www.objectifimage-95.fr\/wp-content\/uploads\/2025\/02\/060-BODOIRA-Thierry-Zooming.jpg","caption":"","report":"","src":"https:\/\/www.objectifimage-95.fr\/wp-content\/uploads\/2025\/02\/060-BODOIRA-Thierry-Zooming-683x1024.jpg","data-width":2,"data-height":2},{"id":"4872","alt":"","title":"061-HERBECQ Philippe &#8211; Atterrissage synchronis\u00e9","description":"","halign":"center","valign":"middle","link":"","target":0,"width":2,"height":2,"togglelightbox":0,"hide_title":0,"filters":"","url":"https:\/\/www.objectifimage-95.fr\/wp-content\/uploads\/2025\/02\/061-HERBECQ-Philippe-Atterrissage-synchronise.jpg","caption":"","report":"","src":"https:\/\/www.objectifimage-95.fr\/wp-content\/uploads\/2025\/02\/061-HERBECQ-Philippe-Atterrissage-synchronise-1024x848.jpg","data-width":2,"data-height":2},{"id":"4873","alt":"","title":"062-DERRIENNIC Gilles &#8211; Pic \u00e9peiche sur tamaris","description":"","halign":"center","valign":"middle","link":"","target":0,"width":2,"height":2,"togglelightbox":0,"hide_title":0,"filters":"","url":"https:\/\/www.objectifimage-95.fr\/wp-content\/uploads\/2025\/02\/062-DERRIENNIC-Gilles-Pic-epeiche-sur-tamaris.jpg","caption":"","report":"","src":"https:\/\/www.objectifimage-95.fr\/wp-content\/uploads\/2025\/02\/062-DERRIENNIC-Gilles-Pic-epeiche-sur-tamaris-683x1024.jpg","data-width":2,"data-height":2},{"id":"4874","alt":"","title":"063-DERRIENNIC Gilles &#8211; Chamois s&rsquo;\u00e9chappant","description":"","halign":"center","valign":"middle","link":"","target":0,"width":2,"height":2,"togglelightbox":0,"hide_title":0,"filters":"","url":"https:\/\/www.objectifimage-95.fr\/wp-content\/uploads\/2025\/02\/063-DERRIENNIC-Gilles-Chamois-sechappant.jpg","caption":"","report":"","src":"https:\/\/www.objectifimage-95.fr\/wp-content\/uploads\/2025\/02\/063-DERRIENNIC-Gilles-Chamois-sechappant-1024x683.jpg","data-width":2,"data-height":2},{"id":"4875","alt":"","title":"064-HOFMANN Hilde &#8211; Petit port normand","description":"","halign":"center","valign":"middle","link":"","target":0,"width":2,"height":2,"togglelightbox":0,"hide_title":0,"filters":"","url":"https:\/\/www.objectifimage-95.fr\/wp-content\/uploads\/2025\/02\/064-HOFMANN-Hilde-Petit-port-normand.jpg","caption":"","report":"","src":"https:\/\/www.objectifimage-95.fr\/wp-content\/uploads\/2025\/02\/064-HOFMANN-Hilde-Petit-port-normand-1024x685.jpg","data-width":2,"data-height":2},{"id":"4876","alt":"","title":"065-KOVEN Pierre-Luc &#8211; Les belles","description":"","halign":"center","valign":"middle","link":"","target":0,"width":2,"height":2,"togglelightbox":0,"hide_title":0,"filters":"","url":"https:\/\/www.objectifimage-95.fr\/wp-content\/uploads\/2025\/02\/065-KOVEN-Pierre-Luc-Les-belles.jpg","caption":"","report":"","src":"https:\/\/www.objectifimage-95.fr\/wp-content\/uploads\/2025\/02\/065-KOVEN-Pierre-Luc-Les-belles-1024x683.jpg","data-width":2,"data-height":2},{"id":"4877","alt":"","title":"066-WALLON G\u00e9rard &#8211; Sri Lanka","description":"","halign":"center","valign":"middle","link":"","target":0,"width":2,"height":2,"togglelightbox":0,"hide_title":0,"filters":"","url":"https:\/\/www.objectifimage-95.fr\/wp-content\/uploads\/2025\/02\/066-WALLON-Gerard-Sri-Lanka.jpg","caption":"","report":"","src":"https:\/\/www.objectifimage-95.fr\/wp-content\/uploads\/2025\/02\/066-WALLON-Gerard-Sri-Lanka-1024x683.jpg","data-width":2,"data-height":2},{"id":"4878","alt":"","title":"067-HOFMANN Hilde &#8211; Eglise zebr\u00e9e","description":"","halign":"center","valign":"middle","link":"","target":0,"width":2,"height":2,"togglelightbox":0,"hide_title":0,"filters":"","url":"https:\/\/www.objectifimage-95.fr\/wp-content\/uploads\/2025\/02\/067-HOFMANN-Hilde-Eglise-zebree.jpg","caption":"","report":"","src":"https:\/\/www.objectifimage-95.fr\/wp-content\/uploads\/2025\/02\/067-HOFMANN-Hilde-Eglise-zebree-1024x787.jpg","data-width":2,"data-height":2},{"id":"4879","alt":"","title":"068-HOFMANN Hilde &#8211; Vers la cath\u00e9drale","description":"","halign":"center","valign":"middle","link":"","target":0,"width":2,"height":2,"togglelightbox":0,"hide_title":0,"filters":"","url":"https:\/\/www.objectifimage-95.fr\/wp-content\/uploads\/2025\/02\/068-HOFMANN-Hilde-Vers-la-cathedrale.jpg","caption":"","report":"","src":"https:\/\/www.objectifimage-95.fr\/wp-content\/uploads\/2025\/02\/068-HOFMANN-Hilde-Vers-la-cathedrale-563x1024.jpg","data-width":2,"data-height":2},{"id":"4880","alt":"","title":"Herv\u00e9-D-Surveillance ferroviaire","description":"Herv\u00e9-D-Surveillance ferroviaire","halign":"center","valign":"middle","link":"","target":0,"width":2,"height":2,"togglelightbox":0,"hide_title":0,"filters":"","url":"https:\/\/www.objectifimage-95.fr\/wp-content\/uploads\/2025\/02\/069-DORGE-Herve-Surveillance-ferroviaire.jpg","caption":"Herv\u00e9-D-Surveillance ferroviaire","report":"","src":"https:\/\/www.objectifimage-95.fr\/wp-content\/uploads\/2025\/02\/069-DORGE-Herve-Surveillance-ferroviaire-1024x683.jpg","data-width":2,"data-height":2},{"id":"4881","alt":"","title":"070-HERBECQ Pascale &#8211; Impressions Giverny","description":"","halign":"center","valign":"middle","link":"","target":0,"width":2,"height":2,"togglelightbox":0,"hide_title":0,"filters":"","url":"https:\/\/www.objectifimage-95.fr\/wp-content\/uploads\/2025\/02\/070-HERBECQ-Pascale-Impressions-Giverny.jpg","caption":"","report":"","src":"https:\/\/www.objectifimage-95.fr\/wp-content\/uploads\/2025\/02\/070-HERBECQ-Pascale-Impressions-Giverny-1024x681.jpg","data-width":2,"data-height":2},{"id":"4882","alt":"","title":"071-WALLON G\u00e9rard &#8211; Afrique du sud","description":"","halign":"center","valign":"middle","link":"","target":0,"width":2,"height":2,"togglelightbox":0,"hide_title":0,"filters":"","url":"https:\/\/www.objectifimage-95.fr\/wp-content\/uploads\/2025\/02\/071-WALLON-Gerard-Afrique-du-sud.jpg","caption":"","report":"","src":"https:\/\/www.objectifimage-95.fr\/wp-content\/uploads\/2025\/02\/071-WALLON-Gerard-Afrique-du-sud-1024x683.jpg","data-width":2,"data-height":2},{"id":"4883","alt":"","title":"072-HOFMANN Hilde &#8211; Boutique du pass\u00e9","description":"","halign":"center","valign":"middle","link":"","target":0,"width":2,"height":2,"togglelightbox":0,"hide_title":0,"filters":"","url":"https:\/\/www.objectifimage-95.fr\/wp-content\/uploads\/2025\/02\/072-HOFMANN-Hilde-Boutique-du-passe.jpg","caption":"","report":"","src":"https:\/\/www.objectifimage-95.fr\/wp-content\/uploads\/2025\/02\/072-HOFMANN-Hilde-Boutique-du-passe-1024x685.jpg","data-width":2,"data-height":2},{"id":"4884","alt":"","title":"073-HERBECQ Pascale &#8211; Retour de courses","description":"","halign":"center","valign":"middle","link":"","target":0,"width":2,"height":2,"togglelightbox":0,"hide_title":0,"filters":"","url":"https:\/\/www.objectifimage-95.fr\/wp-content\/uploads\/2025\/02\/073-HERBECQ-Pascale-Retour-de-courses.jpg","caption":"","report":"","src":"https:\/\/www.objectifimage-95.fr\/wp-content\/uploads\/2025\/02\/073-HERBECQ-Pascale-Retour-de-courses-1024x731.jpg","data-width":2,"data-height":2},{"id":"4885","alt":"","title":"074-GIRODEAU Michel &#8211; Bouche cousue","description":"","halign":"center","valign":"middle","link":"","target":0,"width":2,"height":2,"togglelightbox":0,"hide_title":0,"filters":"","url":"https:\/\/www.objectifimage-95.fr\/wp-content\/uploads\/2025\/02\/074-GIRODEAU-Michel-Bouche-cousue.jpg","caption":"","report":"","src":"https:\/\/www.objectifimage-95.fr\/wp-content\/uploads\/2025\/02\/074-GIRODEAU-Michel-Bouche-cousue-1024x688.jpg","data-width":2,"data-height":2}],"yoast_head":"<!-- This site is optimized with the Yoast SEO plugin v27.5 - https:\/\/yoast.com\/product\/yoast-seo-wordpress\/ -->\n<title>G-CIN-2024-11-Concours interne Couleur - Objectif Image 95<\/title>\n<meta name=\"robots\" content=\"index, follow, max-snippet:-1, max-image-preview:large, max-video-preview:-1\" \/>\n<link rel=\"canonical\" href=\"https:\/\/www.objectifimage-95.fr\/index.php\/modula-gallery\/g-exp-2023-03-lc-faune-et-flore-2-2\/\" \/>\n<meta property=\"og:locale\" content=\"fr_FR\" \/>\n<meta property=\"og:type\" content=\"article\" \/>\n<meta property=\"og:title\" content=\"G-CIN-2024-11-Concours interne Couleur - Objectif Image 95\" \/>\n<meta property=\"og:url\" content=\"https:\/\/www.objectifimage-95.fr\/index.php\/modula-gallery\/g-exp-2023-03-lc-faune-et-flore-2-2\/\" \/>\n<meta property=\"og:site_name\" content=\"Objectif Image 95\" \/>\n<meta property=\"article:modified_time\" content=\"2025-02-26T09:43:26+00:00\" \/>\n<meta name=\"twitter:card\" content=\"summary_large_image\" \/>\n<script type=\"application\/ld+json\" class=\"yoast-schema-graph\">{\"@context\":\"https:\\\/\\\/schema.org\",\"@graph\":[{\"@type\":\"WebPage\",\"@id\":\"https:\\\/\\\/www.objectifimage-95.fr\\\/index.php\\\/modula-gallery\\\/g-exp-2023-03-lc-faune-et-flore-2-2\\\/\",\"url\":\"https:\\\/\\\/www.objectifimage-95.fr\\\/index.php\\\/modula-gallery\\\/g-exp-2023-03-lc-faune-et-flore-2-2\\\/\",\"name\":\"G-CIN-2024-11-Concours interne Couleur - Objectif Image 95\",\"isPartOf\":{\"@id\":\"https:\\\/\\\/www.objectifimage-95.fr\\\/#website\"},\"datePublished\":\"2025-02-12T20:48:57+00:00\",\"dateModified\":\"2025-02-26T09:43:26+00:00\",\"breadcrumb\":{\"@id\":\"https:\\\/\\\/www.objectifimage-95.fr\\\/index.php\\\/modula-gallery\\\/g-exp-2023-03-lc-faune-et-flore-2-2\\\/#breadcrumb\"},\"inLanguage\":\"fr-FR\",\"potentialAction\":[{\"@type\":\"ReadAction\",\"target\":[\"https:\\\/\\\/www.objectifimage-95.fr\\\/index.php\\\/modula-gallery\\\/g-exp-2023-03-lc-faune-et-flore-2-2\\\/\"]}]},{\"@type\":\"BreadcrumbList\",\"@id\":\"https:\\\/\\\/www.objectifimage-95.fr\\\/index.php\\\/modula-gallery\\\/g-exp-2023-03-lc-faune-et-flore-2-2\\\/#breadcrumb\",\"itemListElement\":[{\"@type\":\"ListItem\",\"position\":1,\"name\":\"Accueil\",\"item\":\"https:\\\/\\\/www.objectifimage-95.fr\\\/\"},{\"@type\":\"ListItem\",\"position\":2,\"name\":\"G-CIN-2024-11-Concours interne Couleur\"}]},{\"@type\":\"WebSite\",\"@id\":\"https:\\\/\\\/www.objectifimage-95.fr\\\/#website\",\"url\":\"https:\\\/\\\/www.objectifimage-95.fr\\\/\",\"name\":\"Objectif Image-95\",\"description\":\"Photo club de Soisy-sous-Montmorency\",\"publisher\":{\"@id\":\"https:\\\/\\\/www.objectifimage-95.fr\\\/#organization\"},\"potentialAction\":[{\"@type\":\"SearchAction\",\"target\":{\"@type\":\"EntryPoint\",\"urlTemplate\":\"https:\\\/\\\/www.objectifimage-95.fr\\\/?s={search_term_string}\"},\"query-input\":{\"@type\":\"PropertyValueSpecification\",\"valueRequired\":true,\"valueName\":\"search_term_string\"}}],\"inLanguage\":\"fr-FR\"},{\"@type\":\"Organization\",\"@id\":\"https:\\\/\\\/www.objectifimage-95.fr\\\/#organization\",\"name\":\"Objectif Image-95\",\"url\":\"https:\\\/\\\/www.objectifimage-95.fr\\\/\",\"logo\":{\"@type\":\"ImageObject\",\"inLanguage\":\"fr-FR\",\"@id\":\"https:\\\/\\\/www.objectifimage-95.fr\\\/#\\\/schema\\\/logo\\\/image\\\/\",\"url\":\"https:\\\/\\\/www.objectifimage-95.fr\\\/wp-content\\\/uploads\\\/2025\\\/01\\\/Logo-520px.png\",\"contentUrl\":\"https:\\\/\\\/www.objectifimage-95.fr\\\/wp-content\\\/uploads\\\/2025\\\/01\\\/Logo-520px.png\",\"width\":520,\"height\":343,\"caption\":\"Objectif Image-95\"},\"image\":{\"@id\":\"https:\\\/\\\/www.objectifimage-95.fr\\\/#\\\/schema\\\/logo\\\/image\\\/\"}}]}<\/script>\n<!-- \/ Yoast SEO plugin. -->","yoast_head_json":{"title":"G-CIN-2024-11-Concours interne Couleur - Objectif Image 95","robots":{"index":"index","follow":"follow","max-snippet":"max-snippet:-1","max-image-preview":"max-image-preview:large","max-video-preview":"max-video-preview:-1"},"canonical":"https:\/\/www.objectifimage-95.fr\/index.php\/modula-gallery\/g-exp-2023-03-lc-faune-et-flore-2-2\/","og_locale":"fr_FR","og_type":"article","og_title":"G-CIN-2024-11-Concours interne Couleur - Objectif Image 95","og_url":"https:\/\/www.objectifimage-95.fr\/index.php\/modula-gallery\/g-exp-2023-03-lc-faune-et-flore-2-2\/","og_site_name":"Objectif Image 95","article_modified_time":"2025-02-26T09:43:26+00:00","twitter_card":"summary_large_image","schema":{"@context":"https:\/\/schema.org","@graph":[{"@type":"WebPage","@id":"https:\/\/www.objectifimage-95.fr\/index.php\/modula-gallery\/g-exp-2023-03-lc-faune-et-flore-2-2\/","url":"https:\/\/www.objectifimage-95.fr\/index.php\/modula-gallery\/g-exp-2023-03-lc-faune-et-flore-2-2\/","name":"G-CIN-2024-11-Concours interne Couleur - Objectif Image 95","isPartOf":{"@id":"https:\/\/www.objectifimage-95.fr\/#website"},"datePublished":"2025-02-12T20:48:57+00:00","dateModified":"2025-02-26T09:43:26+00:00","breadcrumb":{"@id":"https:\/\/www.objectifimage-95.fr\/index.php\/modula-gallery\/g-exp-2023-03-lc-faune-et-flore-2-2\/#breadcrumb"},"inLanguage":"fr-FR","potentialAction":[{"@type":"ReadAction","target":["https:\/\/www.objectifimage-95.fr\/index.php\/modula-gallery\/g-exp-2023-03-lc-faune-et-flore-2-2\/"]}]},{"@type":"BreadcrumbList","@id":"https:\/\/www.objectifimage-95.fr\/index.php\/modula-gallery\/g-exp-2023-03-lc-faune-et-flore-2-2\/#breadcrumb","itemListElement":[{"@type":"ListItem","position":1,"name":"Accueil","item":"https:\/\/www.objectifimage-95.fr\/"},{"@type":"ListItem","position":2,"name":"G-CIN-2024-11-Concours interne Couleur"}]},{"@type":"WebSite","@id":"https:\/\/www.objectifimage-95.fr\/#website","url":"https:\/\/www.objectifimage-95.fr\/","name":"Objectif Image-95","description":"Photo club de Soisy-sous-Montmorency","publisher":{"@id":"https:\/\/www.objectifimage-95.fr\/#organization"},"potentialAction":[{"@type":"SearchAction","target":{"@type":"EntryPoint","urlTemplate":"https:\/\/www.objectifimage-95.fr\/?s={search_term_string}"},"query-input":{"@type":"PropertyValueSpecification","valueRequired":true,"valueName":"search_term_string"}}],"inLanguage":"fr-FR"},{"@type":"Organization","@id":"https:\/\/www.objectifimage-95.fr\/#organization","name":"Objectif Image-95","url":"https:\/\/www.objectifimage-95.fr\/","logo":{"@type":"ImageObject","inLanguage":"fr-FR","@id":"https:\/\/www.objectifimage-95.fr\/#\/schema\/logo\/image\/","url":"https:\/\/www.objectifimage-95.fr\/wp-content\/uploads\/2025\/01\/Logo-520px.png","contentUrl":"https:\/\/www.objectifimage-95.fr\/wp-content\/uploads\/2025\/01\/Logo-520px.png","width":520,"height":343,"caption":"Objectif Image-95"},"image":{"@id":"https:\/\/www.objectifimage-95.fr\/#\/schema\/logo\/image\/"}}]}},"jetpack_sharing_enabled":true,"_links":{"self":[{"href":"https:\/\/www.objectifimage-95.fr\/index.php\/wp-json\/wp\/v2\/modula-gallery\/4710","targetHints":{"allow":["GET"]}}],"collection":[{"href":"https:\/\/www.objectifimage-95.fr\/index.php\/wp-json\/wp\/v2\/modula-gallery"}],"about":[{"href":"https:\/\/www.objectifimage-95.fr\/index.php\/wp-json\/wp\/v2\/types\/modula-gallery"}],"wp:attachment":[{"href":"https:\/\/www.objectifimage-95.fr\/index.php\/wp-json\/wp\/v2\/media?parent=4710"}],"curies":[{"name":"wp","href":"https:\/\/api.w.org\/{rel}","templated":true}]}}