{"id":4640,"date":"2025-02-12T21:41:15","date_gmt":"2025-02-12T20:41:15","guid":{"rendered":"https:\/\/www.objectifimage-95.fr\/?modula-gallery=g-exp-2023-03-lc-faune-et-flore-2"},"modified":"2025-02-26T10:47:27","modified_gmt":"2025-02-26T09:47:27","slug":"g-exp-2023-03-lc-faune-et-flore-2","status":"publish","type":"modula-gallery","link":"https:\/\/www.objectifimage-95.fr\/index.php\/modula-gallery\/g-exp-2023-03-lc-faune-et-flore-2\/","title":{"rendered":"G-CIN-2024-11-Concours interne Monochrome"},"template":"","class_list":["post-4640","modula-gallery","type-modula-gallery","status-publish","hentry","entry"],"modulaSettings":{"type":"grid","grid_type":"5","grid_row_height":250,"grid_justify_last_row":"justify","grid_image_size":"medium","grid_image_dimensions":{"width":0,"height":0},"img_size":200,"img_crop":true,"grid_image_crop":"0","gutter":10,"tablet_gutter":10,"mobile_gutter":10,"width":"100%","height":[800,800,800],"randomFactor":50,"shuffle":"0","maxImagesCount":"0","maxImagesCount_mobile":"0","lightbox":"fancybox","show_navigation":true,"open_Lightbox_on":"both","doubleClick":"0","loop_lightbox":"0","showTitleLightbox":true,"showCaptionLightbox":"0","captionPosition":"center","lightbox_keyboard":true,"lightbox_wheel":"0","lightbox_toolbar":true,"lightbox_close":true,"lightbox_thumbs":true,"lightbox_download":"0","lightbox_zoom":true,"lightbox_share":"0","lightbox_facebook":"0","lightbox_twitter":"0","lightbox_pinterest":"0","lightbox_whatsapp":"0","lightbox_linkedin":"0","lightbox_email":"0","lightboxEmailSubject":"Check out this awesome image !!","lightboxEmailMessage":"Here is the link to the image : %%image_link%% and this is the link to the gallery : %%gallery_link%%","lightbox_clickSlide":"0","lightbox_infobar":true,"lightbox_animationEffect":"false","lightbox_transitionEffect":"fade","showAllOnLightbox":"0","lightbox_touch":"0","lightbox_thumbsAutoStart":"0","mobile_caption_copy":true,"lightbox_background_color":"rgba(30,30,30,.9)","lightbox_thumbsPosition":"bottom","hide_title":true,"titleColor":"#ffffff","titleFontSize":16,"mobileTitleFontSize":12,"hide_description":"0","captionColor":"#ffffff","captionFontSize":14,"mobileCaptionFontSize":10,"show_gallery_title":"0","gallery_title_type":"p","titleFontFamily":"Default","titleFontWeight":"400","captionsFontFamily":"Default","captionFontWeight":"normal","enableSocial":"0","enableTwitter":"0","enableFacebook":"0","enableWhatsapp":"0","enableLinkedin":"0","enablePinterest":"0","enableEmail":"0","emailSubject":"Check out this awesome image !!","emailMessage":"Here is the link to the image : %%image_link%% and this is the link to the gallery : %%gallery_link%%","socialIconColor":"#ffffff","socialIconSize":16,"socialIconPadding":10,"loadedScale":100,"inView":"0","loadedRotate":0,"loadedHSlide":0,"loadedVSlide":0,"effect":"pufrobo","cursor":"zoom-in","uploadCursor":"0","hoverColor":"#ffffff","hoverOpacity":50,"borderSize":0,"borderRadius":0,"borderColor":"#ffffff","shadowSize":0,"shadowColor":"#ffffff","lazy_load":true,"helper-message":"","enable_responsive":"0","tablet_columns":2,"mobile_columns":1,"style":"","last_visited_tab":"modula-general","filters":[""],"dropdownFilters":"0","filterClick":"0","hideAllFilter":"0","allFilterLabel":"All","filterStyle":"default","filterLinkColor":"","filterLinkHoverColor":"","defaultActiveFilter":"All","filterPositioning":"top","filterTextAlignment":"none","enableCollapsibleFilters":"0","collapsibleActionText":"Filter by","enableMobileDropdownFilters":"0","upload_position":"end"},"modulaImages":[{"id":"4886","alt":"","title":"001-KOVEN Pierre-Luc &#8211; Le voile","description":"","halign":"center","valign":"middle","link":"","target":0,"width":2,"height":2,"togglelightbox":0,"hide_title":0,"filters":"","url":"https:\/\/www.objectifimage-95.fr\/wp-content\/uploads\/2025\/02\/001-KOVEN-Pierre-Luc-Le-voile.jpg","caption":"","report":"","src":"https:\/\/www.objectifimage-95.fr\/wp-content\/uploads\/2025\/02\/001-KOVEN-Pierre-Luc-Le-voile-681x1024.jpg","data-width":2,"data-height":2},{"id":"4887","alt":"","title":"002-LEPAGNOT Alain &#8211; Cool attitude","description":"","halign":"center","valign":"middle","link":"","target":0,"width":2,"height":2,"togglelightbox":0,"hide_title":0,"filters":"","url":"https:\/\/www.objectifimage-95.fr\/wp-content\/uploads\/2025\/02\/002-LEPAGNOT-Alain-Cool-attitude.jpg","caption":"","report":"","src":"https:\/\/www.objectifimage-95.fr\/wp-content\/uploads\/2025\/02\/002-LEPAGNOT-Alain-Cool-attitude-1024x768.jpg","data-width":2,"data-height":2},{"id":"4888","alt":"","title":"003-GIRODEAU Michel &#8211; Porte Richelieu","description":"","halign":"center","valign":"middle","link":"","target":0,"width":2,"height":2,"togglelightbox":0,"hide_title":0,"filters":"","url":"https:\/\/www.objectifimage-95.fr\/wp-content\/uploads\/2025\/02\/003-GIRODEAU-Michel-Porte-Richelieu.jpg","caption":"","report":"","src":"https:\/\/www.objectifimage-95.fr\/wp-content\/uploads\/2025\/02\/003-GIRODEAU-Michel-Porte-Richelieu-683x1024.jpg","data-width":2,"data-height":2},{"id":"4889","alt":"","title":"004-CIURANA Jos\u00e9 &#8211; Cheveux au Vent","description":"","halign":"center","valign":"middle","link":"","target":0,"width":2,"height":2,"togglelightbox":0,"hide_title":0,"filters":"","url":"https:\/\/www.objectifimage-95.fr\/wp-content\/uploads\/2025\/02\/004-CIURANA-Jose-Cheveux-au-Vent.jpg","caption":"","report":"","src":"https:\/\/www.objectifimage-95.fr\/wp-content\/uploads\/2025\/02\/004-CIURANA-Jose-Cheveux-au-Vent-819x1024.jpg","data-width":2,"data-height":2},{"id":"4890","alt":"","title":"005-KOVEN Pierre-Luc &#8211; La lectrice","description":"","halign":"center","valign":"middle","link":"","target":0,"width":2,"height":2,"togglelightbox":0,"hide_title":0,"filters":"","url":"https:\/\/www.objectifimage-95.fr\/wp-content\/uploads\/2025\/02\/005-KOVEN-Pierre-Luc-La-lectrice.jpg","caption":"","report":"","src":"https:\/\/www.objectifimage-95.fr\/wp-content\/uploads\/2025\/02\/005-KOVEN-Pierre-Luc-La-lectrice-1024x1024.jpg","data-width":2,"data-height":2},{"id":"4891","alt":"","title":"006-KOVEN Pierre-Luc &#8211; Pensive","description":"","halign":"center","valign":"middle","link":"","target":0,"width":2,"height":2,"togglelightbox":0,"hide_title":0,"filters":"","url":"https:\/\/www.objectifimage-95.fr\/wp-content\/uploads\/2025\/02\/006-KOVEN-Pierre-Luc-Pensive.jpg","caption":"","report":"","src":"https:\/\/www.objectifimage-95.fr\/wp-content\/uploads\/2025\/02\/006-KOVEN-Pierre-Luc-Pensive-681x1024.jpg","data-width":2,"data-height":2},{"id":"4892","alt":"","title":"007-GIRODEAU Michel &#8211; Regard","description":"","halign":"center","valign":"middle","link":"","target":0,"width":2,"height":2,"togglelightbox":0,"hide_title":0,"filters":"","url":"https:\/\/www.objectifimage-95.fr\/wp-content\/uploads\/2025\/02\/007-GIRODEAU-Michel-Regard.jpg","caption":"","report":"","src":"https:\/\/www.objectifimage-95.fr\/wp-content\/uploads\/2025\/02\/007-GIRODEAU-Michel-Regard-683x1024.jpg","data-width":2,"data-height":2},{"id":"4893","alt":"","title":"008-HERBECQ Philippe &#8211; Bataille pou le territoire","description":"","halign":"center","valign":"middle","link":"","target":0,"width":2,"height":2,"togglelightbox":0,"hide_title":0,"filters":"","url":"https:\/\/www.objectifimage-95.fr\/wp-content\/uploads\/2025\/02\/008-HERBECQ-Philippe-Bataille-pou-le-territoire.jpg","caption":"","report":"","src":"https:\/\/www.objectifimage-95.fr\/wp-content\/uploads\/2025\/02\/008-HERBECQ-Philippe-Bataille-pou-le-territoire-1024x683.jpg","data-width":2,"data-height":2},{"id":"4894","alt":"","title":"009-BODOIRA Thierry &#8211; Dans la brume","description":"","halign":"center","valign":"middle","link":"","target":0,"width":2,"height":2,"togglelightbox":0,"hide_title":0,"filters":"","url":"https:\/\/www.objectifimage-95.fr\/wp-content\/uploads\/2025\/02\/009-BODOIRA-Thierry-Dans-la-brume.jpg","caption":"","report":"","src":"https:\/\/www.objectifimage-95.fr\/wp-content\/uploads\/2025\/02\/009-BODOIRA-Thierry-Dans-la-brume-1024x683.jpg","data-width":2,"data-height":2},{"id":"4895","alt":"","title":"C\u00e9line-D","description":"C\u00e9line-D","halign":"center","valign":"middle","link":"","target":0,"width":2,"height":2,"togglelightbox":0,"hide_title":0,"filters":"","url":"https:\/\/www.objectifimage-95.fr\/wp-content\/uploads\/2025\/02\/010-DUBUQUOY-Celine-Yeux-dans-les-yeux.jpg","caption":"C\u00e9line-D","report":"","src":"https:\/\/www.objectifimage-95.fr\/wp-content\/uploads\/2025\/02\/010-DUBUQUOY-Celine-Yeux-dans-les-yeux-683x1024.jpg","data-width":2,"data-height":2},{"id":"4896","alt":"","title":"011-MAZ\u00c9 Edouard &#8211; Versailles","description":"","halign":"center","valign":"middle","link":"","target":0,"width":2,"height":2,"togglelightbox":0,"hide_title":0,"filters":"","url":"https:\/\/www.objectifimage-95.fr\/wp-content\/uploads\/2025\/02\/011-MAZE-Edouard-Versailles.jpg","caption":"","report":"","src":"https:\/\/www.objectifimage-95.fr\/wp-content\/uploads\/2025\/02\/011-MAZE-Edouard-Versailles-1024x683.jpg","data-width":2,"data-height":2},{"id":"4897","alt":"","title":"012-PUIGMAL Pierre &#8211; Cornouaille 1","description":"","halign":"center","valign":"middle","link":"","target":0,"width":2,"height":2,"togglelightbox":0,"hide_title":0,"filters":"","url":"https:\/\/www.objectifimage-95.fr\/wp-content\/uploads\/2025\/02\/012-PUIGMAL-Pierre-Cornouaille-1.jpg","caption":"","report":"","src":"https:\/\/www.objectifimage-95.fr\/wp-content\/uploads\/2025\/02\/012-PUIGMAL-Pierre-Cornouaille-1-1024x683.jpg","data-width":2,"data-height":2},{"id":"4898","alt":"","title":"013-MAZ\u00c9 Edouard &#8211; Aurelia","description":"","halign":"center","valign":"middle","link":"","target":0,"width":2,"height":2,"togglelightbox":0,"hide_title":0,"filters":"","url":"https:\/\/www.objectifimage-95.fr\/wp-content\/uploads\/2025\/02\/013-MAZE-Edouard-Aurelia-1.jpg","caption":"","report":"","src":"https:\/\/www.objectifimage-95.fr\/wp-content\/uploads\/2025\/02\/013-MAZE-Edouard-Aurelia-1-683x1024.jpg","data-width":2,"data-height":2},{"id":"4899","alt":"","title":"014-PUIGMAL Pierre &#8211; Danseuse du Thar","description":"","halign":"center","valign":"middle","link":"","target":0,"width":2,"height":2,"togglelightbox":0,"hide_title":0,"filters":"","url":"https:\/\/www.objectifimage-95.fr\/wp-content\/uploads\/2025\/02\/014-PUIGMAL-Pierre-Danseuse-du-Thar.jpg","caption":"","report":"","src":"https:\/\/www.objectifimage-95.fr\/wp-content\/uploads\/2025\/02\/014-PUIGMAL-Pierre-Danseuse-du-Thar-683x1024.jpg","data-width":2,"data-height":2},{"id":"4900","alt":"","title":"015-PUIGMAL Pierre &#8211; Ceriz 7","description":"","halign":"center","valign":"middle","link":"","target":0,"width":2,"height":2,"togglelightbox":0,"hide_title":0,"filters":"","url":"https:\/\/www.objectifimage-95.fr\/wp-content\/uploads\/2025\/02\/015-PUIGMAL-Pierre-Ceriz-7.jpg","caption":"","report":"","src":"https:\/\/www.objectifimage-95.fr\/wp-content\/uploads\/2025\/02\/015-PUIGMAL-Pierre-Ceriz-7-1024x1024.jpg","data-width":2,"data-height":2},{"id":"4901","alt":"","title":"016-LEPAGNOT Alain &#8211; Regarde moi","description":"","halign":"center","valign":"middle","link":"","target":0,"width":2,"height":2,"togglelightbox":0,"hide_title":0,"filters":"","url":"https:\/\/www.objectifimage-95.fr\/wp-content\/uploads\/2025\/02\/016-LEPAGNOT-Alain-Regarde-moi.jpg","caption":"","report":"","src":"https:\/\/www.objectifimage-95.fr\/wp-content\/uploads\/2025\/02\/016-LEPAGNOT-Alain-Regarde-moi-768x1024.jpg","data-width":2,"data-height":2},{"id":"4902","alt":"","title":"017-BALLOY Jean-Louis &#8211; Le squelette de l&rsquo;hortensia","description":"","halign":"center","valign":"middle","link":"","target":0,"width":2,"height":2,"togglelightbox":0,"hide_title":0,"filters":"","url":"https:\/\/www.objectifimage-95.fr\/wp-content\/uploads\/2025\/02\/017-BALLOY-Jean-Louis-Le-squelette-de-lhortensia.jpg","caption":"","report":"","src":"https:\/\/www.objectifimage-95.fr\/wp-content\/uploads\/2025\/02\/017-BALLOY-Jean-Louis-Le-squelette-de-lhortensia-1024x671.jpg","data-width":2,"data-height":2},{"id":"4903","alt":"","title":"018-BODOIRA Thierry &#8211; Solitaire","description":"","halign":"center","valign":"middle","link":"","target":0,"width":2,"height":2,"togglelightbox":0,"hide_title":0,"filters":"","url":"https:\/\/www.objectifimage-95.fr\/wp-content\/uploads\/2025\/02\/018-BODOIRA-Thierry-Solitaire.jpg","caption":"","report":"","src":"https:\/\/www.objectifimage-95.fr\/wp-content\/uploads\/2025\/02\/018-BODOIRA-Thierry-Solitaire-1024x1024.jpg","data-width":2,"data-height":2},{"id":"4904","alt":"","title":"019-HERBECQ Pascale &#8211; Escalier bourse du commerce","description":"","halign":"center","valign":"middle","link":"","target":0,"width":2,"height":2,"togglelightbox":0,"hide_title":0,"filters":"","url":"https:\/\/www.objectifimage-95.fr\/wp-content\/uploads\/2025\/02\/019-HERBECQ-Pascale-Escalier-bourse-du-commerce.jpg","caption":"","report":"","src":"https:\/\/www.objectifimage-95.fr\/wp-content\/uploads\/2025\/02\/019-HERBECQ-Pascale-Escalier-bourse-du-commerce-1024x681.jpg","data-width":2,"data-height":2},{"id":"4905","alt":"","title":"020-HERBECQ Philippe &#8211; Retour de p\u00eache","description":"","halign":"center","valign":"middle","link":"","target":0,"width":2,"height":2,"togglelightbox":0,"hide_title":0,"filters":"","url":"https:\/\/www.objectifimage-95.fr\/wp-content\/uploads\/2025\/02\/020-HERBECQ-Philippe-Retour-de-peche.jpg","caption":"","report":"","src":"https:\/\/www.objectifimage-95.fr\/wp-content\/uploads\/2025\/02\/020-HERBECQ-Philippe-Retour-de-peche-1024x737.jpg","data-width":2,"data-height":2},{"id":"4906","alt":"","title":"021-DUBUQUOY C\u00e9line &#8211; Cach\u00e9s dans la for\u00eat","description":"","halign":"center","valign":"middle","link":"","target":0,"width":2,"height":2,"togglelightbox":0,"hide_title":0,"filters":"","url":"https:\/\/www.objectifimage-95.fr\/wp-content\/uploads\/2025\/02\/021-DUBUQUOY-Celine-Caches-dans-la-foret.jpg","caption":"","report":"","src":"https:\/\/www.objectifimage-95.fr\/wp-content\/uploads\/2025\/02\/021-DUBUQUOY-Celine-Caches-dans-la-foret-683x1024.jpg","data-width":2,"data-height":2},{"id":"4907","alt":"","title":"022-HERBECQ Pascale &#8211; Chass\u00e9-crois\u00e9","description":"","halign":"center","valign":"middle","link":"","target":0,"width":2,"height":2,"togglelightbox":0,"hide_title":0,"filters":"","url":"https:\/\/www.objectifimage-95.fr\/wp-content\/uploads\/2025\/02\/022-HERBECQ-Pascale-Chasse-croise.jpg","caption":"","report":"","src":"https:\/\/www.objectifimage-95.fr\/wp-content\/uploads\/2025\/02\/022-HERBECQ-Pascale-Chasse-croise-1024x683.jpg","data-width":2,"data-height":2},{"id":"4908","alt":"","title":"023-HERBECQ Philippe &#8211; Reflet de bihoreau gris","description":"","halign":"center","valign":"middle","link":"","target":0,"width":2,"height":2,"togglelightbox":0,"hide_title":0,"filters":"","url":"https:\/\/www.objectifimage-95.fr\/wp-content\/uploads\/2025\/02\/023-HERBECQ-Philippe-Reflet-de-bihoreau-gris.jpg","caption":"","report":"","src":"https:\/\/www.objectifimage-95.fr\/wp-content\/uploads\/2025\/02\/023-HERBECQ-Philippe-Reflet-de-bihoreau-gris-1024x829.jpg","data-width":2,"data-height":2},{"id":"4909","alt":"","title":"024-POMMARET Jean Pierre &#8211; Go\u00e9land","description":"","halign":"center","valign":"middle","link":"","target":0,"width":2,"height":2,"togglelightbox":0,"hide_title":0,"filters":"","url":"https:\/\/www.objectifimage-95.fr\/wp-content\/uploads\/2025\/02\/024-POMMARET-Jean-Pierre-Goeland.jpg","caption":"","report":"","src":"https:\/\/www.objectifimage-95.fr\/wp-content\/uploads\/2025\/02\/024-POMMARET-Jean-Pierre-Goeland-1024x548.jpg","data-width":2,"data-height":2},{"id":"4910","alt":"","title":"025-DERRIENNIC Gilles &#8211; Je t&rsquo;observe","description":"","halign":"center","valign":"middle","link":"","target":0,"width":2,"height":2,"togglelightbox":0,"hide_title":0,"filters":"","url":"https:\/\/www.objectifimage-95.fr\/wp-content\/uploads\/2025\/02\/025-DERRIENNIC-Gilles-Je-tobserve.jpg","caption":"","report":"","src":"https:\/\/www.objectifimage-95.fr\/wp-content\/uploads\/2025\/02\/025-DERRIENNIC-Gilles-Je-tobserve-1024x683.jpg","data-width":2,"data-height":2},{"id":"4911","alt":"","title":"Fabrice-V-Arc de Triomphe","description":"Fabrice-V:La D\u00e9fense et l'Ob\u00e9lisque!","halign":"center","valign":"middle","link":"","target":0,"width":2,"height":2,"togglelightbox":0,"hide_title":0,"filters":"","url":"https:\/\/www.objectifimage-95.fr\/wp-content\/uploads\/2025\/02\/026-VIOU-Fabrice-Arc-de-Triomphe.jpg","caption":"Fabrice-V:La D\u00e9fense et l'Ob\u00e9lisque!","report":"","src":"https:\/\/www.objectifimage-95.fr\/wp-content\/uploads\/2025\/02\/026-VIOU-Fabrice-Arc-de-Triomphe-1024x683.jpg","data-width":2,"data-height":2},{"id":"4912","alt":"","title":"Fabrice-V-Enfant.","description":"Fabrice--V:Un enfant visitant l'Abbaye de Royaumont.","halign":"center","valign":"middle","link":"","target":0,"width":2,"height":2,"togglelightbox":0,"hide_title":0,"filters":"","url":"https:\/\/www.objectifimage-95.fr\/wp-content\/uploads\/2025\/02\/027-VIOU-Fabrice-Enfant.jpg","caption":"Fabrice--V:Un enfant visitant l'Abbaye de Royaumont.","report":"","src":"https:\/\/www.objectifimage-95.fr\/wp-content\/uploads\/2025\/02\/027-VIOU-Fabrice-Enfant-1024x683.jpg","data-width":2,"data-height":2},{"id":"4913","alt":"","title":"Fabrice-V-Orageux.","description":"Fabrice-V:Orage en vue, Patagonie","halign":"center","valign":"middle","link":"","target":0,"width":2,"height":2,"togglelightbox":0,"hide_title":0,"filters":"","url":"https:\/\/www.objectifimage-95.fr\/wp-content\/uploads\/2025\/02\/028-VIOU-Fabrice-Orageux.jpg","caption":"Fabrice-V:Orage en vue, Patagonie","report":"","src":"https:\/\/www.objectifimage-95.fr\/wp-content\/uploads\/2025\/02\/028-VIOU-Fabrice-Orageux-1024x683.jpg","data-width":2,"data-height":2},{"id":"4914","alt":"","title":"029-BALLOY Jean-Louis &#8211; Atterissage au bassin du Luxembourd","description":"","halign":"center","valign":"middle","link":"","target":0,"width":2,"height":2,"togglelightbox":0,"hide_title":0,"filters":"","url":"https:\/\/www.objectifimage-95.fr\/wp-content\/uploads\/2025\/02\/029-BALLOY-Jean-Louis-Atterissage-au-bassin-du-Luxembourd.jpg","caption":"","report":"","src":"https:\/\/www.objectifimage-95.fr\/wp-content\/uploads\/2025\/02\/029-BALLOY-Jean-Louis-Atterissage-au-bassin-du-Luxembourd-1024x269.jpg","data-width":2,"data-height":2},{"id":"4915","alt":"","title":"030-CIURANA Jos\u00e9 &#8211; Vision Double","description":"","halign":"center","valign":"middle","link":"","target":0,"width":2,"height":2,"togglelightbox":0,"hide_title":0,"filters":"","url":"https:\/\/www.objectifimage-95.fr\/wp-content\/uploads\/2025\/02\/030-CIURANA-Jose-Vision-Double.jpg","caption":"","report":"","src":"https:\/\/www.objectifimage-95.fr\/wp-content\/uploads\/2025\/02\/030-CIURANA-Jose-Vision-Double-1024x454.jpg","data-width":2,"data-height":2},{"id":"4916","alt":"","title":"031-PUIGMAL Pierre &#8211; Silence la Nuit","description":"","halign":"center","valign":"middle","link":"","target":0,"width":2,"height":2,"togglelightbox":0,"hide_title":0,"filters":"","url":"https:\/\/www.objectifimage-95.fr\/wp-content\/uploads\/2025\/02\/031-PUIGMAL-Pierre-Silence-la-Nuit.jpg","caption":"","report":"","src":"https:\/\/www.objectifimage-95.fr\/wp-content\/uploads\/2025\/02\/031-PUIGMAL-Pierre-Silence-la-Nuit-678x1024.jpg","data-width":2,"data-height":2},{"id":"4917","alt":"","title":"032-HERBECQ Philippe &#8211; D\u00e9couvrir le monde","description":"","halign":"center","valign":"middle","link":"","target":0,"width":2,"height":2,"togglelightbox":0,"hide_title":0,"filters":"","url":"https:\/\/www.objectifimage-95.fr\/wp-content\/uploads\/2025\/02\/032-HERBECQ-Philippe-Decouvrir-le-monde.jpg","caption":"","report":"","src":"https:\/\/www.objectifimage-95.fr\/wp-content\/uploads\/2025\/02\/032-HERBECQ-Philippe-Decouvrir-le-monde-1024x796.jpg","data-width":2,"data-height":2},{"id":"4918","alt":"","title":"Fabrice-V-Sacr\u00e9-Coeur.","description":"Fabrice-V:La butte Montmarte vue du Jardin des Tuileries","halign":"center","valign":"middle","link":"","target":0,"width":2,"height":2,"togglelightbox":0,"hide_title":0,"filters":"","url":"https:\/\/www.objectifimage-95.fr\/wp-content\/uploads\/2025\/02\/033-VIOU-Fabrice-Sacre-Coeur.jpg","caption":"Fabrice-V:La butte Montmarte vue du Jardin des Tuileries","report":"","src":"https:\/\/www.objectifimage-95.fr\/wp-content\/uploads\/2025\/02\/033-VIOU-Fabrice-Sacre-Coeur-1024x683.jpg","data-width":2,"data-height":2},{"id":"4919","alt":"","title":"034-CIURANA Jos\u00e9 &#8211; Quel Ciel","description":"","halign":"center","valign":"middle","link":"","target":0,"width":2,"height":2,"togglelightbox":0,"hide_title":0,"filters":"","url":"https:\/\/www.objectifimage-95.fr\/wp-content\/uploads\/2025\/02\/034-CIURANA-Jose-Quel-Ciel.jpg","caption":"","report":"","src":"https:\/\/www.objectifimage-95.fr\/wp-content\/uploads\/2025\/02\/034-CIURANA-Jose-Quel-Ciel-1024x768.jpg","data-width":2,"data-height":2},{"id":"4920","alt":"","title":"035-LEPAGNOT Alain &#8211; Le fant\u00f4me","description":"","halign":"center","valign":"middle","link":"","target":0,"width":2,"height":2,"togglelightbox":0,"hide_title":0,"filters":"","url":"https:\/\/www.objectifimage-95.fr\/wp-content\/uploads\/2025\/02\/035-LEPAGNOT-Alain-Le-fantome.jpg","caption":"","report":"","src":"https:\/\/www.objectifimage-95.fr\/wp-content\/uploads\/2025\/02\/035-LEPAGNOT-Alain-Le-fantome-683x1024.jpg","data-width":2,"data-height":2},{"id":"4921","alt":"","title":"JLB","description":"JLB","halign":"center","valign":"middle","link":"","target":0,"width":2,"height":2,"togglelightbox":0,"hide_title":0,"filters":"","url":"https:\/\/www.objectifimage-95.fr\/wp-content\/uploads\/2025\/02\/036-BALLOY-Jean-Louis-Tout-nu.jpg","caption":"JLB","report":"","src":"https:\/\/www.objectifimage-95.fr\/wp-content\/uploads\/2025\/02\/036-BALLOY-Jean-Louis-Tout-nu-768x1024.jpg","data-width":2,"data-height":2},{"id":"4922","alt":"","title":"037-BODOIRA Thierry &#8211; Sterne","description":"","halign":"center","valign":"middle","link":"","target":0,"width":2,"height":2,"togglelightbox":0,"hide_title":0,"filters":"","url":"https:\/\/www.objectifimage-95.fr\/wp-content\/uploads\/2025\/02\/037-BODOIRA-Thierry-Sterne.jpg","caption":"","report":"","src":"https:\/\/www.objectifimage-95.fr\/wp-content\/uploads\/2025\/02\/037-BODOIRA-Thierry-Sterne-1024x576.jpg","data-width":2,"data-height":2},{"id":"4923","alt":"","title":"038-LEPAGNOT Alain &#8211; Quadrature","description":"","halign":"center","valign":"middle","link":"","target":0,"width":2,"height":2,"togglelightbox":0,"hide_title":0,"filters":"","url":"https:\/\/www.objectifimage-95.fr\/wp-content\/uploads\/2025\/02\/038-LEPAGNOT-Alain-Quadrature.jpg","caption":"","report":"","src":"https:\/\/www.objectifimage-95.fr\/wp-content\/uploads\/2025\/02\/038-LEPAGNOT-Alain-Quadrature-683x1024.jpg","data-width":2,"data-height":2},{"id":"4924","alt":"","title":"039-DERRIENNIC Gilles &#8211; Rhodo blanc c\u0153ur noir","description":"","halign":"center","valign":"middle","link":"","target":0,"width":2,"height":2,"togglelightbox":0,"hide_title":0,"filters":"","url":"https:\/\/www.objectifimage-95.fr\/wp-content\/uploads\/2025\/02\/039-DERRIENNIC-Gilles-Rhodo-blanc-coeur-noir.jpg","caption":"","report":"","src":"https:\/\/www.objectifimage-95.fr\/wp-content\/uploads\/2025\/02\/039-DERRIENNIC-Gilles-Rhodo-blanc-coeur-noir-1024x1024.jpg","data-width":2,"data-height":2},{"id":"4925","alt":"","title":"040-MAZ\u00c9 Edouard &#8211; Jenni","description":"","halign":"center","valign":"middle","link":"","target":0,"width":2,"height":2,"togglelightbox":0,"hide_title":0,"filters":"","url":"https:\/\/www.objectifimage-95.fr\/wp-content\/uploads\/2025\/02\/040-MAZE-Edouard-Jenni.jpg","caption":"","report":"","src":"https:\/\/www.objectifimage-95.fr\/wp-content\/uploads\/2025\/02\/040-MAZE-Edouard-Jenni-1024x1024.jpg","data-width":2,"data-height":2},{"id":"4926","alt":"","title":"041-DERRIENNIC Gilles &#8211; Promenade au cr\u00e9puscule","description":"","halign":"center","valign":"middle","link":"","target":0,"width":2,"height":2,"togglelightbox":0,"hide_title":0,"filters":"","url":"https:\/\/www.objectifimage-95.fr\/wp-content\/uploads\/2025\/02\/041-DERRIENNIC-Gilles-Promenade-au-crepuscule.jpg","caption":"","report":"","src":"https:\/\/www.objectifimage-95.fr\/wp-content\/uploads\/2025\/02\/041-DERRIENNIC-Gilles-Promenade-au-crepuscule-1024x576.jpg","data-width":2,"data-height":2},{"id":"4927","alt":"","title":"Herv\u00e9-D-Bureaux anonymes","description":"Herv\u00e9-D-Bureaux anonymes","halign":"center","valign":"middle","link":"","target":0,"width":2,"height":2,"togglelightbox":0,"hide_title":0,"filters":"","url":"https:\/\/www.objectifimage-95.fr\/wp-content\/uploads\/2025\/02\/042-DORGE-Herve-Bureaux.jpg","caption":"Herv\u00e9-D-Bureaux anonymes","report":"","src":"https:\/\/www.objectifimage-95.fr\/wp-content\/uploads\/2025\/02\/042-DORGE-Herve-Bureaux-1024x1024.jpg","data-width":2,"data-height":2},{"id":"4928","alt":"","title":"043-BODOIRA Thierry &#8211; Sommets nuageux","description":"","halign":"center","valign":"middle","link":"","target":0,"width":2,"height":2,"togglelightbox":0,"hide_title":0,"filters":"","url":"https:\/\/www.objectifimage-95.fr\/wp-content\/uploads\/2025\/02\/043-BODOIRA-Thierry-Sommets-nuageux.jpg","caption":"","report":"","src":"https:\/\/www.objectifimage-95.fr\/wp-content\/uploads\/2025\/02\/043-BODOIRA-Thierry-Sommets-nuageux-1024x576.jpg","data-width":2,"data-height":2},{"id":"4929","alt":"","title":"044-POMMARET Jean Pierre &#8211; Grotte des canalettes","description":"","halign":"center","valign":"middle","link":"","target":0,"width":2,"height":2,"togglelightbox":0,"hide_title":0,"filters":"","url":"https:\/\/www.objectifimage-95.fr\/wp-content\/uploads\/2025\/02\/044-POMMARET-Jean-Pierre-Grotte-des-canalettes.jpg","caption":"","report":"","src":"https:\/\/www.objectifimage-95.fr\/wp-content\/uploads\/2025\/02\/044-POMMARET-Jean-Pierre-Grotte-des-canalettes-1024x683.jpg","data-width":2,"data-height":2},{"id":"4930","alt":"","title":"J-L B : An bord de la route","description":"J-L B : An bord de la route","halign":"center","valign":"middle","link":"","target":0,"width":2,"height":2,"togglelightbox":0,"hide_title":0,"filters":"","url":"https:\/\/www.objectifimage-95.fr\/wp-content\/uploads\/2025\/02\/045-BALLOY-Jean-Louis-Au-bord-du-chemin.jpg","caption":"J-L B : An bord de la route","report":"","src":"https:\/\/www.objectifimage-95.fr\/wp-content\/uploads\/2025\/02\/045-BALLOY-Jean-Louis-Au-bord-du-chemin-690x1024.jpg","data-width":2,"data-height":2},{"id":"4931","alt":"","title":"046-DORGE Herv\u00e9 &#8211; Montmartre","description":"","halign":"center","valign":"middle","link":"","target":0,"width":2,"height":2,"togglelightbox":0,"hide_title":0,"filters":"","url":"https:\/\/www.objectifimage-95.fr\/wp-content\/uploads\/2025\/02\/046-DORGE-Herve-Montmartre.jpg","caption":"","report":"","src":"https:\/\/www.objectifimage-95.fr\/wp-content\/uploads\/2025\/02\/046-DORGE-Herve-Montmartre-1024x683.jpg","data-width":2,"data-height":2},{"id":"4932","alt":"","title":"047-KOVEN Pierre-Luc &#8211; Je ne crains personne","description":"","halign":"center","valign":"middle","link":"","target":0,"width":2,"height":2,"togglelightbox":0,"hide_title":0,"filters":"","url":"https:\/\/www.objectifimage-95.fr\/wp-content\/uploads\/2025\/02\/047-KOVEN-Pierre-Luc-Je-ne-crains-personne.jpg","caption":"","report":"","src":"https:\/\/www.objectifimage-95.fr\/wp-content\/uploads\/2025\/02\/047-KOVEN-Pierre-Luc-Je-ne-crains-personne-681x1024.jpg","data-width":2,"data-height":2},{"id":"4933","alt":"","title":"048-HERBECQ Pascale &#8211; Sport et culture","description":"","halign":"center","valign":"middle","link":"","target":0,"width":2,"height":2,"togglelightbox":0,"hide_title":0,"filters":"","url":"https:\/\/www.objectifimage-95.fr\/wp-content\/uploads\/2025\/02\/048-HERBECQ-Pascale-Sport-et-culture.jpg","caption":"","report":"","src":"https:\/\/www.objectifimage-95.fr\/wp-content\/uploads\/2025\/02\/048-HERBECQ-Pascale-Sport-et-culture-1024x683.jpg","data-width":2,"data-height":2},{"id":"4934","alt":"","title":"049-DUBUQUOY C\u00e9line &#8211; Attention aux \u00e9crans","description":"","halign":"center","valign":"middle","link":"","target":0,"width":2,"height":2,"togglelightbox":0,"hide_title":0,"filters":"","url":"https:\/\/www.objectifimage-95.fr\/wp-content\/uploads\/2025\/02\/049-DUBUQUOY-Celine-Attention-aux-ecrans.jpg","caption":"","report":"","src":"https:\/\/www.objectifimage-95.fr\/wp-content\/uploads\/2025\/02\/049-DUBUQUOY-Celine-Attention-aux-ecrans-1024x683.jpg","data-width":2,"data-height":2},{"id":"4935","alt":"","title":"050-CIURANA Jos\u00e9 &#8211; La Branche","description":"","halign":"center","valign":"middle","link":"","target":0,"width":2,"height":2,"togglelightbox":0,"hide_title":0,"filters":"","url":"https:\/\/www.objectifimage-95.fr\/wp-content\/uploads\/2025\/02\/050-CIURANA-Jose-La-Branche.jpg","caption":"","report":"","src":"https:\/\/www.objectifimage-95.fr\/wp-content\/uploads\/2025\/02\/050-CIURANA-Jose-La-Branche-1024x462.jpg","data-width":2,"data-height":2},{"id":"4936","alt":"","title":"051-HERBECQ Pascale &#8211; Promenade en Camargue","description":"","halign":"center","valign":"middle","link":"","target":0,"width":2,"height":2,"togglelightbox":0,"hide_title":0,"filters":"","url":"https:\/\/www.objectifimage-95.fr\/wp-content\/uploads\/2025\/02\/051-HERBECQ-Pascale-Promenade-en-Camargue.jpg","caption":"","report":"","src":"https:\/\/www.objectifimage-95.fr\/wp-content\/uploads\/2025\/02\/051-HERBECQ-Pascale-Promenade-en-Camargue-1024x681.jpg","data-width":2,"data-height":2},{"id":"4937","alt":"","title":"052-DUBUQUOY C\u00e9line &#8211; Lumi\u00e8re sur la vasque","description":"","halign":"center","valign":"middle","link":"","target":0,"width":2,"height":2,"togglelightbox":0,"hide_title":0,"filters":"","url":"https:\/\/www.objectifimage-95.fr\/wp-content\/uploads\/2025\/02\/052-DUBUQUOY-Celine-Lumiere-sur-la-vasque.jpg","caption":"","report":"","src":"https:\/\/www.objectifimage-95.fr\/wp-content\/uploads\/2025\/02\/052-DUBUQUOY-Celine-Lumiere-sur-la-vasque-683x1024.jpg","data-width":2,"data-height":2},{"id":"4938","alt":"","title":"Christian-V-Tailleur de pierres","description":"Christian-V-Tailleur de pierres","halign":"center","valign":"middle","link":"","target":0,"width":2,"height":2,"togglelightbox":0,"hide_title":0,"filters":"","url":"https:\/\/www.objectifimage-95.fr\/wp-content\/uploads\/2025\/02\/053-VAYSSIERE-Christian-Tailleur-de-Pierres.jpg","caption":"Christian-V-Tailleur de pierres","report":"","src":"https:\/\/www.objectifimage-95.fr\/wp-content\/uploads\/2025\/02\/053-VAYSSIERE-Christian-Tailleur-de-Pierres-1024x683.jpg","data-width":2,"data-height":2},{"id":"4939","alt":"","title":"054-MAZ\u00c9 Edouard &#8211; Morgane","description":"","halign":"center","valign":"middle","link":"","target":0,"width":2,"height":2,"togglelightbox":0,"hide_title":0,"filters":"","url":"https:\/\/www.objectifimage-95.fr\/wp-content\/uploads\/2025\/02\/054-MAZE-Edouard-Morgane.jpg","caption":"","report":"","src":"https:\/\/www.objectifimage-95.fr\/wp-content\/uploads\/2025\/02\/054-MAZE-Edouard-Morgane-1024x1024.jpg","data-width":2,"data-height":2},{"id":"4940","alt":"","title":"055-HOFMANN Hilde &#8211; Bien prot\u00e9g\u00e9","description":"","halign":"center","valign":"middle","link":"","target":0,"width":2,"height":2,"togglelightbox":0,"hide_title":0,"filters":"","url":"https:\/\/www.objectifimage-95.fr\/wp-content\/uploads\/2025\/02\/055-HOFMANN-Hilde-Bien-protege.jpg","caption":"","report":"","src":"https:\/\/www.objectifimage-95.fr\/wp-content\/uploads\/2025\/02\/055-HOFMANN-Hilde-Bien-protege-1024x683.jpg","data-width":2,"data-height":2},{"id":"4941","alt":"","title":"056-HOFMANN Hilde &#8211; La grille","description":"","halign":"center","valign":"middle","link":"","target":0,"width":2,"height":2,"togglelightbox":0,"hide_title":0,"filters":"","url":"https:\/\/www.objectifimage-95.fr\/wp-content\/uploads\/2025\/02\/056-HOFMANN-Hilde-La-grille.jpg","caption":"","report":"","src":"https:\/\/www.objectifimage-95.fr\/wp-content\/uploads\/2025\/02\/056-HOFMANN-Hilde-La-grille-1024x683.jpg","data-width":2,"data-height":2},{"id":"4942","alt":"","title":"michel-G-la tete dans las nuages","description":"Michel-G-un matin aux Tuileries","halign":"center","valign":"middle","link":"","target":0,"width":2,"height":2,"togglelightbox":0,"hide_title":0,"filters":"","url":"https:\/\/www.objectifimage-95.fr\/wp-content\/uploads\/2025\/02\/057-GIRODEAU-Michel-Dans-les-nuages.jpg","caption":"Michel-G-un matin aux Tuileries","report":"","src":"https:\/\/www.objectifimage-95.fr\/wp-content\/uploads\/2025\/02\/057-GIRODEAU-Michel-Dans-les-nuages-1024x685.jpg","data-width":2,"data-height":2},{"id":"4943","alt":"","title":"058-VAYSSI\u00c8RE Christian &#8211; Gu\u00e9delon","description":"","halign":"center","valign":"middle","link":"","target":0,"width":2,"height":2,"togglelightbox":0,"hide_title":0,"filters":"","url":"https:\/\/www.objectifimage-95.fr\/wp-content\/uploads\/2025\/02\/058-VAYSSIERE-Christian-Guedelon.jpg","caption":"","report":"","src":"https:\/\/www.objectifimage-95.fr\/wp-content\/uploads\/2025\/02\/058-VAYSSIERE-Christian-Guedelon-1024x683.jpg","data-width":2,"data-height":2},{"id":"4944","alt":"","title":"059-DERRIENNIC Gilles &#8211; Cabane sous Torgon","description":"","halign":"center","valign":"middle","link":"","target":0,"width":2,"height":2,"togglelightbox":0,"hide_title":0,"filters":"","url":"https:\/\/www.objectifimage-95.fr\/wp-content\/uploads\/2025\/02\/059-DERRIENNIC-Gilles-Cabane-sous-Torgon.jpg","caption":"","report":"","src":"https:\/\/www.objectifimage-95.fr\/wp-content\/uploads\/2025\/02\/059-DERRIENNIC-Gilles-Cabane-sous-Torgon-1024x683.jpg","data-width":2,"data-height":2},{"id":"4945","alt":"","title":"060-DORGE Herv\u00e9 &#8211; Solitude","description":"","halign":"center","valign":"middle","link":"","target":0,"width":2,"height":2,"togglelightbox":0,"hide_title":0,"filters":"","url":"https:\/\/www.objectifimage-95.fr\/wp-content\/uploads\/2025\/02\/060-DORGE-Herve-Solitude.jpg","caption":"","report":"","src":"https:\/\/www.objectifimage-95.fr\/wp-content\/uploads\/2025\/02\/060-DORGE-Herve-Solitude-1024x683.jpg","data-width":2,"data-height":2},{"id":"4946","alt":"","title":"Christian-V-Pont Canal","description":"Christian-V-Pont Canal","halign":"center","valign":"middle","link":"","target":0,"width":2,"height":2,"togglelightbox":0,"hide_title":0,"filters":"","url":"https:\/\/www.objectifimage-95.fr\/wp-content\/uploads\/2025\/02\/061-VAYSSIERE-Christian-Pont-Canal.jpg","caption":"Christian-V-Pont Canal","report":"","src":"https:\/\/www.objectifimage-95.fr\/wp-content\/uploads\/2025\/02\/061-VAYSSIERE-Christian-Pont-Canal-1024x683.jpg","data-width":2,"data-height":2},{"id":"4947","alt":"","title":"062-HOFMANN Hilde &#8211; Jeux d&rsquo;eau","description":"","halign":"center","valign":"middle","link":"","target":0,"width":2,"height":2,"togglelightbox":0,"hide_title":0,"filters":"","url":"https:\/\/www.objectifimage-95.fr\/wp-content\/uploads\/2025\/02\/062-HOFMANN-Hilde-Jeux-deau.jpg","caption":"","report":"","src":"https:\/\/www.objectifimage-95.fr\/wp-content\/uploads\/2025\/02\/062-HOFMANN-Hilde-Jeux-deau-1024x683.jpg","data-width":2,"data-height":2},{"id":"4948","alt":"","title":"063-DORGE Herv\u00e9 &#8211; Couple","description":"","halign":"center","valign":"middle","link":"","target":0,"width":2,"height":2,"togglelightbox":0,"hide_title":0,"filters":"","url":"https:\/\/www.objectifimage-95.fr\/wp-content\/uploads\/2025\/02\/063-DORGE-Herve-Couple.jpg","caption":"","report":"","src":"https:\/\/www.objectifimage-95.fr\/wp-content\/uploads\/2025\/02\/063-DORGE-Herve-Couple-1024x683.jpg","data-width":2,"data-height":2},{"id":"4949","alt":"","title":"Christian-V-Petite ceinture","description":"Christian-V-Petite ceinture","halign":"center","valign":"middle","link":"","target":0,"width":2,"height":2,"togglelightbox":0,"hide_title":0,"filters":"","url":"https:\/\/www.objectifimage-95.fr\/wp-content\/uploads\/2025\/02\/064-VAYSSIERE-Christian-Petite-ceinture.jpg","caption":"Christian-V-Petite ceinture","report":"","src":"https:\/\/www.objectifimage-95.fr\/wp-content\/uploads\/2025\/02\/064-VAYSSIERE-Christian-Petite-ceinture-1024x683.jpg","data-width":2,"data-height":2},{"id":"4950","alt":"","title":"065-GIRODEAU Michel &#8211; Reporter","description":"","halign":"center","valign":"middle","link":"","target":0,"width":2,"height":2,"togglelightbox":0,"hide_title":0,"filters":"","url":"https:\/\/www.objectifimage-95.fr\/wp-content\/uploads\/2025\/02\/065-GIRODEAU-Michel-Reporter.jpg","caption":"","report":"","src":"https:\/\/www.objectifimage-95.fr\/wp-content\/uploads\/2025\/02\/065-GIRODEAU-Michel-Reporter-683x1024.jpg","data-width":2,"data-height":2},{"id":"4951","alt":"","title":"066-HOFMANN Hilde &#8211; La Seine source","description":"","halign":"center","valign":"middle","link":"","target":0,"width":2,"height":2,"togglelightbox":0,"hide_title":0,"filters":"","url":"https:\/\/www.objectifimage-95.fr\/wp-content\/uploads\/2025\/02\/066-HOFMANN-Hilde-La-Seine-source.jpg","caption":"","report":"","src":"https:\/\/www.objectifimage-95.fr\/wp-content\/uploads\/2025\/02\/066-HOFMANN-Hilde-La-Seine-source-1024x683.jpg","data-width":2,"data-height":2},{"id":"4952","alt":"","title":"067-POMMARET Jean Pierre &#8211; Face \u00e0 la mer","description":"","halign":"center","valign":"middle","link":"","target":0,"width":2,"height":2,"togglelightbox":0,"hide_title":0,"filters":"","url":"https:\/\/www.objectifimage-95.fr\/wp-content\/uploads\/2025\/02\/067-POMMARET-Jean-Pierre-Face-a-la-mer.jpg","caption":"","report":"","src":"https:\/\/www.objectifimage-95.fr\/wp-content\/uploads\/2025\/02\/067-POMMARET-Jean-Pierre-Face-a-la-mer-1024x683.jpg","data-width":2,"data-height":2},{"id":"4953","alt":"","title":"068-POMMARET Jean Pierre &#8211; Mouillage","description":"","halign":"center","valign":"middle","link":"","target":0,"width":2,"height":2,"togglelightbox":0,"hide_title":0,"filters":"","url":"https:\/\/www.objectifimage-95.fr\/wp-content\/uploads\/2025\/02\/068-POMMARET-Jean-Pierre-Mouillage.jpg","caption":"","report":"","src":"https:\/\/www.objectifimage-95.fr\/wp-content\/uploads\/2025\/02\/068-POMMARET-Jean-Pierre-Mouillage-1024x683.jpg","data-width":2,"data-height":2}],"yoast_head":"<!-- This site is optimized with the Yoast SEO plugin v27.5 - https:\/\/yoast.com\/product\/yoast-seo-wordpress\/ -->\n<title>G-CIN-2024-11-Concours interne Monochrome - Objectif Image 95<\/title>\n<meta name=\"robots\" content=\"index, follow, max-snippet:-1, max-image-preview:large, max-video-preview:-1\" \/>\n<link rel=\"canonical\" href=\"https:\/\/www.objectifimage-95.fr\/index.php\/modula-gallery\/g-exp-2023-03-lc-faune-et-flore-2\/\" \/>\n<meta property=\"og:locale\" content=\"fr_FR\" \/>\n<meta property=\"og:type\" content=\"article\" \/>\n<meta property=\"og:title\" content=\"G-CIN-2024-11-Concours interne Monochrome - Objectif Image 95\" \/>\n<meta property=\"og:url\" content=\"https:\/\/www.objectifimage-95.fr\/index.php\/modula-gallery\/g-exp-2023-03-lc-faune-et-flore-2\/\" \/>\n<meta property=\"og:site_name\" content=\"Objectif Image 95\" \/>\n<meta property=\"article:modified_time\" content=\"2025-02-26T09:47:27+00:00\" \/>\n<meta name=\"twitter:card\" content=\"summary_large_image\" \/>\n<script type=\"application\/ld+json\" class=\"yoast-schema-graph\">{\"@context\":\"https:\\\/\\\/schema.org\",\"@graph\":[{\"@type\":\"WebPage\",\"@id\":\"https:\\\/\\\/www.objectifimage-95.fr\\\/index.php\\\/modula-gallery\\\/g-exp-2023-03-lc-faune-et-flore-2\\\/\",\"url\":\"https:\\\/\\\/www.objectifimage-95.fr\\\/index.php\\\/modula-gallery\\\/g-exp-2023-03-lc-faune-et-flore-2\\\/\",\"name\":\"G-CIN-2024-11-Concours interne Monochrome - Objectif Image 95\",\"isPartOf\":{\"@id\":\"https:\\\/\\\/www.objectifimage-95.fr\\\/#website\"},\"datePublished\":\"2025-02-12T20:41:15+00:00\",\"dateModified\":\"2025-02-26T09:47:27+00:00\",\"breadcrumb\":{\"@id\":\"https:\\\/\\\/www.objectifimage-95.fr\\\/index.php\\\/modula-gallery\\\/g-exp-2023-03-lc-faune-et-flore-2\\\/#breadcrumb\"},\"inLanguage\":\"fr-FR\",\"potentialAction\":[{\"@type\":\"ReadAction\",\"target\":[\"https:\\\/\\\/www.objectifimage-95.fr\\\/index.php\\\/modula-gallery\\\/g-exp-2023-03-lc-faune-et-flore-2\\\/\"]}]},{\"@type\":\"BreadcrumbList\",\"@id\":\"https:\\\/\\\/www.objectifimage-95.fr\\\/index.php\\\/modula-gallery\\\/g-exp-2023-03-lc-faune-et-flore-2\\\/#breadcrumb\",\"itemListElement\":[{\"@type\":\"ListItem\",\"position\":1,\"name\":\"Accueil\",\"item\":\"https:\\\/\\\/www.objectifimage-95.fr\\\/\"},{\"@type\":\"ListItem\",\"position\":2,\"name\":\"G-CIN-2024-11-Concours interne Monochrome\"}]},{\"@type\":\"WebSite\",\"@id\":\"https:\\\/\\\/www.objectifimage-95.fr\\\/#website\",\"url\":\"https:\\\/\\\/www.objectifimage-95.fr\\\/\",\"name\":\"Objectif Image-95\",\"description\":\"Photo club de Soisy-sous-Montmorency\",\"publisher\":{\"@id\":\"https:\\\/\\\/www.objectifimage-95.fr\\\/#organization\"},\"potentialAction\":[{\"@type\":\"SearchAction\",\"target\":{\"@type\":\"EntryPoint\",\"urlTemplate\":\"https:\\\/\\\/www.objectifimage-95.fr\\\/?s={search_term_string}\"},\"query-input\":{\"@type\":\"PropertyValueSpecification\",\"valueRequired\":true,\"valueName\":\"search_term_string\"}}],\"inLanguage\":\"fr-FR\"},{\"@type\":\"Organization\",\"@id\":\"https:\\\/\\\/www.objectifimage-95.fr\\\/#organization\",\"name\":\"Objectif Image-95\",\"url\":\"https:\\\/\\\/www.objectifimage-95.fr\\\/\",\"logo\":{\"@type\":\"ImageObject\",\"inLanguage\":\"fr-FR\",\"@id\":\"https:\\\/\\\/www.objectifimage-95.fr\\\/#\\\/schema\\\/logo\\\/image\\\/\",\"url\":\"https:\\\/\\\/www.objectifimage-95.fr\\\/wp-content\\\/uploads\\\/2025\\\/01\\\/Logo-520px.png\",\"contentUrl\":\"https:\\\/\\\/www.objectifimage-95.fr\\\/wp-content\\\/uploads\\\/2025\\\/01\\\/Logo-520px.png\",\"width\":520,\"height\":343,\"caption\":\"Objectif Image-95\"},\"image\":{\"@id\":\"https:\\\/\\\/www.objectifimage-95.fr\\\/#\\\/schema\\\/logo\\\/image\\\/\"}}]}<\/script>\n<!-- \/ Yoast SEO plugin. -->","yoast_head_json":{"title":"G-CIN-2024-11-Concours interne Monochrome - Objectif Image 95","robots":{"index":"index","follow":"follow","max-snippet":"max-snippet:-1","max-image-preview":"max-image-preview:large","max-video-preview":"max-video-preview:-1"},"canonical":"https:\/\/www.objectifimage-95.fr\/index.php\/modula-gallery\/g-exp-2023-03-lc-faune-et-flore-2\/","og_locale":"fr_FR","og_type":"article","og_title":"G-CIN-2024-11-Concours interne Monochrome - Objectif Image 95","og_url":"https:\/\/www.objectifimage-95.fr\/index.php\/modula-gallery\/g-exp-2023-03-lc-faune-et-flore-2\/","og_site_name":"Objectif Image 95","article_modified_time":"2025-02-26T09:47:27+00:00","twitter_card":"summary_large_image","schema":{"@context":"https:\/\/schema.org","@graph":[{"@type":"WebPage","@id":"https:\/\/www.objectifimage-95.fr\/index.php\/modula-gallery\/g-exp-2023-03-lc-faune-et-flore-2\/","url":"https:\/\/www.objectifimage-95.fr\/index.php\/modula-gallery\/g-exp-2023-03-lc-faune-et-flore-2\/","name":"G-CIN-2024-11-Concours interne Monochrome - Objectif Image 95","isPartOf":{"@id":"https:\/\/www.objectifimage-95.fr\/#website"},"datePublished":"2025-02-12T20:41:15+00:00","dateModified":"2025-02-26T09:47:27+00:00","breadcrumb":{"@id":"https:\/\/www.objectifimage-95.fr\/index.php\/modula-gallery\/g-exp-2023-03-lc-faune-et-flore-2\/#breadcrumb"},"inLanguage":"fr-FR","potentialAction":[{"@type":"ReadAction","target":["https:\/\/www.objectifimage-95.fr\/index.php\/modula-gallery\/g-exp-2023-03-lc-faune-et-flore-2\/"]}]},{"@type":"BreadcrumbList","@id":"https:\/\/www.objectifimage-95.fr\/index.php\/modula-gallery\/g-exp-2023-03-lc-faune-et-flore-2\/#breadcrumb","itemListElement":[{"@type":"ListItem","position":1,"name":"Accueil","item":"https:\/\/www.objectifimage-95.fr\/"},{"@type":"ListItem","position":2,"name":"G-CIN-2024-11-Concours interne Monochrome"}]},{"@type":"WebSite","@id":"https:\/\/www.objectifimage-95.fr\/#website","url":"https:\/\/www.objectifimage-95.fr\/","name":"Objectif Image-95","description":"Photo club de Soisy-sous-Montmorency","publisher":{"@id":"https:\/\/www.objectifimage-95.fr\/#organization"},"potentialAction":[{"@type":"SearchAction","target":{"@type":"EntryPoint","urlTemplate":"https:\/\/www.objectifimage-95.fr\/?s={search_term_string}"},"query-input":{"@type":"PropertyValueSpecification","valueRequired":true,"valueName":"search_term_string"}}],"inLanguage":"fr-FR"},{"@type":"Organization","@id":"https:\/\/www.objectifimage-95.fr\/#organization","name":"Objectif Image-95","url":"https:\/\/www.objectifimage-95.fr\/","logo":{"@type":"ImageObject","inLanguage":"fr-FR","@id":"https:\/\/www.objectifimage-95.fr\/#\/schema\/logo\/image\/","url":"https:\/\/www.objectifimage-95.fr\/wp-content\/uploads\/2025\/01\/Logo-520px.png","contentUrl":"https:\/\/www.objectifimage-95.fr\/wp-content\/uploads\/2025\/01\/Logo-520px.png","width":520,"height":343,"caption":"Objectif Image-95"},"image":{"@id":"https:\/\/www.objectifimage-95.fr\/#\/schema\/logo\/image\/"}}]}},"jetpack_sharing_enabled":true,"_links":{"self":[{"href":"https:\/\/www.objectifimage-95.fr\/index.php\/wp-json\/wp\/v2\/modula-gallery\/4640","targetHints":{"allow":["GET"]}}],"collection":[{"href":"https:\/\/www.objectifimage-95.fr\/index.php\/wp-json\/wp\/v2\/modula-gallery"}],"about":[{"href":"https:\/\/www.objectifimage-95.fr\/index.php\/wp-json\/wp\/v2\/types\/modula-gallery"}],"wp:attachment":[{"href":"https:\/\/www.objectifimage-95.fr\/index.php\/wp-json\/wp\/v2\/media?parent=4640"}],"curies":[{"name":"wp","href":"https:\/\/api.w.org\/{rel}","templated":true}]}}