{"id":3340,"date":"2025-02-08T11:08:48","date_gmt":"2025-02-08T10:08:48","guid":{"rendered":"https:\/\/www.objectifimage-95.fr\/?post_type=modula-gallery&#038;p=3340"},"modified":"2025-02-26T11:01:10","modified_gmt":"2025-02-26T10:01:10","slug":"g-sty-2024-10-lexposition-multiple","status":"publish","type":"modula-gallery","link":"https:\/\/www.objectifimage-95.fr\/index.php\/modula-gallery\/g-sty-2024-10-lexposition-multiple\/","title":{"rendered":"G-STY-2024-10-lexposition-multiple"},"template":"","class_list":["post-3340","modula-gallery","type-modula-gallery","status-publish","hentry","entry"],"modulaSettings":{"type":"grid","grid_type":"5","grid_row_height":250,"grid_justify_last_row":"justify","grid_image_size":"medium","grid_image_dimensions":{"width":0,"height":0},"img_size":200,"img_crop":true,"grid_image_crop":"0","gutter":10,"tablet_gutter":10,"mobile_gutter":10,"width":"100%","height":[800,800,800],"randomFactor":50,"shuffle":"0","maxImagesCount":"0","maxImagesCount_mobile":"0","lightbox":"fancybox","show_navigation":true,"open_Lightbox_on":"both","doubleClick":"0","loop_lightbox":"0","showTitleLightbox":true,"showCaptionLightbox":true,"captionPosition":"center","lightbox_keyboard":true,"lightbox_wheel":"0","lightbox_toolbar":true,"lightbox_close":true,"lightbox_thumbs":true,"lightbox_download":"0","lightbox_zoom":true,"lightbox_share":"0","lightbox_facebook":"0","lightbox_twitter":"0","lightbox_pinterest":"0","lightbox_whatsapp":"0","lightbox_linkedin":"0","lightbox_email":"0","lightboxEmailSubject":"Check out this awesome image !!","lightboxEmailMessage":"Here is the link to the image : %%image_link%% and this is the link to the gallery : %%gallery_link%%","lightbox_clickSlide":"0","lightbox_infobar":true,"lightbox_animationEffect":"false","lightbox_transitionEffect":"fade","showAllOnLightbox":"0","lightbox_touch":"0","lightbox_thumbsAutoStart":"0","mobile_caption_copy":true,"lightbox_background_color":"rgba(30,30,30,.9)","lightbox_thumbsPosition":"bottom","hide_title":true,"titleColor":"#ffffff","titleFontSize":16,"mobileTitleFontSize":12,"hide_description":"0","captionColor":"#ffffff","captionFontSize":14,"mobileCaptionFontSize":10,"show_gallery_title":"0","gallery_title_type":"p","titleFontFamily":"Default","titleFontWeight":"400","captionsFontFamily":"Default","captionFontWeight":"normal","enableSocial":"0","enableTwitter":"0","enableFacebook":"0","enableWhatsapp":"0","enableLinkedin":"0","enablePinterest":"0","enableEmail":"0","emailSubject":"Check out this awesome image !!","emailMessage":"Here is the link to the image : %%image_link%% and this is the link to the gallery : %%gallery_link%%","socialIconColor":"#ffffff","socialIconSize":16,"socialIconPadding":10,"loadedScale":100,"inView":"0","loadedRotate":0,"loadedHSlide":0,"loadedVSlide":0,"effect":"pufrobo","cursor":"zoom-in","uploadCursor":"0","hoverColor":"#ffffff","hoverOpacity":50,"borderSize":0,"borderRadius":0,"borderColor":"#ffffff","shadowSize":0,"shadowColor":"#ffffff","lazy_load":true,"helper-message":"","enable_responsive":"0","tablet_columns":2,"mobile_columns":1,"style":"","last_visited_tab":"modula-general","filters":[""],"dropdownFilters":"0","filterClick":"0","hideAllFilter":"0","allFilterLabel":"All","filterStyle":"default","filterLinkColor":"","filterLinkHoverColor":"","defaultActiveFilter":"All","filterPositioning":"top","filterTextAlignment":"none","enableCollapsibleFilters":"0","collapsibleActionText":"Filter by","enableMobileDropdownFilters":"0","upload_position":"end"},"modulaImages":[{"id":"3341","alt":"","title":"Danielle-C-","description":"","halign":"center","valign":"middle","link":"","target":0,"width":2,"height":2,"togglelightbox":0,"hide_title":0,"filters":"","url":"https:\/\/www.objectifimage-95.fr\/wp-content\/uploads\/2025\/02\/Danielle-C-1-4.jpg","caption":"","report":"","src":"https:\/\/www.objectifimage-95.fr\/wp-content\/uploads\/2025\/02\/Danielle-C-1-4-1024x683.jpg","data-width":2,"data-height":2},{"id":"3342","alt":"","title":"Danielle-C-surimpression1(maison Cavrois Lille)","description":"Danielle-C-surimpression1(maison Cavrois Lille)","halign":"center","valign":"middle","link":"","target":0,"width":2,"height":2,"togglelightbox":0,"hide_title":0,"filters":"","url":"https:\/\/www.objectifimage-95.fr\/wp-content\/uploads\/2025\/02\/Danielle-C-1.jpg","caption":"Danielle-C-surimpression1(maison Cavrois Lille)","report":"","src":"https:\/\/www.objectifimage-95.fr\/wp-content\/uploads\/2025\/02\/Danielle-C-1-1024x678.jpg","data-width":2,"data-height":2},{"id":"3343","alt":"","title":"Danielle-C-surimpression3","description":"Danielle-C-surimpression3","halign":"center","valign":"middle","link":"","target":0,"width":2,"height":2,"togglelightbox":0,"hide_title":0,"filters":"","url":"https:\/\/www.objectifimage-95.fr\/wp-content\/uploads\/2025\/02\/Danielle-C-2.jpg","caption":"Danielle-C-surimpression3","report":"","src":"https:\/\/www.objectifimage-95.fr\/wp-content\/uploads\/2025\/02\/Danielle-C-2-1024x678.jpg","data-width":2,"data-height":2},{"id":"3344","alt":"","title":"Danielle-C-surimpression2","description":"Danielle-C-surimpression2","halign":"center","valign":"middle","link":"","target":0,"width":2,"height":2,"togglelightbox":0,"hide_title":0,"filters":"","url":"https:\/\/www.objectifimage-95.fr\/wp-content\/uploads\/2025\/02\/Danielle-C-3.jpeg","caption":"Danielle-C-surimpression2","report":"","src":"https:\/\/www.objectifimage-95.fr\/wp-content\/uploads\/2025\/02\/Danielle-C-3-1024x678.jpeg","data-width":2,"data-height":2},{"id":"3345","alt":"","title":"Danielle-C-surimpression4","description":"Danielle-C-surimpression4","halign":"center","valign":"middle","link":"","target":0,"width":2,"height":2,"togglelightbox":0,"hide_title":0,"filters":"","url":"https:\/\/www.objectifimage-95.fr\/wp-content\/uploads\/2025\/02\/Danielle-C-4.jpeg","caption":"Danielle-C-surimpression4","report":"","src":"https:\/\/www.objectifimage-95.fr\/wp-content\/uploads\/2025\/02\/Danielle-C-4-1024x678.jpeg","data-width":2,"data-height":2},{"id":"3346","alt":"","title":"Edouard-M-","description":"","halign":"center","valign":"middle","link":"","target":0,"width":2,"height":2,"togglelightbox":0,"hide_title":0,"filters":"","url":"https:\/\/www.objectifimage-95.fr\/wp-content\/uploads\/2025\/02\/Edouard-M-1-4.jpg","caption":"","report":"","src":"https:\/\/www.objectifimage-95.fr\/wp-content\/uploads\/2025\/02\/Edouard-M-1-4-1024x683.jpg","data-width":2,"data-height":2},{"id":"3347","alt":"","title":"Edouard-M-surimpression 1","description":"Edouard-M-surimpression 1","halign":"center","valign":"middle","link":"","target":0,"width":2,"height":2,"togglelightbox":0,"hide_title":0,"filters":"","url":"https:\/\/www.objectifimage-95.fr\/wp-content\/uploads\/2025\/02\/Edouard-M-surimpression-1.jpg","caption":"Edouard-M-surimpression 1","report":"","src":"https:\/\/www.objectifimage-95.fr\/wp-content\/uploads\/2025\/02\/Edouard-M-surimpression-1.jpg","data-width":2,"data-height":2},{"id":"3348","alt":"","title":"Edouard-M-surimpression 2","description":"Edouard-M-surimpression 2","halign":"center","valign":"middle","link":"","target":0,"width":2,"height":2,"togglelightbox":0,"hide_title":0,"filters":"","url":"https:\/\/www.objectifimage-95.fr\/wp-content\/uploads\/2025\/02\/Edouard-M-surimpression-2.jpg","caption":"Edouard-M-surimpression 2","report":"","src":"https:\/\/www.objectifimage-95.fr\/wp-content\/uploads\/2025\/02\/Edouard-M-surimpression-2.jpg","data-width":2,"data-height":2},{"id":"3349","alt":"","title":"Edouard-M-surimpression 3","description":"Edouard-M-surimpression 3","halign":"center","valign":"middle","link":"","target":0,"width":2,"height":2,"togglelightbox":0,"hide_title":0,"filters":"","url":"https:\/\/www.objectifimage-95.fr\/wp-content\/uploads\/2025\/02\/Edouard-M-surimpression-3.jpg","caption":"Edouard-M-surimpression 3","report":"","src":"https:\/\/www.objectifimage-95.fr\/wp-content\/uploads\/2025\/02\/Edouard-M-surimpression-3.jpg","data-width":2,"data-height":2},{"id":"3350","alt":"","title":"Edouard-M-surimpression 4","description":"Edouard-M-surimpression 4","halign":"center","valign":"middle","link":"","target":0,"width":2,"height":2,"togglelightbox":0,"hide_title":0,"filters":"","url":"https:\/\/www.objectifimage-95.fr\/wp-content\/uploads\/2025\/02\/Edouard-M-surimpression-4.jpg","caption":"Edouard-M-surimpression 4","report":"","src":"https:\/\/www.objectifimage-95.fr\/wp-content\/uploads\/2025\/02\/Edouard-M-surimpression-4.jpg","data-width":2,"data-height":2},{"id":"3351","alt":"","title":"Edouard-M-surimpression 5","description":"Edouard-M-surimpression 4","halign":"center","valign":"middle","link":"","target":0,"width":2,"height":2,"togglelightbox":0,"hide_title":0,"filters":"","url":"https:\/\/www.objectifimage-95.fr\/wp-content\/uploads\/2025\/02\/Edouard-M-surimpression-5.jpg","caption":"Edouard-M-surimpression 4","report":"","src":"https:\/\/www.objectifimage-95.fr\/wp-content\/uploads\/2025\/02\/Edouard-M-surimpression-5.jpg","data-width":2,"data-height":2},{"id":"3352","alt":"","title":"Gilles-D-","description":"","halign":"center","valign":"middle","link":"","target":0,"width":2,"height":2,"togglelightbox":0,"hide_title":0,"filters":"","url":"https:\/\/www.objectifimage-95.fr\/wp-content\/uploads\/2025\/02\/Gilles-D-1-7.jpg","caption":"","report":"","src":"https:\/\/www.objectifimage-95.fr\/wp-content\/uploads\/2025\/02\/Gilles-D-1-7-1024x683.jpg","data-width":2,"data-height":2},{"id":"3353","alt":"","title":"Gilles-D-1-Rudb\u00e9kias","description":"Essai n\u00b01","halign":"center","valign":"middle","link":"","target":0,"width":2,"height":2,"togglelightbox":0,"hide_title":0,"filters":"","url":"https:\/\/www.objectifimage-95.fr\/wp-content\/uploads\/2025\/02\/Gilles-D-1-Rudbekias.jpg","caption":"Essai n\u00b01","report":"","src":"https:\/\/www.objectifimage-95.fr\/wp-content\/uploads\/2025\/02\/Gilles-D-1-Rudbekias-683x1024.jpg","data-width":2,"data-height":2},{"id":"3354","alt":"","title":"Gilles-D-2-Rudb\u00e9kias","description":"Essai n\u00b0 2","halign":"center","valign":"middle","link":"","target":0,"width":2,"height":2,"togglelightbox":0,"hide_title":0,"filters":"","url":"https:\/\/www.objectifimage-95.fr\/wp-content\/uploads\/2025\/02\/Gilles-D-2-Rudbekias.jpg","caption":"Essai n\u00b0 2","report":"","src":"https:\/\/www.objectifimage-95.fr\/wp-content\/uploads\/2025\/02\/Gilles-D-2-Rudbekias-1024x683.jpg","data-width":2,"data-height":2},{"id":"3355","alt":"","title":"Gilles-D-3-Promenade","description":"Pigeon en ballade","halign":"center","valign":"middle","link":"","target":0,"width":2,"height":2,"togglelightbox":0,"hide_title":0,"filters":"","url":"https:\/\/www.objectifimage-95.fr\/wp-content\/uploads\/2025\/02\/Gilles-D-3-Promenade.jpg","caption":"Pigeon en ballade","report":"","src":"https:\/\/www.objectifimage-95.fr\/wp-content\/uploads\/2025\/02\/Gilles-D-3-Promenade-1024x683.jpg","data-width":2,"data-height":2},{"id":"3356","alt":"","title":"Gilles-D-4-Les cocottes","description":"Essai n\u00b0 4","halign":"center","valign":"middle","link":"","target":0,"width":2,"height":2,"togglelightbox":0,"hide_title":0,"filters":"","url":"https:\/\/www.objectifimage-95.fr\/wp-content\/uploads\/2025\/02\/Gilles-D-4-Les-cocottes.jpg","caption":"Essai n\u00b0 4","report":"","src":"https:\/\/www.objectifimage-95.fr\/wp-content\/uploads\/2025\/02\/Gilles-D-4-Les-cocottes-1024x576.jpg","data-width":2,"data-height":2},{"id":"3357","alt":"","title":"Gilles-D-5-Les cocottes se prom\u00e8nent","description":"Essai n\u00b0 5","halign":"center","valign":"middle","link":"","target":0,"width":2,"height":2,"togglelightbox":0,"hide_title":0,"filters":"","url":"https:\/\/www.objectifimage-95.fr\/wp-content\/uploads\/2025\/02\/Gilles-D-5-Les-cocottes-se-promenent.jpg","caption":"Essai n\u00b0 5","report":"","src":"https:\/\/www.objectifimage-95.fr\/wp-content\/uploads\/2025\/02\/Gilles-D-5-Les-cocottes-se-promenent-1024x576.jpg","data-width":2,"data-height":2},{"id":"3358","alt":"","title":"Gilles-D-7-B\u00e9b\u00e9 Panda","description":"","halign":"center","valign":"middle","link":"","target":0,"width":2,"height":2,"togglelightbox":0,"hide_title":0,"filters":"","url":"https:\/\/www.objectifimage-95.fr\/wp-content\/uploads\/2025\/02\/Gilles-D-7-Bebe-Panda.jpg","caption":"","report":"","src":"https:\/\/www.objectifimage-95.fr\/wp-content\/uploads\/2025\/02\/Gilles-D-7-Bebe-Panda-1024x576.jpg","data-width":2,"data-height":2},{"id":"3359","alt":"","title":"Herve-D-","description":"","halign":"center","valign":"middle","link":"","target":0,"width":2,"height":2,"togglelightbox":0,"hide_title":0,"filters":"","url":"https:\/\/www.objectifimage-95.fr\/wp-content\/uploads\/2025\/02\/Herve-D-1-7.jpg","caption":"","report":"","src":"https:\/\/www.objectifimage-95.fr\/wp-content\/uploads\/2025\/02\/Herve-D-1-7-1024x683.jpg","data-width":2,"data-height":2},{"id":"3360","alt":"","title":"Herv\u00e9-D-Ambiance nipponne","description":"Herv\u00e9-D-Ambiance nipponne","halign":"center","valign":"middle","link":"","target":0,"width":2,"height":2,"togglelightbox":0,"hide_title":0,"filters":"","url":"https:\/\/www.objectifimage-95.fr\/wp-content\/uploads\/2025\/02\/Herve-D-double-expo.jpg","caption":"Herv\u00e9-D-Ambiance nipponne","report":"","src":"https:\/\/www.objectifimage-95.fr\/wp-content\/uploads\/2025\/02\/Herve-D-double-expo-1024x683.jpg","data-width":2,"data-height":2},{"id":"3361","alt":"","title":"Jean-Louis-B-","description":"","halign":"center","valign":"middle","link":"","target":0,"width":2,"height":2,"togglelightbox":0,"hide_title":0,"filters":"","url":"https:\/\/www.objectifimage-95.fr\/wp-content\/uploads\/2025\/02\/Jean-Louis-B-1-4.jpg","caption":"","report":"","src":"https:\/\/www.objectifimage-95.fr\/wp-content\/uploads\/2025\/02\/Jean-Louis-B-1-4-1024x683.jpg","data-width":2,"data-height":2},{"id":"3362","alt":"","title":"Jean-Louis B : Double Exposition","description":"Jean-Louis B : Double Exposition; 1\/8000 + Flash annulaire","halign":"center","valign":"middle","link":"","target":0,"width":2,"height":2,"togglelightbox":0,"hide_title":0,"filters":"","url":"https:\/\/www.objectifimage-95.fr\/wp-content\/uploads\/2025\/02\/Jean-Louis-B-Exposition-Multiple-01.jpg","caption":"Jean-Louis B : Double Exposition; 1\/8000 + Flash annulaire","report":"","src":"https:\/\/www.objectifimage-95.fr\/wp-content\/uploads\/2025\/02\/Jean-Louis-B-Exposition-Multiple-01-683x1024.jpg","data-width":2,"data-height":2},{"id":"3363","alt":"","title":"Jean-Louis B : Double Exposition","description":"Jean-Louis B : Double Exposition; 1\/8000 + Flash annulaire","halign":"center","valign":"middle","link":"","target":0,"width":2,"height":2,"togglelightbox":0,"hide_title":0,"filters":"","url":"https:\/\/www.objectifimage-95.fr\/wp-content\/uploads\/2025\/02\/Jean-Louis-B-Exposition-Multiple-02.jpg","caption":"Jean-Louis B : Double Exposition; 1\/8000 + Flash annulaire","report":"","src":"https:\/\/www.objectifimage-95.fr\/wp-content\/uploads\/2025\/02\/Jean-Louis-B-Exposition-Multiple-02-683x1024.jpg","data-width":2,"data-height":2},{"id":"3364","alt":"","title":"Jean-Louis B : Exposition Multiple","description":"Jean-Louis B : Exposition Multiple; 1\/1000 + Flash; d\u00e9clenchements manuel","halign":"center","valign":"middle","link":"","target":0,"width":2,"height":2,"togglelightbox":0,"hide_title":0,"filters":"","url":"https:\/\/www.objectifimage-95.fr\/wp-content\/uploads\/2025\/02\/Jean-Louis-B-Exposition-Multiple-03.jpg","caption":"Jean-Louis B : Exposition Multiple; 1\/1000 + Flash; d\u00e9clenchements manuel","report":"","src":"https:\/\/www.objectifimage-95.fr\/wp-content\/uploads\/2025\/02\/Jean-Louis-B-Exposition-Multiple-03-768x1024.jpg","data-width":2,"data-height":2},{"id":"3365","alt":"","title":"Jean-Louis B : Exposition Multiple","description":"Jean-Louis B : Exposition Multiple; 1\/1000 + Flash; d\u00e9clenchements manuel","halign":"center","valign":"middle","link":"","target":0,"width":2,"height":2,"togglelightbox":0,"hide_title":0,"filters":"","url":"https:\/\/www.objectifimage-95.fr\/wp-content\/uploads\/2025\/02\/Jean-Louis-B-Exposition-Multiple-04.jpg","caption":"Jean-Louis B : Exposition Multiple; 1\/1000 + Flash; d\u00e9clenchements manuel","report":"","src":"https:\/\/www.objectifimage-95.fr\/wp-content\/uploads\/2025\/02\/Jean-Louis-B-Exposition-Multiple-04-768x1024.jpg","data-width":2,"data-height":2},{"id":"3366","alt":"","title":"Jean-Louis B : Exposition Multiple","description":"Jean-Louis B : Exposition Multiple ; 1\/200 + Flash Stroboscopique; d\u00e9clenchelents rafale","halign":"center","valign":"middle","link":"","target":0,"width":2,"height":2,"togglelightbox":0,"hide_title":0,"filters":"","url":"https:\/\/www.objectifimage-95.fr\/wp-content\/uploads\/2025\/02\/Jean-Louis-B-Exposition-Multiple-06.jpg","caption":"Jean-Louis B : Exposition Multiple ; 1\/200 + Flash Stroboscopique; d\u00e9clenchelents rafale","report":"","src":"https:\/\/www.objectifimage-95.fr\/wp-content\/uploads\/2025\/02\/Jean-Louis-B-Exposition-Multiple-06-768x1024.jpg","data-width":2,"data-height":2},{"id":"3367","alt":"","title":"Jean-Louis B : Exposition Multiple","description":"Jean-Louis B : Exposition Multiple ; 1\/200 + Flash Stroboscopique; d\u00e9clenchelents rafale","halign":"center","valign":"middle","link":"","target":0,"width":2,"height":2,"togglelightbox":0,"hide_title":0,"filters":"","url":"https:\/\/www.objectifimage-95.fr\/wp-content\/uploads\/2025\/02\/Jean-Louis-B-Exposition-Multiple-07.jpg","caption":"Jean-Louis B : Exposition Multiple ; 1\/200 + Flash Stroboscopique; d\u00e9clenchelents rafale","report":"","src":"https:\/\/www.objectifimage-95.fr\/wp-content\/uploads\/2025\/02\/Jean-Louis-B-Exposition-Multiple-07-768x1024.jpg","data-width":2,"data-height":2},{"id":"3368","alt":"","title":"Jean-Louis B : Exposition Multiple","description":"Jean-Louis B : Exposition Multiple ; 1\/200 + Flash Stroboscopique; d\u00e9clenchelents rafale","halign":"center","valign":"middle","link":"","target":0,"width":2,"height":2,"togglelightbox":0,"hide_title":0,"filters":"","url":"https:\/\/www.objectifimage-95.fr\/wp-content\/uploads\/2025\/02\/Jean-Louis-B-Exposition-Multiple-08.jpg","caption":"Jean-Louis B : Exposition Multiple ; 1\/200 + Flash Stroboscopique; d\u00e9clenchelents rafale","report":"","src":"https:\/\/www.objectifimage-95.fr\/wp-content\/uploads\/2025\/02\/Jean-Louis-B-Exposition-Multiple-08-768x1024.jpg","data-width":2,"data-height":2},{"id":"3369","alt":"","title":"Jean-Louis B : Naomi Osaka \u00e0 Roland Garros","description":"Jean-Louis B : Double Exposition avec PhotoShop","halign":"center","valign":"middle","link":"","target":0,"width":2,"height":2,"togglelightbox":0,"hide_title":0,"filters":"","url":"https:\/\/www.objectifimage-95.fr\/wp-content\/uploads\/2025\/02\/Jean-Louis-B-Exposition-Multiple-09.jpg","caption":"Jean-Louis B : Double Exposition avec PhotoShop","report":"","src":"https:\/\/www.objectifimage-95.fr\/wp-content\/uploads\/2025\/02\/Jean-Louis-B-Exposition-Multiple-09-1024x1024.jpg","data-width":2,"data-height":2},{"id":"3370","alt":"","title":"Jose-C-","description":"","halign":"center","valign":"middle","link":"","target":0,"width":2,"height":2,"togglelightbox":0,"hide_title":0,"filters":"","url":"https:\/\/www.objectifimage-95.fr\/wp-content\/uploads\/2025\/02\/Jose-C-1-7.jpg","caption":"","report":"","src":"https:\/\/www.objectifimage-95.fr\/wp-content\/uploads\/2025\/02\/Jose-C-1-7-1024x683.jpg","data-width":2,"data-height":2},{"id":"3371","alt":"","title":"Jos\u00e9-C : Le Monde quantique","description":"Jos\u00e9-C : Le Monde quantique - R\u00e9alit\u00e9 ou illusion ?","halign":"center","valign":"middle","link":"","target":0,"width":2,"height":2,"togglelightbox":0,"hide_title":0,"filters":"","url":"https:\/\/www.objectifimage-95.fr\/wp-content\/uploads\/2025\/02\/Jose-C-1-Le-Monde-Quantique.jpg","caption":"Jos\u00e9-C : Le Monde quantique - R\u00e9alit\u00e9 ou illusion ?","report":"","src":"https:\/\/www.objectifimage-95.fr\/wp-content\/uploads\/2025\/02\/Jose-C-1-Le-Monde-Quantique-1024x683.jpg","data-width":2,"data-height":2},{"id":"3372","alt":"","title":"Jos\u00e9-C : Espace-temps","description":"Jos\u00e9-C : Espace-temps - Espace et temps, li\u00e9s \u00e0 jamais !","halign":"center","valign":"middle","link":"","target":0,"width":2,"height":2,"togglelightbox":0,"hide_title":0,"filters":"","url":"https:\/\/www.objectifimage-95.fr\/wp-content\/uploads\/2025\/02\/Jose-C-2-Espace-temps.jpg","caption":"Jos\u00e9-C : Espace-temps - Espace et temps, li\u00e9s \u00e0 jamais !","report":"","src":"https:\/\/www.objectifimage-95.fr\/wp-content\/uploads\/2025\/02\/Jose-C-2-Espace-temps-1024x1024.jpg","data-width":2,"data-height":2},{"id":"3373","alt":"","title":"Jos\u00e9-C : Qu&rsquo;est-ce que le temps ?","description":"Jos\u00e9-C : Qu'est-ce que le temps ? - Nous avons cr\u00e9\u00e9 le notre","halign":"center","valign":"middle","link":"","target":0,"width":2,"height":2,"togglelightbox":0,"hide_title":0,"filters":"","url":"https:\/\/www.objectifimage-95.fr\/wp-content\/uploads\/2025\/02\/Jose-C-3-QU-est-ce-que-le-temps.jpg","caption":"Jos\u00e9-C : Qu'est-ce que le temps ? - Nous avons cr\u00e9\u00e9 le notre","report":"","src":"https:\/\/www.objectifimage-95.fr\/wp-content\/uploads\/2025\/02\/Jose-C-3-QU-est-ce-que-le-temps-1024x1024.jpg","data-width":2,"data-height":2},{"id":"3374","alt":"","title":"Jos\u00e9-C : Double personnalit\u00e9","description":"Jos\u00e9-C : Double personnalit\u00e9 - Qui est-elle vraiment ?","halign":"center","valign":"middle","link":"","target":0,"width":2,"height":2,"togglelightbox":0,"hide_title":0,"filters":"","url":"https:\/\/www.objectifimage-95.fr\/wp-content\/uploads\/2025\/02\/Jose-C-4-Double-personnalite.jpg","caption":"Jos\u00e9-C : Double personnalit\u00e9 - Qui est-elle vraiment ?","report":"","src":"https:\/\/www.objectifimage-95.fr\/wp-content\/uploads\/2025\/02\/Jose-C-4-Double-personnalite-683x1024.jpg","data-width":2,"data-height":2},{"id":"3375","alt":"","title":"Jos\u00e9-C : Au retour du Grand-Laviers","description":"Jos\u00e9-C : Au retour du Grand-Laviers - Apr\u00e8s une journ\u00e9e d'efforts, ils ne sont plus aussi nets !","halign":"center","valign":"middle","link":"","target":0,"width":2,"height":2,"togglelightbox":0,"hide_title":0,"filters":"","url":"https:\/\/www.objectifimage-95.fr\/wp-content\/uploads\/2025\/02\/Jose-C-5-Au-retour-du-Grand-Laviers.jpg","caption":"Jos\u00e9-C : Au retour du Grand-Laviers - Apr\u00e8s une journ\u00e9e d'efforts, ils ne sont plus aussi nets !","report":"","src":"https:\/\/www.objectifimage-95.fr\/wp-content\/uploads\/2025\/02\/Jose-C-5-Au-retour-du-Grand-Laviers-1024x1024.jpg","data-width":2,"data-height":2},{"id":"3376","alt":"","title":"Jose-C-6-Parc-Hotel-de-Ville-Enghien","description":"","halign":"center","valign":"middle","link":"","target":0,"width":2,"height":2,"togglelightbox":0,"hide_title":0,"filters":"","url":"https:\/\/www.objectifimage-95.fr\/wp-content\/uploads\/2025\/02\/Jose-C-6-Parc-Hotel-de-Ville-Enghien.jpg","caption":"","report":"","src":"https:\/\/www.objectifimage-95.fr\/wp-content\/uploads\/2025\/02\/Jose-C-6-Parc-Hotel-de-Ville-Enghien-1024x683.jpg","data-width":2,"data-height":2},{"id":"3377","alt":"","title":"Jose-C-7-Marche-au-bord-du-lac","description":"","halign":"center","valign":"middle","link":"","target":0,"width":2,"height":2,"togglelightbox":0,"hide_title":0,"filters":"","url":"https:\/\/www.objectifimage-95.fr\/wp-content\/uploads\/2025\/02\/Jose-C-7-Marche-au-bord-du-lac.jpg","caption":"","report":"","src":"https:\/\/www.objectifimage-95.fr\/wp-content\/uploads\/2025\/02\/Jose-C-7-Marche-au-bord-du-lac-1024x683.jpg","data-width":2,"data-height":2},{"id":"3378","alt":"","title":"Pascale-B-","description":"","halign":"center","valign":"middle","link":"","target":0,"width":2,"height":2,"togglelightbox":0,"hide_title":0,"filters":"","url":"https:\/\/www.objectifimage-95.fr\/wp-content\/uploads\/2025\/02\/Pascale-B-1-4.jpg","caption":"","report":"","src":"https:\/\/www.objectifimage-95.fr\/wp-content\/uploads\/2025\/02\/Pascale-B-1-4-1024x683.jpg","data-width":2,"data-height":2},{"id":"3379","alt":"","title":"Pascale-B-46860_La piscine","description":"Pascale-B-46860_La piscine","halign":"center","valign":"middle","link":"","target":0,"width":2,"height":2,"togglelightbox":0,"hide_title":0,"filters":"","url":"https:\/\/www.objectifimage-95.fr\/wp-content\/uploads\/2025\/02\/Pascale-B-46860_La-piscine-.jpg","caption":"Pascale-B-46860_La piscine","report":"","src":"https:\/\/www.objectifimage-95.fr\/wp-content\/uploads\/2025\/02\/Pascale-B-46860_La-piscine--769x1024.jpg","data-width":2,"data-height":2},{"id":"3380","alt":"","title":"Pascale-B-46872_Jardin roubaisien","description":"Pascale-B-46872_Jardin roubaisien","halign":"center","valign":"middle","link":"","target":0,"width":2,"height":2,"togglelightbox":0,"hide_title":0,"filters":"","url":"https:\/\/www.objectifimage-95.fr\/wp-content\/uploads\/2025\/02\/Pascale-B-46872_Jardin-roubaisien.jpg","caption":"Pascale-B-46872_Jardin roubaisien","report":"","src":"https:\/\/www.objectifimage-95.fr\/wp-content\/uploads\/2025\/02\/Pascale-B-46872_Jardin-roubaisien-1024x768.jpg","data-width":2,"data-height":2},{"id":"3381","alt":"","title":"Pascale-B-46884_l&rsquo;ai-je bien mont\u00e9","description":"Pascale-B-46884_l'ai-je bien mont\u00e9","halign":"center","valign":"middle","link":"","target":0,"width":2,"height":2,"togglelightbox":0,"hide_title":0,"filters":"","url":"https:\/\/www.objectifimage-95.fr\/wp-content\/uploads\/2025\/02\/Pascale-B-46884_lai-bien-monte-.jpg","caption":"Pascale-B-46884_l'ai-je bien mont\u00e9","report":"","src":"https:\/\/www.objectifimage-95.fr\/wp-content\/uploads\/2025\/02\/Pascale-B-46884_lai-bien-monte--769x1024.jpg","data-width":2,"data-height":2},{"id":"3382","alt":"","title":"Pascale-B-46892_salle \u00e0 manger cavresque","description":"Pascale-B-46892_salle \u00e0 manger cavresque","halign":"center","valign":"middle","link":"","target":0,"width":2,"height":2,"togglelightbox":0,"hide_title":0,"filters":"","url":"https:\/\/www.objectifimage-95.fr\/wp-content\/uploads\/2025\/02\/Pascale-B-46892_salle-a-manger-cavresque-.jpg","caption":"Pascale-B-46892_salle \u00e0 manger cavresque","report":"","src":"https:\/\/www.objectifimage-95.fr\/wp-content\/uploads\/2025\/02\/Pascale-B-46892_salle-a-manger-cavresque--1024x768.jpg","data-width":2,"data-height":2},{"id":"3383","alt":"","title":"Pascale-B-46909_le fantome de l&rsquo;op\u00e9ra","description":"Pascale-B-46909_le fantome de l'op\u00e9ra","halign":"center","valign":"middle","link":"","target":0,"width":2,"height":2,"togglelightbox":0,"hide_title":0,"filters":"","url":"https:\/\/www.objectifimage-95.fr\/wp-content\/uploads\/2025\/02\/Pascale-B-46909_le-fantome-de-lopera.jpg","caption":"Pascale-B-46909_le fantome de l'op\u00e9ra","report":"","src":"https:\/\/www.objectifimage-95.fr\/wp-content\/uploads\/2025\/02\/Pascale-B-46909_le-fantome-de-lopera-1024x768.jpg","data-width":2,"data-height":2},{"id":"3384","alt":"","title":"Pascale-B-46913_place du th\u00e9atre","description":"Pascale-B-46913_place du th\u00e9atre","halign":"center","valign":"middle","link":"","target":0,"width":2,"height":2,"togglelightbox":0,"hide_title":0,"filters":"","url":"https:\/\/www.objectifimage-95.fr\/wp-content\/uploads\/2025\/02\/Pascale-B-46913_place-du-theatre.jpg","caption":"Pascale-B-46913_place du th\u00e9atre","report":"","src":"https:\/\/www.objectifimage-95.fr\/wp-content\/uploads\/2025\/02\/Pascale-B-46913_place-du-theatre-1024x768.jpg","data-width":2,"data-height":2},{"id":"3385","alt":"","title":"Pascale-B-46967-Friterie Lilloise","description":"Pascale-B-46967-Friterie Lilloise","halign":"center","valign":"middle","link":"","target":0,"width":2,"height":2,"togglelightbox":0,"hide_title":0,"filters":"","url":"https:\/\/www.objectifimage-95.fr\/wp-content\/uploads\/2025\/02\/Pascale-B-46967-Friterie-Lilloise.jpg","caption":"Pascale-B-46967-Friterie Lilloise","report":"","src":"https:\/\/www.objectifimage-95.fr\/wp-content\/uploads\/2025\/02\/Pascale-B-46967-Friterie-Lilloise-1024x768.jpg","data-width":2,"data-height":2},{"id":"3386","alt":"","title":"Pascale-B-46984_this is the end","description":"Pascale-B-46984_this is the end","halign":"center","valign":"middle","link":"","target":0,"width":2,"height":2,"togglelightbox":0,"hide_title":0,"filters":"","url":"https:\/\/www.objectifimage-95.fr\/wp-content\/uploads\/2025\/02\/Pascale-B-46984_this-is-the-end.jpg","caption":"Pascale-B-46984_this is the end","report":"","src":"https:\/\/www.objectifimage-95.fr\/wp-content\/uploads\/2025\/02\/Pascale-B-46984_this-is-the-end-769x1024.jpg","data-width":2,"data-height":2},{"id":"3387","alt":"","title":"Philiipe-Hq-","description":"","halign":"center","valign":"middle","link":"","target":0,"width":2,"height":2,"togglelightbox":0,"hide_title":0,"filters":"","url":"https:\/\/www.objectifimage-95.fr\/wp-content\/uploads\/2025\/02\/Philiipe-Hq-1-7.jpg","caption":"","report":"","src":"https:\/\/www.objectifimage-95.fr\/wp-content\/uploads\/2025\/02\/Philiipe-Hq-1-7-1024x683.jpg","data-width":2,"data-height":2},{"id":"3388","alt":"","title":"Philippe-H-1","description":"","halign":"center","valign":"middle","link":"","target":0,"width":2,"height":2,"togglelightbox":0,"hide_title":0,"filters":"","url":"https:\/\/www.objectifimage-95.fr\/wp-content\/uploads\/2025\/02\/Philippe-H-1.jpg","caption":"","report":"","src":"https:\/\/www.objectifimage-95.fr\/wp-content\/uploads\/2025\/02\/Philippe-H-1-1024x683.jpg","data-width":2,"data-height":2},{"id":"3389","alt":"","title":"Philippe-H-2","description":"","halign":"center","valign":"middle","link":"","target":0,"width":2,"height":2,"togglelightbox":0,"hide_title":0,"filters":"","url":"https:\/\/www.objectifimage-95.fr\/wp-content\/uploads\/2025\/02\/Philippe-H-2.jpg","caption":"","report":"","src":"https:\/\/www.objectifimage-95.fr\/wp-content\/uploads\/2025\/02\/Philippe-H-2-1024x683.jpg","data-width":2,"data-height":2},{"id":"3390","alt":"","title":"Philippe-H-3","description":"","halign":"center","valign":"middle","link":"","target":0,"width":2,"height":2,"togglelightbox":0,"hide_title":0,"filters":"","url":"https:\/\/www.objectifimage-95.fr\/wp-content\/uploads\/2025\/02\/Philippe-H-3.jpg","caption":"","report":"","src":"https:\/\/www.objectifimage-95.fr\/wp-content\/uploads\/2025\/02\/Philippe-H-3-1024x683.jpg","data-width":2,"data-height":2},{"id":"3391","alt":"","title":"Philippe-H-4","description":"","halign":"center","valign":"middle","link":"","target":0,"width":2,"height":2,"togglelightbox":0,"hide_title":0,"filters":"","url":"https:\/\/www.objectifimage-95.fr\/wp-content\/uploads\/2025\/02\/Philippe-H-4.jpg","caption":"","report":"","src":"https:\/\/www.objectifimage-95.fr\/wp-content\/uploads\/2025\/02\/Philippe-H-4-1024x683.jpg","data-width":2,"data-height":2},{"id":"3392","alt":"","title":"Philippe-H-5","description":"","halign":"center","valign":"middle","link":"","target":0,"width":2,"height":2,"togglelightbox":0,"hide_title":0,"filters":"","url":"https:\/\/www.objectifimage-95.fr\/wp-content\/uploads\/2025\/02\/Philippe-H-5.jpg","caption":"","report":"","src":"https:\/\/www.objectifimage-95.fr\/wp-content\/uploads\/2025\/02\/Philippe-H-5-1024x683.jpg","data-width":2,"data-height":2}],"yoast_head":"<!-- This site is optimized with the Yoast SEO plugin v27.5 - https:\/\/yoast.com\/product\/yoast-seo-wordpress\/ -->\n<title>G-STY-2024-10-lexposition-multiple - Objectif Image 95<\/title>\n<meta name=\"robots\" content=\"index, follow, max-snippet:-1, max-image-preview:large, max-video-preview:-1\" \/>\n<link rel=\"canonical\" href=\"https:\/\/www.objectifimage-95.fr\/index.php\/modula-gallery\/g-sty-2024-10-lexposition-multiple\/\" \/>\n<meta property=\"og:locale\" content=\"fr_FR\" \/>\n<meta property=\"og:type\" content=\"article\" \/>\n<meta property=\"og:title\" content=\"G-STY-2024-10-lexposition-multiple - Objectif Image 95\" \/>\n<meta property=\"og:url\" content=\"https:\/\/www.objectifimage-95.fr\/index.php\/modula-gallery\/g-sty-2024-10-lexposition-multiple\/\" \/>\n<meta property=\"og:site_name\" content=\"Objectif Image 95\" \/>\n<meta property=\"article:modified_time\" content=\"2025-02-26T10:01:10+00:00\" \/>\n<meta name=\"twitter:card\" content=\"summary_large_image\" \/>\n<script type=\"application\/ld+json\" class=\"yoast-schema-graph\">{\"@context\":\"https:\\\/\\\/schema.org\",\"@graph\":[{\"@type\":\"WebPage\",\"@id\":\"https:\\\/\\\/www.objectifimage-95.fr\\\/index.php\\\/modula-gallery\\\/g-sty-2024-10-lexposition-multiple\\\/\",\"url\":\"https:\\\/\\\/www.objectifimage-95.fr\\\/index.php\\\/modula-gallery\\\/g-sty-2024-10-lexposition-multiple\\\/\",\"name\":\"G-STY-2024-10-lexposition-multiple - Objectif Image 95\",\"isPartOf\":{\"@id\":\"https:\\\/\\\/www.objectifimage-95.fr\\\/#website\"},\"datePublished\":\"2025-02-08T10:08:48+00:00\",\"dateModified\":\"2025-02-26T10:01:10+00:00\",\"breadcrumb\":{\"@id\":\"https:\\\/\\\/www.objectifimage-95.fr\\\/index.php\\\/modula-gallery\\\/g-sty-2024-10-lexposition-multiple\\\/#breadcrumb\"},\"inLanguage\":\"fr-FR\",\"potentialAction\":[{\"@type\":\"ReadAction\",\"target\":[\"https:\\\/\\\/www.objectifimage-95.fr\\\/index.php\\\/modula-gallery\\\/g-sty-2024-10-lexposition-multiple\\\/\"]}]},{\"@type\":\"BreadcrumbList\",\"@id\":\"https:\\\/\\\/www.objectifimage-95.fr\\\/index.php\\\/modula-gallery\\\/g-sty-2024-10-lexposition-multiple\\\/#breadcrumb\",\"itemListElement\":[{\"@type\":\"ListItem\",\"position\":1,\"name\":\"Accueil\",\"item\":\"https:\\\/\\\/www.objectifimage-95.fr\\\/\"},{\"@type\":\"ListItem\",\"position\":2,\"name\":\"G-STY-2024-10-lexposition-multiple\"}]},{\"@type\":\"WebSite\",\"@id\":\"https:\\\/\\\/www.objectifimage-95.fr\\\/#website\",\"url\":\"https:\\\/\\\/www.objectifimage-95.fr\\\/\",\"name\":\"Objectif Image-95\",\"description\":\"Photo club de Soisy-sous-Montmorency\",\"publisher\":{\"@id\":\"https:\\\/\\\/www.objectifimage-95.fr\\\/#organization\"},\"potentialAction\":[{\"@type\":\"SearchAction\",\"target\":{\"@type\":\"EntryPoint\",\"urlTemplate\":\"https:\\\/\\\/www.objectifimage-95.fr\\\/?s={search_term_string}\"},\"query-input\":{\"@type\":\"PropertyValueSpecification\",\"valueRequired\":true,\"valueName\":\"search_term_string\"}}],\"inLanguage\":\"fr-FR\"},{\"@type\":\"Organization\",\"@id\":\"https:\\\/\\\/www.objectifimage-95.fr\\\/#organization\",\"name\":\"Objectif Image-95\",\"url\":\"https:\\\/\\\/www.objectifimage-95.fr\\\/\",\"logo\":{\"@type\":\"ImageObject\",\"inLanguage\":\"fr-FR\",\"@id\":\"https:\\\/\\\/www.objectifimage-95.fr\\\/#\\\/schema\\\/logo\\\/image\\\/\",\"url\":\"https:\\\/\\\/www.objectifimage-95.fr\\\/wp-content\\\/uploads\\\/2025\\\/01\\\/Logo-520px.png\",\"contentUrl\":\"https:\\\/\\\/www.objectifimage-95.fr\\\/wp-content\\\/uploads\\\/2025\\\/01\\\/Logo-520px.png\",\"width\":520,\"height\":343,\"caption\":\"Objectif Image-95\"},\"image\":{\"@id\":\"https:\\\/\\\/www.objectifimage-95.fr\\\/#\\\/schema\\\/logo\\\/image\\\/\"}}]}<\/script>\n<!-- \/ Yoast SEO plugin. -->","yoast_head_json":{"title":"G-STY-2024-10-lexposition-multiple - Objectif Image 95","robots":{"index":"index","follow":"follow","max-snippet":"max-snippet:-1","max-image-preview":"max-image-preview:large","max-video-preview":"max-video-preview:-1"},"canonical":"https:\/\/www.objectifimage-95.fr\/index.php\/modula-gallery\/g-sty-2024-10-lexposition-multiple\/","og_locale":"fr_FR","og_type":"article","og_title":"G-STY-2024-10-lexposition-multiple - Objectif Image 95","og_url":"https:\/\/www.objectifimage-95.fr\/index.php\/modula-gallery\/g-sty-2024-10-lexposition-multiple\/","og_site_name":"Objectif Image 95","article_modified_time":"2025-02-26T10:01:10+00:00","twitter_card":"summary_large_image","schema":{"@context":"https:\/\/schema.org","@graph":[{"@type":"WebPage","@id":"https:\/\/www.objectifimage-95.fr\/index.php\/modula-gallery\/g-sty-2024-10-lexposition-multiple\/","url":"https:\/\/www.objectifimage-95.fr\/index.php\/modula-gallery\/g-sty-2024-10-lexposition-multiple\/","name":"G-STY-2024-10-lexposition-multiple - Objectif Image 95","isPartOf":{"@id":"https:\/\/www.objectifimage-95.fr\/#website"},"datePublished":"2025-02-08T10:08:48+00:00","dateModified":"2025-02-26T10:01:10+00:00","breadcrumb":{"@id":"https:\/\/www.objectifimage-95.fr\/index.php\/modula-gallery\/g-sty-2024-10-lexposition-multiple\/#breadcrumb"},"inLanguage":"fr-FR","potentialAction":[{"@type":"ReadAction","target":["https:\/\/www.objectifimage-95.fr\/index.php\/modula-gallery\/g-sty-2024-10-lexposition-multiple\/"]}]},{"@type":"BreadcrumbList","@id":"https:\/\/www.objectifimage-95.fr\/index.php\/modula-gallery\/g-sty-2024-10-lexposition-multiple\/#breadcrumb","itemListElement":[{"@type":"ListItem","position":1,"name":"Accueil","item":"https:\/\/www.objectifimage-95.fr\/"},{"@type":"ListItem","position":2,"name":"G-STY-2024-10-lexposition-multiple"}]},{"@type":"WebSite","@id":"https:\/\/www.objectifimage-95.fr\/#website","url":"https:\/\/www.objectifimage-95.fr\/","name":"Objectif Image-95","description":"Photo club de Soisy-sous-Montmorency","publisher":{"@id":"https:\/\/www.objectifimage-95.fr\/#organization"},"potentialAction":[{"@type":"SearchAction","target":{"@type":"EntryPoint","urlTemplate":"https:\/\/www.objectifimage-95.fr\/?s={search_term_string}"},"query-input":{"@type":"PropertyValueSpecification","valueRequired":true,"valueName":"search_term_string"}}],"inLanguage":"fr-FR"},{"@type":"Organization","@id":"https:\/\/www.objectifimage-95.fr\/#organization","name":"Objectif Image-95","url":"https:\/\/www.objectifimage-95.fr\/","logo":{"@type":"ImageObject","inLanguage":"fr-FR","@id":"https:\/\/www.objectifimage-95.fr\/#\/schema\/logo\/image\/","url":"https:\/\/www.objectifimage-95.fr\/wp-content\/uploads\/2025\/01\/Logo-520px.png","contentUrl":"https:\/\/www.objectifimage-95.fr\/wp-content\/uploads\/2025\/01\/Logo-520px.png","width":520,"height":343,"caption":"Objectif Image-95"},"image":{"@id":"https:\/\/www.objectifimage-95.fr\/#\/schema\/logo\/image\/"}}]}},"jetpack_sharing_enabled":true,"_links":{"self":[{"href":"https:\/\/www.objectifimage-95.fr\/index.php\/wp-json\/wp\/v2\/modula-gallery\/3340","targetHints":{"allow":["GET"]}}],"collection":[{"href":"https:\/\/www.objectifimage-95.fr\/index.php\/wp-json\/wp\/v2\/modula-gallery"}],"about":[{"href":"https:\/\/www.objectifimage-95.fr\/index.php\/wp-json\/wp\/v2\/types\/modula-gallery"}],"wp:attachment":[{"href":"https:\/\/www.objectifimage-95.fr\/index.php\/wp-json\/wp\/v2\/media?parent=3340"}],"curies":[{"name":"wp","href":"https:\/\/api.w.org\/{rel}","templated":true}]}}