{"id":3222,"date":"2025-02-08T11:01:29","date_gmt":"2025-02-08T10:01:29","guid":{"rendered":"https:\/\/www.objectifimage-95.fr\/?post_type=modula-gallery&#038;p=3222"},"modified":"2025-02-26T11:02:03","modified_gmt":"2025-02-26T10:02:03","slug":"g-sty-2024-06-traitement-photo","status":"publish","type":"modula-gallery","link":"https:\/\/www.objectifimage-95.fr\/index.php\/modula-gallery\/g-sty-2024-06-traitement-photo\/","title":{"rendered":"G-STY-2024-06-traitement-photo"},"template":"","class_list":["post-3222","modula-gallery","type-modula-gallery","status-publish","hentry","entry"],"modulaSettings":{"type":"grid","grid_type":"5","grid_row_height":250,"grid_justify_last_row":"justify","grid_image_size":"medium","grid_image_dimensions":{"width":0,"height":0},"img_size":200,"img_crop":true,"grid_image_crop":"0","gutter":10,"tablet_gutter":10,"mobile_gutter":10,"width":"100%","height":[800,800,800],"randomFactor":50,"shuffle":"0","maxImagesCount":"0","maxImagesCount_mobile":"0","lightbox":"fancybox","show_navigation":true,"open_Lightbox_on":"both","doubleClick":"0","loop_lightbox":"0","showTitleLightbox":true,"showCaptionLightbox":true,"captionPosition":"center","lightbox_keyboard":true,"lightbox_wheel":"0","lightbox_toolbar":true,"lightbox_close":true,"lightbox_thumbs":true,"lightbox_download":"0","lightbox_zoom":true,"lightbox_share":"0","lightbox_facebook":"0","lightbox_twitter":"0","lightbox_pinterest":"0","lightbox_whatsapp":"0","lightbox_linkedin":"0","lightbox_email":"0","lightboxEmailSubject":"Check out this awesome image !!","lightboxEmailMessage":"Here is the link to the image : %%image_link%% and this is the link to the gallery : %%gallery_link%%","lightbox_clickSlide":"0","lightbox_infobar":true,"lightbox_animationEffect":"false","lightbox_transitionEffect":"fade","showAllOnLightbox":"0","lightbox_touch":"0","lightbox_thumbsAutoStart":"0","mobile_caption_copy":true,"lightbox_background_color":"rgba(30,30,30,.9)","lightbox_thumbsPosition":"bottom","hide_title":true,"titleColor":"#ffffff","titleFontSize":16,"mobileTitleFontSize":12,"hide_description":"0","captionColor":"#ffffff","captionFontSize":14,"mobileCaptionFontSize":10,"show_gallery_title":"0","gallery_title_type":"p","titleFontFamily":"Default","titleFontWeight":"400","captionsFontFamily":"Default","captionFontWeight":"normal","enableSocial":"0","enableTwitter":"0","enableFacebook":"0","enableWhatsapp":"0","enableLinkedin":"0","enablePinterest":"0","enableEmail":"0","emailSubject":"Check out this awesome image !!","emailMessage":"Here is the link to the image : %%image_link%% and this is the link to the gallery : %%gallery_link%%","socialIconColor":"#ffffff","socialIconSize":16,"socialIconPadding":10,"loadedScale":100,"inView":"0","loadedRotate":0,"loadedHSlide":0,"loadedVSlide":0,"effect":"pufrobo","cursor":"zoom-in","uploadCursor":"0","hoverColor":"#ffffff","hoverOpacity":50,"borderSize":0,"borderRadius":0,"borderColor":"#ffffff","shadowSize":0,"shadowColor":"#ffffff","lazy_load":true,"helper-message":"","enable_responsive":"0","tablet_columns":2,"mobile_columns":1,"style":"","last_visited_tab":"modula-general","filters":[""],"dropdownFilters":"0","filterClick":"0","hideAllFilter":"0","allFilterLabel":"All","filterStyle":"default","filterLinkColor":"","filterLinkHoverColor":"","defaultActiveFilter":"All","filterPositioning":"top","filterTextAlignment":"none","enableCollapsibleFilters":"0","collapsibleActionText":"Filter by","enableMobileDropdownFilters":"0","upload_position":"end"},"modulaImages":[{"id":"3223","alt":"","title":"Fabrice-V-","description":"","halign":"center","valign":"middle","link":"","target":0,"width":2,"height":2,"togglelightbox":0,"hide_title":0,"filters":"","url":"https:\/\/www.objectifimage-95.fr\/wp-content\/uploads\/2025\/02\/Fabrice-V-1-4.jpg","caption":"","report":"","src":"https:\/\/www.objectifimage-95.fr\/wp-content\/uploads\/2025\/02\/Fabrice-V-1-4-1024x683.jpg","data-width":2,"data-height":2},{"id":"3224","alt":"","title":"Fabrice-V-A1 L&rsquo;Originale","description":"","halign":"center","valign":"middle","link":"","target":0,"width":2,"height":2,"togglelightbox":0,"hide_title":0,"filters":"","url":"https:\/\/www.objectifimage-95.fr\/wp-content\/uploads\/2025\/02\/Fabrice-V-A1-LOriginale.jpg","caption":"","report":"","src":"https:\/\/www.objectifimage-95.fr\/wp-content\/uploads\/2025\/02\/Fabrice-V-A1-LOriginale-1024x683.jpg","data-width":2,"data-height":2},{"id":"3225","alt":"","title":"Fabrice-V-1","description":"Fabrice-V:Quelques Retouches!","halign":"center","valign":"middle","link":"","target":0,"width":2,"height":2,"togglelightbox":0,"hide_title":0,"filters":"","url":"https:\/\/www.objectifimage-95.fr\/wp-content\/uploads\/2025\/02\/Fabrice-V-A2-Modifiee.jpg","caption":"Fabrice-V:Quelques Retouches!","report":"","src":"https:\/\/www.objectifimage-95.fr\/wp-content\/uploads\/2025\/02\/Fabrice-V-A2-Modifiee-1024x683.jpg","data-width":2,"data-height":2},{"id":"3226","alt":"","title":"Fabrice-V-A3 Libre.","description":"","halign":"center","valign":"middle","link":"","target":0,"width":2,"height":2,"togglelightbox":0,"hide_title":0,"filters":"","url":"https:\/\/www.objectifimage-95.fr\/wp-content\/uploads\/2025\/02\/Fabrice-V-A3-Libre.jpg","caption":"","report":"","src":"https:\/\/www.objectifimage-95.fr\/wp-content\/uploads\/2025\/02\/Fabrice-V-A3-Libre-1024x683.jpg","data-width":2,"data-height":2},{"id":"3227","alt":"","title":"Fabrice-V-A4 Triptyque.","description":"","halign":"center","valign":"middle","link":"","target":0,"width":2,"height":2,"togglelightbox":0,"hide_title":0,"filters":"","url":"https:\/\/www.objectifimage-95.fr\/wp-content\/uploads\/2025\/02\/Fabrice-V-A4-Triptyque.jpg","caption":"","report":"","src":"https:\/\/www.objectifimage-95.fr\/wp-content\/uploads\/2025\/02\/Fabrice-V-A4-Triptyque-1024x683.jpg","data-width":2,"data-height":2},{"id":"3228","alt":"","title":"Fabrice-V-B1-LOriginale","description":"","halign":"center","valign":"middle","link":"","target":0,"width":2,"height":2,"togglelightbox":0,"hide_title":0,"filters":"","url":"https:\/\/www.objectifimage-95.fr\/wp-content\/uploads\/2025\/02\/Fabrice-V-B1-LOriginale.jpg","caption":"","report":"","src":"https:\/\/www.objectifimage-95.fr\/wp-content\/uploads\/2025\/02\/Fabrice-V-B1-LOriginale-1024x683.jpg","data-width":2,"data-height":2},{"id":"3229","alt":"","title":"Fabrice-V-B2 Am\u00e9lior\u00e9e","description":"","halign":"center","valign":"middle","link":"","target":0,"width":2,"height":2,"togglelightbox":0,"hide_title":0,"filters":"","url":"https:\/\/www.objectifimage-95.fr\/wp-content\/uploads\/2025\/02\/Fabrice-V-B2-Amelioree.jpg","caption":"","report":"","src":"https:\/\/www.objectifimage-95.fr\/wp-content\/uploads\/2025\/02\/Fabrice-V-B2-Amelioree-1024x683.jpg","data-width":2,"data-height":2},{"id":"3230","alt":"","title":"Fabrice-V-B3 Libre","description":"","halign":"center","valign":"middle","link":"","target":0,"width":2,"height":2,"togglelightbox":0,"hide_title":0,"filters":"","url":"https:\/\/www.objectifimage-95.fr\/wp-content\/uploads\/2025\/02\/Fabrice-V-B3-Libre.jpg","caption":"","report":"","src":"https:\/\/www.objectifimage-95.fr\/wp-content\/uploads\/2025\/02\/Fabrice-V-B3-Libre-1024x683.jpg","data-width":2,"data-height":2},{"id":"3231","alt":"","title":"Fabrice-V-B4 Triptyque.","description":"","halign":"center","valign":"middle","link":"","target":0,"width":2,"height":2,"togglelightbox":0,"hide_title":0,"filters":"","url":"https:\/\/www.objectifimage-95.fr\/wp-content\/uploads\/2025\/02\/Fabrice-V-Triptyque.jpg","caption":"","report":"","src":"https:\/\/www.objectifimage-95.fr\/wp-content\/uploads\/2025\/02\/Fabrice-V-Triptyque-1024x683.jpg","data-width":2,"data-height":2},{"id":"3232","alt":"","title":"Gilles-D-","description":"","halign":"center","valign":"middle","link":"","target":0,"width":2,"height":2,"togglelightbox":0,"hide_title":0,"filters":"","url":"https:\/\/www.objectifimage-95.fr\/wp-content\/uploads\/2025\/02\/Gilles-D-1-5.jpg","caption":"","report":"","src":"https:\/\/www.objectifimage-95.fr\/wp-content\/uploads\/2025\/02\/Gilles-D-1-5-1024x683.jpg","data-width":2,"data-height":2},{"id":"3233","alt":"","title":"Gilles-D-1-Jean-Louis am\u00e9lior\u00e9","description":"Gilles-D-1-Jean-Louis am\u00e9lior\u00e9","halign":"center","valign":"middle","link":"","target":0,"width":2,"height":2,"togglelightbox":0,"hide_title":0,"filters":"","url":"https:\/\/www.objectifimage-95.fr\/wp-content\/uploads\/2025\/02\/Gilles-D-1-Jean-Louis-ameliore.jpg","caption":"Gilles-D-1-Jean-Louis am\u00e9lior\u00e9","report":"","src":"https:\/\/www.objectifimage-95.fr\/wp-content\/uploads\/2025\/02\/Gilles-D-1-Jean-Louis-ameliore-1024x719.jpg","data-width":2,"data-height":2},{"id":"3234","alt":"","title":"Gilles-D-2-JLB composition","description":"Gilles-D-2-JLB composition","halign":"center","valign":"middle","link":"","target":0,"width":2,"height":2,"togglelightbox":0,"hide_title":0,"filters":"","url":"https:\/\/www.objectifimage-95.fr\/wp-content\/uploads\/2025\/02\/Gilles-D-2-JLB-composition.jpg","caption":"Gilles-D-2-JLB composition","report":"","src":"https:\/\/www.objectifimage-95.fr\/wp-content\/uploads\/2025\/02\/Gilles-D-2-JLB-composition-1024x683.jpg","data-width":2,"data-height":2},{"id":"3235","alt":"","title":"Gilles-D-3-Jos\u00e9 am\u00e9lior\u00e9","description":"Gilles-D-3-Jos\u00e9 am\u00e9lior\u00e9","halign":"center","valign":"middle","link":"","target":0,"width":2,"height":2,"togglelightbox":0,"hide_title":0,"filters":"","url":"https:\/\/www.objectifimage-95.fr\/wp-content\/uploads\/2025\/02\/Gilles-D-3-Jose-ameliore-.jpg","caption":"Gilles-D-3-Jos\u00e9 am\u00e9lior\u00e9","report":"","src":"https:\/\/www.objectifimage-95.fr\/wp-content\/uploads\/2025\/02\/Gilles-D-3-Jose-ameliore--1024x576.jpg","data-width":2,"data-height":2},{"id":"3236","alt":"","title":"Gilles-D-4-Jos\u00e9 composition","description":"Gilles-D-4-Jos\u00e9 composition","halign":"center","valign":"middle","link":"","target":0,"width":2,"height":2,"togglelightbox":0,"hide_title":0,"filters":"","url":"https:\/\/www.objectifimage-95.fr\/wp-content\/uploads\/2025\/02\/Gilles-D-4-Jose-composition.jpg","caption":"Gilles-D-4-Jos\u00e9 composition","report":"","src":"https:\/\/www.objectifimage-95.fr\/wp-content\/uploads\/2025\/02\/Gilles-D-4-Jose-composition-1024x719.jpg","data-width":2,"data-height":2},{"id":"3237","alt":"","title":"Gilles-D-5-Trityque d&rsquo;apr\u00e8s photo JLB","description":"Gilles-D-5-Trityque d'apr\u00e8s photo JLB","halign":"center","valign":"middle","link":"","target":0,"width":2,"height":2,"togglelightbox":0,"hide_title":0,"filters":"","url":"https:\/\/www.objectifimage-95.fr\/wp-content\/uploads\/2025\/02\/Gilles-D-5-Trityque-dapres-photo-JLB-.jpg","caption":"Gilles-D-5-Trityque d'apr\u00e8s photo JLB","report":"","src":"https:\/\/www.objectifimage-95.fr\/wp-content\/uploads\/2025\/02\/Gilles-D-5-Trityque-dapres-photo-JLB--1024x710.jpg","data-width":2,"data-height":2},{"id":"3238","alt":"","title":"Gilles-D-6 Tryptique d&rsquo;apr\u00e8s photo Jos\u00e9","description":"","halign":"center","valign":"middle","link":"","target":0,"width":2,"height":2,"togglelightbox":0,"hide_title":0,"filters":"","url":"https:\/\/www.objectifimage-95.fr\/wp-content\/uploads\/2025\/02\/Gilles-D-6-Tryptique-dapres-photo-Jose.jpg","caption":"","report":"","src":"https:\/\/www.objectifimage-95.fr\/wp-content\/uploads\/2025\/02\/Gilles-D-6-Tryptique-dapres-photo-Jose-1024x712.jpg","data-width":2,"data-height":2},{"id":"3239","alt":"","title":"Herve-D-","description":"","halign":"center","valign":"middle","link":"","target":0,"width":2,"height":2,"togglelightbox":0,"hide_title":0,"filters":"","url":"https:\/\/www.objectifimage-95.fr\/wp-content\/uploads\/2025\/02\/Herve-D-1-5.jpg","caption":"","report":"","src":"https:\/\/www.objectifimage-95.fr\/wp-content\/uploads\/2025\/02\/Herve-D-1-5-1024x683.jpg","data-width":2,"data-height":2},{"id":"3240","alt":"","title":"Herve-D-A1","description":"","halign":"center","valign":"middle","link":"","target":0,"width":2,"height":2,"togglelightbox":0,"hide_title":0,"filters":"","url":"https:\/\/www.objectifimage-95.fr\/wp-content\/uploads\/2025\/02\/Herve-D-A1.jpg","caption":"","report":"","src":"https:\/\/www.objectifimage-95.fr\/wp-content\/uploads\/2025\/02\/Herve-D-A1-1024x683.jpg","data-width":2,"data-height":2},{"id":"3241","alt":"","title":"Herve-D-A2","description":"","halign":"center","valign":"middle","link":"","target":0,"width":2,"height":2,"togglelightbox":0,"hide_title":0,"filters":"","url":"https:\/\/www.objectifimage-95.fr\/wp-content\/uploads\/2025\/02\/Herve-D-A2.jpg","caption":"","report":"","src":"https:\/\/www.objectifimage-95.fr\/wp-content\/uploads\/2025\/02\/Herve-D-A2-1024x683.jpg","data-width":2,"data-height":2},{"id":"3242","alt":"","title":"Herve-D-A3","description":"","halign":"center","valign":"middle","link":"","target":0,"width":2,"height":2,"togglelightbox":0,"hide_title":0,"filters":"","url":"https:\/\/www.objectifimage-95.fr\/wp-content\/uploads\/2025\/02\/Herve-D-A3.jpg","caption":"","report":"","src":"https:\/\/www.objectifimage-95.fr\/wp-content\/uploads\/2025\/02\/Herve-D-A3-1024x683.jpg","data-width":2,"data-height":2},{"id":"3243","alt":"","title":"Herve-D-A4","description":"","halign":"center","valign":"middle","link":"","target":0,"width":2,"height":2,"togglelightbox":0,"hide_title":0,"filters":"","url":"https:\/\/www.objectifimage-95.fr\/wp-content\/uploads\/2025\/02\/Herve-D-A4.jpg","caption":"","report":"","src":"https:\/\/www.objectifimage-95.fr\/wp-content\/uploads\/2025\/02\/Herve-D-A4-1024x683.jpg","data-width":2,"data-height":2},{"id":"3244","alt":"","title":"Herve-D-B1","description":"","halign":"center","valign":"middle","link":"","target":0,"width":2,"height":2,"togglelightbox":0,"hide_title":0,"filters":"","url":"https:\/\/www.objectifimage-95.fr\/wp-content\/uploads\/2025\/02\/Herve-D-B1.jpg","caption":"","report":"","src":"https:\/\/www.objectifimage-95.fr\/wp-content\/uploads\/2025\/02\/Herve-D-B1-1024x683.jpg","data-width":2,"data-height":2},{"id":"3245","alt":"","title":"Herve-D-B2","description":"","halign":"center","valign":"middle","link":"","target":0,"width":2,"height":2,"togglelightbox":0,"hide_title":0,"filters":"","url":"https:\/\/www.objectifimage-95.fr\/wp-content\/uploads\/2025\/02\/Herve-D-B2.jpg","caption":"","report":"","src":"https:\/\/www.objectifimage-95.fr\/wp-content\/uploads\/2025\/02\/Herve-D-B2-1024x683.jpg","data-width":2,"data-height":2},{"id":"3246","alt":"","title":"Herve-D-B3","description":"","halign":"center","valign":"middle","link":"","target":0,"width":2,"height":2,"togglelightbox":0,"hide_title":0,"filters":"","url":"https:\/\/www.objectifimage-95.fr\/wp-content\/uploads\/2025\/02\/Herve-D-B3.jpg","caption":"","report":"","src":"https:\/\/www.objectifimage-95.fr\/wp-content\/uploads\/2025\/02\/Herve-D-B3-1024x683.jpg","data-width":2,"data-height":2},{"id":"3247","alt":"","title":"Herve-D-B4","description":"","halign":"center","valign":"middle","link":"","target":0,"width":2,"height":2,"togglelightbox":0,"hide_title":0,"filters":"","url":"https:\/\/www.objectifimage-95.fr\/wp-content\/uploads\/2025\/02\/Herve-D-B4.jpg","caption":"","report":"","src":"https:\/\/www.objectifimage-95.fr\/wp-content\/uploads\/2025\/02\/Herve-D-B4-1024x683.jpg","data-width":2,"data-height":2},{"id":"3248","alt":"","title":"Hilde-H-","description":"","halign":"center","valign":"middle","link":"","target":0,"width":2,"height":2,"togglelightbox":0,"hide_title":0,"filters":"","url":"https:\/\/www.objectifimage-95.fr\/wp-content\/uploads\/2025\/02\/Hilde-H-1-5.jpg","caption":"","report":"","src":"https:\/\/www.objectifimage-95.fr\/wp-content\/uploads\/2025\/02\/Hilde-H-1-5-1024x683.jpg","data-width":2,"data-height":2},{"id":"3249","alt":"","title":"Hilde-H-A1original","description":"","halign":"center","valign":"middle","link":"","target":0,"width":2,"height":2,"togglelightbox":0,"hide_title":0,"filters":"","url":"https:\/\/www.objectifimage-95.fr\/wp-content\/uploads\/2025\/02\/Hilde-H-A1original.jpg","caption":"","report":"","src":"https:\/\/www.objectifimage-95.fr\/wp-content\/uploads\/2025\/02\/Hilde-H-A1original-1024x683.jpg","data-width":2,"data-height":2},{"id":"3250","alt":"","title":"Hilde-H-photo am\u00e9lior\u00e9e","description":"Hilde-H-photo am\u00e9lior\u00e9e","halign":"center","valign":"middle","link":"","target":0,"width":2,"height":2,"togglelightbox":0,"hide_title":0,"filters":"","url":"https:\/\/www.objectifimage-95.fr\/wp-content\/uploads\/2025\/02\/Hilde-H-A2-amelioree.jpg","caption":"Hilde-H-photo am\u00e9lior\u00e9e","report":"","src":"https:\/\/www.objectifimage-95.fr\/wp-content\/uploads\/2025\/02\/Hilde-H-A2-amelioree-1024x683.jpg","data-width":2,"data-height":2},{"id":"3251","alt":"","title":"Hilde-H-photo libre A3","description":"Hilde-H-photo libre A3","halign":"center","valign":"middle","link":"","target":0,"width":2,"height":2,"togglelightbox":0,"hide_title":0,"filters":"","url":"https:\/\/www.objectifimage-95.fr\/wp-content\/uploads\/2025\/02\/Hilde-H-A3-photo-libre.jpg","caption":"Hilde-H-photo libre A3","report":"","src":"https:\/\/www.objectifimage-95.fr\/wp-content\/uploads\/2025\/02\/Hilde-H-A3-photo-libre-1024x683.jpg","data-width":2,"data-height":2},{"id":"3252","alt":"","title":"Hilde-H A4","description":"Hilde-H A4","halign":"center","valign":"middle","link":"","target":0,"width":2,"height":2,"togglelightbox":0,"hide_title":0,"filters":"","url":"https:\/\/www.objectifimage-95.fr\/wp-content\/uploads\/2025\/02\/Hilde-H-A4.jpg","caption":"Hilde-H A4","report":"","src":"https:\/\/www.objectifimage-95.fr\/wp-content\/uploads\/2025\/02\/Hilde-H-A4-1024x683.jpg","data-width":2,"data-height":2},{"id":"3253","alt":"","title":"Hilde-H-B1-original","description":"","halign":"center","valign":"middle","link":"","target":0,"width":2,"height":2,"togglelightbox":0,"hide_title":0,"filters":"","url":"https:\/\/www.objectifimage-95.fr\/wp-content\/uploads\/2025\/02\/Hilde-H-B1-original.jpg","caption":"","report":"","src":"https:\/\/www.objectifimage-95.fr\/wp-content\/uploads\/2025\/02\/Hilde-H-B1-original-1024x683.jpg","data-width":2,"data-height":2},{"id":"3254","alt":"","title":"Hilde-H-photo am\u00e9lior\u00e9e","description":"Hilde-H-photo am\u00e9lior\u00e9e","halign":"center","valign":"middle","link":"","target":0,"width":2,"height":2,"togglelightbox":0,"hide_title":0,"filters":"","url":"https:\/\/www.objectifimage-95.fr\/wp-content\/uploads\/2025\/02\/Hilde-H-B2-amelioree.jpg","caption":"Hilde-H-photo am\u00e9lior\u00e9e","report":"","src":"https:\/\/www.objectifimage-95.fr\/wp-content\/uploads\/2025\/02\/Hilde-H-B2-amelioree-1024x683.jpg","data-width":2,"data-height":2},{"id":"3255","alt":"","title":"Hilde-H-B3 photo libre","description":"Hilde-H-B3 photo libre","halign":"center","valign":"middle","link":"","target":0,"width":2,"height":2,"togglelightbox":0,"hide_title":0,"filters":"","url":"https:\/\/www.objectifimage-95.fr\/wp-content\/uploads\/2025\/02\/Hilde-H-B3-photo-libre.jpg","caption":"Hilde-H-B3 photo libre","report":"","src":"https:\/\/www.objectifimage-95.fr\/wp-content\/uploads\/2025\/02\/Hilde-H-B3-photo-libre-1024x683.jpg","data-width":2,"data-height":2},{"id":"3256","alt":"","title":"Hilde-H B4","description":"Hilde-H B4","halign":"center","valign":"middle","link":"","target":0,"width":2,"height":2,"togglelightbox":0,"hide_title":0,"filters":"","url":"https:\/\/www.objectifimage-95.fr\/wp-content\/uploads\/2025\/02\/Hilde-H-B4.jpg","caption":"Hilde-H B4","report":"","src":"https:\/\/www.objectifimage-95.fr\/wp-content\/uploads\/2025\/02\/Hilde-H-B4-1024x683.jpg","data-width":2,"data-height":2},{"id":"3257","alt":"","title":"Jean-Louis-B-","description":"","halign":"center","valign":"middle","link":"","target":0,"width":2,"height":2,"togglelightbox":0,"hide_title":0,"filters":"","url":"https:\/\/www.objectifimage-95.fr\/wp-content\/uploads\/2025\/02\/Jean-Louis-B-1-2.jpg","caption":"","report":"","src":"https:\/\/www.objectifimage-95.fr\/wp-content\/uploads\/2025\/02\/Jean-Louis-B-1-2-1024x683.jpg","data-width":2,"data-height":2},{"id":"3258","alt":"","title":"Jzean-Louis B : Lierganes &#8211; Cantabria &#8211; Espagne","description":"Jzean-Louis B : Lierganes - Cantabria - Espagne","halign":"center","valign":"middle","link":"","target":0,"width":2,"height":2,"togglelightbox":0,"hide_title":0,"filters":"","url":"https:\/\/www.objectifimage-95.fr\/wp-content\/uploads\/2025\/02\/Jean-Louis-B-1-01.jpg","caption":"Jzean-Louis B : Lierganes - Cantabria - Espagne","report":"","src":"https:\/\/www.objectifimage-95.fr\/wp-content\/uploads\/2025\/02\/Jean-Louis-B-1-01-1024x683.jpg","data-width":2,"data-height":2},{"id":"3259","alt":"","title":"Jzean-Louis B : Lierganes &#8211; Cantabria &#8211; Espagne","description":"Jzean-Louis B : Lierganes - Cantabria - Espagne - D\u00e9veloppement","halign":"center","valign":"middle","link":"","target":0,"width":2,"height":2,"togglelightbox":0,"hide_title":0,"filters":"","url":"https:\/\/www.objectifimage-95.fr\/wp-content\/uploads\/2025\/02\/Jean-Louis-B-1-02.jpg","caption":"Jzean-Louis B : Lierganes - Cantabria - Espagne - D\u00e9veloppement","report":"","src":"https:\/\/www.objectifimage-95.fr\/wp-content\/uploads\/2025\/02\/Jean-Louis-B-1-02-1024x683.jpg","data-width":2,"data-height":2},{"id":"3260","alt":"","title":"Jzean-Louis B : Lierganes &#8211; Cantabria &#8211; Espagne","description":"Jzean-Louis B : Lierganes - Cantabria - Espagne - Interpr\u00e9tation","halign":"center","valign":"middle","link":"","target":0,"width":2,"height":2,"togglelightbox":0,"hide_title":0,"filters":"","url":"https:\/\/www.objectifimage-95.fr\/wp-content\/uploads\/2025\/02\/Jean-Louis-B-1-03.jpg","caption":"Jzean-Louis B : Lierganes - Cantabria - Espagne - Interpr\u00e9tation","report":"","src":"https:\/\/www.objectifimage-95.fr\/wp-content\/uploads\/2025\/02\/Jean-Louis-B-1-03-1024x683.jpg","data-width":2,"data-height":2},{"id":"3261","alt":"","title":"Jzean-Louis B : Lierganes &#8211; Cantabria &#8211; Espagne","description":"Jzean-Louis B : Lierganes - Cantabria - Espagne - Triptyque","halign":"center","valign":"middle","link":"","target":0,"width":2,"height":2,"togglelightbox":0,"hide_title":0,"filters":"","url":"https:\/\/www.objectifimage-95.fr\/wp-content\/uploads\/2025\/02\/Jean-Louis-B-1-04.jpg","caption":"Jzean-Louis B : Lierganes - Cantabria - Espagne - Triptyque","report":"","src":"https:\/\/www.objectifimage-95.fr\/wp-content\/uploads\/2025\/02\/Jean-Louis-B-1-04-1024x576.jpg","data-width":2,"data-height":2},{"id":"3262","alt":"","title":"Jos\u00e9 C","description":"Jos\u00e9 C","halign":"center","valign":"middle","link":"","target":0,"width":2,"height":2,"togglelightbox":0,"hide_title":0,"filters":"","url":"https:\/\/www.objectifimage-95.fr\/wp-content\/uploads\/2025\/02\/Jean-Louis-B-2-01.jpg","caption":"Jos\u00e9 C","report":"","src":"https:\/\/www.objectifimage-95.fr\/wp-content\/uploads\/2025\/02\/Jean-Louis-B-2-01-1024x683.jpg","data-width":2,"data-height":2},{"id":"3263","alt":"","title":"Jean-Louis B : d\u00e9veloppement","description":"Jean-Louis B : d\u00e9veloppement","halign":"center","valign":"middle","link":"","target":0,"width":2,"height":2,"togglelightbox":0,"hide_title":0,"filters":"","url":"https:\/\/www.objectifimage-95.fr\/wp-content\/uploads\/2025\/02\/Jean-Louis-B-2-02.jpg","caption":"Jean-Louis B : d\u00e9veloppement","report":"","src":"https:\/\/www.objectifimage-95.fr\/wp-content\/uploads\/2025\/02\/Jean-Louis-B-2-02-1024x576.jpg","data-width":2,"data-height":2},{"id":"3264","alt":"","title":"Jean-Louis B : intrerpr\u00e9tation","description":"Jean-Louis B : intrerpr\u00e9tation","halign":"center","valign":"middle","link":"","target":0,"width":2,"height":2,"togglelightbox":0,"hide_title":0,"filters":"","url":"https:\/\/www.objectifimage-95.fr\/wp-content\/uploads\/2025\/02\/Jean-Louis-B-2-03.jpg","caption":"Jean-Louis B : intrerpr\u00e9tation","report":"","src":"https:\/\/www.objectifimage-95.fr\/wp-content\/uploads\/2025\/02\/Jean-Louis-B-2-03-1024x576.jpg","data-width":2,"data-height":2},{"id":"3265","alt":"","title":"Jean-Louis B : triptyque","description":"","halign":"center","valign":"middle","link":"","target":0,"width":2,"height":2,"togglelightbox":0,"hide_title":0,"filters":"","url":"https:\/\/www.objectifimage-95.fr\/wp-content\/uploads\/2025\/02\/Jean-Louis-B-2-04.jpg","caption":"","report":"","src":"https:\/\/www.objectifimage-95.fr\/wp-content\/uploads\/2025\/02\/Jean-Louis-B-2-04-1024x576.jpg","data-width":2,"data-height":2},{"id":"3266","alt":"","title":"Jose-C-","description":"","halign":"center","valign":"middle","link":"","target":0,"width":2,"height":2,"togglelightbox":0,"hide_title":0,"filters":"","url":"https:\/\/www.objectifimage-95.fr\/wp-content\/uploads\/2025\/02\/Jose-C-1-5.jpg","caption":"","report":"","src":"https:\/\/www.objectifimage-95.fr\/wp-content\/uploads\/2025\/02\/Jose-C-1-5-1024x683.jpg","data-width":2,"data-height":2},{"id":"3267","alt":"","title":"Jos\u00e9-C : Maison JLB","description":"Jos\u00e9-C : Maison JLB","halign":"center","valign":"middle","link":"","target":0,"width":2,"height":2,"togglelightbox":0,"hide_title":0,"filters":"","url":"https:\/\/www.objectifimage-95.fr\/wp-content\/uploads\/2025\/02\/Jose-C-Maison-JLB-1.jpg","caption":"Jos\u00e9-C : Maison JLB","report":"","src":"https:\/\/www.objectifimage-95.fr\/wp-content\/uploads\/2025\/02\/Jose-C-Maison-JLB-1-1024x683.jpg","data-width":2,"data-height":2},{"id":"3268","alt":"","title":"Jos\u00e9-C : Maison JLB 1","description":"Jos\u00e9-C : Maison JLB 1","halign":"center","valign":"middle","link":"","target":0,"width":2,"height":2,"togglelightbox":0,"hide_title":0,"filters":"","url":"https:\/\/www.objectifimage-95.fr\/wp-content\/uploads\/2025\/02\/Jose-C-Maison-JLB-2.jpg","caption":"Jos\u00e9-C : Maison JLB 1","report":"","src":"https:\/\/www.objectifimage-95.fr\/wp-content\/uploads\/2025\/02\/Jose-C-Maison-JLB-2-1024x683.jpg","data-width":2,"data-height":2},{"id":"3269","alt":"","title":"Jos\u00e9-C : Maison JLB 2","description":"Jos\u00e9-C : Maison JLB 2","halign":"center","valign":"middle","link":"","target":0,"width":2,"height":2,"togglelightbox":0,"hide_title":0,"filters":"","url":"https:\/\/www.objectifimage-95.fr\/wp-content\/uploads\/2025\/02\/Jose-C-Maison-JLB-3.jpg","caption":"Jos\u00e9-C : Maison JLB 2","report":"","src":"https:\/\/www.objectifimage-95.fr\/wp-content\/uploads\/2025\/02\/Jose-C-Maison-JLB-3-1024x683.jpg","data-width":2,"data-height":2},{"id":"3270","alt":"","title":"Jos\u00e9-C : Maison JLB triptyque","description":"Jos\u00e9-C : Maison JLB triptyque","halign":"center","valign":"middle","link":"","target":0,"width":2,"height":2,"togglelightbox":0,"hide_title":0,"filters":"","url":"https:\/\/www.objectifimage-95.fr\/wp-content\/uploads\/2025\/02\/Jose-C-Maison-JLB-4.jpg","caption":"Jos\u00e9-C : Maison JLB triptyque","report":"","src":"https:\/\/www.objectifimage-95.fr\/wp-content\/uploads\/2025\/02\/Jose-C-Maison-JLB-4-1024x576.jpg","data-width":2,"data-height":2},{"id":"3271","alt":"","title":"Jos\u00e9-C : Phoques","description":"Jos\u00e9-C : Phoques","halign":"center","valign":"middle","link":"","target":0,"width":2,"height":2,"togglelightbox":0,"hide_title":0,"filters":"","url":"https:\/\/www.objectifimage-95.fr\/wp-content\/uploads\/2025\/02\/Jose-C-Phoques-Jose-1.jpg","caption":"Jos\u00e9-C : Phoques","report":"","src":"https:\/\/www.objectifimage-95.fr\/wp-content\/uploads\/2025\/02\/Jose-C-Phoques-Jose-1-1024x683.jpg","data-width":2,"data-height":2},{"id":"3272","alt":"","title":"Jos\u00e9-C : Phoques 11","description":"Jos\u00e9-C : Phoques 11","halign":"center","valign":"middle","link":"","target":0,"width":2,"height":2,"togglelightbox":0,"hide_title":0,"filters":"","url":"https:\/\/www.objectifimage-95.fr\/wp-content\/uploads\/2025\/02\/Jose-C-Phoques-Jose-2.jpg","caption":"Jos\u00e9-C : Phoques 11","report":"","src":"https:\/\/www.objectifimage-95.fr\/wp-content\/uploads\/2025\/02\/Jose-C-Phoques-Jose-2-1024x341.jpg","data-width":2,"data-height":2},{"id":"3273","alt":"","title":"Jos\u00e9-C : Phoques 1","description":"Jos\u00e9-C : Phoques 1","halign":"center","valign":"middle","link":"","target":0,"width":2,"height":2,"togglelightbox":0,"hide_title":0,"filters":"","url":"https:\/\/www.objectifimage-95.fr\/wp-content\/uploads\/2025\/02\/Jose-C-Phoques-Jose-3.jpg","caption":"Jos\u00e9-C : Phoques 1","report":"","src":"https:\/\/www.objectifimage-95.fr\/wp-content\/uploads\/2025\/02\/Jose-C-Phoques-Jose-3-1024x343.jpg","data-width":2,"data-height":2},{"id":"3274","alt":"","title":"Jos\u00e9-C : Phoques 2","description":"Jos\u00e9-C : Phoques 2","halign":"center","valign":"middle","link":"","target":0,"width":2,"height":2,"togglelightbox":0,"hide_title":0,"filters":"","url":"https:\/\/www.objectifimage-95.fr\/wp-content\/uploads\/2025\/02\/Jose-C-Phoques-Jose-4.jpg","caption":"Jos\u00e9-C : Phoques 2","report":"","src":"https:\/\/www.objectifimage-95.fr\/wp-content\/uploads\/2025\/02\/Jose-C-Phoques-Jose-4-1024x683.jpg","data-width":2,"data-height":2},{"id":"3275","alt":"","title":"Philiipe-Hq-","description":"","halign":"center","valign":"middle","link":"","target":0,"width":2,"height":2,"togglelightbox":0,"hide_title":0,"filters":"","url":"https:\/\/www.objectifimage-95.fr\/wp-content\/uploads\/2025\/02\/Philiipe-Hq-1-5.jpg","caption":"","report":"","src":"https:\/\/www.objectifimage-95.fr\/wp-content\/uploads\/2025\/02\/Philiipe-Hq-1-5-1024x683.jpg","data-width":2,"data-height":2},{"id":"3276","alt":"","title":"Philippe-H-interpretetion-perso","description":"","halign":"center","valign":"middle","link":"","target":0,"width":2,"height":2,"togglelightbox":0,"hide_title":0,"filters":"","url":"https:\/\/www.objectifimage-95.fr\/wp-content\/uploads\/2025\/02\/Philippe-H-interpretetion-perso.jpeg","caption":"","report":"","src":"https:\/\/www.objectifimage-95.fr\/wp-content\/uploads\/2025\/02\/Philippe-H-interpretetion-perso-1024x683.jpeg","data-width":2,"data-height":2}],"yoast_head":"<!-- This site is optimized with the Yoast SEO plugin v27.5 - https:\/\/yoast.com\/product\/yoast-seo-wordpress\/ -->\n<title>G-STY-2024-06-traitement-photo - Objectif Image 95<\/title>\n<meta name=\"robots\" content=\"index, follow, max-snippet:-1, max-image-preview:large, max-video-preview:-1\" \/>\n<link rel=\"canonical\" href=\"https:\/\/www.objectifimage-95.fr\/index.php\/modula-gallery\/g-sty-2024-06-traitement-photo\/\" \/>\n<meta property=\"og:locale\" content=\"fr_FR\" \/>\n<meta property=\"og:type\" content=\"article\" \/>\n<meta property=\"og:title\" content=\"G-STY-2024-06-traitement-photo - Objectif Image 95\" \/>\n<meta property=\"og:url\" content=\"https:\/\/www.objectifimage-95.fr\/index.php\/modula-gallery\/g-sty-2024-06-traitement-photo\/\" \/>\n<meta property=\"og:site_name\" content=\"Objectif Image 95\" \/>\n<meta property=\"article:modified_time\" content=\"2025-02-26T10:02:03+00:00\" \/>\n<meta name=\"twitter:card\" content=\"summary_large_image\" \/>\n<script type=\"application\/ld+json\" class=\"yoast-schema-graph\">{\"@context\":\"https:\\\/\\\/schema.org\",\"@graph\":[{\"@type\":\"WebPage\",\"@id\":\"https:\\\/\\\/www.objectifimage-95.fr\\\/index.php\\\/modula-gallery\\\/g-sty-2024-06-traitement-photo\\\/\",\"url\":\"https:\\\/\\\/www.objectifimage-95.fr\\\/index.php\\\/modula-gallery\\\/g-sty-2024-06-traitement-photo\\\/\",\"name\":\"G-STY-2024-06-traitement-photo - Objectif Image 95\",\"isPartOf\":{\"@id\":\"https:\\\/\\\/www.objectifimage-95.fr\\\/#website\"},\"datePublished\":\"2025-02-08T10:01:29+00:00\",\"dateModified\":\"2025-02-26T10:02:03+00:00\",\"breadcrumb\":{\"@id\":\"https:\\\/\\\/www.objectifimage-95.fr\\\/index.php\\\/modula-gallery\\\/g-sty-2024-06-traitement-photo\\\/#breadcrumb\"},\"inLanguage\":\"fr-FR\",\"potentialAction\":[{\"@type\":\"ReadAction\",\"target\":[\"https:\\\/\\\/www.objectifimage-95.fr\\\/index.php\\\/modula-gallery\\\/g-sty-2024-06-traitement-photo\\\/\"]}]},{\"@type\":\"BreadcrumbList\",\"@id\":\"https:\\\/\\\/www.objectifimage-95.fr\\\/index.php\\\/modula-gallery\\\/g-sty-2024-06-traitement-photo\\\/#breadcrumb\",\"itemListElement\":[{\"@type\":\"ListItem\",\"position\":1,\"name\":\"Accueil\",\"item\":\"https:\\\/\\\/www.objectifimage-95.fr\\\/\"},{\"@type\":\"ListItem\",\"position\":2,\"name\":\"G-STY-2024-06-traitement-photo\"}]},{\"@type\":\"WebSite\",\"@id\":\"https:\\\/\\\/www.objectifimage-95.fr\\\/#website\",\"url\":\"https:\\\/\\\/www.objectifimage-95.fr\\\/\",\"name\":\"Objectif Image-95\",\"description\":\"Photo club de Soisy-sous-Montmorency\",\"publisher\":{\"@id\":\"https:\\\/\\\/www.objectifimage-95.fr\\\/#organization\"},\"potentialAction\":[{\"@type\":\"SearchAction\",\"target\":{\"@type\":\"EntryPoint\",\"urlTemplate\":\"https:\\\/\\\/www.objectifimage-95.fr\\\/?s={search_term_string}\"},\"query-input\":{\"@type\":\"PropertyValueSpecification\",\"valueRequired\":true,\"valueName\":\"search_term_string\"}}],\"inLanguage\":\"fr-FR\"},{\"@type\":\"Organization\",\"@id\":\"https:\\\/\\\/www.objectifimage-95.fr\\\/#organization\",\"name\":\"Objectif Image-95\",\"url\":\"https:\\\/\\\/www.objectifimage-95.fr\\\/\",\"logo\":{\"@type\":\"ImageObject\",\"inLanguage\":\"fr-FR\",\"@id\":\"https:\\\/\\\/www.objectifimage-95.fr\\\/#\\\/schema\\\/logo\\\/image\\\/\",\"url\":\"https:\\\/\\\/www.objectifimage-95.fr\\\/wp-content\\\/uploads\\\/2025\\\/01\\\/Logo-520px.png\",\"contentUrl\":\"https:\\\/\\\/www.objectifimage-95.fr\\\/wp-content\\\/uploads\\\/2025\\\/01\\\/Logo-520px.png\",\"width\":520,\"height\":343,\"caption\":\"Objectif Image-95\"},\"image\":{\"@id\":\"https:\\\/\\\/www.objectifimage-95.fr\\\/#\\\/schema\\\/logo\\\/image\\\/\"}}]}<\/script>\n<!-- \/ Yoast SEO plugin. -->","yoast_head_json":{"title":"G-STY-2024-06-traitement-photo - Objectif Image 95","robots":{"index":"index","follow":"follow","max-snippet":"max-snippet:-1","max-image-preview":"max-image-preview:large","max-video-preview":"max-video-preview:-1"},"canonical":"https:\/\/www.objectifimage-95.fr\/index.php\/modula-gallery\/g-sty-2024-06-traitement-photo\/","og_locale":"fr_FR","og_type":"article","og_title":"G-STY-2024-06-traitement-photo - Objectif Image 95","og_url":"https:\/\/www.objectifimage-95.fr\/index.php\/modula-gallery\/g-sty-2024-06-traitement-photo\/","og_site_name":"Objectif Image 95","article_modified_time":"2025-02-26T10:02:03+00:00","twitter_card":"summary_large_image","schema":{"@context":"https:\/\/schema.org","@graph":[{"@type":"WebPage","@id":"https:\/\/www.objectifimage-95.fr\/index.php\/modula-gallery\/g-sty-2024-06-traitement-photo\/","url":"https:\/\/www.objectifimage-95.fr\/index.php\/modula-gallery\/g-sty-2024-06-traitement-photo\/","name":"G-STY-2024-06-traitement-photo - Objectif Image 95","isPartOf":{"@id":"https:\/\/www.objectifimage-95.fr\/#website"},"datePublished":"2025-02-08T10:01:29+00:00","dateModified":"2025-02-26T10:02:03+00:00","breadcrumb":{"@id":"https:\/\/www.objectifimage-95.fr\/index.php\/modula-gallery\/g-sty-2024-06-traitement-photo\/#breadcrumb"},"inLanguage":"fr-FR","potentialAction":[{"@type":"ReadAction","target":["https:\/\/www.objectifimage-95.fr\/index.php\/modula-gallery\/g-sty-2024-06-traitement-photo\/"]}]},{"@type":"BreadcrumbList","@id":"https:\/\/www.objectifimage-95.fr\/index.php\/modula-gallery\/g-sty-2024-06-traitement-photo\/#breadcrumb","itemListElement":[{"@type":"ListItem","position":1,"name":"Accueil","item":"https:\/\/www.objectifimage-95.fr\/"},{"@type":"ListItem","position":2,"name":"G-STY-2024-06-traitement-photo"}]},{"@type":"WebSite","@id":"https:\/\/www.objectifimage-95.fr\/#website","url":"https:\/\/www.objectifimage-95.fr\/","name":"Objectif Image-95","description":"Photo club de Soisy-sous-Montmorency","publisher":{"@id":"https:\/\/www.objectifimage-95.fr\/#organization"},"potentialAction":[{"@type":"SearchAction","target":{"@type":"EntryPoint","urlTemplate":"https:\/\/www.objectifimage-95.fr\/?s={search_term_string}"},"query-input":{"@type":"PropertyValueSpecification","valueRequired":true,"valueName":"search_term_string"}}],"inLanguage":"fr-FR"},{"@type":"Organization","@id":"https:\/\/www.objectifimage-95.fr\/#organization","name":"Objectif Image-95","url":"https:\/\/www.objectifimage-95.fr\/","logo":{"@type":"ImageObject","inLanguage":"fr-FR","@id":"https:\/\/www.objectifimage-95.fr\/#\/schema\/logo\/image\/","url":"https:\/\/www.objectifimage-95.fr\/wp-content\/uploads\/2025\/01\/Logo-520px.png","contentUrl":"https:\/\/www.objectifimage-95.fr\/wp-content\/uploads\/2025\/01\/Logo-520px.png","width":520,"height":343,"caption":"Objectif Image-95"},"image":{"@id":"https:\/\/www.objectifimage-95.fr\/#\/schema\/logo\/image\/"}}]}},"jetpack_sharing_enabled":true,"_links":{"self":[{"href":"https:\/\/www.objectifimage-95.fr\/index.php\/wp-json\/wp\/v2\/modula-gallery\/3222","targetHints":{"allow":["GET"]}}],"collection":[{"href":"https:\/\/www.objectifimage-95.fr\/index.php\/wp-json\/wp\/v2\/modula-gallery"}],"about":[{"href":"https:\/\/www.objectifimage-95.fr\/index.php\/wp-json\/wp\/v2\/types\/modula-gallery"}],"wp:attachment":[{"href":"https:\/\/www.objectifimage-95.fr\/index.php\/wp-json\/wp\/v2\/media?parent=3222"}],"curies":[{"name":"wp","href":"https:\/\/api.w.org\/{rel}","templated":true}]}}