{"id":2824,"date":"2025-02-08T10:40:21","date_gmt":"2025-02-08T09:40:21","guid":{"rendered":"https:\/\/www.objectifimage-95.fr\/?post_type=modula-gallery&#038;p=2824"},"modified":"2025-02-26T11:04:56","modified_gmt":"2025-02-26T10:04:56","slug":"g-sty-2023-12-les-escaliers","status":"publish","type":"modula-gallery","link":"https:\/\/www.objectifimage-95.fr\/index.php\/modula-gallery\/g-sty-2023-12-les-escaliers\/","title":{"rendered":"G-STY-2023-12-les-escaliers"},"template":"","class_list":["post-2824","modula-gallery","type-modula-gallery","status-publish","hentry","entry"],"modulaSettings":{"type":"grid","grid_type":"5","grid_row_height":250,"grid_justify_last_row":"justify","grid_image_size":"medium","grid_image_dimensions":{"width":0,"height":0},"img_size":200,"img_crop":true,"grid_image_crop":"0","gutter":10,"tablet_gutter":10,"mobile_gutter":10,"width":"100%","height":[800,800,800],"randomFactor":50,"shuffle":"0","maxImagesCount":"0","maxImagesCount_mobile":"0","lightbox":"fancybox","show_navigation":true,"open_Lightbox_on":"both","doubleClick":"0","loop_lightbox":"0","showTitleLightbox":true,"showCaptionLightbox":true,"captionPosition":"center","lightbox_keyboard":true,"lightbox_wheel":"0","lightbox_toolbar":true,"lightbox_close":true,"lightbox_thumbs":true,"lightbox_download":"0","lightbox_zoom":true,"lightbox_share":"0","lightbox_facebook":"0","lightbox_twitter":"0","lightbox_pinterest":"0","lightbox_whatsapp":"0","lightbox_linkedin":"0","lightbox_email":"0","lightboxEmailSubject":"Check out this awesome image !!","lightboxEmailMessage":"Here is the link to the image : %%image_link%% and this is the link to the gallery : %%gallery_link%%","lightbox_clickSlide":"0","lightbox_infobar":true,"lightbox_animationEffect":"false","lightbox_transitionEffect":"fade","showAllOnLightbox":"0","lightbox_touch":"0","lightbox_thumbsAutoStart":"0","mobile_caption_copy":true,"lightbox_background_color":"rgba(30,30,30,.9)","lightbox_thumbsPosition":"bottom","hide_title":true,"titleColor":"#ffffff","titleFontSize":16,"mobileTitleFontSize":12,"hide_description":"0","captionColor":"#ffffff","captionFontSize":14,"mobileCaptionFontSize":10,"show_gallery_title":"0","gallery_title_type":"p","titleFontFamily":"Default","titleFontWeight":"400","captionsFontFamily":"Default","captionFontWeight":"normal","enableSocial":"0","enableTwitter":"0","enableFacebook":"0","enableWhatsapp":"0","enableLinkedin":"0","enablePinterest":"0","enableEmail":"0","emailSubject":"Check out this awesome image !!","emailMessage":"Here is the link to the image : %%image_link%% and this is the link to the gallery : %%gallery_link%%","socialIconColor":"#ffffff","socialIconSize":16,"socialIconPadding":10,"loadedScale":100,"inView":"0","loadedRotate":0,"loadedHSlide":0,"loadedVSlide":0,"effect":"pufrobo","cursor":"zoom-in","uploadCursor":"0","hoverColor":"#ffffff","hoverOpacity":50,"borderSize":0,"borderRadius":0,"borderColor":"#ffffff","shadowSize":0,"shadowColor":"#ffffff","lazy_load":true,"helper-message":"","enable_responsive":"0","tablet_columns":2,"mobile_columns":1,"style":"","last_visited_tab":"modula-general","filters":[""],"dropdownFilters":"0","filterClick":"0","hideAllFilter":"0","allFilterLabel":"All","filterStyle":"default","filterLinkColor":"","filterLinkHoverColor":"","defaultActiveFilter":"All","filterPositioning":"top","filterTextAlignment":"none","enableCollapsibleFilters":"0","collapsibleActionText":"Filter by","enableMobileDropdownFilters":"0","upload_position":"end"},"modulaImages":[{"id":"2849","alt":"","title":"Danielle-C-","description":"","halign":"center","valign":"middle","link":"","target":0,"width":2,"height":2,"togglelightbox":0,"hide_title":0,"filters":"","url":"https:\/\/www.objectifimage-95.fr\/wp-content\/uploads\/2025\/02\/Danielle-C-.jpg","caption":"","report":"","src":"https:\/\/www.objectifimage-95.fr\/wp-content\/uploads\/2025\/02\/Danielle-C--1024x683.jpg","data-width":2,"data-height":2},{"id":"2850","alt":"","title":"Danielle-C-Hotel de ville de Dijon","description":"","halign":"center","valign":"middle","link":"","target":0,"width":2,"height":2,"togglelightbox":0,"hide_title":0,"filters":"","url":"https:\/\/www.objectifimage-95.fr\/wp-content\/uploads\/2025\/02\/Danielle-C-hotel-de-ville-Dijon.jpg","caption":"","report":"","src":"https:\/\/www.objectifimage-95.fr\/wp-content\/uploads\/2025\/02\/Danielle-C-hotel-de-ville-Dijon-665x1024.jpg","data-width":2,"data-height":2},{"id":"2851","alt":"","title":"Danielle-C-r\u00e9plique du Titanic","description":"","halign":"center","valign":"middle","link":"","target":0,"width":2,"height":2,"togglelightbox":0,"hide_title":0,"filters":"","url":"https:\/\/www.objectifimage-95.fr\/wp-content\/uploads\/2025\/02\/Danielle-C-le-Titanic.jpg","caption":"","report":"","src":"https:\/\/www.objectifimage-95.fr\/wp-content\/uploads\/2025\/02\/Danielle-C-le-Titanic-1024x620.jpg","data-width":2,"data-height":2},{"id":"2852","alt":"","title":"Danielle-C-Radjastan","description":"","halign":"center","valign":"middle","link":"","target":0,"width":2,"height":2,"togglelightbox":0,"hide_title":0,"filters":"","url":"https:\/\/www.objectifimage-95.fr\/wp-content\/uploads\/2025\/02\/Danielle-C-Radjastan.jpg","caption":"","report":"","src":"https:\/\/www.objectifimage-95.fr\/wp-content\/uploads\/2025\/02\/Danielle-C-Radjastan-680x1024.jpg","data-width":2,"data-height":2},{"id":"2853","alt":"","title":"DAnielle-C-restaurant Budapest","description":"","halign":"center","valign":"middle","link":"","target":0,"width":2,"height":2,"togglelightbox":0,"hide_title":0,"filters":"","url":"https:\/\/www.objectifimage-95.fr\/wp-content\/uploads\/2025\/02\/Danielle-C-restaurant-Budapest.jpg","caption":"","report":"","src":"https:\/\/www.objectifimage-95.fr\/wp-content\/uploads\/2025\/02\/Danielle-C-restaurant-Budapest-638x1024.jpg","data-width":2,"data-height":2},{"id":"2854","alt":"","title":"Danielle-C-Tikal Guatemala","description":"","halign":"center","valign":"middle","link":"","target":0,"width":2,"height":2,"togglelightbox":0,"hide_title":0,"filters":"","url":"https:\/\/www.objectifimage-95.fr\/wp-content\/uploads\/2025\/02\/Danielle-C-Tikal-Guatemala.jpg","caption":"","report":"","src":"https:\/\/www.objectifimage-95.fr\/wp-content\/uploads\/2025\/02\/Danielle-C-Tikal-Guatemala-1024x680.jpg","data-width":2,"data-height":2},{"id":"2855","alt":"","title":"Dominique-B-","description":"","halign":"center","valign":"middle","link":"","target":0,"width":2,"height":2,"togglelightbox":0,"hide_title":0,"filters":"","url":"https:\/\/www.objectifimage-95.fr\/wp-content\/uploads\/2025\/02\/Dominique-B-.jpg","caption":"","report":"","src":"https:\/\/www.objectifimage-95.fr\/wp-content\/uploads\/2025\/02\/Dominique-B--1024x683.jpg","data-width":2,"data-height":2},{"id":"2856","alt":"","title":"Dominique-B-acces aux dieux1","description":"au cambodge fontaine d'une d\u00e9sse","halign":"center","valign":"middle","link":"","target":0,"width":2,"height":2,"togglelightbox":0,"hide_title":0,"filters":"","url":"https:\/\/www.objectifimage-95.fr\/wp-content\/uploads\/2025\/02\/Dominique-B-acces-aux-dieux1.jpg","caption":"au cambodge fontaine d'une d\u00e9sse","report":"","src":"https:\/\/www.objectifimage-95.fr\/wp-content\/uploads\/2025\/02\/Dominique-B-acces-aux-dieux1-1024x678.jpg","data-width":2,"data-height":2},{"id":"2859","alt":"","title":"Dominique-B-a l&rsquo;assaut1","description":"esplanade du chateau de chantilly","halign":"center","valign":"middle","link":"","target":0,"width":2,"height":2,"togglelightbox":0,"hide_title":0,"filters":"","url":"https:\/\/www.objectifimage-95.fr\/wp-content\/uploads\/2025\/02\/Dominique-B-a-lassaut1.jpg","caption":"esplanade du chateau de chantilly","report":"","src":"https:\/\/www.objectifimage-95.fr\/wp-content\/uploads\/2025\/02\/Dominique-B-a-lassaut1-1024x683.jpg","data-width":2,"data-height":2},{"id":"2861","alt":"","title":"Dominique-B-muse de Churchill1","description":"ce monument se trouve au fond de la propri\u00e9t\u00e9 de Winston Churchill dans le Kent","halign":"center","valign":"middle","link":"","target":0,"width":2,"height":2,"togglelightbox":0,"hide_title":0,"filters":"","url":"https:\/\/www.objectifimage-95.fr\/wp-content\/uploads\/2025\/02\/Dominique-B-muse-de-churchill1.jpg","caption":"ce monument se trouve au fond de la propri\u00e9t\u00e9 de Winston Churchill dans le Kent","report":"","src":"https:\/\/www.objectifimage-95.fr\/wp-content\/uploads\/2025\/02\/Dominique-B-muse-de-churchill1-1024x707.jpg","data-width":2,"data-height":2},{"id":"2862","alt":"","title":"Dominique-B-pharedesbaleines1","description":"escalier cetral du phare pour acceder a la lentille de fresnel","halign":"center","valign":"middle","link":"","target":0,"width":2,"height":2,"togglelightbox":0,"hide_title":0,"filters":"","url":"https:\/\/www.objectifimage-95.fr\/wp-content\/uploads\/2025\/02\/Dominique-B-phare-des-baleines1.jpg","caption":"escalier cetral du phare pour acceder a la lentille de fresnel","report":"","src":"https:\/\/www.objectifimage-95.fr\/wp-content\/uploads\/2025\/02\/Dominique-B-phare-des-baleines1-1024x816.jpg","data-width":2,"data-height":2},{"id":"2863","alt":"","title":"Edouard-M-","description":"","halign":"center","valign":"middle","link":"","target":0,"width":2,"height":2,"togglelightbox":0,"hide_title":0,"filters":"","url":"https:\/\/www.objectifimage-95.fr\/wp-content\/uploads\/2025\/02\/Edouard-M-.jpg","caption":"","report":"","src":"https:\/\/www.objectifimage-95.fr\/wp-content\/uploads\/2025\/02\/Edouard-M--1024x683.jpg","data-width":2,"data-height":2},{"id":"2864","alt":"","title":"Edouard-M-barcelone 1","description":"Edouard-M-barcelone 1","halign":"center","valign":"middle","link":"","target":0,"width":2,"height":2,"togglelightbox":0,"hide_title":0,"filters":"","url":"https:\/\/www.objectifimage-95.fr\/wp-content\/uploads\/2025\/02\/Edouard-M-barcelone-1.jpg","caption":"Edouard-M-barcelone 1","report":"","src":"https:\/\/www.objectifimage-95.fr\/wp-content\/uploads\/2025\/02\/Edouard-M-barcelone-1-682x1024.jpg","data-width":2,"data-height":2},{"id":"2865","alt":"","title":"Edouard-M-barcelone 2","description":"Edouard-M-barcelone 2","halign":"center","valign":"middle","link":"","target":0,"width":2,"height":2,"togglelightbox":0,"hide_title":0,"filters":"","url":"https:\/\/www.objectifimage-95.fr\/wp-content\/uploads\/2025\/02\/Edouard-M-barcelone-2.jpg","caption":"Edouard-M-barcelone 2","report":"","src":"https:\/\/www.objectifimage-95.fr\/wp-content\/uploads\/2025\/02\/Edouard-M-barcelone-2-682x1024.jpg","data-width":2,"data-height":2},{"id":"2866","alt":"","title":"Edouard-M-barcelone 4","description":"Edouard-M-barcelone 4","halign":"center","valign":"middle","link":"","target":0,"width":2,"height":2,"togglelightbox":0,"hide_title":0,"filters":"","url":"https:\/\/www.objectifimage-95.fr\/wp-content\/uploads\/2025\/02\/Edouard-M-barcelone-3.jpg","caption":"Edouard-M-barcelone 4","report":"","src":"https:\/\/www.objectifimage-95.fr\/wp-content\/uploads\/2025\/02\/Edouard-M-barcelone-3-682x1024.jpg","data-width":2,"data-height":2},{"id":"2867","alt":"","title":"Edouard-M-barcelone 5","description":"Edouard-M-barcelone 5","halign":"center","valign":"middle","link":"","target":0,"width":2,"height":2,"togglelightbox":0,"hide_title":0,"filters":"","url":"https:\/\/www.objectifimage-95.fr\/wp-content\/uploads\/2025\/02\/Edouard-M-barcelone-4.jpg","caption":"Edouard-M-barcelone 5","report":"","src":"https:\/\/www.objectifimage-95.fr\/wp-content\/uploads\/2025\/02\/Edouard-M-barcelone-4-683x1024.jpg","data-width":2,"data-height":2},{"id":"2868","alt":"","title":"Edouard-M-barcelone 5","description":"Edouard-M-barcelone 5","halign":"center","valign":"middle","link":"","target":0,"width":2,"height":2,"togglelightbox":0,"hide_title":0,"filters":"","url":"https:\/\/www.objectifimage-95.fr\/wp-content\/uploads\/2025\/02\/Edouard-M-barcelone-5.jpg","caption":"Edouard-M-barcelone 5","report":"","src":"https:\/\/www.objectifimage-95.fr\/wp-content\/uploads\/2025\/02\/Edouard-M-barcelone-5-682x1024.jpg","data-width":2,"data-height":2},{"id":"2869","alt":"","title":"Edouard-M-cit\u00c3\u00a9 du cin\u00c3\u00a9ma","description":"Edouard-M-cit\u00c3\u00a9 du cin\u00c3\u00a9ma","halign":"center","valign":"middle","link":"","target":0,"width":2,"height":2,"togglelightbox":0,"hide_title":0,"filters":"","url":"https:\/\/www.objectifimage-95.fr\/wp-content\/uploads\/2025\/02\/Edouard-M-cite-du-cinema.jpg","caption":"Edouard-M-cit\u00c3\u00a9 du cin\u00c3\u00a9ma","report":"","src":"https:\/\/www.objectifimage-95.fr\/wp-content\/uploads\/2025\/02\/Edouard-M-cite-du-cinema-1024x683.jpg","data-width":2,"data-height":2},{"id":"2870","alt":"","title":"Edouard-M-la-defense-1","description":"","halign":"center","valign":"middle","link":"","target":0,"width":2,"height":2,"togglelightbox":0,"hide_title":0,"filters":"","url":"https:\/\/www.objectifimage-95.fr\/wp-content\/uploads\/2025\/02\/Edouard-M-la-defense-1.jpg","caption":"","report":"","src":"https:\/\/www.objectifimage-95.fr\/wp-content\/uploads\/2025\/02\/Edouard-M-la-defense-1-683x1024.jpg","data-width":2,"data-height":2},{"id":"2871","alt":"","title":"Edouard-M-versailles 1","description":"Edouard-M-versailles 1","halign":"center","valign":"middle","link":"","target":0,"width":2,"height":2,"togglelightbox":0,"hide_title":0,"filters":"","url":"https:\/\/www.objectifimage-95.fr\/wp-content\/uploads\/2025\/02\/Edouard-M-versailles-1.jpg","caption":"Edouard-M-versailles 1","report":"","src":"https:\/\/www.objectifimage-95.fr\/wp-content\/uploads\/2025\/02\/Edouard-M-versailles-1-695x1024.jpg","data-width":2,"data-height":2},{"id":"2872","alt":"","title":"Fabrice-V-0-","description":"","halign":"center","valign":"middle","link":"","target":0,"width":2,"height":2,"togglelightbox":0,"hide_title":0,"filters":"","url":"https:\/\/www.objectifimage-95.fr\/wp-content\/uploads\/2025\/02\/Fabrice-V-0-.jpg","caption":"","report":"","src":"https:\/\/www.objectifimage-95.fr\/wp-content\/uploads\/2025\/02\/Fabrice-V-0--1024x683.jpg","data-width":2,"data-height":2},{"id":"2873","alt":"","title":"Fabrice-V-4-Monast\u00e8re","description":"Fabrice-V:Crypte du Monast\u00e8re de Leyre, 28\/09\/2023","halign":"center","valign":"middle","link":"","target":0,"width":2,"height":2,"togglelightbox":0,"hide_title":0,"filters":"","url":"https:\/\/www.objectifimage-95.fr\/wp-content\/uploads\/2025\/02\/Fabrice-V-4-Monastere-de-Leyre.jpg","caption":"Fabrice-V:Crypte du Monast\u00e8re de Leyre, 28\/09\/2023","report":"","src":"https:\/\/www.objectifimage-95.fr\/wp-content\/uploads\/2025\/02\/Fabrice-V-4-Monastere-de-Leyre-1024x683.jpg","data-width":2,"data-height":2},{"id":"2874","alt":"","title":"Fabrice-V-Le Curieux","description":"Fabrice-V:Marches Peintes, Valparaiso","halign":"center","valign":"middle","link":"","target":0,"width":2,"height":2,"togglelightbox":0,"hide_title":0,"filters":"","url":"https:\/\/www.objectifimage-95.fr\/wp-content\/uploads\/2025\/02\/Fabrice-V-6-Le-Curieux.jpg","caption":"Fabrice-V:Marches Peintes, Valparaiso","report":"","src":"https:\/\/www.objectifimage-95.fr\/wp-content\/uploads\/2025\/02\/Fabrice-V-6-Le-Curieux-683x1024.jpg","data-width":2,"data-height":2},{"id":"2875","alt":"","title":"Fabrice-V-Banni\u00e8res","description":"Fabrice-V:Dans un temple , Japon","halign":"center","valign":"middle","link":"","target":0,"width":2,"height":2,"togglelightbox":0,"hide_title":0,"filters":"","url":"https:\/\/www.objectifimage-95.fr\/wp-content\/uploads\/2025\/02\/Fabrice-V-Bannieres.jpg","caption":"Fabrice-V:Dans un temple , Japon","report":"","src":"https:\/\/www.objectifimage-95.fr\/wp-content\/uploads\/2025\/02\/Fabrice-V-Bannieres-1024x683.jpg","data-width":2,"data-height":2},{"id":"2876","alt":"","title":"Fabrice-V-Descente","description":"Fabrice-V:Escalier dans un Ch\u00e2teau Japonais","halign":"center","valign":"middle","link":"","target":0,"width":2,"height":2,"togglelightbox":0,"hide_title":0,"filters":"","url":"https:\/\/www.objectifimage-95.fr\/wp-content\/uploads\/2025\/02\/Fabrice-V-Descente.jpg","caption":"Fabrice-V:Escalier dans un Ch\u00e2teau Japonais","report":"","src":"https:\/\/www.objectifimage-95.fr\/wp-content\/uploads\/2025\/02\/Fabrice-V-Descente-1024x683.jpg","data-width":2,"data-height":2},{"id":"2877","alt":"","title":"Fabrice-V-Remparts","description":"Fabrice-V:Dans le Ch\u00e2teau Cathare de Peyrepertuse","halign":"center","valign":"middle","link":"","target":0,"width":2,"height":2,"togglelightbox":0,"hide_title":0,"filters":"","url":"https:\/\/www.objectifimage-95.fr\/wp-content\/uploads\/2025\/02\/Fabrice-V-Remparts.jpg","caption":"Fabrice-V:Dans le Ch\u00e2teau Cathare de Peyrepertuse","report":"","src":"https:\/\/www.objectifimage-95.fr\/wp-content\/uploads\/2025\/02\/Fabrice-V-Remparts-1024x683.jpg","data-width":2,"data-height":2},{"id":"2878","alt":"","title":"Gilles-D-","description":"","halign":"center","valign":"middle","link":"","target":0,"width":2,"height":2,"togglelightbox":0,"hide_title":0,"filters":"","url":"https:\/\/www.objectifimage-95.fr\/wp-content\/uploads\/2025\/02\/Gilles-D-.jpg","caption":"","report":"","src":"https:\/\/www.objectifimage-95.fr\/wp-content\/uploads\/2025\/02\/Gilles-D--1024x683.jpg","data-width":2,"data-height":2},{"id":"2880","alt":"","title":"Gilles-D-Eglise de Saint-Nom","description":"Gilles-D-Eglise de Saint-Nom la Bret\u00eache D\u00e9c 2015","halign":"center","valign":"middle","link":"","target":0,"width":2,"height":2,"togglelightbox":0,"hide_title":0,"filters":"","url":"https:\/\/www.objectifimage-95.fr\/wp-content\/uploads\/2025\/02\/Gilles-D-Eglise-de-Saint-Nom.jpg","caption":"Gilles-D-Eglise de Saint-Nom la Bret\u00eache D\u00e9c 2015","report":"","src":"https:\/\/www.objectifimage-95.fr\/wp-content\/uploads\/2025\/02\/Gilles-D-Eglise-de-Saint-Nom-683x1024.jpg","data-width":2,"data-height":2},{"id":"2881","alt":"","title":"Gilles-D-Gare Montparnasse","description":"Gilles-D-Gare Montparnasse","halign":"center","valign":"middle","link":"","target":0,"width":2,"height":2,"togglelightbox":0,"hide_title":0,"filters":"","url":"https:\/\/www.objectifimage-95.fr\/wp-content\/uploads\/2025\/02\/Gilles-D-Gare-Montparnasse.jpg","caption":"Gilles-D-Gare Montparnasse","report":"","src":"https:\/\/www.objectifimage-95.fr\/wp-content\/uploads\/2025\/02\/Gilles-D-Gare-Montparnasse-1024x683.jpg","data-width":2,"data-height":2},{"id":"2882","alt":"","title":"Gilles-D-Ile de R\u00e9","description":"Gilles-D-Ile de R\u00e9 Phare de la Coubre","halign":"center","valign":"middle","link":"","target":0,"width":2,"height":2,"togglelightbox":0,"hide_title":0,"filters":"","url":"https:\/\/www.objectifimage-95.fr\/wp-content\/uploads\/2025\/02\/Gilles-D-Ile-de-Re.jpg","caption":"Gilles-D-Ile de R\u00e9 Phare de la Coubre","report":"","src":"https:\/\/www.objectifimage-95.fr\/wp-content\/uploads\/2025\/02\/Gilles-D-Ile-de-Re-1024x683.jpg","data-width":2,"data-height":2},{"id":"2883","alt":"","title":"Gilles-D-La grande Arche","description":"Gilles-D-La grande Arche","halign":"center","valign":"middle","link":"","target":0,"width":2,"height":2,"togglelightbox":0,"hide_title":0,"filters":"","url":"https:\/\/www.objectifimage-95.fr\/wp-content\/uploads\/2025\/02\/Gilles-D-La-grande-Arche.jpg","caption":"Gilles-D-La grande Arche","report":"","src":"https:\/\/www.objectifimage-95.fr\/wp-content\/uploads\/2025\/02\/Gilles-D-La-grande-Arche-1024x683.jpg","data-width":2,"data-height":2},{"id":"2884","alt":"","title":"Gilles-D-La Seine musicale","description":"Gilles-D-La Seine musicale","halign":"center","valign":"middle","link":"","target":0,"width":2,"height":2,"togglelightbox":0,"hide_title":0,"filters":"","url":"https:\/\/www.objectifimage-95.fr\/wp-content\/uploads\/2025\/02\/Gilles-D-La-Seine-musicale.jpg","caption":"Gilles-D-La Seine musicale","report":"","src":"https:\/\/www.objectifimage-95.fr\/wp-content\/uploads\/2025\/02\/Gilles-D-La-Seine-musicale-1024x683.jpg","data-width":2,"data-height":2},{"id":"2885","alt":"","title":"Gilles-D-Le Louvre","description":"Gilles-D-Le Louvre 8 Aout 2013","halign":"center","valign":"middle","link":"","target":0,"width":2,"height":2,"togglelightbox":0,"hide_title":0,"filters":"","url":"https:\/\/www.objectifimage-95.fr\/wp-content\/uploads\/2025\/02\/Gilles-D-Le-Louvre.jpg","caption":"Gilles-D-Le Louvre 8 Aout 2013","report":"","src":"https:\/\/www.objectifimage-95.fr\/wp-content\/uploads\/2025\/02\/Gilles-D-Le-Louvre-1024x683.jpg","data-width":2,"data-height":2},{"id":"2886","alt":"","title":"Gilles-D- M\u00e9tro salon de l&rsquo;auto","description":"Gilles-D- M\u00e9tro salon de l'auto","halign":"center","valign":"middle","link":"","target":0,"width":2,"height":2,"togglelightbox":0,"hide_title":0,"filters":"","url":"https:\/\/www.objectifimage-95.fr\/wp-content\/uploads\/2025\/02\/Gilles-D-Metro-salon-de-lauto.jpg","caption":"Gilles-D- M\u00e9tro salon de l'auto","report":"","src":"https:\/\/www.objectifimage-95.fr\/wp-content\/uploads\/2025\/02\/Gilles-D-Metro-salon-de-lauto-1024x683.jpg","data-width":2,"data-height":2},{"id":"2887","alt":"","title":"Gilles-D-Op\u00e9ra Garnier","description":"Gilles-D-Op\u00e9ra Garnier","halign":"center","valign":"middle","link":"","target":0,"width":2,"height":2,"togglelightbox":0,"hide_title":0,"filters":"","url":"https:\/\/www.objectifimage-95.fr\/wp-content\/uploads\/2025\/02\/Gilles-D-Opera-Garnier.jpg","caption":"Gilles-D-Op\u00e9ra Garnier","report":"","src":"https:\/\/www.objectifimage-95.fr\/wp-content\/uploads\/2025\/02\/Gilles-D-Opera-Garnier-1024x683.jpg","data-width":2,"data-height":2},{"id":"2888","alt":"","title":"Gilles-D-Village Poul-F\u00e9tan","description":"Gilles-D-Village Poul-F\u00e9tan \u00e0 Quistinic (56) en 1850","halign":"center","valign":"middle","link":"","target":0,"width":2,"height":2,"togglelightbox":0,"hide_title":0,"filters":"","url":"https:\/\/www.objectifimage-95.fr\/wp-content\/uploads\/2025\/02\/Gilles-D-Village-Poul-Fetan.jpg","caption":"Gilles-D-Village Poul-F\u00e9tan \u00e0 Quistinic (56) en 1850","report":"","src":"https:\/\/www.objectifimage-95.fr\/wp-content\/uploads\/2025\/02\/Gilles-D-Village-Poul-Fetan-683x1024.jpg","data-width":2,"data-height":2},{"id":"2889","alt":"","title":"Herve-D-","description":"","halign":"center","valign":"middle","link":"","target":0,"width":2,"height":2,"togglelightbox":0,"hide_title":0,"filters":"","url":"https:\/\/www.objectifimage-95.fr\/wp-content\/uploads\/2025\/02\/Herve-D-.jpg","caption":"","report":"","src":"https:\/\/www.objectifimage-95.fr\/wp-content\/uploads\/2025\/02\/Herve-D--1024x683.jpg","data-width":2,"data-height":2},{"id":"2890","alt":"","title":"Herv\u00e9-D -Portugal Braga","description":"Herv\u00e9-D -Portugal Braga","halign":"center","valign":"middle","link":"","target":0,"width":2,"height":2,"togglelightbox":0,"hide_title":0,"filters":"","url":"https:\/\/www.objectifimage-95.fr\/wp-content\/uploads\/2025\/02\/Herve-D-01-escaliers.jpg","caption":"Herv\u00e9-D -Portugal Braga","report":"","src":"https:\/\/www.objectifimage-95.fr\/wp-content\/uploads\/2025\/02\/Herve-D-01-escaliers-1024x683.jpg","data-width":2,"data-height":2},{"id":"2891","alt":"","title":"Herv\u00e9-D -Bangkok Mus\u00e9e Art moderne","description":"Herv\u00e9-D -Bangkok Mus\u00e9e Art moderne","halign":"center","valign":"middle","link":"","target":0,"width":2,"height":2,"togglelightbox":0,"hide_title":0,"filters":"","url":"https:\/\/www.objectifimage-95.fr\/wp-content\/uploads\/2025\/02\/Herve-D-02-escaliers.jpg","caption":"Herv\u00e9-D -Bangkok Mus\u00e9e Art moderne","report":"","src":"https:\/\/www.objectifimage-95.fr\/wp-content\/uploads\/2025\/02\/Herve-D-02-escaliers-1024x683.jpg","data-width":2,"data-height":2},{"id":"2892","alt":"","title":"Herv\u00e9-D -Cambodge Angkor","description":"Herv\u00e9-D -Cambodge Angkor","halign":"center","valign":"middle","link":"","target":0,"width":2,"height":2,"togglelightbox":0,"hide_title":0,"filters":"","url":"https:\/\/www.objectifimage-95.fr\/wp-content\/uploads\/2025\/02\/Herve-D-03-escaliers.jpg","caption":"Herv\u00e9-D -Cambodge Angkor","report":"","src":"https:\/\/www.objectifimage-95.fr\/wp-content\/uploads\/2025\/02\/Herve-D-03-escaliers-732x1024.jpg","data-width":2,"data-height":2},{"id":"2893","alt":"","title":"Herve-D-04-escaliers","description":"","halign":"center","valign":"middle","link":"","target":0,"width":2,"height":2,"togglelightbox":0,"hide_title":0,"filters":"","url":"https:\/\/www.objectifimage-95.fr\/wp-content\/uploads\/2025\/02\/Herve-D-04-escaliers.jpg","caption":"","report":"","src":"https:\/\/www.objectifimage-95.fr\/wp-content\/uploads\/2025\/02\/Herve-D-04-escaliers-1024x683.jpg","data-width":2,"data-height":2},{"id":"2894","alt":"","title":"Herv\u00e9-D -Vietnam","description":"Herv\u00e9-D -Vietnam","halign":"center","valign":"middle","link":"","target":0,"width":2,"height":2,"togglelightbox":0,"hide_title":0,"filters":"","url":"https:\/\/www.objectifimage-95.fr\/wp-content\/uploads\/2025\/02\/Herve-D-05-escaliers.jpg","caption":"Herv\u00e9-D -Vietnam","report":"","src":"https:\/\/www.objectifimage-95.fr\/wp-content\/uploads\/2025\/02\/Herve-D-05-escaliers-1024x683.jpg","data-width":2,"data-height":2},{"id":"2895","alt":"","title":"Herv\u00e9-D-Mangas \u00e0 Singapour","description":"Herv\u00e9-D-Mangas \u00e0 Singapour","halign":"center","valign":"middle","link":"","target":0,"width":2,"height":2,"togglelightbox":0,"hide_title":0,"filters":"","url":"https:\/\/www.objectifimage-95.fr\/wp-content\/uploads\/2025\/02\/Herve-D-06-escaliers.jpg","caption":"Herv\u00e9-D-Mangas \u00e0 Singapour","report":"","src":"https:\/\/www.objectifimage-95.fr\/wp-content\/uploads\/2025\/02\/Herve-D-06-escaliers-683x1024.jpg","data-width":2,"data-height":2},{"id":"2896","alt":"","title":"Hilde-H-","description":"","halign":"center","valign":"middle","link":"","target":0,"width":2,"height":2,"togglelightbox":0,"hide_title":0,"filters":"","url":"https:\/\/www.objectifimage-95.fr\/wp-content\/uploads\/2025\/02\/Hilde-H-.jpg","caption":"","report":"","src":"https:\/\/www.objectifimage-95.fr\/wp-content\/uploads\/2025\/02\/Hilde-H--1024x683.jpg","data-width":2,"data-height":2},{"id":"2897","alt":"","title":"Hilde-H-escalier","description":"Hilde-H-escalier villa Cavrois","halign":"center","valign":"middle","link":"","target":0,"width":2,"height":2,"togglelightbox":0,"hide_title":0,"filters":"","url":"https:\/\/www.objectifimage-95.fr\/wp-content\/uploads\/2025\/02\/Hilde-H-escalier-1.jpg","caption":"Hilde-H-escalier villa Cavrois","report":"","src":"https:\/\/www.objectifimage-95.fr\/wp-content\/uploads\/2025\/02\/Hilde-H-escalier-1-1024x685.jpg","data-width":2,"data-height":2},{"id":"2898","alt":"","title":"Hilde-H-escalier","description":"Hilde-H-escalier Arras","halign":"center","valign":"middle","link":"","target":0,"width":2,"height":2,"togglelightbox":0,"hide_title":0,"filters":"","url":"https:\/\/www.objectifimage-95.fr\/wp-content\/uploads\/2025\/02\/Hilde-H-escalier-2.jpg","caption":"Hilde-H-escalier Arras","report":"","src":"https:\/\/www.objectifimage-95.fr\/wp-content\/uploads\/2025\/02\/Hilde-H-escalier-2-1024x685.jpg","data-width":2,"data-height":2},{"id":"2899","alt":"","title":"Hilde-H-escalier au  Quai d&rsquo;Orsay, Minist\u00e8re des affaires \u00e9trang\u00e8res","description":"Hilde-H-escalier au  Quai d'Orsay, Minist\u00e8re des affaires \u00e9trang\u00e8res","halign":"center","valign":"middle","link":"","target":0,"width":2,"height":2,"togglelightbox":0,"hide_title":0,"filters":"","url":"https:\/\/www.objectifimage-95.fr\/wp-content\/uploads\/2025\/02\/Hilde-H-escalier-3.jpg","caption":"Hilde-H-escalier au  Quai d'Orsay, Minist\u00e8re des affaires \u00e9trang\u00e8res","report":"","src":"https:\/\/www.objectifimage-95.fr\/wp-content\/uploads\/2025\/02\/Hilde-H-escalier-3-1024x685.jpg","data-width":2,"data-height":2},{"id":"2900","alt":"","title":"Hilde-H-escalier d&rsquo;honneur au Conseil constitutionnel","description":"Hilde-H-escalier d'honneur au Conseil constitutionnel","halign":"center","valign":"middle","link":"","target":0,"width":2,"height":2,"togglelightbox":0,"hide_title":0,"filters":"","url":"https:\/\/www.objectifimage-95.fr\/wp-content\/uploads\/2025\/02\/Hilde-H-escalier-4.jpg","caption":"Hilde-H-escalier d'honneur au Conseil constitutionnel","report":"","src":"https:\/\/www.objectifimage-95.fr\/wp-content\/uploads\/2025\/02\/Hilde-H-escalier-4-1024x685.jpg","data-width":2,"data-height":2},{"id":"2901","alt":"","title":"Hilde-H-escalier-5","description":"Hilde-H-escalier au CESE Paris 16e (conseil economique social et environnemental)","halign":"center","valign":"middle","link":"","target":0,"width":2,"height":2,"togglelightbox":0,"hide_title":0,"filters":"","url":"https:\/\/www.objectifimage-95.fr\/wp-content\/uploads\/2025\/02\/Hilde-H-escalier-5.jpg","caption":"Hilde-H-escalier au CESE Paris 16e (conseil economique social et environnemental)","report":"","src":"https:\/\/www.objectifimage-95.fr\/wp-content\/uploads\/2025\/02\/Hilde-H-escalier-5-1024x683.jpg","data-width":2,"data-height":2},{"id":"2902","alt":"","title":"Jean-Louis-B-","description":"","halign":"center","valign":"middle","link":"","target":0,"width":2,"height":2,"togglelightbox":0,"hide_title":0,"filters":"","url":"https:\/\/www.objectifimage-95.fr\/wp-content\/uploads\/2025\/02\/Jean-Louis-B-.jpg","caption":"","report":"","src":"https:\/\/www.objectifimage-95.fr\/wp-content\/uploads\/2025\/02\/Jean-Louis-B--1024x683.jpg","data-width":2,"data-height":2},{"id":"2903","alt":"","title":"Jose-C-","description":"","halign":"center","valign":"middle","link":"","target":0,"width":2,"height":2,"togglelightbox":0,"hide_title":0,"filters":"","url":"https:\/\/www.objectifimage-95.fr\/wp-content\/uploads\/2025\/02\/Jose-C-.jpg","caption":"","report":"","src":"https:\/\/www.objectifimage-95.fr\/wp-content\/uploads\/2025\/02\/Jose-C--1024x683.jpg","data-width":2,"data-height":2},{"id":"2904","alt":"","title":"Jos\u00e9-C : pyramides mexicaines","description":"Jos\u00e9-C : pyramides mexicaines - Teotihuacan","halign":"center","valign":"middle","link":"","target":0,"width":2,"height":2,"togglelightbox":0,"hide_title":0,"filters":"","url":"https:\/\/www.objectifimage-95.fr\/wp-content\/uploads\/2025\/02\/Jose-C-1-Pyramides-Teotihuacan.jpg","caption":"Jos\u00e9-C : pyramides mexicaines - Teotihuacan","report":"","src":"https:\/\/www.objectifimage-95.fr\/wp-content\/uploads\/2025\/02\/Jose-C-1-Pyramides-Teotihuacan-1024x683.jpg","data-width":2,"data-height":2},{"id":"2905","alt":"","title":"Jos\u00e9-C : une cour romaine","description":"Jos\u00e9-C : une cour romaine (Rome)","halign":"center","valign":"middle","link":"","target":0,"width":2,"height":2,"togglelightbox":0,"hide_title":0,"filters":"","url":"https:\/\/www.objectifimage-95.fr\/wp-content\/uploads\/2025\/02\/Jose-C-2-Cour-romaine.jpg","caption":"Jos\u00e9-C : une cour romaine (Rome)","report":"","src":"https:\/\/www.objectifimage-95.fr\/wp-content\/uploads\/2025\/02\/Jose-C-2-Cour-romaine-681x1024.jpg","data-width":2,"data-height":2},{"id":"2906","alt":"","title":"Jos\u00e9-C : dans le centre culturel du Soisy","description":"Jos\u00e9-C : dans le centre culturel du Soisy en construction (mai 2022)","halign":"center","valign":"middle","link":"","target":0,"width":2,"height":2,"togglelightbox":0,"hide_title":0,"filters":"","url":"https:\/\/www.objectifimage-95.fr\/wp-content\/uploads\/2025\/02\/Jose-C-3-Dans-le-Centre-culturel-de-Soisy.jpg","caption":"Jos\u00e9-C : dans le centre culturel du Soisy en construction (mai 2022)","report":"","src":"https:\/\/www.objectifimage-95.fr\/wp-content\/uploads\/2025\/02\/Jose-C-3-Dans-le-Centre-culturel-de-Soisy-684x1024.jpg","data-width":2,"data-height":2},{"id":"2907","alt":"","title":"Jos\u00e9-C : philarmonie","description":"Jos\u00e9-C : philarmonie de Paris (La Villette)","halign":"center","valign":"middle","link":"","target":0,"width":2,"height":2,"togglelightbox":0,"hide_title":0,"filters":"","url":"https:\/\/www.objectifimage-95.fr\/wp-content\/uploads\/2025\/02\/Jose-C-4-Philarmonie.jpg","caption":"Jos\u00e9-C : philarmonie de Paris (La Villette)","report":"","src":"https:\/\/www.objectifimage-95.fr\/wp-content\/uploads\/2025\/02\/Jose-C-4-Philarmonie-683x1024.jpg","data-width":2,"data-height":2},{"id":"2908","alt":"","title":"Jos\u00e9-C : entr\u00e9e du cimeti\u00e8re de Montmartre","description":"Jos\u00e9-C : entr\u00e9e du cimeti\u00e8re de Montmartre. Vers la rue Caulaincourt","halign":"center","valign":"middle","link":"","target":0,"width":2,"height":2,"togglelightbox":0,"hide_title":0,"filters":"","url":"https:\/\/www.objectifimage-95.fr\/wp-content\/uploads\/2025\/02\/Jose-C-5-Avant-entree-cimetiere-de-Montmartre.jpg","caption":"Jos\u00e9-C : entr\u00e9e du cimeti\u00e8re de Montmartre. Vers la rue Caulaincourt","report":"","src":"https:\/\/www.objectifimage-95.fr\/wp-content\/uploads\/2025\/02\/Jose-C-5-Avant-entree-cimetiere-de-Montmartre-718x1024.jpg","data-width":2,"data-height":2},{"id":"2909","alt":"","title":"Pascale-B-","description":"","halign":"center","valign":"middle","link":"","target":0,"width":2,"height":2,"togglelightbox":0,"hide_title":0,"filters":"","url":"https:\/\/www.objectifimage-95.fr\/wp-content\/uploads\/2025\/02\/Pascale-B-.jpg","caption":"","report":"","src":"https:\/\/www.objectifimage-95.fr\/wp-content\/uploads\/2025\/02\/Pascale-B--1024x683.jpg","data-width":2,"data-height":2},{"id":"2910","alt":"","title":"Pascale-B- Etonnants voyageurs","description":"Pascale-B- Etonnants voyageurs","halign":"center","valign":"middle","link":"","target":0,"width":2,"height":2,"togglelightbox":0,"hide_title":0,"filters":"","url":"https:\/\/www.objectifimage-95.fr\/wp-content\/uploads\/2025\/02\/Pascale-B-Etonnants-voyageurs-01.jpg","caption":"Pascale-B- Etonnants voyageurs","report":"","src":"https:\/\/www.objectifimage-95.fr\/wp-content\/uploads\/2025\/02\/Pascale-B-Etonnants-voyageurs-01-684x1024.jpg","data-width":2,"data-height":2},{"id":"2911","alt":"","title":"Pascale-B- Etonnants voyageurs 02","description":"Pascale-B- Etonnants voyageurs 02","halign":"center","valign":"middle","link":"","target":0,"width":2,"height":2,"togglelightbox":0,"hide_title":0,"filters":"","url":"https:\/\/www.objectifimage-95.fr\/wp-content\/uploads\/2025\/02\/Pascale-B-Etonnants-voyageurs-02.jpg","caption":"Pascale-B- Etonnants voyageurs 02","report":"","src":"https:\/\/www.objectifimage-95.fr\/wp-content\/uploads\/2025\/02\/Pascale-B-Etonnants-voyageurs-02-1024x683.jpg","data-width":2,"data-height":2},{"id":"2912","alt":"","title":"Pascale-B- Etonnants voyageurs 03","description":"Pascale-B- Etonnants voyageurs 03","halign":"center","valign":"middle","link":"","target":0,"width":2,"height":2,"togglelightbox":0,"hide_title":0,"filters":"","url":"https:\/\/www.objectifimage-95.fr\/wp-content\/uploads\/2025\/02\/Pascale-B-Etonnants-voyageurs-03.jpg","caption":"Pascale-B- Etonnants voyageurs 03","report":"","src":"https:\/\/www.objectifimage-95.fr\/wp-content\/uploads\/2025\/02\/Pascale-B-Etonnants-voyageurs-03-1024x683.jpg","data-width":2,"data-height":2},{"id":"2913","alt":"","title":"Pascale-B- Etonnants voyageurs 04","description":"Pascale-B- Etonnants voyageurs 04","halign":"center","valign":"middle","link":"","target":0,"width":2,"height":2,"togglelightbox":0,"hide_title":0,"filters":"","url":"https:\/\/www.objectifimage-95.fr\/wp-content\/uploads\/2025\/02\/Pascale-B-Etonnants-voyageurs-04.jpg","caption":"Pascale-B- Etonnants voyageurs 04","report":"","src":"https:\/\/www.objectifimage-95.fr\/wp-content\/uploads\/2025\/02\/Pascale-B-Etonnants-voyageurs-04-1024x683.jpg","data-width":2,"data-height":2},{"id":"2914","alt":"","title":"Pascale-B- Etonnants voyageurs 05","description":"Pascale-B- Etonnants voyageurs 05","halign":"center","valign":"middle","link":"","target":0,"width":2,"height":2,"togglelightbox":0,"hide_title":0,"filters":"","url":"https:\/\/www.objectifimage-95.fr\/wp-content\/uploads\/2025\/02\/Pascale-B-Etonnants-voyageurs-05.jpg","caption":"Pascale-B- Etonnants voyageurs 05","report":"","src":"https:\/\/www.objectifimage-95.fr\/wp-content\/uploads\/2025\/02\/Pascale-B-Etonnants-voyageurs-05-1024x683.jpg","data-width":2,"data-height":2},{"id":"2915","alt":"","title":"Pascale-B- Etonnants voyageurs 06","description":"Pascale-B- Etonnants voyageurs 06","halign":"center","valign":"middle","link":"","target":0,"width":2,"height":2,"togglelightbox":0,"hide_title":0,"filters":"","url":"https:\/\/www.objectifimage-95.fr\/wp-content\/uploads\/2025\/02\/Pascale-B-Etonnants-voyageurs-06.jpg","caption":"Pascale-B- Etonnants voyageurs 06","report":"","src":"https:\/\/www.objectifimage-95.fr\/wp-content\/uploads\/2025\/02\/Pascale-B-Etonnants-voyageurs-06-1024x683.jpg","data-width":2,"data-height":2},{"id":"2916","alt":"","title":"Philiipe-Hq-","description":"","halign":"center","valign":"middle","link":"","target":0,"width":2,"height":2,"togglelightbox":0,"hide_title":0,"filters":"","url":"https:\/\/www.objectifimage-95.fr\/wp-content\/uploads\/2025\/02\/Philiipe-Hq-.jpg","caption":"","report":"","src":"https:\/\/www.objectifimage-95.fr\/wp-content\/uploads\/2025\/02\/Philiipe-Hq--1024x683.jpg","data-width":2,"data-height":2},{"id":"2917","alt":"","title":"Philippe-Hq-en-descendant-de-la-butte-montmartre","description":"","halign":"center","valign":"middle","link":"","target":0,"width":2,"height":2,"togglelightbox":0,"hide_title":0,"filters":"","url":"https:\/\/www.objectifimage-95.fr\/wp-content\/uploads\/2025\/02\/Philippe-Hq-en-descendant-de-la-butte-montmartre.jpeg","caption":"","report":"","src":"https:\/\/www.objectifimage-95.fr\/wp-content\/uploads\/2025\/02\/Philippe-Hq-en-descendant-de-la-butte-montmartre-768x1024.jpeg","data-width":2,"data-height":2},{"id":"2918","alt":"","title":"Philippe-Hq-escalier-interieur","description":"","halign":"center","valign":"middle","link":"","target":0,"width":2,"height":2,"togglelightbox":0,"hide_title":0,"filters":"","url":"https:\/\/www.objectifimage-95.fr\/wp-content\/uploads\/2025\/02\/Philippe-Hq-escalier-interieur.jpeg","caption":"","report":"","src":"https:\/\/www.objectifimage-95.fr\/wp-content\/uploads\/2025\/02\/Philippe-Hq-escalier-interieur-1024x733.jpeg","data-width":2,"data-height":2},{"id":"2919","alt":"","title":"Philippe-Hq-escalier-rocher-du-lion-Sigiriya","description":"","halign":"center","valign":"middle","link":"","target":0,"width":2,"height":2,"togglelightbox":0,"hide_title":0,"filters":"","url":"https:\/\/www.objectifimage-95.fr\/wp-content\/uploads\/2025\/02\/Philippe-Hq-escalier-rocher-du-lion-Sigiriya.jpeg","caption":"","report":"","src":"https:\/\/www.objectifimage-95.fr\/wp-content\/uploads\/2025\/02\/Philippe-Hq-escalier-rocher-du-lion-Sigiriya-1024x768.jpeg","data-width":2,"data-height":2},{"id":"2920","alt":"","title":"Philippe-Hq-Les-marches-du-rocher-de-Sigiriya","description":"","halign":"center","valign":"middle","link":"","target":0,"width":2,"height":2,"togglelightbox":0,"hide_title":0,"filters":"","url":"https:\/\/www.objectifimage-95.fr\/wp-content\/uploads\/2025\/02\/Philippe-Hq-Les-marches-du-rocher-de-Sigiriya.jpeg","caption":"","report":"","src":"https:\/\/www.objectifimage-95.fr\/wp-content\/uploads\/2025\/02\/Philippe-Hq-Les-marches-du-rocher-de-Sigiriya-1024x768.jpeg","data-width":2,"data-height":2},{"id":"2921","alt":"","title":"Philippe-Hq-Vers-le-sacre-coeur","description":"","halign":"center","valign":"middle","link":"","target":0,"width":2,"height":2,"togglelightbox":0,"hide_title":0,"filters":"","url":"https:\/\/www.objectifimage-95.fr\/wp-content\/uploads\/2025\/02\/Philippe-Hq-Vers-le-sacre-coeur.jpeg","caption":"","report":"","src":"https:\/\/www.objectifimage-95.fr\/wp-content\/uploads\/2025\/02\/Philippe-Hq-Vers-le-sacre-coeur-768x1024.jpeg","data-width":2,"data-height":2},{"id":"2922","alt":"","title":"Rolande-D-","description":"","halign":"center","valign":"middle","link":"","target":0,"width":2,"height":2,"togglelightbox":0,"hide_title":0,"filters":"","url":"https:\/\/www.objectifimage-95.fr\/wp-content\/uploads\/2025\/02\/Rolande-D-1-1.jpg","caption":"","report":"","src":"https:\/\/www.objectifimage-95.fr\/wp-content\/uploads\/2025\/02\/Rolande-D-1-1-1024x683.jpg","data-width":2,"data-height":2},{"id":"2923","alt":"","title":"Rolande-D-style photographique","description":"Rolande-D-Vertugadin \u00e0 Villarceaux-","halign":"center","valign":"middle","link":"","target":0,"width":2,"height":2,"togglelightbox":0,"hide_title":0,"filters":"","url":"https:\/\/www.objectifimage-95.fr\/wp-content\/uploads\/2025\/02\/Rolande-D-1.jpg","caption":"Rolande-D-Vertugadin \u00e0 Villarceaux-","report":"","src":"https:\/\/www.objectifimage-95.fr\/wp-content\/uploads\/2025\/02\/Rolande-D-1-1024x643.jpg","data-width":2,"data-height":2},{"id":"2924","alt":"","title":"Rolande-D-style photographique","description":"Rolande-D-Monte, tu verras Montmartre","halign":"center","valign":"middle","link":"","target":0,"width":2,"height":2,"togglelightbox":0,"hide_title":0,"filters":"","url":"https:\/\/www.objectifimage-95.fr\/wp-content\/uploads\/2025\/02\/Rolande-D-2.jpg","caption":"Rolande-D-Monte, tu verras Montmartre","report":"","src":"https:\/\/www.objectifimage-95.fr\/wp-content\/uploads\/2025\/02\/Rolande-D-2-1024x1018.jpg","data-width":2,"data-height":2},{"id":"2925","alt":"","title":"Rolande-D-style photographique","description":"Rolande-D-Aux Cinque Terre","halign":"center","valign":"middle","link":"","target":0,"width":2,"height":2,"togglelightbox":0,"hide_title":0,"filters":"","url":"https:\/\/www.objectifimage-95.fr\/wp-content\/uploads\/2025\/02\/Rolande-D-3.jpg","caption":"Rolande-D-Aux Cinque Terre","report":"","src":"https:\/\/www.objectifimage-95.fr\/wp-content\/uploads\/2025\/02\/Rolande-D-3-684x1024.jpg","data-width":2,"data-height":2},{"id":"2926","alt":"","title":"Rolande-D-style photographique","description":"Rolande-D-M\u00e9ditation","halign":"center","valign":"middle","link":"","target":0,"width":2,"height":2,"togglelightbox":0,"hide_title":0,"filters":"","url":"https:\/\/www.objectifimage-95.fr\/wp-content\/uploads\/2025\/02\/Rolande-D-4.jpg","caption":"Rolande-D-M\u00e9ditation","report":"","src":"https:\/\/www.objectifimage-95.fr\/wp-content\/uploads\/2025\/02\/Rolande-D-4-1024x634.jpg","data-width":2,"data-height":2},{"id":"2927","alt":"","title":"Rolande-D-style photographique","description":"Rolande-D-Corniglia ile des Cinque Terre","halign":"center","valign":"middle","link":"","target":0,"width":2,"height":2,"togglelightbox":0,"hide_title":0,"filters":"","url":"https:\/\/www.objectifimage-95.fr\/wp-content\/uploads\/2025\/02\/Rolande-D-5.jpg","caption":"Rolande-D-Corniglia ile des Cinque Terre","report":"","src":"https:\/\/www.objectifimage-95.fr\/wp-content\/uploads\/2025\/02\/Rolande-D-5-1024x684.jpg","data-width":2,"data-height":2},{"id":"2928","alt":"","title":"Rolande-D-style photographique","description":"Rolande-D-Escaliers sur le Canal de l'OUrq","halign":"center","valign":"middle","link":"","target":0,"width":2,"height":2,"togglelightbox":0,"hide_title":0,"filters":"","url":"https:\/\/www.objectifimage-95.fr\/wp-content\/uploads\/2025\/02\/Rolande-D-6.jpg","caption":"Rolande-D-Escaliers sur le Canal de l'OUrq","report":"","src":"https:\/\/www.objectifimage-95.fr\/wp-content\/uploads\/2025\/02\/Rolande-D-6-1024x626.jpg","data-width":2,"data-height":2}],"yoast_head":"<!-- This site is optimized with the Yoast SEO plugin v27.5 - https:\/\/yoast.com\/product\/yoast-seo-wordpress\/ -->\n<title>G-STY-2023-12-les-escaliers - Objectif Image 95<\/title>\n<meta name=\"robots\" content=\"index, follow, max-snippet:-1, max-image-preview:large, max-video-preview:-1\" \/>\n<link rel=\"canonical\" href=\"https:\/\/www.objectifimage-95.fr\/index.php\/modula-gallery\/g-sty-2023-12-les-escaliers\/\" \/>\n<meta property=\"og:locale\" content=\"fr_FR\" \/>\n<meta property=\"og:type\" content=\"article\" \/>\n<meta property=\"og:title\" content=\"G-STY-2023-12-les-escaliers - Objectif Image 95\" \/>\n<meta property=\"og:url\" content=\"https:\/\/www.objectifimage-95.fr\/index.php\/modula-gallery\/g-sty-2023-12-les-escaliers\/\" \/>\n<meta property=\"og:site_name\" content=\"Objectif Image 95\" \/>\n<meta property=\"article:modified_time\" content=\"2025-02-26T10:04:56+00:00\" \/>\n<meta name=\"twitter:card\" content=\"summary_large_image\" \/>\n<script type=\"application\/ld+json\" class=\"yoast-schema-graph\">{\"@context\":\"https:\\\/\\\/schema.org\",\"@graph\":[{\"@type\":\"WebPage\",\"@id\":\"https:\\\/\\\/www.objectifimage-95.fr\\\/index.php\\\/modula-gallery\\\/g-sty-2023-12-les-escaliers\\\/\",\"url\":\"https:\\\/\\\/www.objectifimage-95.fr\\\/index.php\\\/modula-gallery\\\/g-sty-2023-12-les-escaliers\\\/\",\"name\":\"G-STY-2023-12-les-escaliers - Objectif Image 95\",\"isPartOf\":{\"@id\":\"https:\\\/\\\/www.objectifimage-95.fr\\\/#website\"},\"datePublished\":\"2025-02-08T09:40:21+00:00\",\"dateModified\":\"2025-02-26T10:04:56+00:00\",\"breadcrumb\":{\"@id\":\"https:\\\/\\\/www.objectifimage-95.fr\\\/index.php\\\/modula-gallery\\\/g-sty-2023-12-les-escaliers\\\/#breadcrumb\"},\"inLanguage\":\"fr-FR\",\"potentialAction\":[{\"@type\":\"ReadAction\",\"target\":[\"https:\\\/\\\/www.objectifimage-95.fr\\\/index.php\\\/modula-gallery\\\/g-sty-2023-12-les-escaliers\\\/\"]}]},{\"@type\":\"BreadcrumbList\",\"@id\":\"https:\\\/\\\/www.objectifimage-95.fr\\\/index.php\\\/modula-gallery\\\/g-sty-2023-12-les-escaliers\\\/#breadcrumb\",\"itemListElement\":[{\"@type\":\"ListItem\",\"position\":1,\"name\":\"Accueil\",\"item\":\"https:\\\/\\\/www.objectifimage-95.fr\\\/\"},{\"@type\":\"ListItem\",\"position\":2,\"name\":\"G-STY-2023-12-les-escaliers\"}]},{\"@type\":\"WebSite\",\"@id\":\"https:\\\/\\\/www.objectifimage-95.fr\\\/#website\",\"url\":\"https:\\\/\\\/www.objectifimage-95.fr\\\/\",\"name\":\"Objectif Image-95\",\"description\":\"Photo club de Soisy-sous-Montmorency\",\"publisher\":{\"@id\":\"https:\\\/\\\/www.objectifimage-95.fr\\\/#organization\"},\"potentialAction\":[{\"@type\":\"SearchAction\",\"target\":{\"@type\":\"EntryPoint\",\"urlTemplate\":\"https:\\\/\\\/www.objectifimage-95.fr\\\/?s={search_term_string}\"},\"query-input\":{\"@type\":\"PropertyValueSpecification\",\"valueRequired\":true,\"valueName\":\"search_term_string\"}}],\"inLanguage\":\"fr-FR\"},{\"@type\":\"Organization\",\"@id\":\"https:\\\/\\\/www.objectifimage-95.fr\\\/#organization\",\"name\":\"Objectif Image-95\",\"url\":\"https:\\\/\\\/www.objectifimage-95.fr\\\/\",\"logo\":{\"@type\":\"ImageObject\",\"inLanguage\":\"fr-FR\",\"@id\":\"https:\\\/\\\/www.objectifimage-95.fr\\\/#\\\/schema\\\/logo\\\/image\\\/\",\"url\":\"https:\\\/\\\/www.objectifimage-95.fr\\\/wp-content\\\/uploads\\\/2025\\\/01\\\/Logo-520px.png\",\"contentUrl\":\"https:\\\/\\\/www.objectifimage-95.fr\\\/wp-content\\\/uploads\\\/2025\\\/01\\\/Logo-520px.png\",\"width\":520,\"height\":343,\"caption\":\"Objectif Image-95\"},\"image\":{\"@id\":\"https:\\\/\\\/www.objectifimage-95.fr\\\/#\\\/schema\\\/logo\\\/image\\\/\"}}]}<\/script>\n<!-- \/ Yoast SEO plugin. -->","yoast_head_json":{"title":"G-STY-2023-12-les-escaliers - Objectif Image 95","robots":{"index":"index","follow":"follow","max-snippet":"max-snippet:-1","max-image-preview":"max-image-preview:large","max-video-preview":"max-video-preview:-1"},"canonical":"https:\/\/www.objectifimage-95.fr\/index.php\/modula-gallery\/g-sty-2023-12-les-escaliers\/","og_locale":"fr_FR","og_type":"article","og_title":"G-STY-2023-12-les-escaliers - Objectif Image 95","og_url":"https:\/\/www.objectifimage-95.fr\/index.php\/modula-gallery\/g-sty-2023-12-les-escaliers\/","og_site_name":"Objectif Image 95","article_modified_time":"2025-02-26T10:04:56+00:00","twitter_card":"summary_large_image","schema":{"@context":"https:\/\/schema.org","@graph":[{"@type":"WebPage","@id":"https:\/\/www.objectifimage-95.fr\/index.php\/modula-gallery\/g-sty-2023-12-les-escaliers\/","url":"https:\/\/www.objectifimage-95.fr\/index.php\/modula-gallery\/g-sty-2023-12-les-escaliers\/","name":"G-STY-2023-12-les-escaliers - Objectif Image 95","isPartOf":{"@id":"https:\/\/www.objectifimage-95.fr\/#website"},"datePublished":"2025-02-08T09:40:21+00:00","dateModified":"2025-02-26T10:04:56+00:00","breadcrumb":{"@id":"https:\/\/www.objectifimage-95.fr\/index.php\/modula-gallery\/g-sty-2023-12-les-escaliers\/#breadcrumb"},"inLanguage":"fr-FR","potentialAction":[{"@type":"ReadAction","target":["https:\/\/www.objectifimage-95.fr\/index.php\/modula-gallery\/g-sty-2023-12-les-escaliers\/"]}]},{"@type":"BreadcrumbList","@id":"https:\/\/www.objectifimage-95.fr\/index.php\/modula-gallery\/g-sty-2023-12-les-escaliers\/#breadcrumb","itemListElement":[{"@type":"ListItem","position":1,"name":"Accueil","item":"https:\/\/www.objectifimage-95.fr\/"},{"@type":"ListItem","position":2,"name":"G-STY-2023-12-les-escaliers"}]},{"@type":"WebSite","@id":"https:\/\/www.objectifimage-95.fr\/#website","url":"https:\/\/www.objectifimage-95.fr\/","name":"Objectif Image-95","description":"Photo club de Soisy-sous-Montmorency","publisher":{"@id":"https:\/\/www.objectifimage-95.fr\/#organization"},"potentialAction":[{"@type":"SearchAction","target":{"@type":"EntryPoint","urlTemplate":"https:\/\/www.objectifimage-95.fr\/?s={search_term_string}"},"query-input":{"@type":"PropertyValueSpecification","valueRequired":true,"valueName":"search_term_string"}}],"inLanguage":"fr-FR"},{"@type":"Organization","@id":"https:\/\/www.objectifimage-95.fr\/#organization","name":"Objectif Image-95","url":"https:\/\/www.objectifimage-95.fr\/","logo":{"@type":"ImageObject","inLanguage":"fr-FR","@id":"https:\/\/www.objectifimage-95.fr\/#\/schema\/logo\/image\/","url":"https:\/\/www.objectifimage-95.fr\/wp-content\/uploads\/2025\/01\/Logo-520px.png","contentUrl":"https:\/\/www.objectifimage-95.fr\/wp-content\/uploads\/2025\/01\/Logo-520px.png","width":520,"height":343,"caption":"Objectif Image-95"},"image":{"@id":"https:\/\/www.objectifimage-95.fr\/#\/schema\/logo\/image\/"}}]}},"jetpack_sharing_enabled":true,"_links":{"self":[{"href":"https:\/\/www.objectifimage-95.fr\/index.php\/wp-json\/wp\/v2\/modula-gallery\/2824","targetHints":{"allow":["GET"]}}],"collection":[{"href":"https:\/\/www.objectifimage-95.fr\/index.php\/wp-json\/wp\/v2\/modula-gallery"}],"about":[{"href":"https:\/\/www.objectifimage-95.fr\/index.php\/wp-json\/wp\/v2\/types\/modula-gallery"}],"wp:attachment":[{"href":"https:\/\/www.objectifimage-95.fr\/index.php\/wp-json\/wp\/v2\/media?parent=2824"}],"curies":[{"name":"wp","href":"https:\/\/api.w.org\/{rel}","templated":true}]}}