{"id":2813,"date":"2025-02-08T10:28:49","date_gmt":"2025-02-08T09:28:49","guid":{"rendered":"https:\/\/www.objectifimage-95.fr\/?modula-gallery=2025-01-les-sports-3-2-2-2-2-2-2"},"modified":"2025-02-26T11:05:57","modified_gmt":"2025-02-26T10:05:57","slug":"2025-01-les-sports-3-2-2-2-2-2-2","status":"publish","type":"modula-gallery","link":"https:\/\/www.objectifimage-95.fr\/index.php\/modula-gallery\/2025-01-les-sports-3-2-2-2-2-2-2\/","title":{"rendered":"G-CHA-2024-03-La musique"},"template":"","class_list":["post-2813","modula-gallery","type-modula-gallery","status-publish","hentry","entry"],"modulaSettings":{"type":"grid","width":"100%","height":[800,800,800],"randomFactor":50,"lightbox":"fancybox","show_navigation":true,"shuffle":"0","titleColor":"#ffffff","captionColor":"#ffffff","hide_title":true,"hide_description":"0","captionFontSize":14,"titleFontSize":16,"mobileCaptionFontSize":10,"mobileTitleFontSize":12,"enableSocial":"0","enableFacebook":"0","enableLinkedin":"0","enablePinterest":"0","enableTwitter":"0","enableWhatsapp":"0","enableEmail":"0","emailSubject":"Check out this awesome image !!","emailMessage":"Here is the link to the image : %%image_link%% and this is the link to the gallery : %%gallery_link%%","filterClick":"0","socialIconColor":"#ffffff","socialIconSize":16,"socialIconPadding":10,"loadedScale":100,"inView":"0","cursor":"zoom-in","effect":"pufrobo","borderColor":"#ffffff","borderRadius":0,"borderSize":0,"shadowColor":"#ffffff","shadowSize":0,"script":"","style":"","columns":6,"gutter":10,"mobile_gutter":10,"tablet_gutter":10,"lazy_load":true,"grid_type":"5","grid_image_size":"medium","grid_image_crop":"0","grid_image_dimensions":{"width":0,"height":0},"img_size":200,"grid_row_height":250,"grid_justify_last_row":"justify","enable_responsive":"0","last_visited_tab":"modula-captions","maxImagesCount":"0","maxImagesCount_mobile":"0","showAllOnLightbox":"0","filters":[""],"allFilterLabel":"All","dropdownFilters":"0","loadedRotate":0,"loadedHSlide":0,"loadedVSlide":0,"hoverColor":"#ffffff","uploadCursor":"0","hoverOpacity":50,"hideAllFilter":"0","enableCollapsibleFilters":"0","enableMobileDropdownFilters":"0","filterPositioning":"top","filterTextAlignment":"none","defaultActiveFilter":"All","filterLinkColor":"","filterLinkHoverColor":"","filterStyle":"default","showTitleLightbox":true,"showCaptionLightbox":true,"captionPosition":"left","show_gallery_title":"0","gallery_title_type":"p","titleFontWeight":"400","captionFontWeight":"normal","collapsibleActionText":"Filter by","open_Lightbox_on":"both","loop_lightbox":"0","doubleClick":"0","mobile_caption_copy":true,"lightbox_background_color":"rgba(30,30,30,.9)","lightbox_keyboard":true,"lightbox_wheel":"0","lightbox_toolbar":true,"lightbox_close":true,"lightbox_download":"0","lightbox_thumbs":true,"lightbox_zoom":true,"lightbox_infobar":true,"lightbox_dblclickSlide":0,"lightbox_clickSlide":"0","lightbox_animationEffect":"false","lightbox_transitionEffect":"fade","lightbox_touch":"0","lightbox_thumbsAutoStart":"0","enable_password":0,"password ":"","password_protect_username ":"","password_protect_text ":"","img_crop":true,"lightbox_share":"0","lightbox_facebook":"0","lightbox_twitter":"0","lightbox_pinterest":"0","lightbox_whatsapp":"0","lightbox_linkedin":"0","lightbox_email":"0","lightboxEmailSubject":"Check out this awesome image !!","lightboxEmailMessage":"Here is the link to the image : %%image_link%% and this is the link to the gallery : %%gallery_link%%","lightbox_thumbsPosition":"bottom","titleFontFamily":"Default","captionsFontFamily":"Default","helper-message":"","tablet_columns":2,"mobile_columns":1,"upload_position":"end"},"modulaImages":[{"id":"2814","alt":"","title":"Challenge Mars 2024 : La musique &#8211; 1Er Michel G","description":"Challenge Mars 2024 : La musique - 1Er Michel G","halign":"center","valign":"middle","link":"","target":0,"width":2,"height":2,"togglelightbox":0,"hide_title":0,"filters":"","url":"https:\/\/www.objectifimage-95.fr\/wp-content\/uploads\/2025\/02\/00-2024-03-Photo-Du-Mois-de-Mars-2024.jpg","caption":"Challenge Mars 2024 : La musique - 1Er Michel G","report":"","src":"https:\/\/www.objectifimage-95.fr\/wp-content\/uploads\/2025\/02\/00-2024-03-Photo-Du-Mois-de-Mars-2024-1024x498.jpg","data-width":2,"data-height":2},{"id":"2815","alt":"","title":"Challenge Mars 2024 &#8211; Le Podium","description":"Challenge Mars 2024 - Le Podium : 1) Michel G, 2) Gilles D, 3) Marc P","halign":"center","valign":"middle","link":"","target":0,"width":2,"height":2,"togglelightbox":0,"hide_title":0,"filters":"","url":"https:\/\/www.objectifimage-95.fr\/wp-content\/uploads\/2025\/02\/00-Podium-Mars-2024-00-01.jpg","caption":"Challenge Mars 2024 - Le Podium : 1) Michel G, 2) Gilles D, 3) Marc P","report":"","src":"https:\/\/www.objectifimage-95.fr\/wp-content\/uploads\/2025\/02\/00-Podium-Mars-2024-00-01-1024x576.jpg","data-width":2,"data-height":2},{"id":"2816","alt":"","title":"04-Marc-P Musique","description":"","halign":"center","valign":"middle","link":"","target":0,"width":2,"height":2,"togglelightbox":0,"hide_title":0,"filters":"","url":"https:\/\/www.objectifimage-95.fr\/wp-content\/uploads\/2025\/02\/04-Marc-P-Musique.jpg","caption":"","report":"","src":"https:\/\/www.objectifimage-95.fr\/wp-content\/uploads\/2025\/02\/04-Marc-P-Musique-1024x683.jpg","data-width":2,"data-height":2},{"id":"2817","alt":"","title":"Sylvie-M-Flute","description":"Ev\u00e8nement Samoura\u00ef Japon","halign":"center","valign":"middle","link":"","target":0,"width":2,"height":2,"togglelightbox":0,"hide_title":0,"filters":"","url":"https:\/\/www.objectifimage-95.fr\/wp-content\/uploads\/2025\/02\/08-Sylvie-M-flute.jpg","caption":"Ev\u00e8nement Samoura\u00ef Japon","report":"","src":"https:\/\/www.objectifimage-95.fr\/wp-content\/uploads\/2025\/02\/08-Sylvie-M-flute-1024x655.jpg","data-width":2,"data-height":2},{"id":"2818","alt":"","title":"Edouard-M-Guitariste","description":"Edouard-M-Guitariste","halign":"center","valign":"middle","link":"","target":0,"width":2,"height":2,"togglelightbox":0,"hide_title":0,"filters":"","url":"https:\/\/www.objectifimage-95.fr\/wp-content\/uploads\/2025\/02\/10-Edouard-M-Guitariste.jpg","caption":"Edouard-M-Guitariste","report":"","src":"https:\/\/www.objectifimage-95.fr\/wp-content\/uploads\/2025\/02\/10-Edouard-M-Guitariste-683x1024.jpg","data-width":2,"data-height":2},{"id":"2819","alt":"","title":"12-Philippe H-le trompetsite","description":"","halign":"center","valign":"middle","link":"","target":0,"width":2,"height":2,"togglelightbox":0,"hide_title":0,"filters":"","url":"https:\/\/www.objectifimage-95.fr\/wp-content\/uploads\/2025\/02\/12-Philippe-H-le-trompetsite.jpeg","caption":"","report":"","src":"https:\/\/www.objectifimage-95.fr\/wp-content\/uploads\/2025\/02\/12-Philippe-H-le-trompetsite-1024x905.jpeg","data-width":2,"data-height":2},{"id":"2820","alt":"","title":"Christian-V- Le Baryton","description":"Christian-V- Le Baryton","halign":"center","valign":"middle","link":"","target":0,"width":2,"height":2,"togglelightbox":0,"hide_title":0,"filters":"","url":"https:\/\/www.objectifimage-95.fr\/wp-content\/uploads\/2025\/02\/13-Christian-V-Le-Baryton.jpg","caption":"Christian-V- Le Baryton","report":"","src":"https:\/\/www.objectifimage-95.fr\/wp-content\/uploads\/2025\/02\/13-Christian-V-Le-Baryton-772x1024.jpg","data-width":2,"data-height":2},{"id":"2821","alt":"","title":"C\u00e9line_D_musique","description":"C\u00e9line_D_musique","halign":"center","valign":"middle","link":"","target":0,"width":2,"height":2,"togglelightbox":0,"hide_title":0,"filters":"","url":"https:\/\/www.objectifimage-95.fr\/wp-content\/uploads\/2025\/02\/15-Celine_D_Musique.jpg","caption":"C\u00e9line_D_musique","report":"","src":"https:\/\/www.objectifimage-95.fr\/wp-content\/uploads\/2025\/02\/15-Celine_D_Musique-1024x683.jpg","data-width":2,"data-height":2},{"id":"2822","alt":"","title":"Gilles-D-L&rsquo;accord\u00e9oniste","description":"Gilles-D-F\u00eate de la Musique \u00e0 Soisy en Juin 2023","halign":"center","valign":"middle","link":"","target":0,"width":2,"height":2,"togglelightbox":0,"hide_title":0,"filters":"","url":"https:\/\/www.objectifimage-95.fr\/wp-content\/uploads\/2025\/02\/16-Gilles-D-Laccordeoniste.jpg","caption":"Gilles-D-F\u00eate de la Musique \u00e0 Soisy en Juin 2023","report":"","src":"https:\/\/www.objectifimage-95.fr\/wp-content\/uploads\/2025\/02\/16-Gilles-D-Laccordeoniste-1024x1024.jpg","data-width":2,"data-height":2},{"id":"2823","alt":"","title":"Pierre-Luc-K-Pop M\u00e9dieval","description":"Pierre-Luc-K-Pop M\u00e9dieval","halign":"center","valign":"middle","link":"","target":0,"width":2,"height":2,"togglelightbox":0,"hide_title":0,"filters":"","url":"https:\/\/www.objectifimage-95.fr\/wp-content\/uploads\/2025\/02\/18-Pierre-Luc-K-Pop-Medieval.jpg","caption":"Pierre-Luc-K-Pop M\u00e9dieval","report":"","src":"https:\/\/www.objectifimage-95.fr\/wp-content\/uploads\/2025\/02\/18-Pierre-Luc-K-Pop-Medieval-1024x683.jpg","data-width":2,"data-height":2},{"id":"2825","alt":"","title":"Jean-Louis B : Le Saxophoniste","description":"Jean-Louis B : Soisy F\u00eate de la Musique- 21juin 2022 : Le Saxophoniste","halign":"center","valign":"middle","link":"","target":0,"width":2,"height":2,"togglelightbox":0,"hide_title":0,"filters":"","url":"https:\/\/www.objectifimage-95.fr\/wp-content\/uploads\/2025\/02\/21-Jean-Louis-B-Le-Saxophoniste.jpg","caption":"Jean-Louis B : Soisy F\u00eate de la Musique- 21juin 2022 : Le Saxophoniste","report":"","src":"https:\/\/www.objectifimage-95.fr\/wp-content\/uploads\/2025\/02\/21-Jean-Louis-B-Le-Saxophoniste-819x1024.jpg","data-width":2,"data-height":2},{"id":"2826","alt":"","title":"Herv\u00e9-D-Sacophoniste","description":"Herv\u00e9-D-Sacophoniste","halign":"center","valign":"middle","link":"","target":0,"width":2,"height":2,"togglelightbox":0,"hide_title":0,"filters":"","url":"https:\/\/www.objectifimage-95.fr\/wp-content\/uploads\/2025\/02\/23-Herve-D-Musique.jpg","caption":"Herv\u00e9-D-Sacophoniste","report":"","src":"https:\/\/www.objectifimage-95.fr\/wp-content\/uploads\/2025\/02\/23-Herve-D-Musique-1024x683.jpg","data-width":2,"data-height":2},{"id":"2827","alt":"","title":"Hilde-H-musique","description":"Hilde-H-musique","halign":"center","valign":"middle","link":"","target":0,"width":2,"height":2,"togglelightbox":0,"hide_title":0,"filters":"","url":"https:\/\/www.objectifimage-95.fr\/wp-content\/uploads\/2025\/02\/24-Hilde-H-musique.jpg","caption":"Hilde-H-musique","report":"","src":"https:\/\/www.objectifimage-95.fr\/wp-content\/uploads\/2025\/02\/24-Hilde-H-musique-1024x683.jpg","data-width":2,"data-height":2},{"id":"2828","alt":"","title":"Jos\u00e9-C : balades musicales","description":"Jos\u00e9-C : balades musicales - Enghien les Bains","halign":"center","valign":"middle","link":"","target":0,"width":2,"height":2,"togglelightbox":0,"hide_title":0,"filters":"","url":"https:\/\/www.objectifimage-95.fr\/wp-content\/uploads\/2025\/02\/25-Jose-C-Challege-Mars-2024-V2.jpg","caption":"Jos\u00e9-C : balades musicales - Enghien les Bains","report":"","src":"https:\/\/www.objectifimage-95.fr\/wp-content\/uploads\/2025\/02\/25-Jose-C-Challege-Mars-2024-V2-1024x546.jpg","data-width":2,"data-height":2},{"id":"2830","alt":"","title":"26-Pascale-H-Echapp\u00e9e musicale","description":"","halign":"center","valign":"middle","link":"","target":0,"width":2,"height":2,"togglelightbox":0,"hide_title":0,"filters":"","url":"https:\/\/www.objectifimage-95.fr\/wp-content\/uploads\/2025\/02\/26-Pascale-H-Echappee-musicale.jpeg","caption":"","report":"","src":"https:\/\/www.objectifimage-95.fr\/wp-content\/uploads\/2025\/02\/26-Pascale-H-Echappee-musicale-1024x732.jpeg","data-width":2,"data-height":2},{"id":"2831","alt":"","title":"27-Alain-L.stradivarius","description":"","halign":"center","valign":"middle","link":"","target":0,"width":2,"height":2,"togglelightbox":0,"hide_title":0,"filters":"","url":"https:\/\/www.objectifimage-95.fr\/wp-content\/uploads\/2025\/02\/27-Alain-L.stradivarius.jpg","caption":"","report":"","src":"https:\/\/www.objectifimage-95.fr\/wp-content\/uploads\/2025\/02\/27-Alain-L.stradivarius-683x1024.jpg","data-width":2,"data-height":2},{"id":"2832","alt":"","title":"Thierry-B-Musicien Piazza Navona","description":"Thierry-B-Musicien Piazza Navona","halign":"center","valign":"middle","link":"","target":0,"width":2,"height":2,"togglelightbox":0,"hide_title":0,"filters":"","url":"https:\/\/www.objectifimage-95.fr\/wp-content\/uploads\/2025\/02\/28-Thierry-B-Musicien-Piazza-Navona.jpg","caption":"Thierry-B-Musicien Piazza Navona","report":"","src":"https:\/\/www.objectifimage-95.fr\/wp-content\/uploads\/2025\/02\/28-Thierry-B-Musicien-Piazza-Navona-1024x1024.jpg","data-width":2,"data-height":2},{"id":"2833","alt":"","title":"Rolande-D-challenge-mars","description":"Rolande-D-La musique-Le troubadour \u00e0 Gerberoy","halign":"center","valign":"middle","link":"","target":0,"width":2,"height":2,"togglelightbox":0,"hide_title":0,"filters":"","url":"https:\/\/www.objectifimage-95.fr\/wp-content\/uploads\/2025\/02\/29-Rolande-D-challenge-La-musique.jpg","caption":"Rolande-D-La musique-Le troubadour \u00e0 Gerberoy","report":"","src":"https:\/\/www.objectifimage-95.fr\/wp-content\/uploads\/2025\/02\/29-Rolande-D-challenge-La-musique-1024x721.jpg","data-width":2,"data-height":2},{"id":"2834","alt":"","title":"MG-Rocker","description":"MG-F\u00eate de la musique Soisy","halign":"center","valign":"middle","link":"","target":0,"width":2,"height":2,"togglelightbox":0,"hide_title":0,"filters":"","url":"https:\/\/www.objectifimage-95.fr\/wp-content\/uploads\/2025\/02\/31-MLichel-G-Rocker.jpg","caption":"MG-F\u00eate de la musique Soisy","report":"","src":"https:\/\/www.objectifimage-95.fr\/wp-content\/uploads\/2025\/02\/31-MLichel-G-Rocker-684x1024.jpg","data-width":2,"data-height":2},{"id":"2835","alt":"","title":"Danielle-C-pianiste \u00e0 Cuba","description":"Danielle-C-pianiste \u00e0 Cuba","halign":"center","valign":"middle","link":"","target":0,"width":2,"height":2,"togglelightbox":0,"hide_title":0,"filters":"","url":"https:\/\/www.objectifimage-95.fr\/wp-content\/uploads\/2025\/02\/34-danielle-C-pianiste-a-Cuba.jpg","caption":"Danielle-C-pianiste \u00e0 Cuba","report":"","src":"https:\/\/www.objectifimage-95.fr\/wp-content\/uploads\/2025\/02\/34-danielle-C-pianiste-a-Cuba-679x1024.jpg","data-width":2,"data-height":2},{"id":"2836","alt":"","title":"Fabrice-V-Cor","description":"Fabrice-V:Un cor et sa partition entre les pneux d'un car, Su\u00e8de","halign":"center","valign":"middle","link":"","target":0,"width":2,"height":2,"togglelightbox":0,"hide_title":0,"filters":"","url":"https:\/\/www.objectifimage-95.fr\/wp-content\/uploads\/2025\/02\/36-Fabrice-V-Cor.jpg","caption":"Fabrice-V:Un cor et sa partition entre les pneux d'un car, Su\u00e8de","report":"","src":"https:\/\/www.objectifimage-95.fr\/wp-content\/uploads\/2025\/02\/36-Fabrice-V-Cor-683x1024.jpg","data-width":2,"data-height":2},{"id":"2837","alt":"","title":"Jean-Pierre.P &#8211; Concert","description":"Jean-Pierre.P - Concert Pop","halign":"center","valign":"middle","link":"","target":0,"width":2,"height":2,"togglelightbox":0,"hide_title":0,"filters":"","url":"https:\/\/www.objectifimage-95.fr\/wp-content\/uploads\/2025\/02\/37-J.Pierre.P-Concert.jpg","caption":"Jean-Pierre.P - Concert Pop","report":"","src":"https:\/\/www.objectifimage-95.fr\/wp-content\/uploads\/2025\/02\/37-J.Pierre.P-Concert-1024x683.jpg","data-width":2,"data-height":2},{"id":"2838","alt":"","title":"Pierre-P-Cuivres","description":"Pierre-P-Cuivres","halign":"center","valign":"middle","link":"","target":0,"width":2,"height":2,"togglelightbox":0,"hide_title":0,"filters":"","url":"https:\/\/www.objectifimage-95.fr\/wp-content\/uploads\/2025\/02\/41-Pierre-P-Cuivres.jpg","caption":"Pierre-P-Cuivres","report":"","src":"https:\/\/www.objectifimage-95.fr\/wp-content\/uploads\/2025\/02\/41-Pierre-P-Cuivres-1024x683.jpg","data-width":2,"data-height":2}],"yoast_head":"<!-- This site is optimized with the Yoast SEO plugin v27.5 - https:\/\/yoast.com\/product\/yoast-seo-wordpress\/ -->\n<title>G-CHA-2024-03-La musique - Objectif Image 95<\/title>\n<meta name=\"robots\" content=\"index, follow, max-snippet:-1, max-image-preview:large, max-video-preview:-1\" \/>\n<link rel=\"canonical\" href=\"https:\/\/www.objectifimage-95.fr\/index.php\/modula-gallery\/2025-01-les-sports-3-2-2-2-2-2-2\/\" \/>\n<meta property=\"og:locale\" content=\"fr_FR\" \/>\n<meta property=\"og:type\" content=\"article\" \/>\n<meta property=\"og:title\" content=\"G-CHA-2024-03-La musique - Objectif Image 95\" \/>\n<meta property=\"og:url\" content=\"https:\/\/www.objectifimage-95.fr\/index.php\/modula-gallery\/2025-01-les-sports-3-2-2-2-2-2-2\/\" \/>\n<meta property=\"og:site_name\" content=\"Objectif Image 95\" \/>\n<meta property=\"article:modified_time\" content=\"2025-02-26T10:05:57+00:00\" \/>\n<meta name=\"twitter:card\" content=\"summary_large_image\" \/>\n<script type=\"application\/ld+json\" class=\"yoast-schema-graph\">{\"@context\":\"https:\\\/\\\/schema.org\",\"@graph\":[{\"@type\":\"WebPage\",\"@id\":\"https:\\\/\\\/www.objectifimage-95.fr\\\/index.php\\\/modula-gallery\\\/2025-01-les-sports-3-2-2-2-2-2-2\\\/\",\"url\":\"https:\\\/\\\/www.objectifimage-95.fr\\\/index.php\\\/modula-gallery\\\/2025-01-les-sports-3-2-2-2-2-2-2\\\/\",\"name\":\"G-CHA-2024-03-La musique - Objectif Image 95\",\"isPartOf\":{\"@id\":\"https:\\\/\\\/www.objectifimage-95.fr\\\/#website\"},\"datePublished\":\"2025-02-08T09:28:49+00:00\",\"dateModified\":\"2025-02-26T10:05:57+00:00\",\"breadcrumb\":{\"@id\":\"https:\\\/\\\/www.objectifimage-95.fr\\\/index.php\\\/modula-gallery\\\/2025-01-les-sports-3-2-2-2-2-2-2\\\/#breadcrumb\"},\"inLanguage\":\"fr-FR\",\"potentialAction\":[{\"@type\":\"ReadAction\",\"target\":[\"https:\\\/\\\/www.objectifimage-95.fr\\\/index.php\\\/modula-gallery\\\/2025-01-les-sports-3-2-2-2-2-2-2\\\/\"]}]},{\"@type\":\"BreadcrumbList\",\"@id\":\"https:\\\/\\\/www.objectifimage-95.fr\\\/index.php\\\/modula-gallery\\\/2025-01-les-sports-3-2-2-2-2-2-2\\\/#breadcrumb\",\"itemListElement\":[{\"@type\":\"ListItem\",\"position\":1,\"name\":\"Accueil\",\"item\":\"https:\\\/\\\/www.objectifimage-95.fr\\\/\"},{\"@type\":\"ListItem\",\"position\":2,\"name\":\"G-CHA-2024-03-La musique\"}]},{\"@type\":\"WebSite\",\"@id\":\"https:\\\/\\\/www.objectifimage-95.fr\\\/#website\",\"url\":\"https:\\\/\\\/www.objectifimage-95.fr\\\/\",\"name\":\"Objectif Image-95\",\"description\":\"Photo club de Soisy-sous-Montmorency\",\"publisher\":{\"@id\":\"https:\\\/\\\/www.objectifimage-95.fr\\\/#organization\"},\"potentialAction\":[{\"@type\":\"SearchAction\",\"target\":{\"@type\":\"EntryPoint\",\"urlTemplate\":\"https:\\\/\\\/www.objectifimage-95.fr\\\/?s={search_term_string}\"},\"query-input\":{\"@type\":\"PropertyValueSpecification\",\"valueRequired\":true,\"valueName\":\"search_term_string\"}}],\"inLanguage\":\"fr-FR\"},{\"@type\":\"Organization\",\"@id\":\"https:\\\/\\\/www.objectifimage-95.fr\\\/#organization\",\"name\":\"Objectif Image-95\",\"url\":\"https:\\\/\\\/www.objectifimage-95.fr\\\/\",\"logo\":{\"@type\":\"ImageObject\",\"inLanguage\":\"fr-FR\",\"@id\":\"https:\\\/\\\/www.objectifimage-95.fr\\\/#\\\/schema\\\/logo\\\/image\\\/\",\"url\":\"https:\\\/\\\/www.objectifimage-95.fr\\\/wp-content\\\/uploads\\\/2025\\\/01\\\/Logo-520px.png\",\"contentUrl\":\"https:\\\/\\\/www.objectifimage-95.fr\\\/wp-content\\\/uploads\\\/2025\\\/01\\\/Logo-520px.png\",\"width\":520,\"height\":343,\"caption\":\"Objectif Image-95\"},\"image\":{\"@id\":\"https:\\\/\\\/www.objectifimage-95.fr\\\/#\\\/schema\\\/logo\\\/image\\\/\"}}]}<\/script>\n<!-- \/ Yoast SEO plugin. -->","yoast_head_json":{"title":"G-CHA-2024-03-La musique - Objectif Image 95","robots":{"index":"index","follow":"follow","max-snippet":"max-snippet:-1","max-image-preview":"max-image-preview:large","max-video-preview":"max-video-preview:-1"},"canonical":"https:\/\/www.objectifimage-95.fr\/index.php\/modula-gallery\/2025-01-les-sports-3-2-2-2-2-2-2\/","og_locale":"fr_FR","og_type":"article","og_title":"G-CHA-2024-03-La musique - Objectif Image 95","og_url":"https:\/\/www.objectifimage-95.fr\/index.php\/modula-gallery\/2025-01-les-sports-3-2-2-2-2-2-2\/","og_site_name":"Objectif Image 95","article_modified_time":"2025-02-26T10:05:57+00:00","twitter_card":"summary_large_image","schema":{"@context":"https:\/\/schema.org","@graph":[{"@type":"WebPage","@id":"https:\/\/www.objectifimage-95.fr\/index.php\/modula-gallery\/2025-01-les-sports-3-2-2-2-2-2-2\/","url":"https:\/\/www.objectifimage-95.fr\/index.php\/modula-gallery\/2025-01-les-sports-3-2-2-2-2-2-2\/","name":"G-CHA-2024-03-La musique - Objectif Image 95","isPartOf":{"@id":"https:\/\/www.objectifimage-95.fr\/#website"},"datePublished":"2025-02-08T09:28:49+00:00","dateModified":"2025-02-26T10:05:57+00:00","breadcrumb":{"@id":"https:\/\/www.objectifimage-95.fr\/index.php\/modula-gallery\/2025-01-les-sports-3-2-2-2-2-2-2\/#breadcrumb"},"inLanguage":"fr-FR","potentialAction":[{"@type":"ReadAction","target":["https:\/\/www.objectifimage-95.fr\/index.php\/modula-gallery\/2025-01-les-sports-3-2-2-2-2-2-2\/"]}]},{"@type":"BreadcrumbList","@id":"https:\/\/www.objectifimage-95.fr\/index.php\/modula-gallery\/2025-01-les-sports-3-2-2-2-2-2-2\/#breadcrumb","itemListElement":[{"@type":"ListItem","position":1,"name":"Accueil","item":"https:\/\/www.objectifimage-95.fr\/"},{"@type":"ListItem","position":2,"name":"G-CHA-2024-03-La musique"}]},{"@type":"WebSite","@id":"https:\/\/www.objectifimage-95.fr\/#website","url":"https:\/\/www.objectifimage-95.fr\/","name":"Objectif Image-95","description":"Photo club de Soisy-sous-Montmorency","publisher":{"@id":"https:\/\/www.objectifimage-95.fr\/#organization"},"potentialAction":[{"@type":"SearchAction","target":{"@type":"EntryPoint","urlTemplate":"https:\/\/www.objectifimage-95.fr\/?s={search_term_string}"},"query-input":{"@type":"PropertyValueSpecification","valueRequired":true,"valueName":"search_term_string"}}],"inLanguage":"fr-FR"},{"@type":"Organization","@id":"https:\/\/www.objectifimage-95.fr\/#organization","name":"Objectif Image-95","url":"https:\/\/www.objectifimage-95.fr\/","logo":{"@type":"ImageObject","inLanguage":"fr-FR","@id":"https:\/\/www.objectifimage-95.fr\/#\/schema\/logo\/image\/","url":"https:\/\/www.objectifimage-95.fr\/wp-content\/uploads\/2025\/01\/Logo-520px.png","contentUrl":"https:\/\/www.objectifimage-95.fr\/wp-content\/uploads\/2025\/01\/Logo-520px.png","width":520,"height":343,"caption":"Objectif Image-95"},"image":{"@id":"https:\/\/www.objectifimage-95.fr\/#\/schema\/logo\/image\/"}}]}},"jetpack_sharing_enabled":true,"_links":{"self":[{"href":"https:\/\/www.objectifimage-95.fr\/index.php\/wp-json\/wp\/v2\/modula-gallery\/2813","targetHints":{"allow":["GET"]}}],"collection":[{"href":"https:\/\/www.objectifimage-95.fr\/index.php\/wp-json\/wp\/v2\/modula-gallery"}],"about":[{"href":"https:\/\/www.objectifimage-95.fr\/index.php\/wp-json\/wp\/v2\/types\/modula-gallery"}],"wp:attachment":[{"href":"https:\/\/www.objectifimage-95.fr\/index.php\/wp-json\/wp\/v2\/media?parent=2813"}],"curies":[{"name":"wp","href":"https:\/\/api.w.org\/{rel}","templated":true}]}}