{"id":2732,"date":"2025-02-08T10:17:40","date_gmt":"2025-02-08T09:17:40","guid":{"rendered":"https:\/\/www.objectifimage-95.fr\/?modula-gallery=2025-01-les-sports-3-2"},"modified":"2025-02-26T11:08:33","modified_gmt":"2025-02-26T10:08:33","slug":"2025-01-les-sports-3-2","status":"publish","type":"modula-gallery","link":"https:\/\/www.objectifimage-95.fr\/index.php\/modula-gallery\/2025-01-les-sports-3-2\/","title":{"rendered":"G-CHA-2024-09-Nature morte"},"template":"","class_list":["post-2732","modula-gallery","type-modula-gallery","status-publish","hentry","entry"],"modulaSettings":{"type":"grid","grid_type":"5","grid_row_height":250,"grid_justify_last_row":"justify","grid_image_size":"medium","grid_image_dimensions":{"width":0,"height":0},"img_size":200,"img_crop":true,"grid_image_crop":"0","gutter":10,"tablet_gutter":10,"mobile_gutter":10,"width":"100%","height":[800,800,800],"randomFactor":50,"shuffle":"0","maxImagesCount":"0","maxImagesCount_mobile":"0","lightbox":"fancybox","show_navigation":true,"open_Lightbox_on":"both","doubleClick":"0","loop_lightbox":"0","showTitleLightbox":true,"showCaptionLightbox":true,"captionPosition":"left","lightbox_keyboard":true,"lightbox_wheel":"0","lightbox_toolbar":true,"lightbox_close":true,"lightbox_thumbs":true,"lightbox_download":"0","lightbox_zoom":true,"lightbox_share":"0","lightbox_facebook":"0","lightbox_twitter":"0","lightbox_pinterest":"0","lightbox_whatsapp":"0","lightbox_linkedin":"0","lightbox_email":"0","lightboxEmailSubject":"Check out this awesome image !!","lightboxEmailMessage":"Here is the link to the image : %%image_link%% and this is the link to the gallery : %%gallery_link%%","lightbox_clickSlide":"0","lightbox_infobar":true,"lightbox_animationEffect":"false","lightbox_transitionEffect":"fade","showAllOnLightbox":"0","lightbox_touch":"0","lightbox_thumbsAutoStart":"0","mobile_caption_copy":true,"lightbox_background_color":"rgba(30,30,30,.9)","lightbox_thumbsPosition":"bottom","hide_title":true,"titleColor":"#ffffff","titleFontSize":16,"mobileTitleFontSize":12,"hide_description":"0","captionColor":"#ffffff","captionFontSize":14,"mobileCaptionFontSize":10,"show_gallery_title":"0","gallery_title_type":"p","titleFontFamily":"Default","titleFontWeight":"400","captionsFontFamily":"Default","captionFontWeight":"normal","enableSocial":"0","enableTwitter":"0","enableFacebook":"0","enableWhatsapp":"0","enableLinkedin":"0","enablePinterest":"0","enableEmail":"0","emailSubject":"Check out this awesome image !!","emailMessage":"Here is the link to the image : %%image_link%% and this is the link to the gallery : %%gallery_link%%","socialIconColor":"#ffffff","socialIconSize":16,"socialIconPadding":10,"loadedScale":100,"inView":"0","loadedRotate":0,"loadedHSlide":0,"loadedVSlide":0,"effect":"pufrobo","cursor":"zoom-in","uploadCursor":"0","hoverColor":"#ffffff","hoverOpacity":50,"borderSize":0,"borderRadius":0,"borderColor":"#ffffff","shadowSize":0,"shadowColor":"#ffffff","lazy_load":true,"helper-message":"","enable_responsive":"0","tablet_columns":2,"mobile_columns":1,"style":"","last_visited_tab":"modula-general","filters":[""],"dropdownFilters":"0","filterClick":"0","hideAllFilter":"0","allFilterLabel":"All","filterStyle":"default","filterLinkColor":"","filterLinkHoverColor":"","defaultActiveFilter":"All","filterPositioning":"top","filterTextAlignment":"none","enableCollapsibleFilters":"0","collapsibleActionText":"Filter by","enableMobileDropdownFilters":"0","upload_position":"end"},"modulaImages":[{"id":"2733","alt":"","title":"La Photo du Mois Septembre 2024 (Pierre-Luc)","description":"La Photo du Mois Septembre 2024 (Pierre-Luc)","halign":"center","valign":"middle","link":"","target":0,"width":2,"height":2,"togglelightbox":0,"hide_title":0,"filters":"","url":"https:\/\/www.objectifimage-95.fr\/wp-content\/uploads\/2025\/02\/00-00-09-Photo-Du-Mois-de-Septembre-2024.jpg","caption":"La Photo du Mois Septembre 2024 (Pierre-Luc)","report":"","src":"https:\/\/www.objectifimage-95.fr\/wp-content\/uploads\/2025\/02\/00-00-09-Photo-Du-Mois-de-Septembre-2024-1024x498.jpg","data-width":2,"data-height":2},{"id":"2734","alt":"","title":"Challenge Septembre 2024 &#8211; Le Podium : 1)Pierre-Luc, 2)Alain, 3)","description":"Challenge Septembre 2024 - Le Podium : 1)Pierre-Luc, 2)Alain, 3) Philippe R","halign":"center","valign":"middle","link":"","target":0,"width":2,"height":2,"togglelightbox":0,"hide_title":0,"filters":"","url":"https:\/\/www.objectifimage-95.fr\/wp-content\/uploads\/2025\/02\/00-01-09Podium-Septembre-2024.jpg","caption":"Challenge Septembre 2024 - Le Podium : 1)Pierre-Luc, 2)Alain, 3) Philippe R","report":"","src":"https:\/\/www.objectifimage-95.fr\/wp-content\/uploads\/2025\/02\/00-01-09Podium-Septembre-2024-1024x576.jpg","data-width":2,"data-height":2},{"id":"2735","alt":"","title":"Michel-G-coucou Ganesh","description":"Michel-G : composition sur le parcours du d\u00e9fil\u00e9 de Ganesh","halign":"center","valign":"middle","link":"","target":0,"width":2,"height":2,"togglelightbox":0,"hide_title":0,"filters":"","url":"https:\/\/www.objectifimage-95.fr\/wp-content\/uploads\/2025\/02\/03-Michel-G-coucou-Ganesh-2.jpg","caption":"Michel-G : composition sur le parcours du d\u00e9fil\u00e9 de Ganesh","report":"","src":"https:\/\/www.objectifimage-95.fr\/wp-content\/uploads\/2025\/02\/03-Michel-G-coucou-Ganesh-2-683x1024.jpg","data-width":2,"data-height":2},{"id":"2736","alt":"","title":"Hilde-H-nature morte","description":"Hilde-H-nature morte","halign":"center","valign":"middle","link":"","target":0,"width":2,"height":2,"togglelightbox":0,"hide_title":0,"filters":"","url":"https:\/\/www.objectifimage-95.fr\/wp-content\/uploads\/2025\/02\/04-Hilde-H-nature-morte.jpg","caption":"Hilde-H-nature morte","report":"","src":"https:\/\/www.objectifimage-95.fr\/wp-content\/uploads\/2025\/02\/04-Hilde-H-nature-morte-1024x1024.jpg","data-width":2,"data-height":2},{"id":"2737","alt":"","title":"Fabrice-V-Bonnet.","description":"Fabrice-V:Figurines en papier de r\u00e9cup\u00e9ratio avec du fil rigide","halign":"center","valign":"middle","link":"","target":0,"width":2,"height":2,"togglelightbox":0,"hide_title":0,"filters":"","url":"https:\/\/www.objectifimage-95.fr\/wp-content\/uploads\/2025\/02\/05-Fabrice-V-Bonnet.jpg","caption":"Fabrice-V:Figurines en papier de r\u00e9cup\u00e9ratio avec du fil rigide","report":"","src":"https:\/\/www.objectifimage-95.fr\/wp-content\/uploads\/2025\/02\/05-Fabrice-V-Bonnet-1024x683.jpg","data-width":2,"data-height":2},{"id":"2738","alt":"","title":"Herv\u00e9-D-Echantillons","description":"Herv\u00e9-D-Echantillons","halign":"center","valign":"middle","link":"","target":0,"width":2,"height":2,"togglelightbox":0,"hide_title":0,"filters":"","url":"https:\/\/www.objectifimage-95.fr\/wp-content\/uploads\/2025\/02\/07-Herve-D-Echantillons.jpg","caption":"Herv\u00e9-D-Echantillons","report":"","src":"https:\/\/www.objectifimage-95.fr\/wp-content\/uploads\/2025\/02\/07-Herve-D-Echantillons-1024x683.jpg","data-width":2,"data-height":2},{"id":"2739","alt":"","title":"Rolande-D-challenge septembre","description":"Rolande-D-une surprise dans le parc \"La vall\u00e9e aux loups\" \u00e0 Chatenay Malabry","halign":"center","valign":"middle","link":"","target":0,"width":2,"height":2,"togglelightbox":0,"hide_title":0,"filters":"","url":"https:\/\/www.objectifimage-95.fr\/wp-content\/uploads\/2025\/02\/17-Rolande-D-nature-morte.jpg","caption":"Rolande-D-une surprise dans le parc \"La vall\u00e9e aux loups\" \u00e0 Chatenay Malabry","report":"","src":"https:\/\/www.objectifimage-95.fr\/wp-content\/uploads\/2025\/02\/17-Rolande-D-nature-morte-1024x684.jpg","data-width":2,"data-height":2},{"id":"2740","alt":"","title":"Pascale-H-Un monde en hyperplastique","description":"Pascale-H-Un monde en hyperplastique","halign":"center","valign":"middle","link":"","target":0,"width":2,"height":2,"togglelightbox":0,"hide_title":0,"filters":"","url":"https:\/\/www.objectifimage-95.fr\/wp-content\/uploads\/2025\/02\/21-Pascale-H-Un-monde-en-hyperplastique.jpg.jpg","caption":"Pascale-H-Un monde en hyperplastique","report":"","src":"https:\/\/www.objectifimage-95.fr\/wp-content\/uploads\/2025\/02\/21-Pascale-H-Un-monde-en-hyperplastique.jpg-1024x576.jpg","data-width":2,"data-height":2},{"id":"2741","alt":"","title":"Jos\u00e9-C : nature morte","description":"Jos\u00e9-C : tomates, bananes, pomme et vinaigre de cidre. Et peut \u00eatre une p\u00eache cach\u00e9e","halign":"center","valign":"middle","link":"","target":0,"width":2,"height":2,"togglelightbox":0,"hide_title":0,"filters":"","url":"https:\/\/www.objectifimage-95.fr\/wp-content\/uploads\/2025\/02\/24-Jose-C-Nature-morte.jpg","caption":"Jos\u00e9-C : tomates, bananes, pomme et vinaigre de cidre. Et peut \u00eatre une p\u00eache cach\u00e9e","report":"","src":"https:\/\/www.objectifimage-95.fr\/wp-content\/uploads\/2025\/02\/24-Jose-C-Nature-morte-1024x683.jpg","data-width":2,"data-height":2},{"id":"2742","alt":"","title":"Pierre-P-Nature morte","description":"Pierre-P- Nature morte","halign":"center","valign":"middle","link":"","target":0,"width":2,"height":2,"togglelightbox":0,"hide_title":0,"filters":"","url":"https:\/\/www.objectifimage-95.fr\/wp-content\/uploads\/2025\/02\/26-Pierre.P-Nature-morte-1.jpg","caption":"Pierre-P- Nature morte","report":"","src":"https:\/\/www.objectifimage-95.fr\/wp-content\/uploads\/2025\/02\/26-Pierre.P-Nature-morte-1-683x1024.jpg","data-width":2,"data-height":2},{"id":"2743","alt":"","title":"27-Alain-L-facteur temps","description":"","halign":"center","valign":"middle","link":"","target":0,"width":2,"height":2,"togglelightbox":0,"hide_title":0,"filters":"","url":"https:\/\/www.objectifimage-95.fr\/wp-content\/uploads\/2025\/02\/27-Alain-L-facteur-temps.jpg","caption":"","report":"","src":"https:\/\/www.objectifimage-95.fr\/wp-content\/uploads\/2025\/02\/27-Alain-L-facteur-temps-683x1024.jpg","data-width":2,"data-height":2},{"id":"2744","alt":"","title":"Philippe-Hq-Nature morte aux chevaux de plomb","description":"Philippe-Hq-Nature morte aux chevaux de plomb","halign":"center","valign":"middle","link":"","target":0,"width":2,"height":2,"togglelightbox":0,"hide_title":0,"filters":"","url":"https:\/\/www.objectifimage-95.fr\/wp-content\/uploads\/2025\/02\/28-Philippe-Hq-Nature-morte-aux-chevaux-de-plomb.jpeg","caption":"Philippe-Hq-Nature morte aux chevaux de plomb","report":"","src":"https:\/\/www.objectifimage-95.fr\/wp-content\/uploads\/2025\/02\/28-Philippe-Hq-Nature-morte-aux-chevaux-de-plomb-1024x638.jpeg","data-width":2,"data-height":2},{"id":"2745","alt":"","title":"Philippe-R : Balle de golf","description":"Philippe-R : Balle de golf","halign":"center","valign":"middle","link":"","target":0,"width":2,"height":2,"togglelightbox":0,"hide_title":0,"filters":"","url":"https:\/\/www.objectifimage-95.fr\/wp-content\/uploads\/2025\/02\/30-Philippe-R-Balle-de-golf.jpg","caption":"Philippe-R : Balle de golf","report":"","src":"https:\/\/www.objectifimage-95.fr\/wp-content\/uploads\/2025\/02\/30-Philippe-R-Balle-de-golf-1024x709.jpg","data-width":2,"data-height":2},{"id":"2746","alt":"","title":"Gilles-D- Nature morte","description":"","halign":"center","valign":"middle","link":"","target":0,"width":2,"height":2,"togglelightbox":0,"hide_title":0,"filters":"","url":"https:\/\/www.objectifimage-95.fr\/wp-content\/uploads\/2025\/02\/31-Gilles-D-Nature-morte.jpg","caption":"","report":"","src":"https:\/\/www.objectifimage-95.fr\/wp-content\/uploads\/2025\/02\/31-Gilles-D-Nature-morte-1024x1024.jpg","data-width":2,"data-height":2},{"id":"2747","alt":"","title":"Edouard-M-d\u00e9tente","description":"Edouard-M-d\u00e9tente","halign":"center","valign":"middle","link":"","target":0,"width":2,"height":2,"togglelightbox":0,"hide_title":0,"filters":"","url":"https:\/\/www.objectifimage-95.fr\/wp-content\/uploads\/2025\/02\/34-Edouard-M-detente.jpg","caption":"Edouard-M-d\u00e9tente","report":"","src":"https:\/\/www.objectifimage-95.fr\/wp-content\/uploads\/2025\/02\/34-Edouard-M-detente-683x1024.jpg","data-width":2,"data-height":2},{"id":"2748","alt":"","title":"Christian-V-Mort d&rsquo;un renard en Savoie","description":"Christian-V-Mort d'un renard en Savoie","halign":"center","valign":"middle","link":"","target":0,"width":2,"height":2,"togglelightbox":0,"hide_title":0,"filters":"","url":"https:\/\/www.objectifimage-95.fr\/wp-content\/uploads\/2025\/02\/35-Christian-V-Mort-dun-renard-en-Savoie.jpg","caption":"Christian-V-Mort d'un renard en Savoie","report":"","src":"https:\/\/www.objectifimage-95.fr\/wp-content\/uploads\/2025\/02\/35-Christian-V-Mort-dun-renard-en-Savoie-1024x683.jpg","data-width":2,"data-height":2},{"id":"2750","alt":"","title":"J-Pierre.P. Nature morte","description":"J-Pierre.P. Fin de l'\u00e9t\u00e9 - Nature morte","halign":"center","valign":"middle","link":"","target":0,"width":2,"height":2,"togglelightbox":0,"hide_title":0,"filters":"","url":"https:\/\/www.objectifimage-95.fr\/wp-content\/uploads\/2025\/02\/37-J-Pierre.P.Nature-morte.jpg","caption":"J-Pierre.P. Fin de l'\u00e9t\u00e9 - Nature morte","report":"","src":"https:\/\/www.objectifimage-95.fr\/wp-content\/uploads\/2025\/02\/37-J-Pierre.P.Nature-morte-729x1024.jpg","data-width":2,"data-height":2},{"id":"2751","alt":"","title":"Jean-Louis B : Nature morte","description":"Jean-Louis B : Nature morte cyanotype","halign":"center","valign":"middle","link":"","target":0,"width":2,"height":2,"togglelightbox":0,"hide_title":0,"filters":"","url":"https:\/\/www.objectifimage-95.fr\/wp-content\/uploads\/2025\/02\/38-Jean-Louis-B-Nature-morte.jpg","caption":"Jean-Louis B : Nature morte cyanotype","report":"","src":"https:\/\/www.objectifimage-95.fr\/wp-content\/uploads\/2025\/02\/38-Jean-Louis-B-Nature-morte-683x1024.jpg","data-width":2,"data-height":2},{"id":"2752","alt":"","title":"Pierre-Luc-K-Fleurs s\u00e9ch\u00e9es","description":"","halign":"center","valign":"middle","link":"","target":0,"width":2,"height":2,"togglelightbox":0,"hide_title":0,"filters":"","url":"https:\/\/www.objectifimage-95.fr\/wp-content\/uploads\/2025\/02\/39-Pierre-Luc-K-Fleurs-sechees.jpg","caption":"","report":"","src":"https:\/\/www.objectifimage-95.fr\/wp-content\/uploads\/2025\/02\/39-Pierre-Luc-K-Fleurs-sechees-681x1024.jpg","data-width":2,"data-height":2},{"id":"2753","alt":"","title":"Dominique-G : Langoustier de Camaret","description":"Dominique-G : Langoustier de Camaret","halign":"center","valign":"middle","link":"","target":0,"width":2,"height":2,"togglelightbox":0,"hide_title":0,"filters":"","url":"https:\/\/www.objectifimage-95.fr\/wp-content\/uploads\/2025\/02\/40-Dominique-G-Langoustier-de-Camaret.jpg","caption":"Dominique-G : Langoustier de Camaret","report":"","src":"https:\/\/www.objectifimage-95.fr\/wp-content\/uploads\/2025\/02\/40-Dominique-G-Langoustier-de-Camaret-768x1024.jpg","data-width":2,"data-height":2}],"yoast_head":"<!-- This site is optimized with the Yoast SEO plugin v27.5 - https:\/\/yoast.com\/product\/yoast-seo-wordpress\/ -->\n<title>G-CHA-2024-09-Nature morte - Objectif Image 95<\/title>\n<meta name=\"robots\" content=\"index, follow, max-snippet:-1, max-image-preview:large, max-video-preview:-1\" \/>\n<link rel=\"canonical\" href=\"https:\/\/www.objectifimage-95.fr\/index.php\/modula-gallery\/2025-01-les-sports-3-2\/\" \/>\n<meta property=\"og:locale\" content=\"fr_FR\" \/>\n<meta property=\"og:type\" content=\"article\" \/>\n<meta property=\"og:title\" content=\"G-CHA-2024-09-Nature morte - Objectif Image 95\" \/>\n<meta property=\"og:url\" content=\"https:\/\/www.objectifimage-95.fr\/index.php\/modula-gallery\/2025-01-les-sports-3-2\/\" \/>\n<meta property=\"og:site_name\" content=\"Objectif Image 95\" \/>\n<meta property=\"article:modified_time\" content=\"2025-02-26T10:08:33+00:00\" \/>\n<meta name=\"twitter:card\" content=\"summary_large_image\" \/>\n<script type=\"application\/ld+json\" class=\"yoast-schema-graph\">{\"@context\":\"https:\\\/\\\/schema.org\",\"@graph\":[{\"@type\":\"WebPage\",\"@id\":\"https:\\\/\\\/www.objectifimage-95.fr\\\/index.php\\\/modula-gallery\\\/2025-01-les-sports-3-2\\\/\",\"url\":\"https:\\\/\\\/www.objectifimage-95.fr\\\/index.php\\\/modula-gallery\\\/2025-01-les-sports-3-2\\\/\",\"name\":\"G-CHA-2024-09-Nature morte - Objectif Image 95\",\"isPartOf\":{\"@id\":\"https:\\\/\\\/www.objectifimage-95.fr\\\/#website\"},\"datePublished\":\"2025-02-08T09:17:40+00:00\",\"dateModified\":\"2025-02-26T10:08:33+00:00\",\"breadcrumb\":{\"@id\":\"https:\\\/\\\/www.objectifimage-95.fr\\\/index.php\\\/modula-gallery\\\/2025-01-les-sports-3-2\\\/#breadcrumb\"},\"inLanguage\":\"fr-FR\",\"potentialAction\":[{\"@type\":\"ReadAction\",\"target\":[\"https:\\\/\\\/www.objectifimage-95.fr\\\/index.php\\\/modula-gallery\\\/2025-01-les-sports-3-2\\\/\"]}]},{\"@type\":\"BreadcrumbList\",\"@id\":\"https:\\\/\\\/www.objectifimage-95.fr\\\/index.php\\\/modula-gallery\\\/2025-01-les-sports-3-2\\\/#breadcrumb\",\"itemListElement\":[{\"@type\":\"ListItem\",\"position\":1,\"name\":\"Accueil\",\"item\":\"https:\\\/\\\/www.objectifimage-95.fr\\\/\"},{\"@type\":\"ListItem\",\"position\":2,\"name\":\"G-CHA-2024-09-Nature morte\"}]},{\"@type\":\"WebSite\",\"@id\":\"https:\\\/\\\/www.objectifimage-95.fr\\\/#website\",\"url\":\"https:\\\/\\\/www.objectifimage-95.fr\\\/\",\"name\":\"Objectif Image-95\",\"description\":\"Photo club de Soisy-sous-Montmorency\",\"publisher\":{\"@id\":\"https:\\\/\\\/www.objectifimage-95.fr\\\/#organization\"},\"potentialAction\":[{\"@type\":\"SearchAction\",\"target\":{\"@type\":\"EntryPoint\",\"urlTemplate\":\"https:\\\/\\\/www.objectifimage-95.fr\\\/?s={search_term_string}\"},\"query-input\":{\"@type\":\"PropertyValueSpecification\",\"valueRequired\":true,\"valueName\":\"search_term_string\"}}],\"inLanguage\":\"fr-FR\"},{\"@type\":\"Organization\",\"@id\":\"https:\\\/\\\/www.objectifimage-95.fr\\\/#organization\",\"name\":\"Objectif Image-95\",\"url\":\"https:\\\/\\\/www.objectifimage-95.fr\\\/\",\"logo\":{\"@type\":\"ImageObject\",\"inLanguage\":\"fr-FR\",\"@id\":\"https:\\\/\\\/www.objectifimage-95.fr\\\/#\\\/schema\\\/logo\\\/image\\\/\",\"url\":\"https:\\\/\\\/www.objectifimage-95.fr\\\/wp-content\\\/uploads\\\/2025\\\/01\\\/Logo-520px.png\",\"contentUrl\":\"https:\\\/\\\/www.objectifimage-95.fr\\\/wp-content\\\/uploads\\\/2025\\\/01\\\/Logo-520px.png\",\"width\":520,\"height\":343,\"caption\":\"Objectif Image-95\"},\"image\":{\"@id\":\"https:\\\/\\\/www.objectifimage-95.fr\\\/#\\\/schema\\\/logo\\\/image\\\/\"}}]}<\/script>\n<!-- \/ Yoast SEO plugin. -->","yoast_head_json":{"title":"G-CHA-2024-09-Nature morte - Objectif Image 95","robots":{"index":"index","follow":"follow","max-snippet":"max-snippet:-1","max-image-preview":"max-image-preview:large","max-video-preview":"max-video-preview:-1"},"canonical":"https:\/\/www.objectifimage-95.fr\/index.php\/modula-gallery\/2025-01-les-sports-3-2\/","og_locale":"fr_FR","og_type":"article","og_title":"G-CHA-2024-09-Nature morte - Objectif Image 95","og_url":"https:\/\/www.objectifimage-95.fr\/index.php\/modula-gallery\/2025-01-les-sports-3-2\/","og_site_name":"Objectif Image 95","article_modified_time":"2025-02-26T10:08:33+00:00","twitter_card":"summary_large_image","schema":{"@context":"https:\/\/schema.org","@graph":[{"@type":"WebPage","@id":"https:\/\/www.objectifimage-95.fr\/index.php\/modula-gallery\/2025-01-les-sports-3-2\/","url":"https:\/\/www.objectifimage-95.fr\/index.php\/modula-gallery\/2025-01-les-sports-3-2\/","name":"G-CHA-2024-09-Nature morte - Objectif Image 95","isPartOf":{"@id":"https:\/\/www.objectifimage-95.fr\/#website"},"datePublished":"2025-02-08T09:17:40+00:00","dateModified":"2025-02-26T10:08:33+00:00","breadcrumb":{"@id":"https:\/\/www.objectifimage-95.fr\/index.php\/modula-gallery\/2025-01-les-sports-3-2\/#breadcrumb"},"inLanguage":"fr-FR","potentialAction":[{"@type":"ReadAction","target":["https:\/\/www.objectifimage-95.fr\/index.php\/modula-gallery\/2025-01-les-sports-3-2\/"]}]},{"@type":"BreadcrumbList","@id":"https:\/\/www.objectifimage-95.fr\/index.php\/modula-gallery\/2025-01-les-sports-3-2\/#breadcrumb","itemListElement":[{"@type":"ListItem","position":1,"name":"Accueil","item":"https:\/\/www.objectifimage-95.fr\/"},{"@type":"ListItem","position":2,"name":"G-CHA-2024-09-Nature morte"}]},{"@type":"WebSite","@id":"https:\/\/www.objectifimage-95.fr\/#website","url":"https:\/\/www.objectifimage-95.fr\/","name":"Objectif Image-95","description":"Photo club de Soisy-sous-Montmorency","publisher":{"@id":"https:\/\/www.objectifimage-95.fr\/#organization"},"potentialAction":[{"@type":"SearchAction","target":{"@type":"EntryPoint","urlTemplate":"https:\/\/www.objectifimage-95.fr\/?s={search_term_string}"},"query-input":{"@type":"PropertyValueSpecification","valueRequired":true,"valueName":"search_term_string"}}],"inLanguage":"fr-FR"},{"@type":"Organization","@id":"https:\/\/www.objectifimage-95.fr\/#organization","name":"Objectif Image-95","url":"https:\/\/www.objectifimage-95.fr\/","logo":{"@type":"ImageObject","inLanguage":"fr-FR","@id":"https:\/\/www.objectifimage-95.fr\/#\/schema\/logo\/image\/","url":"https:\/\/www.objectifimage-95.fr\/wp-content\/uploads\/2025\/01\/Logo-520px.png","contentUrl":"https:\/\/www.objectifimage-95.fr\/wp-content\/uploads\/2025\/01\/Logo-520px.png","width":520,"height":343,"caption":"Objectif Image-95"},"image":{"@id":"https:\/\/www.objectifimage-95.fr\/#\/schema\/logo\/image\/"}}]}},"jetpack_sharing_enabled":true,"_links":{"self":[{"href":"https:\/\/www.objectifimage-95.fr\/index.php\/wp-json\/wp\/v2\/modula-gallery\/2732","targetHints":{"allow":["GET"]}}],"collection":[{"href":"https:\/\/www.objectifimage-95.fr\/index.php\/wp-json\/wp\/v2\/modula-gallery"}],"about":[{"href":"https:\/\/www.objectifimage-95.fr\/index.php\/wp-json\/wp\/v2\/types\/modula-gallery"}],"wp:attachment":[{"href":"https:\/\/www.objectifimage-95.fr\/index.php\/wp-json\/wp\/v2\/media?parent=2732"}],"curies":[{"name":"wp","href":"https:\/\/api.w.org\/{rel}","templated":true}]}}