{"id":18787,"date":"2026-04-05T17:47:50","date_gmt":"2026-04-05T15:47:50","guid":{"rendered":"https:\/\/www.objectifimage-95.fr\/index.php\/modula-gallery\/2026-03-les-courbes-2\/"},"modified":"2026-05-01T17:46:25","modified_gmt":"2026-05-01T15:46:25","slug":"2026-04-contre-jour","status":"publish","type":"modula-gallery","link":"https:\/\/www.objectifimage-95.fr\/index.php\/modula-gallery\/2026-04-contre-jour\/","title":{"rendered":"G-CHA-2026-04-Contre-jour"},"template":"","class_list":["post-18787","modula-gallery","type-modula-gallery","status-publish","hentry","entry"],"modulaSettings":{"type":"grid","grid_type":"5","grid_row_height":250,"grid_justify_last_row":"justify","grid_image_size":"medium","grid_image_dimensions":{"width":0,"height":0},"img_size":200,"img_crop":true,"grid_image_crop":"0","gutter":10,"tablet_gutter":10,"mobile_gutter":10,"width":"100%","height":[800,800,800],"randomFactor":50,"shuffle":"0","maxImagesCount":"0","maxImagesCount_mobile":"0","lightbox":"fancybox","show_navigation":true,"lightbox_touch":"0","open_Lightbox_on":"both","doubleClick":"0","loop_lightbox":"0","showTitleLightbox":true,"showCaptionLightbox":true,"captionPosition":"center","lightbox_keyboard":true,"lightbox_wheel":"0","lightbox_toolbar":true,"lightbox_close":true,"lightbox_thumbs":true,"lightbox_download":"0","lightbox_zoom":true,"lightbox_clickSlide":"0","lightbox_infobar":"0","lightbox_animationEffect":"false","lightbox_transitionEffect":"fade","showAllOnLightbox":"0","lightbox_thumbsAutoStart":"0","mobile_caption_copy":true,"lightbox_background_color":"rgba(30,30,30,.9)","lightbox_thumbsPosition":"bottom","hide_title":"0","titleColor":"#ffffff","titleFontSize":16,"mobileTitleFontSize":12,"hide_description":"0","captionColor":"#ffffff","captionFontSize":14,"mobileCaptionFontSize":10,"show_gallery_title":"0","gallery_title_type":"p","titleFontWeight":"400","captionFontWeight":"normal","enableSocial":"0","enableTwitter":"0","enableFacebook":"0","enableWhatsapp":"0","enableLinkedin":"0","enablePinterest":"0","enableEmail":"0","emailSubject":"Check out this awesome image !!","emailMessage":"Here is the link to the image : %%image_link%% and this is the link to the gallery : %%gallery_link%%","socialIconColor":"#ffffff","socialIconSize":16,"socialIconPadding":10,"socialDesktopCollapsed":"1","loadedScale":100,"inView":"0","loadedRotate":0,"loadedHSlide":0,"loadedVSlide":0,"effect":"pufrobo","cursor":"zoom-in","uploadCursor":"0","hoverColor":"#ffffff","hoverOpacity":50,"borderSize":0,"borderRadius":0,"borderColor":"#ffffff","shadowSize":0,"shadowColor":"#ffffff","lazy_load":true,"helper-message":"","enable_responsive":"0","tablet_columns":2,"mobile_columns":1,"style":"","last_visited_tab":"modula-lightboxes","filters":[""],"dropdownFilters":"0","filterClick":"0","hideAllFilter":"0","allFilterLabel":"All","filterStyle":"default","filterLinkColor":"","filterLinkHoverColor":"","defaultActiveFilter":"All","filterPositioning":"top","filterTextAlignment":"none","enableCollapsibleFilters":"0","collapsibleActionText":"Filter by","enableMobileDropdownFilters":"0","enable_password":"0","password":"v7zFq$4a$^Y9aKOyvE","password_protect_username":"","password_protect_text":"","upload_position":"end"},"modulaImages":[{"id":"19155","halign":"center","valign":"middle","link":"","target":0,"width":2,"height":2,"togglelightbox":0,"hide_title":0,"filters":"","url":"https:\/\/www.objectifimage-95.fr\/wp-content\/uploads\/2026\/05\/00-Photo-Du-Mois-dAvril-2026.jpg","alt":"","title":"00 &#8211; Photo Du Mois de Mars 2026","caption":"00 - Photo Du Mois de Mars 2026","description":"00 - Photo Du Mois de Mars 2026","report":"","src":"https:\/\/www.objectifimage-95.fr\/wp-content\/uploads\/2026\/05\/00-Photo-Du-Mois-dAvril-2026-1024x498.jpg","data-width":2,"data-height":2},{"id":"19156","halign":"center","valign":"middle","link":"","target":0,"width":2,"height":2,"togglelightbox":0,"hide_title":0,"filters":"","url":"https:\/\/www.objectifimage-95.fr\/wp-content\/uploads\/2026\/05\/00-01-Podium-Avril-2026.jpg","alt":"","title":"00-01-Podium-Avril 2026","caption":"","description":"","report":"","src":"https:\/\/www.objectifimage-95.fr\/wp-content\/uploads\/2026\/05\/00-01-Podium-Avril-2026-1024x576.jpg","data-width":2,"data-height":2},{"id":"19157","halign":"center","valign":"middle","link":"","target":0,"width":2,"height":2,"togglelightbox":0,"hide_title":0,"filters":"","url":"https:\/\/www.objectifimage-95.fr\/wp-content\/uploads\/2026\/05\/01-02-Philippe-H-soleil-dans-la-brume-.jpg","alt":"","title":"01-02-Philippe-H-soleil dans la brume &#8211;","caption":"02","description":"02","report":"","src":"https:\/\/www.objectifimage-95.fr\/wp-content\/uploads\/2026\/05\/01-02-Philippe-H-soleil-dans-la-brume--1024x682.jpg","data-width":2,"data-height":2},{"id":"19158","halign":"center","valign":"middle","link":"","target":0,"width":2,"height":2,"togglelightbox":0,"hide_title":0,"filters":"","url":"https:\/\/www.objectifimage-95.fr\/wp-content\/uploads\/2026\/05\/02-03-Sylvie-M-La-Havane-1-.jpg","alt":"","title":"02-03-Sylvie-M-La Havane-1 &#8211;","caption":"","description":"","report":"","src":"https:\/\/www.objectifimage-95.fr\/wp-content\/uploads\/2026\/05\/02-03-Sylvie-M-La-Havane-1--751x1024.jpg","data-width":2,"data-height":2},{"id":"19159","halign":"center","valign":"middle","link":"","target":0,"width":2,"height":2,"togglelightbox":0,"hide_title":0,"filters":"","url":"https:\/\/www.objectifimage-95.fr\/wp-content\/uploads\/2026\/05\/03-04-Emilie-C-Calin-au-coucher-de-soleil-.jpg","alt":"","title":"03-04-Emilie-C-C\u00e2lin au coucher de soleil &#8211;","caption":"","description":"","report":"","src":"https:\/\/www.objectifimage-95.fr\/wp-content\/uploads\/2026\/05\/03-04-Emilie-C-Calin-au-coucher-de-soleil--1024x683.jpg","data-width":2,"data-height":2},{"id":"19160","halign":"center","valign":"middle","link":"","target":0,"width":2,"height":2,"togglelightbox":0,"hide_title":0,"filters":"","url":"https:\/\/www.objectifimage-95.fr\/wp-content\/uploads\/2026\/05\/04-05-Michel-G-groupe-cires-.jpg","alt":"","title":"Michel-G-groupe cir\u00e9s","caption":"Michel-gG-tableau issu d'un gala de l'entracte","description":"Michel-gG-tableau issu d'un gala de l'entracte","report":"","src":"https:\/\/www.objectifimage-95.fr\/wp-content\/uploads\/2026\/05\/04-05-Michel-G-groupe-cires--1024x683.jpg","data-width":2,"data-height":2},{"id":"19161","halign":"center","valign":"middle","link":"","target":0,"width":2,"height":2,"togglelightbox":0,"hide_title":0,"filters":"","url":"https:\/\/www.objectifimage-95.fr\/wp-content\/uploads\/2026\/05\/05-10-Jean-Paul-F-Contre-jour-.jpg","alt":"","title":"Jean-Paul-F Le matin \u00e0 Baillet-en-France","caption":"Jean-Paul-F Le matin \u00e0 Baillet-en-France","description":"Jean-Paul-F Le matin \u00e0 Baillet-en-France","report":"","src":"https:\/\/www.objectifimage-95.fr\/wp-content\/uploads\/2026\/05\/05-10-Jean-Paul-F-Contre-jour--1024x1024.jpg","data-width":2,"data-height":2},{"id":"19162","halign":"center","valign":"middle","link":"","target":0,"width":2,"height":2,"togglelightbox":0,"hide_title":0,"filters":"","url":"https:\/\/www.objectifimage-95.fr\/wp-content\/uploads\/2026\/05\/06-11-alain-L-eureka-.jpg","alt":"","title":"06-11-alain-L-eur\u00eaka &#8211;","caption":"11","description":"11","report":"","src":"https:\/\/www.objectifimage-95.fr\/wp-content\/uploads\/2026\/05\/06-11-alain-L-eureka--1024x683.jpg","data-width":2,"data-height":2},{"id":"19163","halign":"center","valign":"middle","link":"","target":0,"width":2,"height":2,"togglelightbox":0,"hide_title":0,"filters":"","url":"https:\/\/www.objectifimage-95.fr\/wp-content\/uploads\/2026\/05\/07-12-Hilde-H-challenge-contrejour-.jpg","alt":"","title":"Hilde-H-contrejour","caption":"Hilde-H-b\u00e2timent du Reichstag \u00e0 Berlin","description":"Hilde-H-b\u00e2timent du Reichstag \u00e0 Berlin","report":"","src":"https:\/\/www.objectifimage-95.fr\/wp-content\/uploads\/2026\/05\/07-12-Hilde-H-challenge-contrejour--1024x1024.jpg","data-width":2,"data-height":2},{"id":"19164","halign":"center","valign":"middle","link":"","target":0,"width":2,"height":2,"togglelightbox":0,"hide_title":0,"filters":"","url":"https:\/\/www.objectifimage-95.fr\/wp-content\/uploads\/2026\/05\/08-16-2026-04-Jose-C-Contre-jour-.jpg","alt":"","title":"Jos\u00e9-C-Contre-jour","caption":"Jos\u00e9-C-Contre-jour \u00e0 l'\u00c9cole des Arts Joailliers","description":"Jos\u00e9-C-Contre-jour \u00e0 l'\u00c9cole des Arts Joailliers","report":"","src":"https:\/\/www.objectifimage-95.fr\/wp-content\/uploads\/2026\/05\/08-16-2026-04-Jose-C-Contre-jour--683x1024.jpg","data-width":2,"data-height":2},{"id":"19165","halign":"center","valign":"middle","link":"","target":0,"width":2,"height":2,"togglelightbox":0,"hide_title":0,"filters":"","url":"https:\/\/www.objectifimage-95.fr\/wp-content\/uploads\/2026\/05\/09-17-Rolande-D-57-4-copie-.jpg","alt":"","title":"Rolande-D-challenge avril","caption":"Rolande-D-Nefertiti veut sortir","description":"Rolande-D-Nefertiti veut sortir","report":"","src":"https:\/\/www.objectifimage-95.fr\/wp-content\/uploads\/2026\/05\/09-17-Rolande-D-57-4-copie--1024x649.jpg","data-width":2,"data-height":2},{"id":"19166","halign":"center","valign":"middle","link":"","target":0,"width":2,"height":2,"togglelightbox":0,"hide_title":0,"filters":"","url":"https:\/\/www.objectifimage-95.fr\/wp-content\/uploads\/2026\/05\/10-18-Pierre-Luc-K-Vol-au-crepuscule-.jpg","alt":"","title":"Pierre-Luc-K-Vol au cr\u00e9puscule","caption":"","description":"","report":"","src":"https:\/\/www.objectifimage-95.fr\/wp-content\/uploads\/2026\/05\/10-18-Pierre-Luc-K-Vol-au-crepuscule--1024x683.jpg","data-width":2,"data-height":2},{"id":"19167","halign":"center","valign":"middle","link":"","target":0,"width":2,"height":2,"togglelightbox":0,"hide_title":0,"filters":"","url":"https:\/\/www.objectifimage-95.fr\/wp-content\/uploads\/2026\/05\/11-19-Pascale-H-Face-a-la-course-du-soleil-1-.jpg","alt":"","title":"Pascale-H-Face \u00e0 la course du soleil.jpg","caption":"Salon Agam Yaacov Agam","description":"Salon Agam Yaacov Agam","report":"","src":"https:\/\/www.objectifimage-95.fr\/wp-content\/uploads\/2026\/05\/11-19-Pascale-H-Face-a-la-course-du-soleil-1--1024x819.jpg","data-width":2,"data-height":2},{"id":"19168","halign":"center","valign":"middle","link":"","target":0,"width":2,"height":2,"togglelightbox":0,"hide_title":0,"filters":"","url":"https:\/\/www.objectifimage-95.fr\/wp-content\/uploads\/2026\/05\/12-20-Gilles-D-Lac-de-Montriond-.jpg","alt":"","title":"Gilles-D-Lac de Montriond","caption":"Juillet 2024, sur le sentier qui fait le tour du lac","description":"Juillet 2024, sur le sentier qui fait le tour du lac","report":"","src":"https:\/\/www.objectifimage-95.fr\/wp-content\/uploads\/2026\/05\/12-20-Gilles-D-Lac-de-Montriond--1024x702.jpg","data-width":2,"data-height":2},{"id":"19169","halign":"center","valign":"middle","link":"","target":0,"width":2,"height":2,"togglelightbox":0,"hide_title":0,"filters":"","url":"https:\/\/www.objectifimage-95.fr\/wp-content\/uploads\/2026\/05\/13-23-J-Pierre.P-Peche-sur-le-lac-.jpg","alt":"","title":"J-Pierre-P. P\u00eache sur le lac","caption":"J-Pierre-P.P\u00eache sur le lac - Enghien","description":"J-Pierre-P.P\u00eache sur le lac - Enghien","report":"","src":"https:\/\/www.objectifimage-95.fr\/wp-content\/uploads\/2026\/05\/13-23-J-Pierre.P-Peche-sur-le-lac--683x1024.jpg","data-width":2,"data-height":2},{"id":"19170","halign":"center","valign":"middle","link":"","target":0,"width":2,"height":2,"togglelightbox":0,"hide_title":0,"filters":"","url":"https:\/\/www.objectifimage-95.fr\/wp-content\/uploads\/2026\/05\/14-25-Edouard-M-Colombe-.jpg","alt":"","title":"Edouard-M-Colombe","caption":"Edouard-M-Colombe","description":"Edouard-M-Colombe","report":"","src":"https:\/\/www.objectifimage-95.fr\/wp-content\/uploads\/2026\/05\/14-25-Edouard-M-Colombe--683x1024.jpg","data-width":2,"data-height":2},{"id":"19171","halign":"center","valign":"middle","link":"","target":0,"width":2,"height":2,"togglelightbox":0,"hide_title":0,"filters":"","url":"https:\/\/www.objectifimage-95.fr\/wp-content\/uploads\/2026\/05\/15-26-Georges-B-Couples-Falaises-Etretat-.jpg","alt":"","title":"Georges-B-COUPLES FALAISES ETRETAT","caption":"Couples sur les falaises d'Etretat au coucher de soleil","description":"Couples sur les falaises d'Etretat au coucher de soleil","report":"","src":"https:\/\/www.objectifimage-95.fr\/wp-content\/uploads\/2026\/05\/15-26-Georges-B-Couples-Falaises-Etretat--1024x683.jpg","data-width":2,"data-height":2},{"id":"19172","halign":"center","valign":"middle","link":"","target":0,"width":2,"height":2,"togglelightbox":0,"hide_title":0,"filters":"","url":"https:\/\/www.objectifimage-95.fr\/wp-content\/uploads\/2026\/05\/16-27-Christian-V-Lac-dEnghien-4-janvier-2026-.jpg","alt":"","title":"Christian-V-Lac d&rsquo;Enghien-4-janvier-2026","caption":"Christian-V-Lac d'Enghien-4-janvier-2026","description":"Christian-V-Lac d'Enghien-4-janvier-2026","report":"","src":"https:\/\/www.objectifimage-95.fr\/wp-content\/uploads\/2026\/05\/16-27-Christian-V-Lac-dEnghien-4-janvier-2026--1024x768.jpg","data-width":2,"data-height":2},{"id":"19173","halign":"center","valign":"middle","link":"","target":0,"width":2,"height":2,"togglelightbox":0,"hide_title":0,"filters":"","url":"https:\/\/www.objectifimage-95.fr\/wp-content\/uploads\/2026\/05\/17-28-Fabrice-V-Rafraichissement-.jpg","alt":"","title":"Fabriuce-V-Rafra\u00eechissement","caption":"Fabrice-V:Sur la Place de la Bourse, Bordeaux","description":"Fabrice-V:Sur la Place de la Bourse, Bordeaux","report":"","src":"https:\/\/www.objectifimage-95.fr\/wp-content\/uploads\/2026\/05\/17-28-Fabrice-V-Rafraichissement--1024x683.jpg","data-width":2,"data-height":2},{"id":"19174","halign":"center","valign":"middle","link":"","target":0,"width":2,"height":2,"togglelightbox":0,"hide_title":0,"filters":"","url":"https:\/\/www.objectifimage-95.fr\/wp-content\/uploads\/2026\/05\/18-29-Pierre-P-Lac-dEnghien-.jpg","alt":"","title":"18-29-Pierre-P &#8211; Lac d&rsquo;Enghien &#8211;","caption":"","description":"","report":"","src":"https:\/\/www.objectifimage-95.fr\/wp-content\/uploads\/2026\/05\/18-29-Pierre-P-Lac-dEnghien--683x1024.jpg","data-width":2,"data-height":2},{"id":"19175","halign":"center","valign":"middle","link":"","target":0,"width":2,"height":2,"togglelightbox":0,"hide_title":0,"filters":"","url":"https:\/\/www.objectifimage-95.fr\/wp-content\/uploads\/2026\/05\/19-32-Herve-D-Contre-jour-sur-la-plage-.jpg","alt":"","title":"Herv\u00e9-D-contrejour sur la plage","caption":"Herv\u00e9-D-contrejour sur la plage","description":"Herv\u00e9-D-contrejour sur la plage","report":"","src":"https:\/\/www.objectifimage-95.fr\/wp-content\/uploads\/2026\/05\/19-32-Herve-D-Contre-jour-sur-la-plage--1024x1024.jpg","data-width":2,"data-height":2},{"id":"19176","halign":"center","valign":"middle","link":"","target":0,"width":2,"height":2,"togglelightbox":0,"hide_title":0,"filters":"","url":"https:\/\/www.objectifimage-95.fr\/wp-content\/uploads\/2026\/05\/20-35-Bernard-B-Avec-beaucoup-damour-1-.jpg","alt":"","title":"20-35-Bernard-B-Avec beaucoup d&rsquo;amour-1 &#8211;","caption":"","description":"","report":"","src":"https:\/\/www.objectifimage-95.fr\/wp-content\/uploads\/2026\/05\/20-35-Bernard-B-Avec-beaucoup-damour-1--1024x1024.jpg","data-width":2,"data-height":2}],"yoast_head":"<!-- This site is optimized with the Yoast SEO plugin v27.5 - https:\/\/yoast.com\/product\/yoast-seo-wordpress\/ -->\n<title>G-CHA-2026-04-Contre-jour - Objectif Image 95<\/title>\n<meta name=\"robots\" content=\"index, follow, max-snippet:-1, max-image-preview:large, max-video-preview:-1\" \/>\n<link rel=\"canonical\" href=\"https:\/\/www.objectifimage-95.fr\/index.php\/modula-gallery\/2026-04-contre-jour\/\" \/>\n<meta property=\"og:locale\" content=\"fr_FR\" \/>\n<meta property=\"og:type\" content=\"article\" \/>\n<meta property=\"og:title\" content=\"G-CHA-2026-04-Contre-jour - Objectif Image 95\" \/>\n<meta property=\"og:url\" content=\"https:\/\/www.objectifimage-95.fr\/index.php\/modula-gallery\/2026-04-contre-jour\/\" \/>\n<meta property=\"og:site_name\" content=\"Objectif Image 95\" \/>\n<meta property=\"article:modified_time\" content=\"2026-05-01T15:46:25+00:00\" \/>\n<meta name=\"twitter:card\" content=\"summary_large_image\" \/>\n<script type=\"application\/ld+json\" class=\"yoast-schema-graph\">{\"@context\":\"https:\\\/\\\/schema.org\",\"@graph\":[{\"@type\":\"WebPage\",\"@id\":\"https:\\\/\\\/www.objectifimage-95.fr\\\/index.php\\\/modula-gallery\\\/2026-04-contre-jour\\\/\",\"url\":\"https:\\\/\\\/www.objectifimage-95.fr\\\/index.php\\\/modula-gallery\\\/2026-04-contre-jour\\\/\",\"name\":\"G-CHA-2026-04-Contre-jour - Objectif Image 95\",\"isPartOf\":{\"@id\":\"https:\\\/\\\/www.objectifimage-95.fr\\\/#website\"},\"datePublished\":\"2026-04-05T15:47:50+00:00\",\"dateModified\":\"2026-05-01T15:46:25+00:00\",\"breadcrumb\":{\"@id\":\"https:\\\/\\\/www.objectifimage-95.fr\\\/index.php\\\/modula-gallery\\\/2026-04-contre-jour\\\/#breadcrumb\"},\"inLanguage\":\"fr-FR\",\"potentialAction\":[{\"@type\":\"ReadAction\",\"target\":[\"https:\\\/\\\/www.objectifimage-95.fr\\\/index.php\\\/modula-gallery\\\/2026-04-contre-jour\\\/\"]}]},{\"@type\":\"BreadcrumbList\",\"@id\":\"https:\\\/\\\/www.objectifimage-95.fr\\\/index.php\\\/modula-gallery\\\/2026-04-contre-jour\\\/#breadcrumb\",\"itemListElement\":[{\"@type\":\"ListItem\",\"position\":1,\"name\":\"Accueil\",\"item\":\"https:\\\/\\\/www.objectifimage-95.fr\\\/\"},{\"@type\":\"ListItem\",\"position\":2,\"name\":\"G-CHA-2026-04-Contre-jour\"}]},{\"@type\":\"WebSite\",\"@id\":\"https:\\\/\\\/www.objectifimage-95.fr\\\/#website\",\"url\":\"https:\\\/\\\/www.objectifimage-95.fr\\\/\",\"name\":\"Objectif Image-95\",\"description\":\"Photo club de Soisy-sous-Montmorency\",\"publisher\":{\"@id\":\"https:\\\/\\\/www.objectifimage-95.fr\\\/#organization\"},\"potentialAction\":[{\"@type\":\"SearchAction\",\"target\":{\"@type\":\"EntryPoint\",\"urlTemplate\":\"https:\\\/\\\/www.objectifimage-95.fr\\\/?s={search_term_string}\"},\"query-input\":{\"@type\":\"PropertyValueSpecification\",\"valueRequired\":true,\"valueName\":\"search_term_string\"}}],\"inLanguage\":\"fr-FR\"},{\"@type\":\"Organization\",\"@id\":\"https:\\\/\\\/www.objectifimage-95.fr\\\/#organization\",\"name\":\"Objectif Image-95\",\"url\":\"https:\\\/\\\/www.objectifimage-95.fr\\\/\",\"logo\":{\"@type\":\"ImageObject\",\"inLanguage\":\"fr-FR\",\"@id\":\"https:\\\/\\\/www.objectifimage-95.fr\\\/#\\\/schema\\\/logo\\\/image\\\/\",\"url\":\"https:\\\/\\\/www.objectifimage-95.fr\\\/wp-content\\\/uploads\\\/2025\\\/01\\\/Logo-520px.png\",\"contentUrl\":\"https:\\\/\\\/www.objectifimage-95.fr\\\/wp-content\\\/uploads\\\/2025\\\/01\\\/Logo-520px.png\",\"width\":520,\"height\":343,\"caption\":\"Objectif Image-95\"},\"image\":{\"@id\":\"https:\\\/\\\/www.objectifimage-95.fr\\\/#\\\/schema\\\/logo\\\/image\\\/\"}}]}<\/script>\n<!-- \/ Yoast SEO plugin. -->","yoast_head_json":{"title":"G-CHA-2026-04-Contre-jour - Objectif Image 95","robots":{"index":"index","follow":"follow","max-snippet":"max-snippet:-1","max-image-preview":"max-image-preview:large","max-video-preview":"max-video-preview:-1"},"canonical":"https:\/\/www.objectifimage-95.fr\/index.php\/modula-gallery\/2026-04-contre-jour\/","og_locale":"fr_FR","og_type":"article","og_title":"G-CHA-2026-04-Contre-jour - Objectif Image 95","og_url":"https:\/\/www.objectifimage-95.fr\/index.php\/modula-gallery\/2026-04-contre-jour\/","og_site_name":"Objectif Image 95","article_modified_time":"2026-05-01T15:46:25+00:00","twitter_card":"summary_large_image","schema":{"@context":"https:\/\/schema.org","@graph":[{"@type":"WebPage","@id":"https:\/\/www.objectifimage-95.fr\/index.php\/modula-gallery\/2026-04-contre-jour\/","url":"https:\/\/www.objectifimage-95.fr\/index.php\/modula-gallery\/2026-04-contre-jour\/","name":"G-CHA-2026-04-Contre-jour - Objectif Image 95","isPartOf":{"@id":"https:\/\/www.objectifimage-95.fr\/#website"},"datePublished":"2026-04-05T15:47:50+00:00","dateModified":"2026-05-01T15:46:25+00:00","breadcrumb":{"@id":"https:\/\/www.objectifimage-95.fr\/index.php\/modula-gallery\/2026-04-contre-jour\/#breadcrumb"},"inLanguage":"fr-FR","potentialAction":[{"@type":"ReadAction","target":["https:\/\/www.objectifimage-95.fr\/index.php\/modula-gallery\/2026-04-contre-jour\/"]}]},{"@type":"BreadcrumbList","@id":"https:\/\/www.objectifimage-95.fr\/index.php\/modula-gallery\/2026-04-contre-jour\/#breadcrumb","itemListElement":[{"@type":"ListItem","position":1,"name":"Accueil","item":"https:\/\/www.objectifimage-95.fr\/"},{"@type":"ListItem","position":2,"name":"G-CHA-2026-04-Contre-jour"}]},{"@type":"WebSite","@id":"https:\/\/www.objectifimage-95.fr\/#website","url":"https:\/\/www.objectifimage-95.fr\/","name":"Objectif Image-95","description":"Photo club de Soisy-sous-Montmorency","publisher":{"@id":"https:\/\/www.objectifimage-95.fr\/#organization"},"potentialAction":[{"@type":"SearchAction","target":{"@type":"EntryPoint","urlTemplate":"https:\/\/www.objectifimage-95.fr\/?s={search_term_string}"},"query-input":{"@type":"PropertyValueSpecification","valueRequired":true,"valueName":"search_term_string"}}],"inLanguage":"fr-FR"},{"@type":"Organization","@id":"https:\/\/www.objectifimage-95.fr\/#organization","name":"Objectif Image-95","url":"https:\/\/www.objectifimage-95.fr\/","logo":{"@type":"ImageObject","inLanguage":"fr-FR","@id":"https:\/\/www.objectifimage-95.fr\/#\/schema\/logo\/image\/","url":"https:\/\/www.objectifimage-95.fr\/wp-content\/uploads\/2025\/01\/Logo-520px.png","contentUrl":"https:\/\/www.objectifimage-95.fr\/wp-content\/uploads\/2025\/01\/Logo-520px.png","width":520,"height":343,"caption":"Objectif Image-95"},"image":{"@id":"https:\/\/www.objectifimage-95.fr\/#\/schema\/logo\/image\/"}}]}},"jetpack_sharing_enabled":true,"_links":{"self":[{"href":"https:\/\/www.objectifimage-95.fr\/index.php\/wp-json\/wp\/v2\/modula-gallery\/18787","targetHints":{"allow":["GET"]}}],"collection":[{"href":"https:\/\/www.objectifimage-95.fr\/index.php\/wp-json\/wp\/v2\/modula-gallery"}],"about":[{"href":"https:\/\/www.objectifimage-95.fr\/index.php\/wp-json\/wp\/v2\/types\/modula-gallery"}],"wp:attachment":[{"href":"https:\/\/www.objectifimage-95.fr\/index.php\/wp-json\/wp\/v2\/media?parent=18787"}],"curies":[{"name":"wp","href":"https:\/\/api.w.org\/{rel}","templated":true}]}}