{"id":17040,"date":"2025-10-08T15:04:48","date_gmt":"2025-10-08T13:04:48","guid":{"rendered":"https:\/\/www.objectifimage-95.fr\/index.php\/modula-gallery\/entrainement-chevaux-chantilly-2-2-2\/"},"modified":"2025-10-08T15:20:17","modified_gmt":"2025-10-08T13:20:17","slug":"escapade-6-berlin","status":"publish","type":"modula-gallery","link":"https:\/\/www.objectifimage-95.fr\/index.php\/modula-gallery\/escapade-6-berlin\/","title":{"rendered":"G-SOR-2025-06-10-14-ESCAPADE 6-BERLIN"},"template":"","class_list":["post-17040","modula-gallery","type-modula-gallery","status-publish","hentry","entry"],"modulaSettings":{"type":"grid","grid_type":"5","grid_row_height":250,"grid_justify_last_row":"justify","grid_image_size":"medium","grid_image_dimensions":{"width":0,"height":0},"img_size":200,"img_crop":true,"grid_image_crop":"0","gutter":10,"tablet_gutter":10,"mobile_gutter":10,"width":"100%","height":[800,800,800],"randomFactor":50,"shuffle":"0","maxImagesCount":"0","maxImagesCount_mobile":"0","lightbox":"fancybox","show_navigation":true,"open_Lightbox_on":"both","doubleClick":"0","loop_lightbox":"0","showTitleLightbox":true,"showCaptionLightbox":true,"captionPosition":"left","lightbox_keyboard":true,"lightbox_wheel":"0","lightbox_toolbar":true,"lightbox_close":true,"lightbox_thumbs":true,"lightbox_download":"0","lightbox_zoom":true,"lightbox_clickSlide":"0","lightbox_infobar":true,"lightbox_animationEffect":"false","lightbox_transitionEffect":"fade","showAllOnLightbox":"0","lightbox_touch":"0","lightbox_thumbsAutoStart":"0","mobile_caption_copy":true,"lightbox_background_color":"rgba(30,30,30,.9)","lightbox_thumbsPosition":"bottom","hide_title":true,"titleColor":"#ffffff","titleFontSize":16,"mobileTitleFontSize":12,"hide_description":"0","captionColor":"#ffffff","captionFontSize":14,"mobileCaptionFontSize":10,"show_gallery_title":"0","gallery_title_type":"p","titleFontWeight":"400","captionFontWeight":"normal","enableSocial":"0","enableTwitter":"0","enableFacebook":"0","enableWhatsapp":"0","enableLinkedin":"0","enablePinterest":"0","enableEmail":"0","emailSubject":"Check out this awesome image !!","emailMessage":"Here is the link to the image : %%image_link%% and this is the link to the gallery : %%gallery_link%%","socialIconColor":"#ffffff","socialIconSize":16,"socialIconPadding":10,"socialDesktopCollapsed":"1","loadedScale":100,"inView":"0","loadedRotate":0,"loadedHSlide":0,"loadedVSlide":0,"effect":"pufrobo","cursor":"zoom-in","uploadCursor":"0","hoverColor":"#ffffff","hoverOpacity":50,"borderSize":0,"borderRadius":0,"borderColor":"#ffffff","shadowSize":0,"shadowColor":"#ffffff","lazy_load":true,"helper-message":"","enable_responsive":"0","tablet_columns":2,"mobile_columns":1,"style":"","last_visited_tab":"modula-general","filters":[""],"dropdownFilters":"0","filterClick":"0","hideAllFilter":"0","allFilterLabel":"All","filterStyle":"default","filterLinkColor":"","filterLinkHoverColor":"","defaultActiveFilter":"All","filterPositioning":"top","filterTextAlignment":"none","enableCollapsibleFilters":"0","collapsibleActionText":"Filter by","enableMobileDropdownFilters":"0","enable_password":"0","password":"7dZx0kJXSA4oI7L6qy","password_protect_username":"","password_protect_text":"","upload_position":"end"},"modulaImages":[{"id":"17041","halign":"center","valign":"middle","link":"","target":0,"width":2,"height":2,"togglelightbox":0,"hide_title":0,"filters":"","url":"https:\/\/www.objectifimage-95.fr\/wp-content\/uploads\/2025\/10\/A-BERLIN1.jpg","alt":"","title":"A- BERLIN1","caption":"","description":"","report":"","src":"https:\/\/www.objectifimage-95.fr\/wp-content\/uploads\/2025\/10\/A-BERLIN1-1024x683.jpg","data-width":2,"data-height":2},{"id":"17042","halign":"center","valign":"middle","link":"","target":0,"width":2,"height":2,"togglelightbox":0,"hide_title":0,"filters":"","url":"https:\/\/www.objectifimage-95.fr\/wp-content\/uploads\/2025\/10\/A-BERLIN2.jpg","alt":"","title":"A- BERLIN2","caption":"","description":"","report":"","src":"https:\/\/www.objectifimage-95.fr\/wp-content\/uploads\/2025\/10\/A-BERLIN2-1024x723.jpg","data-width":2,"data-height":2},{"id":"17043","halign":"center","valign":"middle","link":"","target":0,"width":2,"height":2,"togglelightbox":0,"hide_title":0,"filters":"","url":"https:\/\/www.objectifimage-95.fr\/wp-content\/uploads\/2025\/10\/A-BERLIN3.jpg","alt":"","title":"A- BERLIN3","caption":"","description":"","report":"","src":"https:\/\/www.objectifimage-95.fr\/wp-content\/uploads\/2025\/10\/A-BERLIN3-1024x715.jpg","data-width":2,"data-height":2},{"id":"17044","halign":"center","valign":"middle","link":"","target":0,"width":2,"height":2,"togglelightbox":0,"hide_title":0,"filters":"","url":"https:\/\/www.objectifimage-95.fr\/wp-content\/uploads\/2025\/10\/A-JOSE-1-.jpg","alt":"","title":"A-JOS\u00c9-1-","caption":"","description":"","report":"","src":"https:\/\/www.objectifimage-95.fr\/wp-content\/uploads\/2025\/10\/A-JOSE-1--1024x683.jpg","data-width":2,"data-height":2},{"id":"17045","halign":"center","valign":"middle","link":"","target":0,"width":2,"height":2,"togglelightbox":0,"hide_title":0,"filters":"","url":"https:\/\/www.objectifimage-95.fr\/wp-content\/uploads\/2025\/10\/A-JOSE-1-Charlottenburg-0.jpg","alt":"","title":"A-JOS\u00c9-1-Charlottenburg-0","caption":"","description":"","report":"","src":"https:\/\/www.objectifimage-95.fr\/wp-content\/uploads\/2025\/10\/A-JOSE-1-Charlottenburg-0-1024x683.jpg","data-width":2,"data-height":2},{"id":"17046","halign":"center","valign":"middle","link":"","target":0,"width":2,"height":2,"togglelightbox":0,"hide_title":0,"filters":"","url":"https:\/\/www.objectifimage-95.fr\/wp-content\/uploads\/2025\/10\/A-JOSE-1-Charlottenburg-1.jpg","alt":"","title":"A-JOS\u00c9-1-Charlottenburg-1","caption":"","description":"","report":"","src":"https:\/\/www.objectifimage-95.fr\/wp-content\/uploads\/2025\/10\/A-JOSE-1-Charlottenburg-1-1024x461.jpg","data-width":2,"data-height":2},{"id":"17047","halign":"center","valign":"middle","link":"","target":0,"width":2,"height":2,"togglelightbox":0,"hide_title":0,"filters":"","url":"https:\/\/www.objectifimage-95.fr\/wp-content\/uploads\/2025\/10\/A-JOSE-1-Charlottenburg-2.jpg","alt":"","title":"A-JOS\u00c9-1-Charlottenburg-2","caption":"","description":"","report":"","src":"https:\/\/www.objectifimage-95.fr\/wp-content\/uploads\/2025\/10\/A-JOSE-1-Charlottenburg-2-1024x684.jpg","data-width":2,"data-height":2},{"id":"17048","halign":"center","valign":"middle","link":"","target":0,"width":2,"height":2,"togglelightbox":0,"hide_title":0,"filters":"","url":"https:\/\/www.objectifimage-95.fr\/wp-content\/uploads\/2025\/10\/A-JOSE-1-Charlottenburg-3.jpg","alt":"","title":"A-JOS\u00c9-1-Charlottenburg-3","caption":"","description":"","report":"","src":"https:\/\/www.objectifimage-95.fr\/wp-content\/uploads\/2025\/10\/A-JOSE-1-Charlottenburg-3-1024x684.jpg","data-width":2,"data-height":2},{"id":"17049","halign":"center","valign":"middle","link":"","target":0,"width":2,"height":2,"togglelightbox":0,"hide_title":0,"filters":"","url":"https:\/\/www.objectifimage-95.fr\/wp-content\/uploads\/2025\/10\/A-JOSE-1-Charlottenburg-4.jpg","alt":"","title":"A-JOS\u00c9-1-Charlottenburg-4","caption":"","description":"","report":"","src":"https:\/\/www.objectifimage-95.fr\/wp-content\/uploads\/2025\/10\/A-JOSE-1-Charlottenburg-4-768x1024.jpg","data-width":2,"data-height":2},{"id":"17050","halign":"center","valign":"middle","link":"","target":0,"width":2,"height":2,"togglelightbox":0,"hide_title":0,"filters":"","url":"https:\/\/www.objectifimage-95.fr\/wp-content\/uploads\/2025\/10\/A-JOSE-1-Charlottenburg-5-scaled.jpg","alt":"","title":"A-JOS\u00c9-1-Charlottenburg-5","caption":"","description":"","report":"","src":"https:\/\/www.objectifimage-95.fr\/wp-content\/uploads\/2025\/10\/A-JOSE-1-Charlottenburg-5-612x1024.jpg","data-width":2,"data-height":2},{"id":"17051","halign":"center","valign":"middle","link":"","target":0,"width":2,"height":2,"togglelightbox":0,"hide_title":0,"filters":"","url":"https:\/\/www.objectifimage-95.fr\/wp-content\/uploads\/2025\/10\/A-JOSE-1-Charlottenburg-6-scaled.jpg","alt":"","title":"A-JOS\u00c9-1-Charlottenburg-6","caption":"","description":"","report":"","src":"https:\/\/www.objectifimage-95.fr\/wp-content\/uploads\/2025\/10\/A-JOSE-1-Charlottenburg-6-683x1024.jpg","data-width":2,"data-height":2},{"id":"17052","halign":"center","valign":"middle","link":"","target":0,"width":2,"height":2,"togglelightbox":0,"hide_title":0,"filters":"","url":"https:\/\/www.objectifimage-95.fr\/wp-content\/uploads\/2025\/10\/A-JOSE-1-Charlottenburg-7.jpg","alt":"","title":"A-JOS\u00c9-1-Charlottenburg-7","caption":"","description":"","report":"","src":"https:\/\/www.objectifimage-95.fr\/wp-content\/uploads\/2025\/10\/A-JOSE-1-Charlottenburg-7-905x1024.jpg","data-width":2,"data-height":2},{"id":"17053","halign":"center","valign":"middle","link":"","target":0,"width":2,"height":2,"togglelightbox":0,"hide_title":0,"filters":"","url":"https:\/\/www.objectifimage-95.fr\/wp-content\/uploads\/2025\/10\/A-JOSE-1-Charlottenburg-8.jpg","alt":"","title":"A-JOS\u00c9-1-Charlottenburg-8","caption":"","description":"","report":"","src":"https:\/\/www.objectifimage-95.fr\/wp-content\/uploads\/2025\/10\/A-JOSE-1-Charlottenburg-8-1024x769.jpg","data-width":2,"data-height":2},{"id":"17054","halign":"center","valign":"middle","link":"","target":0,"width":2,"height":2,"togglelightbox":0,"hide_title":0,"filters":"","url":"https:\/\/www.objectifimage-95.fr\/wp-content\/uploads\/2025\/10\/A-JOSE-1-Charlottenburg-9.jpg","alt":"","title":"A-JOS\u00c9-1-Charlottenburg-9","caption":"","description":"","report":"","src":"https:\/\/www.objectifimage-95.fr\/wp-content\/uploads\/2025\/10\/A-JOSE-1-Charlottenburg-9-1024x461.jpg","data-width":2,"data-height":2},{"id":"17055","halign":"center","valign":"middle","link":"","target":0,"width":2,"height":2,"togglelightbox":0,"hide_title":0,"filters":"","url":"https:\/\/www.objectifimage-95.fr\/wp-content\/uploads\/2025\/10\/A-JOSE-1-Charlottenburg-10.jpg","alt":"","title":"A-JOS\u00c9-1-Charlottenburg-10","caption":"","description":"","report":"","src":"https:\/\/www.objectifimage-95.fr\/wp-content\/uploads\/2025\/10\/A-JOSE-1-Charlottenburg-10-1024x1024.jpg","data-width":2,"data-height":2},{"id":"17056","halign":"center","valign":"middle","link":"","target":0,"width":2,"height":2,"togglelightbox":0,"hide_title":0,"filters":"","url":"https:\/\/www.objectifimage-95.fr\/wp-content\/uploads\/2025\/10\/A-JOSE-1-Charlottenburg-11.jpg","alt":"","title":"A-JOS\u00c9-1-Charlottenburg-11","caption":"","description":"","report":"","src":"https:\/\/www.objectifimage-95.fr\/wp-content\/uploads\/2025\/10\/A-JOSE-1-Charlottenburg-11-1024x684.jpg","data-width":2,"data-height":2},{"id":"17057","halign":"center","valign":"middle","link":"","target":0,"width":2,"height":2,"togglelightbox":0,"hide_title":0,"filters":"","url":"https:\/\/www.objectifimage-95.fr\/wp-content\/uploads\/2025\/10\/A-JOSE-1-Charlottenburg-12.jpg","alt":"","title":"A-JOS\u00c9-1-Charlottenburg-12","caption":"","description":"","report":"","src":"https:\/\/www.objectifimage-95.fr\/wp-content\/uploads\/2025\/10\/A-JOSE-1-Charlottenburg-12-1024x586.jpg","data-width":2,"data-height":2},{"id":"17058","halign":"center","valign":"middle","link":"","target":0,"width":2,"height":2,"togglelightbox":0,"hide_title":0,"filters":"","url":"https:\/\/www.objectifimage-95.fr\/wp-content\/uploads\/2025\/10\/A-JOSE-1-Charlottenburg-13-scaled.jpg","alt":"","title":"A-JOS\u00c9-1-Charlottenburg-13","caption":"","description":"","report":"","src":"https:\/\/www.objectifimage-95.fr\/wp-content\/uploads\/2025\/10\/A-JOSE-1-Charlottenburg-13-649x1024.jpg","data-width":2,"data-height":2},{"id":"17059","halign":"center","valign":"middle","link":"","target":0,"width":2,"height":2,"togglelightbox":0,"hide_title":0,"filters":"","url":"https:\/\/www.objectifimage-95.fr\/wp-content\/uploads\/2025\/10\/A-JOSE-1-Charlottenburg-14.jpg","alt":"","title":"Rolande-D-Berlin","caption":"Rolande-D-Noir, rouge et or","description":"Rolande-D-Noir, rouge et or","report":"","src":"https:\/\/www.objectifimage-95.fr\/wp-content\/uploads\/2025\/10\/A-JOSE-1-Charlottenburg-14-1024x684.jpg","data-width":2,"data-height":2},{"id":"17060","halign":"center","valign":"middle","link":"","target":0,"width":2,"height":2,"togglelightbox":0,"hide_title":0,"filters":"","url":"https:\/\/www.objectifimage-95.fr\/wp-content\/uploads\/2025\/10\/A-JOSE-1-Charlottenburg-15.jpg","alt":"","title":"Rolande-D-Berlin","caption":"Rolande-D-Noir, rouge et or","description":"Rolande-D-Noir, rouge et or","report":"","src":"https:\/\/www.objectifimage-95.fr\/wp-content\/uploads\/2025\/10\/A-JOSE-1-Charlottenburg-15-1024x600.jpg","data-width":2,"data-height":2},{"id":"17061","halign":"center","valign":"middle","link":"","target":0,"width":2,"height":2,"togglelightbox":0,"hide_title":0,"filters":"","url":"https:\/\/www.objectifimage-95.fr\/wp-content\/uploads\/2025\/10\/A-JOSE-1-Charlottenburg-16.jpg","alt":"","title":"A-JOS\u00c9-1-Charlottenburg-16","caption":"","description":"","report":"","src":"https:\/\/www.objectifimage-95.fr\/wp-content\/uploads\/2025\/10\/A-JOSE-1-Charlottenburg-16-1024x768.jpg","data-width":2,"data-height":2},{"id":"17062","halign":"center","valign":"middle","link":"","target":0,"width":2,"height":2,"togglelightbox":0,"hide_title":0,"filters":"","url":"https:\/\/www.objectifimage-95.fr\/wp-content\/uploads\/2025\/10\/A-JOSE-1-Charlottenburg-17.jpg","alt":"","title":"A-JOS\u00c9-1-Charlottenburg-17","caption":"","description":"","report":"","src":"https:\/\/www.objectifimage-95.fr\/wp-content\/uploads\/2025\/10\/A-JOSE-1-Charlottenburg-17-1024x678.jpg","data-width":2,"data-height":2},{"id":"17063","halign":"center","valign":"middle","link":"","target":0,"width":2,"height":2,"togglelightbox":0,"hide_title":0,"filters":"","url":"https:\/\/www.objectifimage-95.fr\/wp-content\/uploads\/2025\/10\/A-JOSE-1-Charlottenburg-18.jpg","alt":"","title":"A-JOS\u00c9-1-Charlottenburg-18","caption":"","description":"","report":"","src":"https:\/\/www.objectifimage-95.fr\/wp-content\/uploads\/2025\/10\/A-JOSE-1-Charlottenburg-18-1024x769.jpg","data-width":2,"data-height":2},{"id":"17064","halign":"center","valign":"middle","link":"","target":0,"width":2,"height":2,"togglelightbox":0,"hide_title":0,"filters":"","url":"https:\/\/www.objectifimage-95.fr\/wp-content\/uploads\/2025\/10\/A-JOSE-2-Humboldt-Chateau-0.jpg","alt":"","title":"A-JOS\u00c9-2-Humboldt Chateau-0","caption":"","description":"","report":"","src":"https:\/\/www.objectifimage-95.fr\/wp-content\/uploads\/2025\/10\/A-JOSE-2-Humboldt-Chateau-0-1024x683.jpg","data-width":2,"data-height":2},{"id":"17065","halign":"center","valign":"middle","link":"","target":0,"width":2,"height":2,"togglelightbox":0,"hide_title":0,"filters":"","url":"https:\/\/www.objectifimage-95.fr\/wp-content\/uploads\/2025\/10\/A-JOSE-2-Humboldt-Chateau-1.jpg","alt":"","title":"A-JOS\u00c9-2-Humboldt Chateau-1","caption":"","description":"","report":"","src":"https:\/\/www.objectifimage-95.fr\/wp-content\/uploads\/2025\/10\/A-JOSE-2-Humboldt-Chateau-1-1024x451.jpg","data-width":2,"data-height":2},{"id":"17066","halign":"center","valign":"middle","link":"","target":0,"width":2,"height":2,"togglelightbox":0,"hide_title":0,"filters":"","url":"https:\/\/www.objectifimage-95.fr\/wp-content\/uploads\/2025\/10\/A-JOSE-2-Humboldt-Chateau-2.jpg","alt":"","title":"A-JOS\u00c9-2-Humboldt Chateau-2","caption":"","description":"","report":"","src":"https:\/\/www.objectifimage-95.fr\/wp-content\/uploads\/2025\/10\/A-JOSE-2-Humboldt-Chateau-2-1024x768.jpg","data-width":2,"data-height":2},{"id":"17067","halign":"center","valign":"middle","link":"","target":0,"width":2,"height":2,"togglelightbox":0,"hide_title":0,"filters":"","url":"https:\/\/www.objectifimage-95.fr\/wp-content\/uploads\/2025\/10\/A-JOSE-2-Humboldt-Chateau-3.jpg","alt":"","title":"A-JOS\u00c9-2-Humboldt Chateau-3","caption":"","description":"","report":"","src":"https:\/\/www.objectifimage-95.fr\/wp-content\/uploads\/2025\/10\/A-JOSE-2-Humboldt-Chateau-3-1024x317.jpg","data-width":2,"data-height":2},{"id":"17068","halign":"center","valign":"middle","link":"","target":0,"width":2,"height":2,"togglelightbox":0,"hide_title":0,"filters":"","url":"https:\/\/www.objectifimage-95.fr\/wp-content\/uploads\/2025\/10\/A-JOSE-2-Humboldt-Chateau-4.jpg","alt":"","title":"A-JOS\u00c9-2-Humboldt Chateau-4","caption":"","description":"","report":"","src":"https:\/\/www.objectifimage-95.fr\/wp-content\/uploads\/2025\/10\/A-JOSE-2-Humboldt-Chateau-4-1024x461.jpg","data-width":2,"data-height":2},{"id":"17069","halign":"center","valign":"middle","link":"","target":0,"width":2,"height":2,"togglelightbox":0,"hide_title":0,"filters":"","url":"https:\/\/www.objectifimage-95.fr\/wp-content\/uploads\/2025\/10\/A-JOSE-2-Humboldt-Chateau-5.jpg","alt":"","title":"A-JOS\u00c9-2-Humboldt Chateau-5","caption":"","description":"","report":"","src":"https:\/\/www.objectifimage-95.fr\/wp-content\/uploads\/2025\/10\/A-JOSE-2-Humboldt-Chateau-5-1024x683.jpg","data-width":2,"data-height":2},{"id":"17070","halign":"center","valign":"middle","link":"","target":0,"width":2,"height":2,"togglelightbox":0,"hide_title":0,"filters":"","url":"https:\/\/www.objectifimage-95.fr\/wp-content\/uploads\/2025\/10\/A-JOSE-3-Cathedrale-0.jpg","alt":"","title":"A-JOS\u00c9-3-Cathedrale-0","caption":"","description":"","report":"","src":"https:\/\/www.objectifimage-95.fr\/wp-content\/uploads\/2025\/10\/A-JOSE-3-Cathedrale-0-1024x683.jpg","data-width":2,"data-height":2},{"id":"17071","halign":"center","valign":"middle","link":"","target":0,"width":2,"height":2,"togglelightbox":0,"hide_title":0,"filters":"","url":"https:\/\/www.objectifimage-95.fr\/wp-content\/uploads\/2025\/10\/A-JOSE-3-Cathedrale-1.jpg","alt":"","title":"A-JOS\u00c9-3-Cath\u00e9drale-1","caption":"","description":"","report":"","src":"https:\/\/www.objectifimage-95.fr\/wp-content\/uploads\/2025\/10\/A-JOSE-3-Cathedrale-1-1024x683.jpg","data-width":2,"data-height":2},{"id":"17072","halign":"center","valign":"middle","link":"","target":0,"width":2,"height":2,"togglelightbox":0,"hide_title":0,"filters":"","url":"https:\/\/www.objectifimage-95.fr\/wp-content\/uploads\/2025\/10\/A-JOSE-3-Cathedrale-2-scaled.jpg","alt":"","title":"A-JOS\u00c9-3-Cath\u00e9drale-2","caption":"","description":"","report":"","src":"https:\/\/www.objectifimage-95.fr\/wp-content\/uploads\/2025\/10\/A-JOSE-3-Cathedrale-2-683x1024.jpg","data-width":2,"data-height":2},{"id":"17073","halign":"center","valign":"middle","link":"","target":0,"width":2,"height":2,"togglelightbox":0,"hide_title":0,"filters":"","url":"https:\/\/www.objectifimage-95.fr\/wp-content\/uploads\/2025\/10\/A-JOSE-3-Cathedrale-3.jpg","alt":"","title":"A-JOS\u00c9-3-Cath\u00e9drale-3","caption":"","description":"","report":"","src":"https:\/\/www.objectifimage-95.fr\/wp-content\/uploads\/2025\/10\/A-JOSE-3-Cathedrale-3-1024x769.jpg","data-width":2,"data-height":2},{"id":"17074","halign":"center","valign":"middle","link":"","target":0,"width":2,"height":2,"togglelightbox":0,"hide_title":0,"filters":"","url":"https:\/\/www.objectifimage-95.fr\/wp-content\/uploads\/2025\/10\/A-JOSE-3-Cathedrale-4.jpg","alt":"","title":"A-JOS\u00c9-3-Cath\u00e9drale-4","caption":"","description":"","report":"","src":"https:\/\/www.objectifimage-95.fr\/wp-content\/uploads\/2025\/10\/A-JOSE-3-Cathedrale-4-1024x796.jpg","data-width":2,"data-height":2},{"id":"17075","halign":"center","valign":"middle","link":"","target":0,"width":2,"height":2,"togglelightbox":0,"hide_title":0,"filters":"","url":"https:\/\/www.objectifimage-95.fr\/wp-content\/uploads\/2025\/10\/A-JOSE-3-Cathedrale-5-scaled.jpg","alt":"","title":"A-JOS\u00c9-3-Cath\u00e9drale-5","caption":"","description":"","report":"","src":"https:\/\/www.objectifimage-95.fr\/wp-content\/uploads\/2025\/10\/A-JOSE-3-Cathedrale-5-683x1024.jpg","data-width":2,"data-height":2},{"id":"17076","halign":"center","valign":"middle","link":"","target":0,"width":2,"height":2,"togglelightbox":0,"hide_title":0,"filters":"","url":"https:\/\/www.objectifimage-95.fr\/wp-content\/uploads\/2025\/10\/A-JOSE-3-Cathedrale-6.jpg","alt":"","title":"A-JOS\u00c9-3-Cath\u00e9drale-6","caption":"","description":"","report":"","src":"https:\/\/www.objectifimage-95.fr\/wp-content\/uploads\/2025\/10\/A-JOSE-3-Cathedrale-6-1024x483.jpg","data-width":2,"data-height":2},{"id":"17077","halign":"center","valign":"middle","link":"","target":0,"width":2,"height":2,"togglelightbox":0,"hide_title":0,"filters":"","url":"https:\/\/www.objectifimage-95.fr\/wp-content\/uploads\/2025\/10\/A-JOSE-3-Cathedrale-7.jpg","alt":"","title":"A-JOS\u00c9-3-Cath\u00e9drale-7","caption":"","description":"","report":"","src":"https:\/\/www.objectifimage-95.fr\/wp-content\/uploads\/2025\/10\/A-JOSE-3-Cathedrale-7-1024x766.jpg","data-width":2,"data-height":2},{"id":"17078","halign":"center","valign":"middle","link":"","target":0,"width":2,"height":2,"togglelightbox":0,"hide_title":0,"filters":"","url":"https:\/\/www.objectifimage-95.fr\/wp-content\/uploads\/2025\/10\/A-JOSE-3-Cathedrale-8.jpg","alt":"","title":"A-JOS\u00c9-3-Cath\u00e9drale-8","caption":"","description":"","report":"","src":"https:\/\/www.objectifimage-95.fr\/wp-content\/uploads\/2025\/10\/A-JOSE-3-Cathedrale-8-1024x769.jpg","data-width":2,"data-height":2},{"id":"17079","halign":"center","valign":"middle","link":"","target":0,"width":2,"height":2,"togglelightbox":0,"hide_title":0,"filters":"","url":"https:\/\/www.objectifimage-95.fr\/wp-content\/uploads\/2025\/10\/A-JOSE-3-Cathedrale-9.jpg","alt":"","title":"A-JOS\u00c9-3-Cath\u00e9drale-9","caption":"","description":"","report":"","src":"https:\/\/www.objectifimage-95.fr\/wp-content\/uploads\/2025\/10\/A-JOSE-3-Cathedrale-9-1024x767.jpg","data-width":2,"data-height":2},{"id":"17080","halign":"center","valign":"middle","link":"","target":0,"width":2,"height":2,"togglelightbox":0,"hide_title":0,"filters":"","url":"https:\/\/www.objectifimage-95.fr\/wp-content\/uploads\/2025\/10\/A-JOSE-4-Ampleman-0.jpg","alt":"","title":"A-JOS\u00c9-4-Ampleman-0","caption":"","description":"","report":"","src":"https:\/\/www.objectifimage-95.fr\/wp-content\/uploads\/2025\/10\/A-JOSE-4-Ampleman-0-1024x683.jpg","data-width":2,"data-height":2},{"id":"17081","halign":"center","valign":"middle","link":"","target":0,"width":2,"height":2,"togglelightbox":0,"hide_title":0,"filters":"","url":"https:\/\/www.objectifimage-95.fr\/wp-content\/uploads\/2025\/10\/A-JOSE-4-Ampleman-1.jpg","alt":"","title":"A-JOS\u00c9-4-Ampleman-1","caption":"","description":"","report":"","src":"https:\/\/www.objectifimage-95.fr\/wp-content\/uploads\/2025\/10\/A-JOSE-4-Ampleman-1-768x1024.jpg","data-width":2,"data-height":2},{"id":"17082","halign":"center","valign":"middle","link":"","target":0,"width":2,"height":2,"togglelightbox":0,"hide_title":0,"filters":"","url":"https:\/\/www.objectifimage-95.fr\/wp-content\/uploads\/2025\/10\/A-JOSE-4-Ampleman-2.jpg","alt":"","title":"A-JOS\u00c9-4-Ampleman-2","caption":"","description":"","report":"","src":"https:\/\/www.objectifimage-95.fr\/wp-content\/uploads\/2025\/10\/A-JOSE-4-Ampleman-2-768x1024.jpg","data-width":2,"data-height":2},{"id":"17083","halign":"center","valign":"middle","link":"","target":0,"width":2,"height":2,"togglelightbox":0,"hide_title":0,"filters":"","url":"https:\/\/www.objectifimage-95.fr\/wp-content\/uploads\/2025\/10\/A-JOSE-4-Ampleman-3-scaled.jpg","alt":"","title":"A-JOS\u00c9-4-Ampleman-3","caption":"","description":"","report":"","src":"https:\/\/www.objectifimage-95.fr\/wp-content\/uploads\/2025\/10\/A-JOSE-4-Ampleman-3-767x1024.jpg","data-width":2,"data-height":2},{"id":"17084","halign":"center","valign":"middle","link":"","target":0,"width":2,"height":2,"togglelightbox":0,"hide_title":0,"filters":"","url":"https:\/\/www.objectifimage-95.fr\/wp-content\/uploads\/2025\/10\/A-JOSE-5-Philarmonie-0.jpg","alt":"","title":"A-JOS\u00c9-5-Philarmonie-0","caption":"","description":"","report":"","src":"https:\/\/www.objectifimage-95.fr\/wp-content\/uploads\/2025\/10\/A-JOSE-5-Philarmonie-0-1024x683.jpg","data-width":2,"data-height":2},{"id":"17085","halign":"center","valign":"middle","link":"","target":0,"width":2,"height":2,"togglelightbox":0,"hide_title":0,"filters":"","url":"https:\/\/www.objectifimage-95.fr\/wp-content\/uploads\/2025\/10\/A-JOSE-5-Philarmonie-1.jpg","alt":"","title":"A-JOS\u00c9-5-Philarmonie-1","caption":"","description":"","report":"","src":"https:\/\/www.objectifimage-95.fr\/wp-content\/uploads\/2025\/10\/A-JOSE-5-Philarmonie-1-1024x461.jpg","data-width":2,"data-height":2},{"id":"17086","halign":"center","valign":"middle","link":"","target":0,"width":2,"height":2,"togglelightbox":0,"hide_title":0,"filters":"","url":"https:\/\/www.objectifimage-95.fr\/wp-content\/uploads\/2025\/10\/B-DANIELLE-0-.jpg","alt":"","title":"B-DANIELLE-0-","caption":"","description":"","report":"","src":"https:\/\/www.objectifimage-95.fr\/wp-content\/uploads\/2025\/10\/B-DANIELLE-0--1024x683.jpg","data-width":2,"data-height":2},{"id":"17087","halign":"center","valign":"middle","link":"","target":0,"width":2,"height":2,"togglelightbox":0,"hide_title":0,"filters":"","url":"https:\/\/www.objectifimage-95.fr\/wp-content\/uploads\/2025\/10\/B-DANIELLE-0.jpg","alt":"","title":"B-DANIELLE-0","caption":"","description":"","report":"","src":"https:\/\/www.objectifimage-95.fr\/wp-content\/uploads\/2025\/10\/B-DANIELLE-0-1024x683.jpg","data-width":2,"data-height":2},{"id":"17088","halign":"center","valign":"middle","link":"","target":0,"width":2,"height":2,"togglelightbox":0,"hide_title":0,"filters":"","url":"https:\/\/www.objectifimage-95.fr\/wp-content\/uploads\/2025\/10\/B-DANIELLE-1-Charlie-1.jpg","alt":"","title":"B-DANIELLE-1-Charlie-1","caption":"","description":"","report":"","src":"https:\/\/www.objectifimage-95.fr\/wp-content\/uploads\/2025\/10\/B-DANIELLE-1-Charlie-1-1024x715.jpg","data-width":2,"data-height":2},{"id":"17089","halign":"center","valign":"middle","link":"","target":0,"width":2,"height":2,"togglelightbox":0,"hide_title":0,"filters":"","url":"https:\/\/www.objectifimage-95.fr\/wp-content\/uploads\/2025\/10\/B-DANIELLE-1-Charlie-2.jpg","alt":"","title":"B-DANIELLE-1-Charlie-2","caption":"","description":"","report":"","src":"https:\/\/www.objectifimage-95.fr\/wp-content\/uploads\/2025\/10\/B-DANIELLE-1-Charlie-2-1024x577.jpg","data-width":2,"data-height":2},{"id":"17090","halign":"center","valign":"middle","link":"","target":0,"width":2,"height":2,"togglelightbox":0,"hide_title":0,"filters":"","url":"https:\/\/www.objectifimage-95.fr\/wp-content\/uploads\/2025\/10\/B-DANIELLE-1-Charlie-3-scaled.jpg","alt":"","title":"B-DANIELLE-1-Charlie-3","caption":"","description":"","report":"","src":"https:\/\/www.objectifimage-95.fr\/wp-content\/uploads\/2025\/10\/B-DANIELLE-1-Charlie-3-683x1024.jpg","data-width":2,"data-height":2},{"id":"17091","halign":"center","valign":"middle","link":"","target":0,"width":2,"height":2,"togglelightbox":0,"hide_title":0,"filters":"","url":"https:\/\/www.objectifimage-95.fr\/wp-content\/uploads\/2025\/10\/B-DANIELLE-1-Charlie-4.jpg","alt":"","title":"B-DANIELLE-1-Charlie-4","caption":"","description":"","report":"","src":"https:\/\/www.objectifimage-95.fr\/wp-content\/uploads\/2025\/10\/B-DANIELLE-1-Charlie-4-1024x461.jpg","data-width":2,"data-height":2},{"id":"17092","halign":"center","valign":"middle","link":"","target":0,"width":2,"height":2,"togglelightbox":0,"hide_title":0,"filters":"","url":"https:\/\/www.objectifimage-95.fr\/wp-content\/uploads\/2025\/10\/B-DANIELLE-1-Charlie-5-scaled.jpg","alt":"","title":"B-DANIELLE-1-Charlie-5","caption":"","description":"","report":"","src":"https:\/\/www.objectifimage-95.fr\/wp-content\/uploads\/2025\/10\/B-DANIELLE-1-Charlie-5-671x1024.jpg","data-width":2,"data-height":2},{"id":"17093","halign":"center","valign":"middle","link":"","target":0,"width":2,"height":2,"togglelightbox":0,"hide_title":0,"filters":"","url":"https:\/\/www.objectifimage-95.fr\/wp-content\/uploads\/2025\/10\/B-DANIELLE-1-Charlie-6.jpg","alt":"","title":"B-DANIELLE-1-Charlie-6","caption":"","description":"","report":"","src":"https:\/\/www.objectifimage-95.fr\/wp-content\/uploads\/2025\/10\/B-DANIELLE-1-Charlie-6-1024x768.jpg","data-width":2,"data-height":2},{"id":"17094","halign":"center","valign":"middle","link":"","target":0,"width":2,"height":2,"togglelightbox":0,"hide_title":0,"filters":"","url":"https:\/\/www.objectifimage-95.fr\/wp-content\/uploads\/2025\/10\/B-DANIELLE-1-Charlie-7.jpg","alt":"","title":"B-DANIELLE-1-Charlie-7","caption":"","description":"","report":"","src":"https:\/\/www.objectifimage-95.fr\/wp-content\/uploads\/2025\/10\/B-DANIELLE-1-Charlie-7-1024x461.jpg","data-width":2,"data-height":2},{"id":"17095","halign":"center","valign":"middle","link":"","target":0,"width":2,"height":2,"togglelightbox":0,"hide_title":0,"filters":"","url":"https:\/\/www.objectifimage-95.fr\/wp-content\/uploads\/2025\/10\/B-DANIELLE-2-.jpg","alt":"","title":"B-DANIELLE-2-","caption":"","description":"","report":"","src":"https:\/\/www.objectifimage-95.fr\/wp-content\/uploads\/2025\/10\/B-DANIELLE-2--1024x683.jpg","data-width":2,"data-height":2},{"id":"17096","halign":"center","valign":"middle","link":"","target":0,"width":2,"height":2,"togglelightbox":0,"hide_title":0,"filters":"","url":"https:\/\/www.objectifimage-95.fr\/wp-content\/uploads\/2025\/10\/B-DANIELLE-2-East-Side-Gallery-1.jpg","alt":"","title":"Rolande-D-Berlin","caption":"Rolande-D-Noir, rouge et or","description":"Rolande-D-Noir, rouge et or","report":"","src":"https:\/\/www.objectifimage-95.fr\/wp-content\/uploads\/2025\/10\/B-DANIELLE-2-East-Side-Gallery-1-1024x730.jpg","data-width":2,"data-height":2},{"id":"17097","halign":"center","valign":"middle","link":"","target":0,"width":2,"height":2,"togglelightbox":0,"hide_title":0,"filters":"","url":"https:\/\/www.objectifimage-95.fr\/wp-content\/uploads\/2025\/10\/B-DANIELLE-2-East-Side-Gallery-2.jpg","alt":"","title":"Rolande-D-Berlin","caption":"Rolande-D-Noir, rouge et or","description":"Rolande-D-Noir, rouge et or","report":"","src":"https:\/\/www.objectifimage-95.fr\/wp-content\/uploads\/2025\/10\/B-DANIELLE-2-East-Side-Gallery-2-1024x606.jpg","data-width":2,"data-height":2},{"id":"17098","halign":"center","valign":"middle","link":"","target":0,"width":2,"height":2,"togglelightbox":0,"hide_title":0,"filters":"","url":"https:\/\/www.objectifimage-95.fr\/wp-content\/uploads\/2025\/10\/B-DANIELLE-2-East-Side-Gallery-3.jpg","alt":"","title":"B-DANIELLE-2-East-Side-Gallery-3","caption":"","description":"","report":"","src":"https:\/\/www.objectifimage-95.fr\/wp-content\/uploads\/2025\/10\/B-DANIELLE-2-East-Side-Gallery-3-1024x766.jpg","data-width":2,"data-height":2},{"id":"17099","halign":"center","valign":"middle","link":"","target":0,"width":2,"height":2,"togglelightbox":0,"hide_title":0,"filters":"","url":"https:\/\/www.objectifimage-95.fr\/wp-content\/uploads\/2025\/10\/B-DANIELLE-2-East-Side-Gallery-4.jpg","alt":"","title":"B-DANIELLE-2-East-Side-Gallery-4","caption":"","description":"","report":"","src":"https:\/\/www.objectifimage-95.fr\/wp-content\/uploads\/2025\/10\/B-DANIELLE-2-East-Side-Gallery-4-1024x768.jpg","data-width":2,"data-height":2},{"id":"17100","halign":"center","valign":"middle","link":"","target":0,"width":2,"height":2,"togglelightbox":0,"hide_title":0,"filters":"","url":"https:\/\/www.objectifimage-95.fr\/wp-content\/uploads\/2025\/10\/B-DANIELLE-2-East-Side-Gallery-5-scaled.jpg","alt":"","title":"B-DANIELLE-2-East-Side-Gallery-5","caption":"","description":"","report":"","src":"https:\/\/www.objectifimage-95.fr\/wp-content\/uploads\/2025\/10\/B-DANIELLE-2-East-Side-Gallery-5-767x1024.jpg","data-width":2,"data-height":2},{"id":"17101","halign":"center","valign":"middle","link":"","target":0,"width":2,"height":2,"togglelightbox":0,"hide_title":0,"filters":"","url":"https:\/\/www.objectifimage-95.fr\/wp-content\/uploads\/2025\/10\/B-DANIELLE-2-East-Side-Gallery-6.jpg","alt":"","title":"B-DANIELLE-2-East-Side-Gallery-6","caption":"","description":"","report":"","src":"https:\/\/www.objectifimage-95.fr\/wp-content\/uploads\/2025\/10\/B-DANIELLE-2-East-Side-Gallery-6-1024x640.jpg","data-width":2,"data-height":2},{"id":"17102","halign":"center","valign":"middle","link":"","target":0,"width":2,"height":2,"togglelightbox":0,"hide_title":0,"filters":"","url":"https:\/\/www.objectifimage-95.fr\/wp-content\/uploads\/2025\/10\/B-DANIELLE-2-East-Side-Gallery-7.jpg","alt":"","title":"B-DANIELLE-2-East-Side-Gallery-7","caption":"","description":"","report":"","src":"https:\/\/www.objectifimage-95.fr\/wp-content\/uploads\/2025\/10\/B-DANIELLE-2-East-Side-Gallery-7-1024x548.jpg","data-width":2,"data-height":2},{"id":"17103","halign":"center","valign":"middle","link":"","target":0,"width":2,"height":2,"togglelightbox":0,"hide_title":0,"filters":"","url":"https:\/\/www.objectifimage-95.fr\/wp-content\/uploads\/2025\/10\/B-DANIELLE-2-East-Side-Gallery-8.jpg","alt":"","title":"B-DANIELLE-2-East-Side-Gallery-8","caption":"","description":"","report":"","src":"https:\/\/www.objectifimage-95.fr\/wp-content\/uploads\/2025\/10\/B-DANIELLE-2-East-Side-Gallery-8-1024x435.jpg","data-width":2,"data-height":2},{"id":"17104","halign":"center","valign":"middle","link":"","target":0,"width":2,"height":2,"togglelightbox":0,"hide_title":0,"filters":"","url":"https:\/\/www.objectifimage-95.fr\/wp-content\/uploads\/2025\/10\/B-DANIELLE-2-East-Side-Gallery-9-scaled.jpg","alt":"","title":"B-DANIELLE-2-East-Side-Gallery-9","caption":"","description":"","report":"","src":"https:\/\/www.objectifimage-95.fr\/wp-content\/uploads\/2025\/10\/B-DANIELLE-2-East-Side-Gallery-9-461x1024.jpg","data-width":2,"data-height":2},{"id":"17105","halign":"center","valign":"middle","link":"","target":0,"width":2,"height":2,"togglelightbox":0,"hide_title":0,"filters":"","url":"https:\/\/www.objectifimage-95.fr\/wp-content\/uploads\/2025\/10\/B-DANIELLE-2-East-Side-Gallery-10.jpg","alt":"","title":"Rolande-D-Berlin","caption":"Rolande-D-Noir, rouge et or","description":"Rolande-D-Noir, rouge et or","report":"","src":"https:\/\/www.objectifimage-95.fr\/wp-content\/uploads\/2025\/10\/B-DANIELLE-2-East-Side-Gallery-10-1024x653.jpg","data-width":2,"data-height":2},{"id":"17106","halign":"center","valign":"middle","link":"","target":0,"width":2,"height":2,"togglelightbox":0,"hide_title":0,"filters":"","url":"https:\/\/www.objectifimage-95.fr\/wp-content\/uploads\/2025\/10\/B-DANIELLE-3-.jpg","alt":"","title":"B-DANIELLE-3-","caption":"","description":"","report":"","src":"https:\/\/www.objectifimage-95.fr\/wp-content\/uploads\/2025\/10\/B-DANIELLE-3--1024x683.jpg","data-width":2,"data-height":2},{"id":"17107","halign":"center","valign":"middle","link":"","target":0,"width":2,"height":2,"togglelightbox":0,"hide_title":0,"filters":"","url":"https:\/\/www.objectifimage-95.fr\/wp-content\/uploads\/2025\/10\/B-DANIELLE-3-Postdamer-1.jpg","alt":"","title":"B-DANIELLE-3-Postdamer-1","caption":"","description":"","report":"","src":"https:\/\/www.objectifimage-95.fr\/wp-content\/uploads\/2025\/10\/B-DANIELLE-3-Postdamer-1-1024x461.jpg","data-width":2,"data-height":2},{"id":"17108","halign":"center","valign":"middle","link":"","target":0,"width":2,"height":2,"togglelightbox":0,"hide_title":0,"filters":"","url":"https:\/\/www.objectifimage-95.fr\/wp-content\/uploads\/2025\/10\/B-DANIELLE-3-Postdamer-2.jpg","alt":"","title":"B-DANIELLE-3-Postdamer-2","caption":"","description":"","report":"","src":"https:\/\/www.objectifimage-95.fr\/wp-content\/uploads\/2025\/10\/B-DANIELLE-3-Postdamer-2-1024x461.jpg","data-width":2,"data-height":2},{"id":"17109","halign":"center","valign":"middle","link":"","target":0,"width":2,"height":2,"togglelightbox":0,"hide_title":0,"filters":"","url":"https:\/\/www.objectifimage-95.fr\/wp-content\/uploads\/2025\/10\/B-DANIELLE-3-Postdamer-3-scaled.jpg","alt":"","title":"B-DANIELLE-3-Postdamer-3","caption":"","description":"","report":"","src":"https:\/\/www.objectifimage-95.fr\/wp-content\/uploads\/2025\/10\/B-DANIELLE-3-Postdamer-3-678x1024.jpg","data-width":2,"data-height":2},{"id":"17110","halign":"center","valign":"middle","link":"","target":0,"width":2,"height":2,"togglelightbox":0,"hide_title":0,"filters":"","url":"https:\/\/www.objectifimage-95.fr\/wp-content\/uploads\/2025\/10\/B-DANIELLE-4-.jpg","alt":"","title":"B-DANIELLE-4-","caption":"","description":"","report":"","src":"https:\/\/www.objectifimage-95.fr\/wp-content\/uploads\/2025\/10\/B-DANIELLE-4--1024x683.jpg","data-width":2,"data-height":2},{"id":"17111","halign":"center","valign":"middle","link":"","target":0,"width":2,"height":2,"togglelightbox":0,"hide_title":0,"filters":"","url":"https:\/\/www.objectifimage-95.fr\/wp-content\/uploads\/2025\/10\/B-DANIELLE-4-Pont-Oberbaum-1.jpg","alt":"","title":"B-DANIELLE-4-Pont Oberbaum-1","caption":"","description":"","report":"","src":"https:\/\/www.objectifimage-95.fr\/wp-content\/uploads\/2025\/10\/B-DANIELLE-4-Pont-Oberbaum-1-1024x461.jpg","data-width":2,"data-height":2},{"id":"17112","halign":"center","valign":"middle","link":"","target":0,"width":2,"height":2,"togglelightbox":0,"hide_title":0,"filters":"","url":"https:\/\/www.objectifimage-95.fr\/wp-content\/uploads\/2025\/10\/B-DANIELLE-4-Pont-Oberbaum-2.jpg","alt":"","title":"B-DANIELLE-4-Pont Oberbaum-2","caption":"","description":"","report":"","src":"https:\/\/www.objectifimage-95.fr\/wp-content\/uploads\/2025\/10\/B-DANIELLE-4-Pont-Oberbaum-2-1024x461.jpg","data-width":2,"data-height":2},{"id":"17113","halign":"center","valign":"middle","link":"","target":0,"width":2,"height":2,"togglelightbox":0,"hide_title":0,"filters":"","url":"https:\/\/www.objectifimage-95.fr\/wp-content\/uploads\/2025\/10\/B-DANIELLE-4-Pont-Oberbaum-3.jpg","alt":"","title":"B-DANIELLE-4-Pont Oberbaum-3","caption":"","description":"","report":"","src":"https:\/\/www.objectifimage-95.fr\/wp-content\/uploads\/2025\/10\/B-DANIELLE-4-Pont-Oberbaum-3-1024x684.jpg","data-width":2,"data-height":2},{"id":"17114","halign":"center","valign":"middle","link":"","target":0,"width":2,"height":2,"togglelightbox":0,"hide_title":0,"filters":"","url":"https:\/\/www.objectifimage-95.fr\/wp-content\/uploads\/2025\/10\/B-DANIELLE-4-Pont-Oberbaum-4.jpg","alt":"","title":"B-DANIELLE-4-Pont Oberbaum-4","caption":"","description":"","report":"","src":"https:\/\/www.objectifimage-95.fr\/wp-content\/uploads\/2025\/10\/B-DANIELLE-4-Pont-Oberbaum-4-1024x768.jpg","data-width":2,"data-height":2},{"id":"17115","halign":"center","valign":"middle","link":"","target":0,"width":2,"height":2,"togglelightbox":0,"hide_title":0,"filters":"","url":"https:\/\/www.objectifimage-95.fr\/wp-content\/uploads\/2025\/10\/B-DANIELLE-4-Pont-Oberbaum-5.jpg","alt":"","title":"Rolande-D-Berlin","caption":"Rolande-D-Noir, rouge et or","description":"Rolande-D-Noir, rouge et or","report":"","src":"https:\/\/www.objectifimage-95.fr\/wp-content\/uploads\/2025\/10\/B-DANIELLE-4-Pont-Oberbaum-5-1024x585.jpg","data-width":2,"data-height":2},{"id":"17116","halign":"center","valign":"middle","link":"","target":0,"width":2,"height":2,"togglelightbox":0,"hide_title":0,"filters":"","url":"https:\/\/www.objectifimage-95.fr\/wp-content\/uploads\/2025\/10\/B-DANIELLE-4-Pont-Oberbaum-6.jpg","alt":"","title":"B-DANIELLE-4-Pont Oberbaum-6","caption":"","description":"","report":"","src":"https:\/\/www.objectifimage-95.fr\/wp-content\/uploads\/2025\/10\/B-DANIELLE-4-Pont-Oberbaum-6-1024x684.jpg","data-width":2,"data-height":2},{"id":"17117","halign":"center","valign":"middle","link":"","target":0,"width":2,"height":2,"togglelightbox":0,"hide_title":0,"filters":"","url":"https:\/\/www.objectifimage-95.fr\/wp-content\/uploads\/2025\/10\/B-DANIELLE-4-Pont-Oberbaum-7.jpg","alt":"","title":"B-DANIELLE-4-Pont Oberbaum-7","caption":"","description":"","report":"","src":"https:\/\/www.objectifimage-95.fr\/wp-content\/uploads\/2025\/10\/B-DANIELLE-4-Pont-Oberbaum-7-1024x769.jpg","data-width":2,"data-height":2},{"id":"17118","halign":"center","valign":"middle","link":"","target":0,"width":2,"height":2,"togglelightbox":0,"hide_title":0,"filters":"","url":"https:\/\/www.objectifimage-95.fr\/wp-content\/uploads\/2025\/10\/B-DANIELLE-5-.jpg","alt":"","title":"B-DANIELLE-5-","caption":"","description":"","report":"","src":"https:\/\/www.objectifimage-95.fr\/wp-content\/uploads\/2025\/10\/B-DANIELLE-5--1024x683.jpg","data-width":2,"data-height":2},{"id":"17119","halign":"center","valign":"middle","link":"","target":0,"width":2,"height":2,"togglelightbox":0,"hide_title":0,"filters":"","url":"https:\/\/www.objectifimage-95.fr\/wp-content\/uploads\/2025\/10\/B-DANIELLE-5-Soldat-Conrad-1.jpg","alt":"","title":"B-DANIELLE-5-Soldat Conrad-1","caption":"","description":"","report":"","src":"https:\/\/www.objectifimage-95.fr\/wp-content\/uploads\/2025\/10\/B-DANIELLE-5-Soldat-Conrad-1-1024x1024.jpg","data-width":2,"data-height":2},{"id":"17120","halign":"center","valign":"middle","link":"","target":0,"width":2,"height":2,"togglelightbox":0,"hide_title":0,"filters":"","url":"https:\/\/www.objectifimage-95.fr\/wp-content\/uploads\/2025\/10\/B-DANIELLE-5-Soldat-Conrad-2.jpg","alt":"","title":"B-DANIELLE-5-Soldat Conrad-2","caption":"","description":"","report":"","src":"https:\/\/www.objectifimage-95.fr\/wp-content\/uploads\/2025\/10\/B-DANIELLE-5-Soldat-Conrad-2-1024x921.jpg","data-width":2,"data-height":2},{"id":"17121","halign":"center","valign":"middle","link":"","target":0,"width":2,"height":2,"togglelightbox":0,"hide_title":0,"filters":"","url":"https:\/\/www.objectifimage-95.fr\/wp-content\/uploads\/2025\/10\/B-DANIELLE-5-Soldat-Conrad-3.jpg","alt":"","title":"B-DANIELLE-5-Soldat Conrad-3","caption":"","description":"","report":"","src":"https:\/\/www.objectifimage-95.fr\/wp-content\/uploads\/2025\/10\/B-DANIELLE-5-Soldat-Conrad-3-1024x461.jpg","data-width":2,"data-height":2},{"id":"17122","halign":"center","valign":"middle","link":"","target":0,"width":2,"height":2,"togglelightbox":0,"hide_title":0,"filters":"","url":"https:\/\/www.objectifimage-95.fr\/wp-content\/uploads\/2025\/10\/B-DANIELLE-5-Soldat-Conrad-4.jpg","alt":"","title":"B-DANIELLE-5-Soldat Conrad-4","caption":"","description":"","report":"","src":"https:\/\/www.objectifimage-95.fr\/wp-content\/uploads\/2025\/10\/B-DANIELLE-5-Soldat-Conrad-4-1024x535.jpg","data-width":2,"data-height":2},{"id":"17123","halign":"center","valign":"middle","link":"","target":0,"width":2,"height":2,"togglelightbox":0,"hide_title":0,"filters":"","url":"https:\/\/www.objectifimage-95.fr\/wp-content\/uploads\/2025\/10\/B-DANIELLE-5-Soldat-Conrad-5.jpg","alt":"","title":"B-DANIELLE-5-Soldat Conrad-5","caption":"","description":"","report":"","src":"https:\/\/www.objectifimage-95.fr\/wp-content\/uploads\/2025\/10\/B-DANIELLE-5-Soldat-Conrad-5-1024x768.jpg","data-width":2,"data-height":2},{"id":"17124","halign":"center","valign":"middle","link":"","target":0,"width":2,"height":2,"togglelightbox":0,"hide_title":0,"filters":"","url":"https:\/\/www.objectifimage-95.fr\/wp-content\/uploads\/2025\/10\/C-JEAN-PAUL-0-.jpg","alt":"","title":"C-JEAN-PAUL-0-","caption":"","description":"","report":"","src":"https:\/\/www.objectifimage-95.fr\/wp-content\/uploads\/2025\/10\/C-JEAN-PAUL-0--1024x683.jpg","data-width":2,"data-height":2},{"id":"17125","halign":"center","valign":"middle","link":"","target":0,"width":2,"height":2,"togglelightbox":0,"hide_title":0,"filters":"","url":"https:\/\/www.objectifimage-95.fr\/wp-content\/uploads\/2025\/10\/C-JEAN-PAUL-0-1-1.jpg","alt":"","title":"C-JEAN-PAUL-0-","caption":"","description":"","report":"","src":"https:\/\/www.objectifimage-95.fr\/wp-content\/uploads\/2025\/10\/C-JEAN-PAUL-0-1-1-1024x683.jpg","data-width":2,"data-height":2},{"id":"17126","halign":"center","valign":"middle","link":"","target":0,"width":2,"height":2,"togglelightbox":0,"hide_title":0,"filters":"","url":"https:\/\/www.objectifimage-95.fr\/wp-content\/uploads\/2025\/10\/C-JEAN-PAUL-0-Reichtaga.jpg","alt":"","title":"C-JEAN-PAUL-0-Reichtaga","caption":"","description":"","report":"","src":"https:\/\/www.objectifimage-95.fr\/wp-content\/uploads\/2025\/10\/C-JEAN-PAUL-0-Reichtaga-1024x508.jpg","data-width":2,"data-height":2},{"id":"17127","halign":"center","valign":"middle","link":"","target":0,"width":2,"height":2,"togglelightbox":0,"hide_title":0,"filters":"","url":"https:\/\/www.objectifimage-95.fr\/wp-content\/uploads\/2025\/10\/C-JEAN-PAUL-0-Reichtagb.jpg","alt":"","title":"C-JEAN-PAUL-0-Reichtagb","caption":"","description":"","report":"","src":"https:\/\/www.objectifimage-95.fr\/wp-content\/uploads\/2025\/10\/C-JEAN-PAUL-0-Reichtagb-1024x461.jpg","data-width":2,"data-height":2},{"id":"17128","halign":"center","valign":"middle","link":"","target":0,"width":2,"height":2,"togglelightbox":0,"hide_title":0,"filters":"","url":"https:\/\/www.objectifimage-95.fr\/wp-content\/uploads\/2025\/10\/C-JEAN-PAUL-1-.jpg","alt":"","title":"C-JEAN-PAUL-1-","caption":"","description":"","report":"","src":"https:\/\/www.objectifimage-95.fr\/wp-content\/uploads\/2025\/10\/C-JEAN-PAUL-1--1024x683.jpg","data-width":2,"data-height":2},{"id":"17129","halign":"center","valign":"middle","link":"","target":0,"width":2,"height":2,"togglelightbox":0,"hide_title":0,"filters":"","url":"https:\/\/www.objectifimage-95.fr\/wp-content\/uploads\/2025\/10\/C-JEAN-PAUL-1-Coupole-du-Reichstag-1.jpg","alt":"","title":"C-JEAN-PAUL-1-Coupole du Reichstag-1","caption":"","description":"","report":"","src":"https:\/\/www.objectifimage-95.fr\/wp-content\/uploads\/2025\/10\/C-JEAN-PAUL-1-Coupole-du-Reichstag-1-1024x461.jpg","data-width":2,"data-height":2},{"id":"17130","halign":"center","valign":"middle","link":"","target":0,"width":2,"height":2,"togglelightbox":0,"hide_title":0,"filters":"","url":"https:\/\/www.objectifimage-95.fr\/wp-content\/uploads\/2025\/10\/C-JEAN-PAUL-1-Coupole-du-Reichstag-2.jpg","alt":"","title":"C-JEAN-PAUL-1-Coupole du Reichstag-2","caption":"","description":"","report":"","src":"https:\/\/www.objectifimage-95.fr\/wp-content\/uploads\/2025\/10\/C-JEAN-PAUL-1-Coupole-du-Reichstag-2-1024x461.jpg","data-width":2,"data-height":2},{"id":"17131","halign":"center","valign":"middle","link":"","target":0,"width":2,"height":2,"togglelightbox":0,"hide_title":0,"filters":"","url":"https:\/\/www.objectifimage-95.fr\/wp-content\/uploads\/2025\/10\/C-JEAN-PAUL-1-Coupole-du-Reichstag-3.jpg","alt":"","title":"C-JEAN-PAUL-1-Coupole du Reichstag-3","caption":"","description":"","report":"","src":"https:\/\/www.objectifimage-95.fr\/wp-content\/uploads\/2025\/10\/C-JEAN-PAUL-1-Coupole-du-Reichstag-3-1024x684.jpg","data-width":2,"data-height":2},{"id":"17132","halign":"center","valign":"middle","link":"","target":0,"width":2,"height":2,"togglelightbox":0,"hide_title":0,"filters":"","url":"https:\/\/www.objectifimage-95.fr\/wp-content\/uploads\/2025\/10\/C-JEAN-PAUL-1-Coupole-du-Reichstag-4.jpg","alt":"","title":"C-JEAN-PAUL-1-Coupole du Reichstag-4","caption":"","description":"","report":"","src":"https:\/\/www.objectifimage-95.fr\/wp-content\/uploads\/2025\/10\/C-JEAN-PAUL-1-Coupole-du-Reichstag-4-1024x768.jpg","data-width":2,"data-height":2},{"id":"17133","halign":"center","valign":"middle","link":"","target":0,"width":2,"height":2,"togglelightbox":0,"hide_title":0,"filters":"","url":"https:\/\/www.objectifimage-95.fr\/wp-content\/uploads\/2025\/10\/C-JEAN-PAUL-1-Coupole-du-Reichstag-5.jpg","alt":"","title":"C-JEAN-PAUL-1-Coupole du Reichstag-5","caption":"","description":"","report":"","src":"https:\/\/www.objectifimage-95.fr\/wp-content\/uploads\/2025\/10\/C-JEAN-PAUL-1-Coupole-du-Reichstag-5-1024x769.jpg","data-width":2,"data-height":2},{"id":"17134","halign":"center","valign":"middle","link":"","target":0,"width":2,"height":2,"togglelightbox":0,"hide_title":0,"filters":"","url":"https:\/\/www.objectifimage-95.fr\/wp-content\/uploads\/2025\/10\/C-JEAN-PAUL-1-Coupole-du-Reichstag-6.jpg","alt":"","title":"C-JEAN-PAUL-1-Coupole du Reichstag-6","caption":"","description":"","report":"","src":"https:\/\/www.objectifimage-95.fr\/wp-content\/uploads\/2025\/10\/C-JEAN-PAUL-1-Coupole-du-Reichstag-6-1024x768.jpg","data-width":2,"data-height":2},{"id":"17135","halign":"center","valign":"middle","link":"","target":0,"width":2,"height":2,"togglelightbox":0,"hide_title":0,"filters":"","url":"https:\/\/www.objectifimage-95.fr\/wp-content\/uploads\/2025\/10\/C-JEAN-PAUL-1-Coupole-du-Reichstag-7.jpg","alt":"","title":"C-JEAN-PAUL-1-Coupole du Reichstag-7","caption":"","description":"","report":"","src":"https:\/\/www.objectifimage-95.fr\/wp-content\/uploads\/2025\/10\/C-JEAN-PAUL-1-Coupole-du-Reichstag-7-1024x300.jpg","data-width":2,"data-height":2},{"id":"17136","halign":"center","valign":"middle","link":"","target":0,"width":2,"height":2,"togglelightbox":0,"hide_title":0,"filters":"","url":"https:\/\/www.objectifimage-95.fr\/wp-content\/uploads\/2025\/10\/C-JEAN-PAUL-1-Coupole-du-Reichstag-8.jpg","alt":"","title":"C-JEAN-PAUL-1-Coupole du Reichstag-8","caption":"","description":"","report":"","src":"https:\/\/www.objectifimage-95.fr\/wp-content\/uploads\/2025\/10\/C-JEAN-PAUL-1-Coupole-du-Reichstag-8-768x1024.jpg","data-width":2,"data-height":2},{"id":"17137","halign":"center","valign":"middle","link":"","target":0,"width":2,"height":2,"togglelightbox":0,"hide_title":0,"filters":"","url":"https:\/\/www.objectifimage-95.fr\/wp-content\/uploads\/2025\/10\/C-JEAN-PAUL-2-.jpg","alt":"","title":"C-JEAN-PAUL-2-","caption":"","description":"","report":"","src":"https:\/\/www.objectifimage-95.fr\/wp-content\/uploads\/2025\/10\/C-JEAN-PAUL-2--1024x683.jpg","data-width":2,"data-height":2},{"id":"17138","halign":"center","valign":"middle","link":"","target":0,"width":2,"height":2,"togglelightbox":0,"hide_title":0,"filters":"","url":"https:\/\/www.objectifimage-95.fr\/wp-content\/uploads\/2025\/10\/C-JEAN-PAUL-2-Porte-de-Brandebourg-1.jpg","alt":"","title":"C-JEAN-PAUL-2-Porte de Brandebourg-1","caption":"","description":"","report":"","src":"https:\/\/www.objectifimage-95.fr\/wp-content\/uploads\/2025\/10\/C-JEAN-PAUL-2-Porte-de-Brandebourg-1-1024x1024.jpg","data-width":2,"data-height":2},{"id":"17139","halign":"center","valign":"middle","link":"","target":0,"width":2,"height":2,"togglelightbox":0,"hide_title":0,"filters":"","url":"https:\/\/www.objectifimage-95.fr\/wp-content\/uploads\/2025\/10\/C-JEAN-PAUL-2-Porte-de-Brandebourg-2.jpg","alt":"","title":"C-JEAN-PAUL-2-Porte de Brandebourg-2","caption":"","description":"","report":"","src":"https:\/\/www.objectifimage-95.fr\/wp-content\/uploads\/2025\/10\/C-JEAN-PAUL-2-Porte-de-Brandebourg-2-1024x768.jpg","data-width":2,"data-height":2},{"id":"17140","halign":"center","valign":"middle","link":"","target":0,"width":2,"height":2,"togglelightbox":0,"hide_title":0,"filters":"","url":"https:\/\/www.objectifimage-95.fr\/wp-content\/uploads\/2025\/10\/C-JEAN-PAUL-2-Porte-de-Brandebourg-3.jpg","alt":"","title":"C-JEAN-PAUL-2-Porte de Brandebourg-3","caption":"","description":"","report":"","src":"https:\/\/www.objectifimage-95.fr\/wp-content\/uploads\/2025\/10\/C-JEAN-PAUL-2-Porte-de-Brandebourg-3-1024x768.jpg","data-width":2,"data-height":2},{"id":"17141","halign":"center","valign":"middle","link":"","target":0,"width":2,"height":2,"togglelightbox":0,"hide_title":0,"filters":"","url":"https:\/\/www.objectifimage-95.fr\/wp-content\/uploads\/2025\/10\/C-JEAN-PAUL-3-.jpg","alt":"","title":"C-JEAN-PAUL-3-","caption":"","description":"","report":"","src":"https:\/\/www.objectifimage-95.fr\/wp-content\/uploads\/2025\/10\/C-JEAN-PAUL-3--1024x683.jpg","data-width":2,"data-height":2},{"id":"17142","halign":"center","valign":"middle","link":"","target":0,"width":2,"height":2,"togglelightbox":0,"hide_title":0,"filters":"","url":"https:\/\/www.objectifimage-95.fr\/wp-content\/uploads\/2025\/10\/C-JEAN-PAUL-3-Metro-8-Ours-de-Berlin.jpg","alt":"","title":"C-JEAN-PAUL-3-M\u00e9tro-8 Ours de Berlin","caption":"","description":"","report":"","src":"https:\/\/www.objectifimage-95.fr\/wp-content\/uploads\/2025\/10\/C-JEAN-PAUL-3-Metro-8-Ours-de-Berlin-1024x769.jpg","data-width":2,"data-height":2},{"id":"17143","halign":"center","valign":"middle","link":"","target":0,"width":2,"height":2,"togglelightbox":0,"hide_title":0,"filters":"","url":"https:\/\/www.objectifimage-95.fr\/wp-content\/uploads\/2025\/10\/C-JEAN-PAUL-3-Transports-1.jpg","alt":"","title":"C-JEAN-PAUL-3-Transports-1","caption":"","description":"","report":"","src":"https:\/\/www.objectifimage-95.fr\/wp-content\/uploads\/2025\/10\/C-JEAN-PAUL-3-Transports-1-1024x769.jpg","data-width":2,"data-height":2},{"id":"17144","halign":"center","valign":"middle","link":"","target":0,"width":2,"height":2,"togglelightbox":0,"hide_title":0,"filters":"","url":"https:\/\/www.objectifimage-95.fr\/wp-content\/uploads\/2025\/10\/C-JEAN-PAUL-3-Transports-2-scaled.jpg","alt":"","title":"C-JEAN-PAUL-3-Transports-2","caption":"","description":"","report":"","src":"https:\/\/www.objectifimage-95.fr\/wp-content\/uploads\/2025\/10\/C-JEAN-PAUL-3-Transports-2-684x1024.jpg","data-width":2,"data-height":2},{"id":"17145","halign":"center","valign":"middle","link":"","target":0,"width":2,"height":2,"togglelightbox":0,"hide_title":0,"filters":"","url":"https:\/\/www.objectifimage-95.fr\/wp-content\/uploads\/2025\/10\/C-JEAN-PAUL-3-Transports-3.jpg","alt":"","title":"C-JEAN-PAUL-3-Transports-3","caption":"","description":"","report":"","src":"https:\/\/www.objectifimage-95.fr\/wp-content\/uploads\/2025\/10\/C-JEAN-PAUL-3-Transports-3-1024x769.jpg","data-width":2,"data-height":2},{"id":"17146","halign":"center","valign":"middle","link":"","target":0,"width":2,"height":2,"togglelightbox":0,"hide_title":0,"filters":"","url":"https:\/\/www.objectifimage-95.fr\/wp-content\/uploads\/2025\/10\/C-JEAN-PAUL-3-Transports-4.jpg","alt":"","title":"C-JEAN-PAUL-3-Transports-4","caption":"","description":"","report":"","src":"https:\/\/www.objectifimage-95.fr\/wp-content\/uploads\/2025\/10\/C-JEAN-PAUL-3-Transports-4-1024x684.jpg","data-width":2,"data-height":2},{"id":"17147","halign":"center","valign":"middle","link":"","target":0,"width":2,"height":2,"togglelightbox":0,"hide_title":0,"filters":"","url":"https:\/\/www.objectifimage-95.fr\/wp-content\/uploads\/2025\/10\/C-JEAN-PAUL-3-Transports-5.jpg","alt":"","title":"C-JEAN-PAUL-3-Transports-5","caption":"","description":"","report":"","src":"https:\/\/www.objectifimage-95.fr\/wp-content\/uploads\/2025\/10\/C-JEAN-PAUL-3-Transports-5-1024x684.jpg","data-width":2,"data-height":2},{"id":"17148","halign":"center","valign":"middle","link":"","target":0,"width":2,"height":2,"togglelightbox":0,"hide_title":0,"filters":"","url":"https:\/\/www.objectifimage-95.fr\/wp-content\/uploads\/2025\/10\/C-JEAN-PAUL-3-Transports-6-scaled.jpg","alt":"","title":"C-JEAN-PAUL-3-Transports-6","caption":"","description":"","report":"","src":"https:\/\/www.objectifimage-95.fr\/wp-content\/uploads\/2025\/10\/C-JEAN-PAUL-3-Transports-6-767x1024.jpg","data-width":2,"data-height":2},{"id":"17149","halign":"center","valign":"middle","link":"","target":0,"width":2,"height":2,"togglelightbox":0,"hide_title":0,"filters":"","url":"https:\/\/www.objectifimage-95.fr\/wp-content\/uploads\/2025\/10\/C-JEAN-PAUL-3-Transports-7.jpg","alt":"","title":"C-JEAN-PAUL-3-Transports-7","caption":"","description":"","report":"","src":"https:\/\/www.objectifimage-95.fr\/wp-content\/uploads\/2025\/10\/C-JEAN-PAUL-3-Transports-7-1024x769.jpg","data-width":2,"data-height":2},{"id":"17150","halign":"center","valign":"middle","link":"","target":0,"width":2,"height":2,"togglelightbox":0,"hide_title":0,"filters":"","url":"https:\/\/www.objectifimage-95.fr\/wp-content\/uploads\/2025\/10\/C-JEAN-PAUL-4-.jpg","alt":"","title":"C-JEAN-PAUL-4-","caption":"","description":"","report":"","src":"https:\/\/www.objectifimage-95.fr\/wp-content\/uploads\/2025\/10\/C-JEAN-PAUL-4--1024x683.jpg","data-width":2,"data-height":2},{"id":"17151","halign":"center","valign":"middle","link":"","target":0,"width":2,"height":2,"togglelightbox":0,"hide_title":0,"filters":"","url":"https:\/\/www.objectifimage-95.fr\/wp-content\/uploads\/2025\/10\/C-JEAN-PAUL-4-Cinema-Babylon-1.jpg","alt":"","title":"C-JEAN-PAUL-4-Cin\u00e9ma-Babylon-1","caption":"","description":"","report":"","src":"https:\/\/www.objectifimage-95.fr\/wp-content\/uploads\/2025\/10\/C-JEAN-PAUL-4-Cinema-Babylon-1-1024x917.jpg","data-width":2,"data-height":2},{"id":"17152","halign":"center","valign":"middle","link":"","target":0,"width":2,"height":2,"togglelightbox":0,"hide_title":0,"filters":"","url":"https:\/\/www.objectifimage-95.fr\/wp-content\/uploads\/2025\/10\/C-JEAN-PAUL-4-Cinema-Babylon-2.jpg","alt":"","title":"C-JEAN-PAUL-4-Cin\u00e9ma-Babylon-2","caption":"","description":"","report":"","src":"https:\/\/www.objectifimage-95.fr\/wp-content\/uploads\/2025\/10\/C-JEAN-PAUL-4-Cinema-Babylon-2-1024x768.jpg","data-width":2,"data-height":2},{"id":"17153","halign":"center","valign":"middle","link":"","target":0,"width":2,"height":2,"togglelightbox":0,"hide_title":0,"filters":"","url":"https:\/\/www.objectifimage-95.fr\/wp-content\/uploads\/2025\/10\/C-JEAN-PAUL-5-.jpg","alt":"","title":"C-JEAN-PAUL-5-","caption":"","description":"","report":"","src":"https:\/\/www.objectifimage-95.fr\/wp-content\/uploads\/2025\/10\/C-JEAN-PAUL-5--1024x683.jpg","data-width":2,"data-height":2},{"id":"17154","halign":"center","valign":"middle","link":"","target":0,"width":2,"height":2,"togglelightbox":0,"hide_title":0,"filters":"","url":"https:\/\/www.objectifimage-95.fr\/wp-content\/uploads\/2025\/10\/C-JEAN-PAUL-5-Eglise-du-souvenir-scaled.jpg","alt":"","title":"C-JEAN-PAUL-5-Eglise du souvenir","caption":"","description":"","report":"","src":"https:\/\/www.objectifimage-95.fr\/wp-content\/uploads\/2025\/10\/C-JEAN-PAUL-5-Eglise-du-souvenir-461x1024.jpg","data-width":2,"data-height":2},{"id":"17155","halign":"center","valign":"middle","link":"","target":0,"width":2,"height":2,"togglelightbox":0,"hide_title":0,"filters":"","url":"https:\/\/www.objectifimage-95.fr\/wp-content\/uploads\/2025\/10\/C-JEAN-PAUL-6-.jpg","alt":"","title":"C-JEAN-PAUL-6-","caption":"","description":"","report":"","src":"https:\/\/www.objectifimage-95.fr\/wp-content\/uploads\/2025\/10\/C-JEAN-PAUL-6--1024x683.jpg","data-width":2,"data-height":2},{"id":"17156","halign":"center","valign":"middle","link":"","target":0,"width":2,"height":2,"togglelightbox":0,"hide_title":0,"filters":"","url":"https:\/\/www.objectifimage-95.fr\/wp-content\/uploads\/2025\/10\/C-JEAN-PAUL-6-Sculpture-Berlin.jpg","alt":"","title":"C-JEAN-PAUL-6-Sculpture Berlin","caption":"","description":"","report":"","src":"https:\/\/www.objectifimage-95.fr\/wp-content\/uploads\/2025\/10\/C-JEAN-PAUL-6-Sculpture-Berlin-1024x461.jpg","data-width":2,"data-height":2},{"id":"17157","halign":"center","valign":"middle","link":"","target":0,"width":2,"height":2,"togglelightbox":0,"hide_title":0,"filters":"","url":"https:\/\/www.objectifimage-95.fr\/wp-content\/uploads\/2025\/10\/C-JEAN-PAUL-7-.jpg","alt":"","title":"C-JEAN-PAUL-7-","caption":"","description":"","report":"","src":"https:\/\/www.objectifimage-95.fr\/wp-content\/uploads\/2025\/10\/C-JEAN-PAUL-7--1024x683.jpg","data-width":2,"data-height":2},{"id":"17158","halign":"center","valign":"middle","link":"","target":0,"width":2,"height":2,"togglelightbox":0,"hide_title":0,"filters":"","url":"https:\/\/www.objectifimage-95.fr\/wp-content\/uploads\/2025\/10\/C-JEAN-PAUL-7-Ambiances-Berlin-1.jpg","alt":"","title":"C-JEAN-PAUL-7-Ambiances Berlin-1","caption":"","description":"","report":"","src":"https:\/\/www.objectifimage-95.fr\/wp-content\/uploads\/2025\/10\/C-JEAN-PAUL-7-Ambiances-Berlin-1-1024x1024.jpg","data-width":2,"data-height":2},{"id":"17159","halign":"center","valign":"middle","link":"","target":0,"width":2,"height":2,"togglelightbox":0,"hide_title":0,"filters":"","url":"https:\/\/www.objectifimage-95.fr\/wp-content\/uploads\/2025\/10\/C-JEAN-PAUL-7-Ambiances-Berlin-2.jpg","alt":"","title":"C-JEAN-PAUL-7-Ambiances Berlin-2","caption":"","description":"","report":"","src":"https:\/\/www.objectifimage-95.fr\/wp-content\/uploads\/2025\/10\/C-JEAN-PAUL-7-Ambiances-Berlin-2-769x1024.jpg","data-width":2,"data-height":2},{"id":"17160","halign":"center","valign":"middle","link":"","target":0,"width":2,"height":2,"togglelightbox":0,"hide_title":0,"filters":"","url":"https:\/\/www.objectifimage-95.fr\/wp-content\/uploads\/2025\/10\/C-JEAN-PAUL-7-Ambiances-Berlin-3.jpg","alt":"","title":"C-JEAN-PAUL-7-Ambiances Berlin-3","caption":"","description":"","report":"","src":"https:\/\/www.objectifimage-95.fr\/wp-content\/uploads\/2025\/10\/C-JEAN-PAUL-7-Ambiances-Berlin-3-768x1024.jpg","data-width":2,"data-height":2},{"id":"17161","halign":"center","valign":"middle","link":"","target":0,"width":2,"height":2,"togglelightbox":0,"hide_title":0,"filters":"","url":"https:\/\/www.objectifimage-95.fr\/wp-content\/uploads\/2025\/10\/C-JEAN-PAUL-7-Ambiances-Berlin-4.jpg","alt":"","title":"C-JEAN-PAUL-7-Ambiances Berlin-4","caption":"","description":"","report":"","src":"https:\/\/www.objectifimage-95.fr\/wp-content\/uploads\/2025\/10\/C-JEAN-PAUL-7-Ambiances-Berlin-4-1024x768.jpg","data-width":2,"data-height":2},{"id":"17162","halign":"center","valign":"middle","link":"","target":0,"width":2,"height":2,"togglelightbox":0,"hide_title":0,"filters":"","url":"https:\/\/www.objectifimage-95.fr\/wp-content\/uploads\/2025\/10\/C-JEAN-PAUL-7-Ambiances-Berlin-5.jpg","alt":"","title":"Rolande-D-Berlin","caption":"Rolande-D-Noir, rouge et or","description":"Rolande-D-Noir, rouge et or","report":"","src":"https:\/\/www.objectifimage-95.fr\/wp-content\/uploads\/2025\/10\/C-JEAN-PAUL-7-Ambiances-Berlin-5-1024x754.jpg","data-width":2,"data-height":2},{"id":"17163","halign":"center","valign":"middle","link":"","target":0,"width":2,"height":2,"togglelightbox":0,"hide_title":0,"filters":"","url":"https:\/\/www.objectifimage-95.fr\/wp-content\/uploads\/2025\/10\/C-JEAN-PAUL-7-Ambiances-Berlin-6.jpg","alt":"","title":"C-JEAN-PAUL-7-Ambiances Berlin-6","caption":"","description":"","report":"","src":"https:\/\/www.objectifimage-95.fr\/wp-content\/uploads\/2025\/10\/C-JEAN-PAUL-7-Ambiances-Berlin-6-1024x769.jpg","data-width":2,"data-height":2},{"id":"17164","halign":"center","valign":"middle","link":"","target":0,"width":2,"height":2,"togglelightbox":0,"hide_title":0,"filters":"","url":"https:\/\/www.objectifimage-95.fr\/wp-content\/uploads\/2025\/10\/C-JEAN-PAUL-7-Ambiances-Berlin-7.jpg","alt":"","title":"C-JEAN-PAUL-7-Ambiances Berlin-7","caption":"","description":"","report":"","src":"https:\/\/www.objectifimage-95.fr\/wp-content\/uploads\/2025\/10\/C-JEAN-PAUL-7-Ambiances-Berlin-7-1024x684.jpg","data-width":2,"data-height":2},{"id":"17165","halign":"center","valign":"middle","link":"","target":0,"width":2,"height":2,"togglelightbox":0,"hide_title":0,"filters":"","url":"https:\/\/www.objectifimage-95.fr\/wp-content\/uploads\/2025\/10\/C-JEAN-PAUL-7-Ambiances-Berlin-8.jpg","alt":"","title":"C-JEAN-PAUL-7-Ambiances Berlin-8","caption":"","description":"","report":"","src":"https:\/\/www.objectifimage-95.fr\/wp-content\/uploads\/2025\/10\/C-JEAN-PAUL-7-Ambiances-Berlin-8-1024x769.jpg","data-width":2,"data-height":2},{"id":"17166","halign":"center","valign":"middle","link":"","target":0,"width":2,"height":2,"togglelightbox":0,"hide_title":0,"filters":"","url":"https:\/\/www.objectifimage-95.fr\/wp-content\/uploads\/2025\/10\/C-JEAN-PAUL-7-Ambiances-Berlin-9.jpg","alt":"","title":"C-JEAN-PAUL-7-Ambiances Berlin-9","caption":"","description":"","report":"","src":"https:\/\/www.objectifimage-95.fr\/wp-content\/uploads\/2025\/10\/C-JEAN-PAUL-7-Ambiances-Berlin-9-768x1024.jpg","data-width":2,"data-height":2},{"id":"17167","halign":"center","valign":"middle","link":"","target":0,"width":2,"height":2,"togglelightbox":0,"hide_title":0,"filters":"","url":"https:\/\/www.objectifimage-95.fr\/wp-content\/uploads\/2025\/10\/D-ROLANDE-0-.jpg","alt":"","title":"D-ROLANDE-0-","caption":"","description":"","report":"","src":"https:\/\/www.objectifimage-95.fr\/wp-content\/uploads\/2025\/10\/D-ROLANDE-0--1024x683.jpg","data-width":2,"data-height":2},{"id":"17168","halign":"center","valign":"middle","link":"","target":0,"width":2,"height":2,"togglelightbox":0,"hide_title":0,"filters":"","url":"https:\/\/www.objectifimage-95.fr\/wp-content\/uploads\/2025\/10\/D-ROLANDE-0-1-1.jpg","alt":"","title":"D-ROLANDE-0-","caption":"","description":"","report":"","src":"https:\/\/www.objectifimage-95.fr\/wp-content\/uploads\/2025\/10\/D-ROLANDE-0-1-1-1024x683.jpg","data-width":2,"data-height":2},{"id":"17169","halign":"center","valign":"middle","link":"","target":0,"width":2,"height":2,"togglelightbox":0,"hide_title":0,"filters":"","url":"https:\/\/www.objectifimage-95.fr\/wp-content\/uploads\/2025\/10\/D-ROLANDE-Alexander-Sony-1-scaled.jpg","alt":"","title":"D-ROLANDE-Alexander-Sony-1","caption":"","description":"","report":"","src":"https:\/\/www.objectifimage-95.fr\/wp-content\/uploads\/2025\/10\/D-ROLANDE-Alexander-Sony-1-730x1024.jpg","data-width":2,"data-height":2},{"id":"17170","halign":"center","valign":"middle","link":"","target":0,"width":2,"height":2,"togglelightbox":0,"hide_title":0,"filters":"","url":"https:\/\/www.objectifimage-95.fr\/wp-content\/uploads\/2025\/10\/D-ROLANDE-Alexander-Sony-2-scaled.jpg","alt":"","title":"D-ROLANDE-Alexander-Sony-2","caption":"","description":"","report":"","src":"https:\/\/www.objectifimage-95.fr\/wp-content\/uploads\/2025\/10\/D-ROLANDE-Alexander-Sony-2-767x1024.jpg","data-width":2,"data-height":2},{"id":"17171","halign":"center","valign":"middle","link":"","target":0,"width":2,"height":2,"togglelightbox":0,"hide_title":0,"filters":"","url":"https:\/\/www.objectifimage-95.fr\/wp-content\/uploads\/2025\/10\/D-ROLANDE-Alexander-Sony-3.jpg","alt":"","title":"D-ROLANDE-Alexander-Sony-3","caption":"","description":"","report":"","src":"https:\/\/www.objectifimage-95.fr\/wp-content\/uploads\/2025\/10\/D-ROLANDE-Alexander-Sony-3-1024x535.jpg","data-width":2,"data-height":2},{"id":"17172","halign":"center","valign":"middle","link":"","target":0,"width":2,"height":2,"togglelightbox":0,"hide_title":0,"filters":"","url":"https:\/\/www.objectifimage-95.fr\/wp-content\/uploads\/2025\/10\/D-ROLANDE-Alexander-Sony-4-scaled.jpg","alt":"","title":"D-ROLANDE-Alexander-Sony-4","caption":"","description":"","report":"","src":"https:\/\/www.objectifimage-95.fr\/wp-content\/uploads\/2025\/10\/D-ROLANDE-Alexander-Sony-4-678x1024.jpg","data-width":2,"data-height":2},{"id":"17173","halign":"center","valign":"middle","link":"","target":0,"width":2,"height":2,"togglelightbox":0,"hide_title":0,"filters":"","url":"https:\/\/www.objectifimage-95.fr\/wp-content\/uploads\/2025\/10\/D-ROLANDE-Alexander-Sony-5.jpg","alt":"","title":"D-ROLANDE-Alexander-Sony-5","caption":"","description":"","report":"","src":"https:\/\/www.objectifimage-95.fr\/wp-content\/uploads\/2025\/10\/D-ROLANDE-Alexander-Sony-5-768x1024.jpg","data-width":2,"data-height":2},{"id":"17174","halign":"center","valign":"middle","link":"","target":0,"width":2,"height":2,"togglelightbox":0,"hide_title":0,"filters":"","url":"https:\/\/www.objectifimage-95.fr\/wp-content\/uploads\/2025\/10\/D-ROLANDE-Alexander-Sony-6.jpg","alt":"","title":"D-ROLANDE-Alexander-Sony-6","caption":"","description":"","report":"","src":"https:\/\/www.objectifimage-95.fr\/wp-content\/uploads\/2025\/10\/D-ROLANDE-Alexander-Sony-6-1024x768.jpg","data-width":2,"data-height":2},{"id":"17175","halign":"center","valign":"middle","link":"","target":0,"width":2,"height":2,"togglelightbox":0,"hide_title":0,"filters":"","url":"https:\/\/www.objectifimage-95.fr\/wp-content\/uploads\/2025\/10\/D-ROLANDE-Alexander-Sony-7.jpg","alt":"","title":"D-ROLANDE-Alexander-Sony-7","caption":"","description":"","report":"","src":"https:\/\/www.objectifimage-95.fr\/wp-content\/uploads\/2025\/10\/D-ROLANDE-Alexander-Sony-7-768x1024.jpg","data-width":2,"data-height":2},{"id":"17176","halign":"center","valign":"middle","link":"","target":0,"width":2,"height":2,"togglelightbox":0,"hide_title":0,"filters":"","url":"https:\/\/www.objectifimage-95.fr\/wp-content\/uploads\/2025\/10\/D-ROLANDE-Alexander-Sony-8.jpg","alt":"","title":"Rolande-D-Berlin","caption":"Rolande-D-Noir, rouge et or","description":"Rolande-D-Noir, rouge et or","report":"","src":"https:\/\/www.objectifimage-95.fr\/wp-content\/uploads\/2025\/10\/D-ROLANDE-Alexander-Sony-8-1024x622.jpg","data-width":2,"data-height":2},{"id":"17177","halign":"center","valign":"middle","link":"","target":0,"width":2,"height":2,"togglelightbox":0,"hide_title":0,"filters":"","url":"https:\/\/www.objectifimage-95.fr\/wp-content\/uploads\/2025\/10\/D-ROLANDE-Balade-SPree-0.jpg","alt":"","title":"D-ROLANDE-Balade-SPree-0","caption":"","description":"","report":"","src":"https:\/\/www.objectifimage-95.fr\/wp-content\/uploads\/2025\/10\/D-ROLANDE-Balade-SPree-0-1024x683.jpg","data-width":2,"data-height":2},{"id":"17178","halign":"center","valign":"middle","link":"","target":0,"width":2,"height":2,"togglelightbox":0,"hide_title":0,"filters":"","url":"https:\/\/www.objectifimage-95.fr\/wp-content\/uploads\/2025\/10\/D-ROLANDE-Balade-SPree-1.jpg","alt":"","title":"D-ROLANDE-Balade-SPree-1","caption":"","description":"","report":"","src":"https:\/\/www.objectifimage-95.fr\/wp-content\/uploads\/2025\/10\/D-ROLANDE-Balade-SPree-1-1024x1024.jpg","data-width":2,"data-height":2},{"id":"17179","halign":"center","valign":"middle","link":"","target":0,"width":2,"height":2,"togglelightbox":0,"hide_title":0,"filters":"","url":"https:\/\/www.objectifimage-95.fr\/wp-content\/uploads\/2025\/10\/D-ROLANDE-Balade-SPree-2.jpg","alt":"","title":"D-ROLANDE-Balade-SPree-2","caption":"","description":"","report":"","src":"https:\/\/www.objectifimage-95.fr\/wp-content\/uploads\/2025\/10\/D-ROLANDE-Balade-SPree-2-1024x769.jpg","data-width":2,"data-height":2},{"id":"17180","halign":"center","valign":"middle","link":"","target":0,"width":2,"height":2,"togglelightbox":0,"hide_title":0,"filters":"","url":"https:\/\/www.objectifimage-95.fr\/wp-content\/uploads\/2025\/10\/D-ROLANDE-Balade-SPree-3.jpg","alt":"","title":"D-ROLANDE-Balade-SPree-3","caption":"","description":"","report":"","src":"https:\/\/www.objectifimage-95.fr\/wp-content\/uploads\/2025\/10\/D-ROLANDE-Balade-SPree-3-1024x600.jpg","data-width":2,"data-height":2},{"id":"17181","halign":"center","valign":"middle","link":"","target":0,"width":2,"height":2,"togglelightbox":0,"hide_title":0,"filters":"","url":"https:\/\/www.objectifimage-95.fr\/wp-content\/uploads\/2025\/10\/D-ROLANDE-Balade-SPree-4.jpg","alt":"","title":"D-ROLANDE-Balade-SPree-4","caption":"","description":"","report":"","src":"https:\/\/www.objectifimage-95.fr\/wp-content\/uploads\/2025\/10\/D-ROLANDE-Balade-SPree-4-1024x684.jpg","data-width":2,"data-height":2},{"id":"17182","halign":"center","valign":"middle","link":"","target":0,"width":2,"height":2,"togglelightbox":0,"hide_title":0,"filters":"","url":"https:\/\/www.objectifimage-95.fr\/wp-content\/uploads\/2025\/10\/D-ROLANDE-Balade-SPree-6.jpg","alt":"","title":"D-ROLANDE-Balade-SPree-6","caption":"","description":"","report":"","src":"https:\/\/www.objectifimage-95.fr\/wp-content\/uploads\/2025\/10\/D-ROLANDE-Balade-SPree-6-1024x684.jpg","data-width":2,"data-height":2},{"id":"17183","halign":"center","valign":"middle","link":"","target":0,"width":2,"height":2,"togglelightbox":0,"hide_title":0,"filters":"","url":"https:\/\/www.objectifimage-95.fr\/wp-content\/uploads\/2025\/10\/D-ROLANDE-Balade-SPree-7.jpg","alt":"","title":"D-ROLANDE-Balade-SPree-7","caption":"","description":"","report":"","src":"https:\/\/www.objectifimage-95.fr\/wp-content\/uploads\/2025\/10\/D-ROLANDE-Balade-SPree-7-1024x768.jpg","data-width":2,"data-height":2},{"id":"17184","halign":"center","valign":"middle","link":"","target":0,"width":2,"height":2,"togglelightbox":0,"hide_title":0,"filters":"","url":"https:\/\/www.objectifimage-95.fr\/wp-content\/uploads\/2025\/10\/D-ROLANDE-Balade-SPree-8.jpg","alt":"","title":"D-ROLANDE-Balade-SPree-8","caption":"","description":"","report":"","src":"https:\/\/www.objectifimage-95.fr\/wp-content\/uploads\/2025\/10\/D-ROLANDE-Balade-SPree-8-1024x461.jpg","data-width":2,"data-height":2},{"id":"17185","halign":"center","valign":"middle","link":"","target":0,"width":2,"height":2,"togglelightbox":0,"hide_title":0,"filters":"","url":"https:\/\/www.objectifimage-95.fr\/wp-content\/uploads\/2025\/10\/E-PASCALE-1-.jpg","alt":"","title":"E-PASCALE-1-","caption":"","description":"","report":"","src":"https:\/\/www.objectifimage-95.fr\/wp-content\/uploads\/2025\/10\/E-PASCALE-1--1024x683.jpg","data-width":2,"data-height":2},{"id":"17186","halign":"center","valign":"middle","link":"","target":0,"width":2,"height":2,"togglelightbox":0,"hide_title":0,"filters":"","url":"https:\/\/www.objectifimage-95.fr\/wp-content\/uploads\/2025\/10\/E-PASCALE-1-1-1.jpg","alt":"","title":"E-PASCALE-1-","caption":"","description":"","report":"","src":"https:\/\/www.objectifimage-95.fr\/wp-content\/uploads\/2025\/10\/E-PASCALE-1-1-1-1024x683.jpg","data-width":2,"data-height":2},{"id":"17187","halign":"center","valign":"middle","link":"","target":0,"width":2,"height":2,"togglelightbox":0,"hide_title":0,"filters":"","url":"https:\/\/www.objectifimage-95.fr\/wp-content\/uploads\/2025\/10\/E-PASCALE-1-Bebel-1.jpg","alt":"","title":"E-PASCALE-1-Bebel-1","caption":"","description":"","report":"","src":"https:\/\/www.objectifimage-95.fr\/wp-content\/uploads\/2025\/10\/E-PASCALE-1-Bebel-1-1024x683.jpg","data-width":2,"data-height":2},{"id":"17188","halign":"center","valign":"middle","link":"","target":0,"width":2,"height":2,"togglelightbox":0,"hide_title":0,"filters":"","url":"https:\/\/www.objectifimage-95.fr\/wp-content\/uploads\/2025\/10\/E-PASCALE-1-Bebel-2.jpg","alt":"","title":"E-PASCALE-1-Bebel-2","caption":"","description":"","report":"","src":"https:\/\/www.objectifimage-95.fr\/wp-content\/uploads\/2025\/10\/E-PASCALE-1-Bebel-2-1024x714.jpg","data-width":2,"data-height":2},{"id":"17189","halign":"center","valign":"middle","link":"","target":0,"width":2,"height":2,"togglelightbox":0,"hide_title":0,"filters":"","url":"https:\/\/www.objectifimage-95.fr\/wp-content\/uploads\/2025\/10\/E-PASCALE-2-.jpg","alt":"","title":"E-PASCALE-2-","caption":"","description":"","report":"","src":"https:\/\/www.objectifimage-95.fr\/wp-content\/uploads\/2025\/10\/E-PASCALE-2--1024x683.jpg","data-width":2,"data-height":2},{"id":"17190","halign":"center","valign":"middle","link":"","target":0,"width":2,"height":2,"togglelightbox":0,"hide_title":0,"filters":"","url":"https:\/\/www.objectifimage-95.fr\/wp-content\/uploads\/2025\/10\/E-PASCALE-2-Cimetiere-juif-1.jpg","alt":"","title":"ancien cimeti\u00e8re juif","caption":"ancien cimeti\u00e8re juif","description":"ancien cimeti\u00e8re juif","report":"","src":"https:\/\/www.objectifimage-95.fr\/wp-content\/uploads\/2025\/10\/E-PASCALE-2-Cimetiere-juif-1-1024x769.jpg","data-width":2,"data-height":2},{"id":"17191","halign":"center","valign":"middle","link":"","target":0,"width":2,"height":2,"togglelightbox":0,"hide_title":0,"filters":"","url":"https:\/\/www.objectifimage-95.fr\/wp-content\/uploads\/2025\/10\/E-PASCALE-2-Cimetiere-juif-2.jpg","alt":"","title":"ancien cimeti\u00e8re juif","caption":"Cimeti\u00e8re juif","description":"Cimeti\u00e8re juif","report":"","src":"https:\/\/www.objectifimage-95.fr\/wp-content\/uploads\/2025\/10\/E-PASCALE-2-Cimetiere-juif-2-1024x769.jpg","data-width":2,"data-height":2},{"id":"17192","halign":"center","valign":"middle","link":"","target":0,"width":2,"height":2,"togglelightbox":0,"hide_title":0,"filters":"","url":"https:\/\/www.objectifimage-95.fr\/wp-content\/uploads\/2025\/10\/E-PASCALE-3-.jpg","alt":"","title":"E-PASCALE-3-","caption":"","description":"","report":"","src":"https:\/\/www.objectifimage-95.fr\/wp-content\/uploads\/2025\/10\/E-PASCALE-3--1024x683.jpg","data-width":2,"data-height":2},{"id":"17193","halign":"center","valign":"middle","link":"","target":0,"width":2,"height":2,"togglelightbox":0,"hide_title":0,"filters":"","url":"https:\/\/www.objectifimage-95.fr\/wp-content\/uploads\/2025\/10\/E-PASCALE-3-Memorial-H-1.jpg","alt":"","title":"E-PASCALE-3-M\u00e9morial H-1","caption":"","description":"","report":"","src":"https:\/\/www.objectifimage-95.fr\/wp-content\/uploads\/2025\/10\/E-PASCALE-3-Memorial-H-1-769x1024.jpg","data-width":2,"data-height":2},{"id":"17194","halign":"center","valign":"middle","link":"","target":0,"width":2,"height":2,"togglelightbox":0,"hide_title":0,"filters":"","url":"https:\/\/www.objectifimage-95.fr\/wp-content\/uploads\/2025\/10\/E-PASCALE-3-Memorial-H-2.jpg","alt":"","title":"E-PASCALE-3-M\u00e9morial H-2","caption":"","description":"","report":"","src":"https:\/\/www.objectifimage-95.fr\/wp-content\/uploads\/2025\/10\/E-PASCALE-3-Memorial-H-2-1024x769.jpg","data-width":2,"data-height":2},{"id":"17195","halign":"center","valign":"middle","link":"","target":0,"width":2,"height":2,"togglelightbox":0,"hide_title":0,"filters":"","url":"https:\/\/www.objectifimage-95.fr\/wp-content\/uploads\/2025\/10\/E-PASCALE-3-Memorial-H-3.jpg","alt":"","title":"E-PASCALE-3-M\u00e9morial H-3","caption":"","description":"","report":"","src":"https:\/\/www.objectifimage-95.fr\/wp-content\/uploads\/2025\/10\/E-PASCALE-3-Memorial-H-3-1024x1024.jpg","data-width":2,"data-height":2},{"id":"17196","halign":"center","valign":"middle","link":"","target":0,"width":2,"height":2,"togglelightbox":0,"hide_title":0,"filters":"","url":"https:\/\/www.objectifimage-95.fr\/wp-content\/uploads\/2025\/10\/E-PASCALE-3-Memorial-H-4.jpg","alt":"","title":"E-PASCALE-3-M\u00e9morial H-4","caption":"","description":"","report":"","src":"https:\/\/www.objectifimage-95.fr\/wp-content\/uploads\/2025\/10\/E-PASCALE-3-Memorial-H-4-1024x1024.jpg","data-width":2,"data-height":2},{"id":"17197","halign":"center","valign":"middle","link":"","target":0,"width":2,"height":2,"togglelightbox":0,"hide_title":0,"filters":"","url":"https:\/\/www.objectifimage-95.fr\/wp-content\/uploads\/2025\/10\/F-FIN.jpg","alt":"","title":"F-FIN","caption":"","description":"","report":"","src":"https:\/\/www.objectifimage-95.fr\/wp-content\/uploads\/2025\/10\/F-FIN-1024x683.jpg","data-width":2,"data-height":2}],"yoast_head":"<!-- This site is optimized with the Yoast SEO plugin v27.5 - https:\/\/yoast.com\/product\/yoast-seo-wordpress\/ -->\n<title>G-SOR-2025-06-10-14-ESCAPADE 6-BERLIN - Objectif Image 95<\/title>\n<meta name=\"robots\" content=\"index, follow, max-snippet:-1, max-image-preview:large, max-video-preview:-1\" \/>\n<link rel=\"canonical\" href=\"https:\/\/www.objectifimage-95.fr\/index.php\/modula-gallery\/escapade-6-berlin\/\" \/>\n<meta property=\"og:locale\" content=\"fr_FR\" \/>\n<meta property=\"og:type\" content=\"article\" \/>\n<meta property=\"og:title\" content=\"G-SOR-2025-06-10-14-ESCAPADE 6-BERLIN - Objectif Image 95\" \/>\n<meta property=\"og:url\" content=\"https:\/\/www.objectifimage-95.fr\/index.php\/modula-gallery\/escapade-6-berlin\/\" \/>\n<meta property=\"og:site_name\" content=\"Objectif Image 95\" \/>\n<meta property=\"article:modified_time\" content=\"2025-10-08T13:20:17+00:00\" \/>\n<meta name=\"twitter:card\" content=\"summary_large_image\" \/>\n<script type=\"application\/ld+json\" class=\"yoast-schema-graph\">{\"@context\":\"https:\\\/\\\/schema.org\",\"@graph\":[{\"@type\":\"WebPage\",\"@id\":\"https:\\\/\\\/www.objectifimage-95.fr\\\/index.php\\\/modula-gallery\\\/escapade-6-berlin\\\/\",\"url\":\"https:\\\/\\\/www.objectifimage-95.fr\\\/index.php\\\/modula-gallery\\\/escapade-6-berlin\\\/\",\"name\":\"G-SOR-2025-06-10-14-ESCAPADE 6-BERLIN - Objectif Image 95\",\"isPartOf\":{\"@id\":\"https:\\\/\\\/www.objectifimage-95.fr\\\/#website\"},\"datePublished\":\"2025-10-08T13:04:48+00:00\",\"dateModified\":\"2025-10-08T13:20:17+00:00\",\"breadcrumb\":{\"@id\":\"https:\\\/\\\/www.objectifimage-95.fr\\\/index.php\\\/modula-gallery\\\/escapade-6-berlin\\\/#breadcrumb\"},\"inLanguage\":\"fr-FR\",\"potentialAction\":[{\"@type\":\"ReadAction\",\"target\":[\"https:\\\/\\\/www.objectifimage-95.fr\\\/index.php\\\/modula-gallery\\\/escapade-6-berlin\\\/\"]}]},{\"@type\":\"BreadcrumbList\",\"@id\":\"https:\\\/\\\/www.objectifimage-95.fr\\\/index.php\\\/modula-gallery\\\/escapade-6-berlin\\\/#breadcrumb\",\"itemListElement\":[{\"@type\":\"ListItem\",\"position\":1,\"name\":\"Accueil\",\"item\":\"https:\\\/\\\/www.objectifimage-95.fr\\\/\"},{\"@type\":\"ListItem\",\"position\":2,\"name\":\"G-SOR-2025-06-10-14-ESCAPADE 6-BERLIN\"}]},{\"@type\":\"WebSite\",\"@id\":\"https:\\\/\\\/www.objectifimage-95.fr\\\/#website\",\"url\":\"https:\\\/\\\/www.objectifimage-95.fr\\\/\",\"name\":\"Objectif Image-95\",\"description\":\"Photo club de Soisy-sous-Montmorency\",\"publisher\":{\"@id\":\"https:\\\/\\\/www.objectifimage-95.fr\\\/#organization\"},\"potentialAction\":[{\"@type\":\"SearchAction\",\"target\":{\"@type\":\"EntryPoint\",\"urlTemplate\":\"https:\\\/\\\/www.objectifimage-95.fr\\\/?s={search_term_string}\"},\"query-input\":{\"@type\":\"PropertyValueSpecification\",\"valueRequired\":true,\"valueName\":\"search_term_string\"}}],\"inLanguage\":\"fr-FR\"},{\"@type\":\"Organization\",\"@id\":\"https:\\\/\\\/www.objectifimage-95.fr\\\/#organization\",\"name\":\"Objectif Image-95\",\"url\":\"https:\\\/\\\/www.objectifimage-95.fr\\\/\",\"logo\":{\"@type\":\"ImageObject\",\"inLanguage\":\"fr-FR\",\"@id\":\"https:\\\/\\\/www.objectifimage-95.fr\\\/#\\\/schema\\\/logo\\\/image\\\/\",\"url\":\"https:\\\/\\\/www.objectifimage-95.fr\\\/wp-content\\\/uploads\\\/2025\\\/01\\\/Logo-520px.png\",\"contentUrl\":\"https:\\\/\\\/www.objectifimage-95.fr\\\/wp-content\\\/uploads\\\/2025\\\/01\\\/Logo-520px.png\",\"width\":520,\"height\":343,\"caption\":\"Objectif Image-95\"},\"image\":{\"@id\":\"https:\\\/\\\/www.objectifimage-95.fr\\\/#\\\/schema\\\/logo\\\/image\\\/\"}}]}<\/script>\n<!-- \/ Yoast SEO plugin. -->","yoast_head_json":{"title":"G-SOR-2025-06-10-14-ESCAPADE 6-BERLIN - Objectif Image 95","robots":{"index":"index","follow":"follow","max-snippet":"max-snippet:-1","max-image-preview":"max-image-preview:large","max-video-preview":"max-video-preview:-1"},"canonical":"https:\/\/www.objectifimage-95.fr\/index.php\/modula-gallery\/escapade-6-berlin\/","og_locale":"fr_FR","og_type":"article","og_title":"G-SOR-2025-06-10-14-ESCAPADE 6-BERLIN - Objectif Image 95","og_url":"https:\/\/www.objectifimage-95.fr\/index.php\/modula-gallery\/escapade-6-berlin\/","og_site_name":"Objectif Image 95","article_modified_time":"2025-10-08T13:20:17+00:00","twitter_card":"summary_large_image","schema":{"@context":"https:\/\/schema.org","@graph":[{"@type":"WebPage","@id":"https:\/\/www.objectifimage-95.fr\/index.php\/modula-gallery\/escapade-6-berlin\/","url":"https:\/\/www.objectifimage-95.fr\/index.php\/modula-gallery\/escapade-6-berlin\/","name":"G-SOR-2025-06-10-14-ESCAPADE 6-BERLIN - Objectif Image 95","isPartOf":{"@id":"https:\/\/www.objectifimage-95.fr\/#website"},"datePublished":"2025-10-08T13:04:48+00:00","dateModified":"2025-10-08T13:20:17+00:00","breadcrumb":{"@id":"https:\/\/www.objectifimage-95.fr\/index.php\/modula-gallery\/escapade-6-berlin\/#breadcrumb"},"inLanguage":"fr-FR","potentialAction":[{"@type":"ReadAction","target":["https:\/\/www.objectifimage-95.fr\/index.php\/modula-gallery\/escapade-6-berlin\/"]}]},{"@type":"BreadcrumbList","@id":"https:\/\/www.objectifimage-95.fr\/index.php\/modula-gallery\/escapade-6-berlin\/#breadcrumb","itemListElement":[{"@type":"ListItem","position":1,"name":"Accueil","item":"https:\/\/www.objectifimage-95.fr\/"},{"@type":"ListItem","position":2,"name":"G-SOR-2025-06-10-14-ESCAPADE 6-BERLIN"}]},{"@type":"WebSite","@id":"https:\/\/www.objectifimage-95.fr\/#website","url":"https:\/\/www.objectifimage-95.fr\/","name":"Objectif Image-95","description":"Photo club de Soisy-sous-Montmorency","publisher":{"@id":"https:\/\/www.objectifimage-95.fr\/#organization"},"potentialAction":[{"@type":"SearchAction","target":{"@type":"EntryPoint","urlTemplate":"https:\/\/www.objectifimage-95.fr\/?s={search_term_string}"},"query-input":{"@type":"PropertyValueSpecification","valueRequired":true,"valueName":"search_term_string"}}],"inLanguage":"fr-FR"},{"@type":"Organization","@id":"https:\/\/www.objectifimage-95.fr\/#organization","name":"Objectif Image-95","url":"https:\/\/www.objectifimage-95.fr\/","logo":{"@type":"ImageObject","inLanguage":"fr-FR","@id":"https:\/\/www.objectifimage-95.fr\/#\/schema\/logo\/image\/","url":"https:\/\/www.objectifimage-95.fr\/wp-content\/uploads\/2025\/01\/Logo-520px.png","contentUrl":"https:\/\/www.objectifimage-95.fr\/wp-content\/uploads\/2025\/01\/Logo-520px.png","width":520,"height":343,"caption":"Objectif Image-95"},"image":{"@id":"https:\/\/www.objectifimage-95.fr\/#\/schema\/logo\/image\/"}}]}},"jetpack_sharing_enabled":true,"_links":{"self":[{"href":"https:\/\/www.objectifimage-95.fr\/index.php\/wp-json\/wp\/v2\/modula-gallery\/17040","targetHints":{"allow":["GET"]}}],"collection":[{"href":"https:\/\/www.objectifimage-95.fr\/index.php\/wp-json\/wp\/v2\/modula-gallery"}],"about":[{"href":"https:\/\/www.objectifimage-95.fr\/index.php\/wp-json\/wp\/v2\/types\/modula-gallery"}],"wp:attachment":[{"href":"https:\/\/www.objectifimage-95.fr\/index.php\/wp-json\/wp\/v2\/media?parent=17040"}],"curies":[{"name":"wp","href":"https:\/\/api.w.org\/{rel}","templated":true}]}}