{"id":11477,"date":"2025-04-09T09:20:18","date_gmt":"2025-04-09T07:20:18","guid":{"rendered":"https:\/\/www.objectifimage-95.fr\/?post_type=modula-gallery&#038;p=11477"},"modified":"2025-04-09T09:20:18","modified_gmt":"2025-04-09T07:20:18","slug":"g-cex-2025-04-cex78","status":"publish","type":"modula-gallery","link":"https:\/\/www.objectifimage-95.fr\/index.php\/modula-gallery\/g-cex-2025-04-cex78\/","title":{"rendered":"G-CEX-2025-04-cex78"},"template":"","class_list":["post-11477","modula-gallery","type-modula-gallery","status-publish","hentry","entry"],"modulaSettings":{"type":"grid","grid_type":"5","grid_row_height":250,"grid_justify_last_row":"justify","grid_image_size":"medium","grid_image_dimensions":{"width":0,"height":0},"img_size":200,"img_crop":true,"grid_image_crop":"0","gutter":10,"tablet_gutter":10,"mobile_gutter":10,"width":"100%","height":[800,800,800],"randomFactor":50,"shuffle":"0","maxImagesCount":"0","maxImagesCount_mobile":"0","lightbox":"fancybox","show_navigation":true,"open_Lightbox_on":"both","doubleClick":"0","loop_lightbox":"0","showTitleLightbox":true,"showCaptionLightbox":true,"captionPosition":"center","lightbox_keyboard":true,"lightbox_wheel":"0","lightbox_toolbar":true,"lightbox_close":true,"lightbox_thumbs":true,"lightbox_download":"0","lightbox_zoom":true,"lightbox_clickSlide":"0","lightbox_infobar":true,"lightbox_animationEffect":"false","lightbox_transitionEffect":"fade","showAllOnLightbox":"0","lightbox_touch":"0","lightbox_thumbsAutoStart":"0","mobile_caption_copy":true,"lightbox_background_color":"rgba(30,30,30,.9)","lightbox_thumbsPosition":"bottom","hide_title":true,"titleColor":"#ffffff","titleFontSize":16,"mobileTitleFontSize":12,"hide_description":"0","captionColor":"#ffffff","captionFontSize":14,"mobileCaptionFontSize":10,"show_gallery_title":"0","gallery_title_type":"p","titleFontWeight":"400","captionFontWeight":"normal","enableSocial":"0","enableTwitter":"0","enableFacebook":"0","enableWhatsapp":"0","enableLinkedin":"0","enablePinterest":"0","enableEmail":"0","emailSubject":"Check out this awesome image !!","emailMessage":"Here is the link to the image : %%image_link%% and this is the link to the gallery : %%gallery_link%%","socialIconColor":"#ffffff","socialIconSize":16,"socialIconPadding":10,"loadedScale":100,"inView":"0","loadedRotate":0,"loadedHSlide":0,"loadedVSlide":0,"effect":"pufrobo","cursor":"zoom-in","uploadCursor":"0","hoverColor":"#ffffff","hoverOpacity":50,"borderSize":0,"borderRadius":0,"borderColor":"#ffffff","shadowSize":0,"shadowColor":"#ffffff","lazy_load":true,"helper-message":"","enable_responsive":"0","tablet_columns":2,"mobile_columns":1,"style":"","last_visited_tab":"modula-general","filters":[""],"dropdownFilters":"0","filterClick":"0","hideAllFilter":"0","allFilterLabel":"All","filterStyle":"default","filterLinkColor":"","filterLinkHoverColor":"","defaultActiveFilter":"All","filterPositioning":"top","filterTextAlignment":"none","enableCollapsibleFilters":"0","collapsibleActionText":"Filter by","enableMobileDropdownFilters":"0","enable_password":"0","password":"5e$#7Tu&xinb4dlp4R","password_protect_username":"","password_protect_text":"","upload_position":"end"},"modulaImages":[{"id":"11478","halign":"center","valign":"middle","link":"","target":0,"width":2,"height":2,"togglelightbox":0,"hide_title":0,"filters":"","url":"https:\/\/www.objectifimage-95.fr\/wp-content\/uploads\/2025\/04\/CEX78-01-2-HD.jpg","alt":"","title":"Herv\u00e9-D-Figueras-Mus\u00e9e Dali","caption":"Herv\u00e9-D-Figueras-Mus\u00e9e Dali","description":"Herv\u00e9-D-Figueras-Mus\u00e9e Dali","report":"","src":"https:\/\/www.objectifimage-95.fr\/wp-content\/uploads\/2025\/04\/CEX78-01-2-HD-1024x683.jpg","data-width":2,"data-height":2},{"id":"11479","halign":"center","valign":"middle","link":"","target":0,"width":2,"height":2,"togglelightbox":0,"hide_title":0,"filters":"","url":"https:\/\/www.objectifimage-95.fr\/wp-content\/uploads\/2025\/04\/CEX78-02-1-JLB.jpg","alt":"","title":"HH ===&gt; JLB","caption":"HH ===&gt; JLB","description":"HH ===&gt; JLB","report":"","src":"https:\/\/www.objectifimage-95.fr\/wp-content\/uploads\/2025\/04\/CEX78-02-1-JLB-1024x683.jpg","data-width":2,"data-height":2},{"id":"11480","halign":"center","valign":"middle","link":"","target":0,"width":2,"height":2,"togglelightbox":0,"hide_title":0,"filters":"","url":"https:\/\/www.objectifimage-95.fr\/wp-content\/uploads\/2025\/04\/CEX78-02-2-JLB.jpg","alt":"","title":"JLB","caption":"JLB","description":"JLB","report":"","src":"https:\/\/www.objectifimage-95.fr\/wp-content\/uploads\/2025\/04\/CEX78-02-2-JLB-1024x768.jpg","data-width":2,"data-height":2},{"id":"11481","halign":"center","valign":"middle","link":"","target":0,"width":2,"height":2,"togglelightbox":0,"hide_title":0,"filters":"","url":"https:\/\/www.objectifimage-95.fr\/wp-content\/uploads\/2025\/04\/CEX78-03-1-RD.jpg","alt":"","title":"JLB ===&gt; RD","caption":"JLB ===&gt; RD","description":"JLB ===&gt; RD","report":"","src":"https:\/\/www.objectifimage-95.fr\/wp-content\/uploads\/2025\/04\/CEX78-03-1-RD-1024x768.jpg","data-width":2,"data-height":2},{"id":"11482","halign":"center","valign":"middle","link":"","target":0,"width":2,"height":2,"togglelightbox":0,"hide_title":0,"filters":"","url":"https:\/\/www.objectifimage-95.fr\/wp-content\/uploads\/2025\/04\/CEX78-03-2-RD.jpg","alt":"","title":"Rolande-D-caf\u00e9 photos","caption":"Rolande-D-Sion l'Oc\u00e9an Vend\u00e9e","description":"Rolande-D-Sion l'Oc\u00e9an Vend\u00e9e","report":"","src":"https:\/\/www.objectifimage-95.fr\/wp-content\/uploads\/2025\/04\/CEX78-03-2-RD-1024x683.jpg","data-width":2,"data-height":2},{"id":"11483","halign":"center","valign":"middle","link":"","target":0,"width":2,"height":2,"togglelightbox":0,"hide_title":0,"filters":"","url":"https:\/\/www.objectifimage-95.fr\/wp-content\/uploads\/2025\/04\/CEX78-04-1-FV.jpg","alt":"","title":"RD ===&gt; FV","caption":"RD ===&gt; FV","description":"RD ===&gt; FV","report":"","src":"https:\/\/www.objectifimage-95.fr\/wp-content\/uploads\/2025\/04\/CEX78-04-1-FV-1024x683.jpg","data-width":2,"data-height":2},{"id":"11484","halign":"center","valign":"middle","link":"","target":0,"width":2,"height":2,"togglelightbox":0,"hide_title":0,"filters":"","url":"https:\/\/www.objectifimage-95.fr\/wp-content\/uploads\/2025\/04\/CEX78-04-2-FV.jpg","alt":"","title":"Fabrice-V-Carcasse","caption":"Fabrice-V:Je n'ai pas compris la question, rien vu ni rien entendu, aussi cette carcasse me semble parfaitement r\u00e9cup\u00e9rable!","description":"Fabrice-V:Je n'ai pas compris la question, rien vu ni rien entendu, aussi cette carcasse me semble parfaitement r\u00e9cup\u00e9rable!","report":"","src":"https:\/\/www.objectifimage-95.fr\/wp-content\/uploads\/2025\/04\/CEX78-04-2-FV-1024x682.jpg","data-width":2,"data-height":2},{"id":"11485","halign":"center","valign":"middle","link":"","target":0,"width":2,"height":2,"togglelightbox":0,"hide_title":0,"filters":"","url":"https:\/\/www.objectifimage-95.fr\/wp-content\/uploads\/2025\/04\/CEX78-05-1-EM.jpg","alt":"","title":"FV ===&gt; EM","caption":"FV ===&gt; EM","description":"FV ===&gt; EM","report":"","src":"https:\/\/www.objectifimage-95.fr\/wp-content\/uploads\/2025\/04\/CEX78-05-1-EM-1024x682.jpg","data-width":2,"data-height":2},{"id":"11486","halign":"center","valign":"middle","link":"","target":0,"width":2,"height":2,"togglelightbox":0,"hide_title":0,"filters":"","url":"https:\/\/www.objectifimage-95.fr\/wp-content\/uploads\/2025\/04\/CEX78-05-2-EM.jpg","alt":"","title":"Edouard-M-street art","caption":"Edouard-M-street art","description":"Edouard-M-street art","report":"","src":"https:\/\/www.objectifimage-95.fr\/wp-content\/uploads\/2025\/04\/CEX78-05-2-EM-1024x768.jpg","data-width":2,"data-height":2},{"id":"11487","halign":"center","valign":"middle","link":"","target":0,"width":2,"height":2,"togglelightbox":0,"hide_title":0,"filters":"","url":"https:\/\/www.objectifimage-95.fr\/wp-content\/uploads\/2025\/04\/CEX78-06-1-DB.jpg","alt":"","title":"EM ===&gt; DB","caption":"EM ===&gt; DB","description":"EM ===&gt; DB","report":"","src":"https:\/\/www.objectifimage-95.fr\/wp-content\/uploads\/2025\/04\/CEX78-06-1-DB-1024x768.jpg","data-width":2,"data-height":2},{"id":"11488","halign":"center","valign":"middle","link":"","target":0,"width":2,"height":2,"togglelightbox":0,"hide_title":0,"filters":"","url":"https:\/\/www.objectifimage-95.fr\/wp-content\/uploads\/2025\/04\/CEX78-06-2-DB.jpg","alt":"","title":"Dominique-B-recueillement 1","caption":"Dominique-B-recueillement 1","description":"Dominique-B-recueillement 1","report":"","src":"https:\/\/www.objectifimage-95.fr\/wp-content\/uploads\/2025\/04\/CEX78-06-2-DB-1024x768.jpg","data-width":2,"data-height":2},{"id":"11489","halign":"center","valign":"middle","link":"","target":0,"width":2,"height":2,"togglelightbox":0,"hide_title":0,"filters":"","url":"https:\/\/www.objectifimage-95.fr\/wp-content\/uploads\/2025\/04\/CEX78-07-1-GD.jpg","alt":"","title":"DB ===&gt; GD","caption":"DB ===&gt; GD","description":"DB ===&gt; GD","report":"","src":"https:\/\/www.objectifimage-95.fr\/wp-content\/uploads\/2025\/04\/CEX78-07-1-GD-1024x768.jpg","data-width":2,"data-height":2},{"id":"11490","halign":"center","valign":"middle","link":"","target":0,"width":2,"height":2,"togglelightbox":0,"hide_title":0,"filters":"","url":"https:\/\/www.objectifimage-95.fr\/wp-content\/uploads\/2025\/04\/CEX78-07-2-GD.jpg","alt":"","title":"Gilles-D-Parade \u00e0 Altenmark","caption":"Autriche 2014","description":"Autriche 2014","report":"","src":"https:\/\/www.objectifimage-95.fr\/wp-content\/uploads\/2025\/04\/CEX78-07-2-GD-1024x1024.jpg","data-width":2,"data-height":2},{"id":"11491","halign":"center","valign":"middle","link":"","target":0,"width":2,"height":2,"togglelightbox":0,"hide_title":0,"filters":"","url":"https:\/\/www.objectifimage-95.fr\/wp-content\/uploads\/2025\/04\/CEX78-08-1-PH.jpg","alt":"","title":"GD ===&gt; PH","caption":"GD ===&gt; PH","description":"GD ===&gt; PH","report":"","src":"https:\/\/www.objectifimage-95.fr\/wp-content\/uploads\/2025\/04\/CEX78-08-1-PH-1024x1024.jpg","data-width":2,"data-height":2},{"id":"11492","halign":"center","valign":"middle","link":"","target":0,"width":2,"height":2,"togglelightbox":0,"hide_title":0,"filters":"","url":"https:\/\/www.objectifimage-95.fr\/wp-content\/uploads\/2025\/04\/CEX78-08-2-PH.jpg","alt":"","title":"CEX78-08 2 PH","caption":"","description":"","report":"","src":"https:\/\/www.objectifimage-95.fr\/wp-content\/uploads\/2025\/04\/CEX78-08-2-PH-606x1024.jpg","data-width":2,"data-height":2},{"id":"11493","halign":"center","valign":"middle","link":"","target":0,"width":2,"height":2,"togglelightbox":0,"hide_title":0,"filters":"","url":"https:\/\/www.objectifimage-95.fr\/wp-content\/uploads\/2025\/04\/CEX78-09-1-JC.jpg","alt":"","title":"PH ===&gt; JC","caption":"PH ===&gt; JC","description":"PH ===&gt; JC","report":"","src":"https:\/\/www.objectifimage-95.fr\/wp-content\/uploads\/2025\/04\/CEX78-09-1-JC-606x1024.jpg","data-width":2,"data-height":2},{"id":"11494","halign":"center","valign":"middle","link":"","target":0,"width":2,"height":2,"togglelightbox":0,"hide_title":0,"filters":"","url":"https:\/\/www.objectifimage-95.fr\/wp-content\/uploads\/2025\/04\/CEX78-09-2-JC.jpg","alt":"","title":"Jos\u00e9-C-Chantier","caption":"Jos\u00e9-C-Chantier - Centre Culturel Soisy-sous-Montmorency - Ou la m\u00e9thaphysique des tubes","description":"Jos\u00e9-C-Chantier - Centre Culturel Soisy-sous-Montmorency - Ou la m\u00e9thaphysique des tubes","report":"","src":"https:\/\/www.objectifimage-95.fr\/wp-content\/uploads\/2025\/04\/CEX78-09-2-JC-1024x683.jpg","data-width":2,"data-height":2},{"id":"11495","halign":"center","valign":"middle","link":"","target":0,"width":2,"height":2,"togglelightbox":0,"hide_title":0,"filters":"","url":"https:\/\/www.objectifimage-95.fr\/wp-content\/uploads\/2025\/04\/CEX78-10-1-HH.jpg","alt":"","title":"JC ===&gt; HH","caption":"JC ===&gt; HH","description":"JC ===&gt; HH","report":"","src":"https:\/\/www.objectifimage-95.fr\/wp-content\/uploads\/2025\/04\/CEX78-10-1-HH-1024x683.jpg","data-width":2,"data-height":2},{"id":"11496","halign":"center","valign":"middle","link":"","target":0,"width":2,"height":2,"togglelightbox":0,"hide_title":0,"filters":"","url":"https:\/\/www.objectifimage-95.fr\/wp-content\/uploads\/2025\/04\/CEX78-10-2-HH.jpg","alt":"","title":"Hilde-H-cadavre","caption":"Hilde-H-cadavre","description":"Hilde-H-cadavre","report":"","src":"https:\/\/www.objectifimage-95.fr\/wp-content\/uploads\/2025\/04\/CEX78-10-2-HH-1024x1024.jpg","data-width":2,"data-height":2},{"id":"11497","halign":"center","valign":"middle","link":"","target":0,"width":2,"height":2,"togglelightbox":0,"hide_title":0,"filters":"","url":"https:\/\/www.objectifimage-95.fr\/wp-content\/uploads\/2025\/04\/CEX78-11-1-PB.jpg","alt":"","title":"HH ===&gt; PB","caption":"HH ===&gt; PB","description":"HH ===&gt; PB","report":"","src":"https:\/\/www.objectifimage-95.fr\/wp-content\/uploads\/2025\/04\/CEX78-11-1-PB-1024x1024.jpg","data-width":2,"data-height":2},{"id":"11498","halign":"center","valign":"middle","link":"","target":0,"width":2,"height":2,"togglelightbox":0,"hide_title":0,"filters":"","url":"https:\/\/www.objectifimage-95.fr\/wp-content\/uploads\/2025\/04\/CEX78-11-2-PB.jpg","alt":"","title":"pascale-b-sous le soleil exactement","caption":"pascale-b-sous le soleil exactement","description":"pascale-b-sous le soleil exactement","report":"","src":"https:\/\/www.objectifimage-95.fr\/wp-content\/uploads\/2025\/04\/CEX78-11-2-PB-1024x683.jpg","data-width":2,"data-height":2},{"id":"11499","halign":"center","valign":"middle","link":"","target":0,"width":2,"height":2,"togglelightbox":0,"hide_title":0,"filters":"","url":"https:\/\/www.objectifimage-95.fr\/wp-content\/uploads\/2025\/04\/CEX78-12-1-AL.jpg","alt":"","title":"PB ===&gt; AL","caption":"PB ===&gt; AL","description":"PB ===&gt; AL","report":"","src":"https:\/\/www.objectifimage-95.fr\/wp-content\/uploads\/2025\/04\/CEX78-12-1-AL-1024x683.jpg","data-width":2,"data-height":2},{"id":"11500","halign":"center","valign":"middle","link":"","target":0,"width":2,"height":2,"togglelightbox":0,"hide_title":0,"filters":"","url":"https:\/\/www.objectifimage-95.fr\/wp-content\/uploads\/2025\/04\/CEX78-12-2-AL.jpg","alt":"","title":"CEX78-12 2 AL","caption":"","description":"","report":"","src":"https:\/\/www.objectifimage-95.fr\/wp-content\/uploads\/2025\/04\/CEX78-12-2-AL-905x1024.jpg","data-width":2,"data-height":2},{"id":"11501","halign":"center","valign":"middle","link":"","target":0,"width":2,"height":2,"togglelightbox":0,"hide_title":0,"filters":"","url":"https:\/\/www.objectifimage-95.fr\/wp-content\/uploads\/2025\/04\/CEX78-13-1-DC.jpg","alt":"","title":"AL ===&gt; DC","caption":"AL ===&gt; DC","description":"AL ===&gt; DC","report":"","src":"https:\/\/www.objectifimage-95.fr\/wp-content\/uploads\/2025\/04\/CEX78-13-1-DC-905x1024.jpg","data-width":2,"data-height":2},{"id":"11502","halign":"center","valign":"middle","link":"","target":0,"width":2,"height":2,"togglelightbox":0,"hide_title":0,"filters":"","url":"https:\/\/www.objectifimage-95.fr\/wp-content\/uploads\/2025\/04\/CEX78-13-2-DC.jpg","alt":"","title":"CEX78-13 2 DC","caption":"","description":"","report":"","src":"https:\/\/www.objectifimage-95.fr\/wp-content\/uploads\/2025\/04\/CEX78-13-2-DC-1024x678.jpg","data-width":2,"data-height":2},{"id":"11503","halign":"center","valign":"middle","link":"","target":0,"width":2,"height":2,"togglelightbox":0,"hide_title":0,"filters":"","url":"https:\/\/www.objectifimage-95.fr\/wp-content\/uploads\/2025\/04\/CEX78-14-1-YG.jpg","alt":"","title":"DC ===&gt; YG","caption":"DC ===&gt; YG","description":"DC ===&gt; YG","report":"","src":"https:\/\/www.objectifimage-95.fr\/wp-content\/uploads\/2025\/04\/CEX78-14-1-YG-1024x678.jpg","data-width":2,"data-height":2},{"id":"11504","halign":"center","valign":"middle","link":"","target":0,"width":2,"height":2,"togglelightbox":0,"hide_title":0,"filters":"","url":"https:\/\/www.objectifimage-95.fr\/wp-content\/uploads\/2025\/04\/CEX78-14-2-YG.jpg","alt":"","title":"Yasmina G &#8211; Cadavre exquis N\u00b0 78","caption":"Yasmina G - Cadavre exquis N\u00b0 78","description":"Yasmina G - Cadavre exquis N\u00b0 78","report":"","src":"https:\/\/www.objectifimage-95.fr\/wp-content\/uploads\/2025\/04\/CEX78-14-2-YG.jpg","data-width":2,"data-height":2}],"yoast_head":"<!-- This site is optimized with the Yoast SEO plugin v27.5 - https:\/\/yoast.com\/product\/yoast-seo-wordpress\/ -->\n<title>G-CEX-2025-04-cex78 - Objectif Image 95<\/title>\n<meta name=\"robots\" content=\"index, follow, max-snippet:-1, max-image-preview:large, max-video-preview:-1\" \/>\n<link rel=\"canonical\" href=\"https:\/\/www.objectifimage-95.fr\/index.php\/modula-gallery\/g-cex-2025-04-cex78\/\" \/>\n<meta property=\"og:locale\" content=\"fr_FR\" \/>\n<meta property=\"og:type\" content=\"article\" \/>\n<meta property=\"og:title\" content=\"G-CEX-2025-04-cex78 - Objectif Image 95\" \/>\n<meta property=\"og:url\" content=\"https:\/\/www.objectifimage-95.fr\/index.php\/modula-gallery\/g-cex-2025-04-cex78\/\" \/>\n<meta property=\"og:site_name\" content=\"Objectif Image 95\" \/>\n<meta name=\"twitter:card\" content=\"summary_large_image\" \/>\n<script type=\"application\/ld+json\" class=\"yoast-schema-graph\">{\"@context\":\"https:\\\/\\\/schema.org\",\"@graph\":[{\"@type\":\"WebPage\",\"@id\":\"https:\\\/\\\/www.objectifimage-95.fr\\\/index.php\\\/modula-gallery\\\/g-cex-2025-04-cex78\\\/\",\"url\":\"https:\\\/\\\/www.objectifimage-95.fr\\\/index.php\\\/modula-gallery\\\/g-cex-2025-04-cex78\\\/\",\"name\":\"G-CEX-2025-04-cex78 - Objectif Image 95\",\"isPartOf\":{\"@id\":\"https:\\\/\\\/www.objectifimage-95.fr\\\/#website\"},\"datePublished\":\"2025-04-09T07:20:18+00:00\",\"breadcrumb\":{\"@id\":\"https:\\\/\\\/www.objectifimage-95.fr\\\/index.php\\\/modula-gallery\\\/g-cex-2025-04-cex78\\\/#breadcrumb\"},\"inLanguage\":\"fr-FR\",\"potentialAction\":[{\"@type\":\"ReadAction\",\"target\":[\"https:\\\/\\\/www.objectifimage-95.fr\\\/index.php\\\/modula-gallery\\\/g-cex-2025-04-cex78\\\/\"]}]},{\"@type\":\"BreadcrumbList\",\"@id\":\"https:\\\/\\\/www.objectifimage-95.fr\\\/index.php\\\/modula-gallery\\\/g-cex-2025-04-cex78\\\/#breadcrumb\",\"itemListElement\":[{\"@type\":\"ListItem\",\"position\":1,\"name\":\"Accueil\",\"item\":\"https:\\\/\\\/www.objectifimage-95.fr\\\/\"},{\"@type\":\"ListItem\",\"position\":2,\"name\":\"G-CEX-2025-04-cex78\"}]},{\"@type\":\"WebSite\",\"@id\":\"https:\\\/\\\/www.objectifimage-95.fr\\\/#website\",\"url\":\"https:\\\/\\\/www.objectifimage-95.fr\\\/\",\"name\":\"Objectif Image-95\",\"description\":\"Photo club de Soisy-sous-Montmorency\",\"publisher\":{\"@id\":\"https:\\\/\\\/www.objectifimage-95.fr\\\/#organization\"},\"potentialAction\":[{\"@type\":\"SearchAction\",\"target\":{\"@type\":\"EntryPoint\",\"urlTemplate\":\"https:\\\/\\\/www.objectifimage-95.fr\\\/?s={search_term_string}\"},\"query-input\":{\"@type\":\"PropertyValueSpecification\",\"valueRequired\":true,\"valueName\":\"search_term_string\"}}],\"inLanguage\":\"fr-FR\"},{\"@type\":\"Organization\",\"@id\":\"https:\\\/\\\/www.objectifimage-95.fr\\\/#organization\",\"name\":\"Objectif Image-95\",\"url\":\"https:\\\/\\\/www.objectifimage-95.fr\\\/\",\"logo\":{\"@type\":\"ImageObject\",\"inLanguage\":\"fr-FR\",\"@id\":\"https:\\\/\\\/www.objectifimage-95.fr\\\/#\\\/schema\\\/logo\\\/image\\\/\",\"url\":\"https:\\\/\\\/www.objectifimage-95.fr\\\/wp-content\\\/uploads\\\/2025\\\/01\\\/Logo-520px.png\",\"contentUrl\":\"https:\\\/\\\/www.objectifimage-95.fr\\\/wp-content\\\/uploads\\\/2025\\\/01\\\/Logo-520px.png\",\"width\":520,\"height\":343,\"caption\":\"Objectif Image-95\"},\"image\":{\"@id\":\"https:\\\/\\\/www.objectifimage-95.fr\\\/#\\\/schema\\\/logo\\\/image\\\/\"}}]}<\/script>\n<!-- \/ Yoast SEO plugin. -->","yoast_head_json":{"title":"G-CEX-2025-04-cex78 - Objectif Image 95","robots":{"index":"index","follow":"follow","max-snippet":"max-snippet:-1","max-image-preview":"max-image-preview:large","max-video-preview":"max-video-preview:-1"},"canonical":"https:\/\/www.objectifimage-95.fr\/index.php\/modula-gallery\/g-cex-2025-04-cex78\/","og_locale":"fr_FR","og_type":"article","og_title":"G-CEX-2025-04-cex78 - Objectif Image 95","og_url":"https:\/\/www.objectifimage-95.fr\/index.php\/modula-gallery\/g-cex-2025-04-cex78\/","og_site_name":"Objectif Image 95","twitter_card":"summary_large_image","schema":{"@context":"https:\/\/schema.org","@graph":[{"@type":"WebPage","@id":"https:\/\/www.objectifimage-95.fr\/index.php\/modula-gallery\/g-cex-2025-04-cex78\/","url":"https:\/\/www.objectifimage-95.fr\/index.php\/modula-gallery\/g-cex-2025-04-cex78\/","name":"G-CEX-2025-04-cex78 - Objectif Image 95","isPartOf":{"@id":"https:\/\/www.objectifimage-95.fr\/#website"},"datePublished":"2025-04-09T07:20:18+00:00","breadcrumb":{"@id":"https:\/\/www.objectifimage-95.fr\/index.php\/modula-gallery\/g-cex-2025-04-cex78\/#breadcrumb"},"inLanguage":"fr-FR","potentialAction":[{"@type":"ReadAction","target":["https:\/\/www.objectifimage-95.fr\/index.php\/modula-gallery\/g-cex-2025-04-cex78\/"]}]},{"@type":"BreadcrumbList","@id":"https:\/\/www.objectifimage-95.fr\/index.php\/modula-gallery\/g-cex-2025-04-cex78\/#breadcrumb","itemListElement":[{"@type":"ListItem","position":1,"name":"Accueil","item":"https:\/\/www.objectifimage-95.fr\/"},{"@type":"ListItem","position":2,"name":"G-CEX-2025-04-cex78"}]},{"@type":"WebSite","@id":"https:\/\/www.objectifimage-95.fr\/#website","url":"https:\/\/www.objectifimage-95.fr\/","name":"Objectif Image-95","description":"Photo club de Soisy-sous-Montmorency","publisher":{"@id":"https:\/\/www.objectifimage-95.fr\/#organization"},"potentialAction":[{"@type":"SearchAction","target":{"@type":"EntryPoint","urlTemplate":"https:\/\/www.objectifimage-95.fr\/?s={search_term_string}"},"query-input":{"@type":"PropertyValueSpecification","valueRequired":true,"valueName":"search_term_string"}}],"inLanguage":"fr-FR"},{"@type":"Organization","@id":"https:\/\/www.objectifimage-95.fr\/#organization","name":"Objectif Image-95","url":"https:\/\/www.objectifimage-95.fr\/","logo":{"@type":"ImageObject","inLanguage":"fr-FR","@id":"https:\/\/www.objectifimage-95.fr\/#\/schema\/logo\/image\/","url":"https:\/\/www.objectifimage-95.fr\/wp-content\/uploads\/2025\/01\/Logo-520px.png","contentUrl":"https:\/\/www.objectifimage-95.fr\/wp-content\/uploads\/2025\/01\/Logo-520px.png","width":520,"height":343,"caption":"Objectif Image-95"},"image":{"@id":"https:\/\/www.objectifimage-95.fr\/#\/schema\/logo\/image\/"}}]}},"jetpack_sharing_enabled":true,"_links":{"self":[{"href":"https:\/\/www.objectifimage-95.fr\/index.php\/wp-json\/wp\/v2\/modula-gallery\/11477","targetHints":{"allow":["GET"]}}],"collection":[{"href":"https:\/\/www.objectifimage-95.fr\/index.php\/wp-json\/wp\/v2\/modula-gallery"}],"about":[{"href":"https:\/\/www.objectifimage-95.fr\/index.php\/wp-json\/wp\/v2\/types\/modula-gallery"}],"wp:attachment":[{"href":"https:\/\/www.objectifimage-95.fr\/index.php\/wp-json\/wp\/v2\/media?parent=11477"}],"curies":[{"name":"wp","href":"https:\/\/api.w.org\/{rel}","templated":true}]}}