{"id":11455,"date":"2025-04-06T11:23:48","date_gmt":"2025-04-06T09:23:48","guid":{"rendered":"https:\/\/www.objectifimage-95.fr\/index.php\/modula-gallery\/2025-01-les-sports-4-2-3\/"},"modified":"2025-04-18T15:42:57","modified_gmt":"2025-04-18T13:42:57","slug":"2025-04-05-deambulation-a-montmartre","status":"publish","type":"modula-gallery","link":"https:\/\/www.objectifimage-95.fr\/index.php\/modula-gallery\/2025-04-05-deambulation-a-montmartre\/","title":{"rendered":"G-SOR-2025-04-05-D\u00e9ambulation \u00e0 Montmartre"},"template":"","class_list":["post-11455","modula-gallery","type-modula-gallery","status-publish","hentry","entry"],"modulaSettings":{"type":"grid","grid_type":"5","grid_row_height":250,"grid_justify_last_row":"justify","grid_image_size":"medium","grid_image_dimensions":{"width":0,"height":0},"img_size":200,"img_crop":true,"grid_image_crop":"0","gutter":10,"tablet_gutter":10,"mobile_gutter":10,"width":"100%","height":[800,800,800],"randomFactor":50,"shuffle":"0","maxImagesCount":"0","maxImagesCount_mobile":"0","lightbox":"fancybox","show_navigation":true,"open_Lightbox_on":"both","doubleClick":"0","loop_lightbox":"0","showTitleLightbox":true,"showCaptionLightbox":true,"captionPosition":"left","lightbox_keyboard":true,"lightbox_wheel":"0","lightbox_toolbar":true,"lightbox_close":true,"lightbox_thumbs":true,"lightbox_download":"0","lightbox_zoom":true,"lightbox_clickSlide":"0","lightbox_infobar":true,"lightbox_animationEffect":"false","lightbox_transitionEffect":"fade","showAllOnLightbox":"0","lightbox_touch":"0","lightbox_thumbsAutoStart":"0","mobile_caption_copy":true,"lightbox_background_color":"rgba(30,30,30,.9)","lightbox_thumbsPosition":"bottom","hide_title":true,"titleColor":"#ffffff","titleFontSize":16,"mobileTitleFontSize":12,"hide_description":"0","captionColor":"#ffffff","captionFontSize":14,"mobileCaptionFontSize":10,"show_gallery_title":"0","gallery_title_type":"p","titleFontWeight":"400","captionFontWeight":"normal","enableSocial":"0","enableTwitter":"0","enableFacebook":"0","enableWhatsapp":"0","enableLinkedin":"0","enablePinterest":"0","enableEmail":"0","emailSubject":"Check out this awesome image !!","emailMessage":"Here is the link to the image : %%image_link%% and this is the link to the gallery : %%gallery_link%%","socialIconColor":"#ffffff","socialIconSize":16,"socialIconPadding":10,"loadedScale":100,"inView":"0","loadedRotate":0,"loadedHSlide":0,"loadedVSlide":0,"effect":"pufrobo","cursor":"zoom-in","uploadCursor":"0","hoverColor":"#ffffff","hoverOpacity":50,"borderSize":0,"borderRadius":0,"borderColor":"#ffffff","shadowSize":0,"shadowColor":"#ffffff","lazy_load":true,"helper-message":"","enable_responsive":"0","tablet_columns":2,"mobile_columns":1,"style":"","last_visited_tab":"modula-general","filters":[""],"dropdownFilters":"0","filterClick":"0","hideAllFilter":"0","allFilterLabel":"All","filterStyle":"default","filterLinkColor":"","filterLinkHoverColor":"","defaultActiveFilter":"All","filterPositioning":"top","filterTextAlignment":"none","enableCollapsibleFilters":"0","collapsibleActionText":"Filter by","enableMobileDropdownFilters":"0","enable_password":"0","password":"7dZx0kJXSA4oI7L6qy","password_protect_username":"","password_protect_text":"","upload_position":"end"},"modulaImages":[{"id":"11876","halign":"center","valign":"middle","link":"","target":0,"width":2,"height":2,"togglelightbox":0,"hide_title":0,"filters":"","url":"https:\/\/www.objectifimage-95.fr\/wp-content\/uploads\/2025\/04\/A-SITES-REPUTES.jpg","alt":"","title":"A- SITES R\u00c9PUT\u00c9S","caption":"","description":"","report":"","src":"https:\/\/www.objectifimage-95.fr\/wp-content\/uploads\/2025\/04\/A-SITES-REPUTES-1024x683.jpg","data-width":2,"data-height":2},{"id":"11877","halign":"center","valign":"middle","link":"","target":0,"width":2,"height":2,"togglelightbox":0,"hide_title":0,"filters":"","url":"https:\/\/www.objectifimage-95.fr\/wp-content\/uploads\/2025\/04\/A-.jpg","alt":"","title":"A-","caption":"","description":"","report":"","src":"https:\/\/www.objectifimage-95.fr\/wp-content\/uploads\/2025\/04\/A--1024x683.jpg","data-width":2,"data-height":2},{"id":"11999","halign":"center","valign":"middle","link":"","target":0,"width":2,"height":2,"togglelightbox":0,"hide_title":0,"filters":"","url":"https:\/\/www.objectifimage-95.fr\/wp-content\/uploads\/2025\/04\/A-GEORGES-B-MONTMARTRE-REVERBERE.jpg","alt":"","title":"A-GEORGES-B-MONTMARTRE-REVERBERE","caption":"","description":"","report":"","src":"https:\/\/www.objectifimage-95.fr\/wp-content\/uploads\/2025\/04\/A-GEORGES-B-MONTMARTRE-REVERBERE-683x1024.jpg","data-width":2,"data-height":2},{"id":"11878","halign":"center","valign":"middle","link":"","target":0,"width":2,"height":2,"togglelightbox":0,"hide_title":0,"filters":"","url":"https:\/\/www.objectifimage-95.fr\/wp-content\/uploads\/2025\/04\/A-Dominique-Y-Montmartre-demeure-3.jpg","alt":"","title":"A-Dominique-Y-Montmartre-demeure (3)","caption":"","description":"","report":"","src":"https:\/\/www.objectifimage-95.fr\/wp-content\/uploads\/2025\/04\/A-Dominique-Y-Montmartre-demeure-3-1024x764.jpg","data-width":2,"data-height":2},{"id":"11998","halign":"center","valign":"middle","link":"","target":0,"width":2,"height":2,"togglelightbox":0,"hide_title":0,"filters":"","url":"https:\/\/www.objectifimage-95.fr\/wp-content\/uploads\/2025\/04\/A-GEORGES-B-MONTMARTRE-CABARET.jpg","alt":"","title":"A-GEORGES-B-MONTMARTRE-CABARET","caption":"","description":"","report":"","src":"https:\/\/www.objectifimage-95.fr\/wp-content\/uploads\/2025\/04\/A-GEORGES-B-MONTMARTRE-CABARET-713x1024.jpg","data-width":2,"data-height":2},{"id":"11879","halign":"center","valign":"middle","link":"","target":0,"width":2,"height":2,"togglelightbox":0,"hide_title":0,"filters":"","url":"https:\/\/www.objectifimage-95.fr\/wp-content\/uploads\/2025\/04\/A-Jose-C-Montmartre-1.jpg","alt":"","title":"A-Jos\u00e9-C-Montmartre-1","caption":"","description":"","report":"","src":"https:\/\/www.objectifimage-95.fr\/wp-content\/uploads\/2025\/04\/A-Jose-C-Montmartre-1-1024x1024.jpg","data-width":2,"data-height":2},{"id":"11880","halign":"center","valign":"middle","link":"","target":0,"width":2,"height":2,"togglelightbox":0,"hide_title":0,"filters":"","url":"https:\/\/www.objectifimage-95.fr\/wp-content\/uploads\/2025\/04\/A-Jose-C-Montmartre-2.jpg","alt":"","title":"A-Jos\u00e9-C-Montmartre-2","caption":"","description":"","report":"","src":"https:\/\/www.objectifimage-95.fr\/wp-content\/uploads\/2025\/04\/A-Jose-C-Montmartre-2-1024x1024.jpg","data-width":2,"data-height":2},{"id":"11881","halign":"center","valign":"middle","link":"","target":0,"width":2,"height":2,"togglelightbox":0,"hide_title":0,"filters":"","url":"https:\/\/www.objectifimage-95.fr\/wp-content\/uploads\/2025\/04\/A-Michel-G-Lapin-agile-2-scaled.jpg","alt":"","title":"A-Michel-G-Lapin agile (2)","caption":"","description":"","report":"","src":"https:\/\/www.objectifimage-95.fr\/wp-content\/uploads\/2025\/04\/A-Michel-G-Lapin-agile-2-681x1024.jpg","data-width":2,"data-height":2},{"id":"11882","halign":"center","valign":"middle","link":"","target":0,"width":2,"height":2,"togglelightbox":0,"hide_title":0,"filters":"","url":"https:\/\/www.objectifimage-95.fr\/wp-content\/uploads\/2025\/04\/A-Michel-G-Lapin-agile-3-scaled.jpg","alt":"","title":"A-Michel-G-Lapin agile (3)","caption":"","description":"","report":"","src":"https:\/\/www.objectifimage-95.fr\/wp-content\/uploads\/2025\/04\/A-Michel-G-Lapin-agile-3-681x1024.jpg","data-width":2,"data-height":2},{"id":"11883","halign":"center","valign":"middle","link":"","target":0,"width":2,"height":2,"togglelightbox":0,"hide_title":0,"filters":"","url":"https:\/\/www.objectifimage-95.fr\/wp-content\/uploads\/2025\/04\/A-rolande-D-montmartre-2.jpg","alt":"","title":"Rolande-D-balade Montmartre","caption":"Rolande-D-Le Lapin Agile le matin apr\u00e8s la f\u00eate","description":"Rolande-D-Le Lapin Agile le matin apr\u00e8s la f\u00eate","report":"","src":"https:\/\/www.objectifimage-95.fr\/wp-content\/uploads\/2025\/04\/A-rolande-D-montmartre-2-1024x801.jpg","data-width":2,"data-height":2},{"id":"11884","halign":"center","valign":"middle","link":"","target":0,"width":2,"height":2,"togglelightbox":0,"hide_title":0,"filters":"","url":"https:\/\/www.objectifimage-95.fr\/wp-content\/uploads\/2025\/04\/B-.jpg","alt":"","title":"B-","caption":"","description":"","report":"","src":"https:\/\/www.objectifimage-95.fr\/wp-content\/uploads\/2025\/04\/B--1024x683.jpg","data-width":2,"data-height":2},{"id":"11885","halign":"center","valign":"middle","link":"","target":0,"width":2,"height":2,"togglelightbox":0,"hide_title":0,"filters":"","url":"https:\/\/www.objectifimage-95.fr\/wp-content\/uploads\/2025\/04\/B-Celine-D-Dalida.jpg","alt":"","title":"B-C\u00e9line-D-Dalida","caption":"","description":"","report":"","src":"https:\/\/www.objectifimage-95.fr\/wp-content\/uploads\/2025\/04\/B-Celine-D-Dalida-683x1024.jpg","data-width":2,"data-height":2},{"id":"11886","halign":"center","valign":"middle","link":"","target":0,"width":2,"height":2,"togglelightbox":0,"hide_title":0,"filters":"","url":"https:\/\/www.objectifimage-95.fr\/wp-content\/uploads\/2025\/04\/B-Dominique-y-Montmartre-art-scaled.jpg","alt":"","title":"B-Dominique-y-Montmartre-art","caption":"","description":"","report":"","src":"https:\/\/www.objectifimage-95.fr\/wp-content\/uploads\/2025\/04\/B-Dominique-y-Montmartre-art-761x1024.jpg","data-width":2,"data-height":2},{"id":"11887","halign":"center","valign":"middle","link":"","target":0,"width":2,"height":2,"togglelightbox":0,"hide_title":0,"filters":"","url":"https:\/\/www.objectifimage-95.fr\/wp-content\/uploads\/2025\/04\/B-J-Pierre-P-Dalida-mon-amour.jpg","alt":"","title":"B-J-Pierre P &#8211; Dalida mon amour","caption":"","description":"","report":"","src":"https:\/\/www.objectifimage-95.fr\/wp-content\/uploads\/2025\/04\/B-J-Pierre-P-Dalida-mon-amour-1024x1024.jpg","data-width":2,"data-height":2},{"id":"11888","halign":"center","valign":"middle","link":"","target":0,"width":2,"height":2,"togglelightbox":0,"hide_title":0,"filters":"","url":"https:\/\/www.objectifimage-95.fr\/wp-content\/uploads\/2025\/04\/B-Jean-Paul-F-Dalida.jpg","alt":"","title":"B-Jean-Paul-F-Dalida","caption":"","description":"","report":"","src":"https:\/\/www.objectifimage-95.fr\/wp-content\/uploads\/2025\/04\/B-Jean-Paul-F-Dalida-1024x683.jpg","data-width":2,"data-height":2},{"id":"11889","halign":"center","valign":"middle","link":"","target":0,"width":2,"height":2,"togglelightbox":0,"hide_title":0,"filters":"","url":"https:\/\/www.objectifimage-95.fr\/wp-content\/uploads\/2025\/04\/B-Michel-G-Dalida-scaled.jpg","alt":"","title":"B-Michel-G-Dalida","caption":"","description":"","report":"","src":"https:\/\/www.objectifimage-95.fr\/wp-content\/uploads\/2025\/04\/B-Michel-G-Dalida-681x1024.jpg","data-width":2,"data-height":2},{"id":"11890","halign":"center","valign":"middle","link":"","target":0,"width":2,"height":2,"togglelightbox":0,"hide_title":0,"filters":"","url":"https:\/\/www.objectifimage-95.fr\/wp-content\/uploads\/2025\/04\/C-.jpg","alt":"","title":"C-","caption":"","description":"","report":"","src":"https:\/\/www.objectifimage-95.fr\/wp-content\/uploads\/2025\/04\/C--1024x683.jpg","data-width":2,"data-height":2},{"id":"11891","halign":"center","valign":"middle","link":"","target":0,"width":2,"height":2,"togglelightbox":0,"hide_title":0,"filters":"","url":"https:\/\/www.objectifimage-95.fr\/wp-content\/uploads\/2025\/04\/C-Jean-Paul-F-Moulin-de-la-galette-scaled.jpg","alt":"","title":"C-Jean-Paul-F-Moulin-de-la-galette","caption":"","description":"","report":"","src":"https:\/\/www.objectifimage-95.fr\/wp-content\/uploads\/2025\/04\/C-Jean-Paul-F-Moulin-de-la-galette-576x1024.jpg","data-width":2,"data-height":2},{"id":"11892","halign":"center","valign":"middle","link":"","target":0,"width":2,"height":2,"togglelightbox":0,"hide_title":0,"filters":"","url":"https:\/\/www.objectifimage-95.fr\/wp-content\/uploads\/2025\/04\/D-.jpg","alt":"","title":"D-","caption":"","description":"","report":"","src":"https:\/\/www.objectifimage-95.fr\/wp-content\/uploads\/2025\/04\/D--1024x683.jpg","data-width":2,"data-height":2},{"id":"11893","halign":"center","valign":"middle","link":"","target":0,"width":2,"height":2,"togglelightbox":0,"hide_title":0,"filters":"","url":"https:\/\/www.objectifimage-95.fr\/wp-content\/uploads\/2025\/04\/D-J-Pierre-P-Mr-Dutilleul.jpg","alt":"","title":"D-J-Pierre P &#8211; Mr Dutilleul","caption":"","description":"","report":"","src":"https:\/\/www.objectifimage-95.fr\/wp-content\/uploads\/2025\/04\/D-J-Pierre-P-Mr-Dutilleul-1024x683.jpg","data-width":2,"data-height":2},{"id":"11894","halign":"center","valign":"middle","link":"","target":0,"width":2,"height":2,"togglelightbox":0,"hide_title":0,"filters":"","url":"https:\/\/www.objectifimage-95.fr\/wp-content\/uploads\/2025\/04\/D-Jose-C-Montmartre-7-scaled.jpg","alt":"","title":"D-Jos\u00e9-C-Montmartre-7","caption":"","description":"","report":"","src":"https:\/\/www.objectifimage-95.fr\/wp-content\/uploads\/2025\/04\/D-Jose-C-Montmartre-7-683x1024.jpg","data-width":2,"data-height":2},{"id":"11895","halign":"center","valign":"middle","link":"","target":0,"width":2,"height":2,"togglelightbox":0,"hide_title":0,"filters":"","url":"https:\/\/www.objectifimage-95.fr\/wp-content\/uploads\/2025\/04\/D-Michel-G-Passe-muraille-scaled.jpg","alt":"","title":"D-Michel-G-Passe muraille","caption":"","description":"","report":"","src":"https:\/\/www.objectifimage-95.fr\/wp-content\/uploads\/2025\/04\/D-Michel-G-Passe-muraille-681x1024.jpg","data-width":2,"data-height":2},{"id":"11896","halign":"center","valign":"middle","link":"","target":0,"width":2,"height":2,"togglelightbox":0,"hide_title":0,"filters":"","url":"https:\/\/www.objectifimage-95.fr\/wp-content\/uploads\/2025\/04\/D-Michel-G-scolaires-scaled.jpg","alt":"","title":"D-Michel-G-scolaires","caption":"","description":"","report":"","src":"https:\/\/www.objectifimage-95.fr\/wp-content\/uploads\/2025\/04\/D-Michel-G-scolaires-681x1024.jpg","data-width":2,"data-height":2},{"id":"11897","halign":"center","valign":"middle","link":"","target":0,"width":2,"height":2,"togglelightbox":0,"hide_title":0,"filters":"","url":"https:\/\/www.objectifimage-95.fr\/wp-content\/uploads\/2025\/04\/D-Pascale-B-5.jpg","alt":"","title":"Pascale-B-02","caption":"Pascale-B-02","description":"Pascale-B-02","report":"","src":"https:\/\/www.objectifimage-95.fr\/wp-content\/uploads\/2025\/04\/D-Pascale-B-5-684x1024.jpg","data-width":2,"data-height":2},{"id":"11898","halign":"center","valign":"middle","link":"","target":0,"width":2,"height":2,"togglelightbox":0,"hide_title":0,"filters":"","url":"https:\/\/www.objectifimage-95.fr\/wp-content\/uploads\/2025\/04\/E-.jpg","alt":"","title":"E-","caption":"","description":"","report":"","src":"https:\/\/www.objectifimage-95.fr\/wp-content\/uploads\/2025\/04\/E--1024x683.jpg","data-width":2,"data-height":2},{"id":"11899","halign":"center","valign":"middle","link":"","target":0,"width":2,"height":2,"togglelightbox":0,"hide_title":0,"filters":"","url":"https:\/\/www.objectifimage-95.fr\/wp-content\/uploads\/2025\/04\/E-Celine-D-Y-a-pas-dage.jpg","alt":"","title":"E-C\u00e9line D-Y a pas d&rsquo;\u00e2ge","caption":"","description":"","report":"","src":"https:\/\/www.objectifimage-95.fr\/wp-content\/uploads\/2025\/04\/E-Celine-D-Y-a-pas-dage-683x1024.jpg","data-width":2,"data-height":2},{"id":"11900","halign":"center","valign":"middle","link":"","target":0,"width":2,"height":2,"togglelightbox":0,"hide_title":0,"filters":"","url":"https:\/\/www.objectifimage-95.fr\/wp-content\/uploads\/2025\/04\/E-Celine-D-achat-daffiches.jpg","alt":"","title":"E-C\u00e9line-D-achat d&rsquo;affiches","caption":"","description":"","report":"","src":"https:\/\/www.objectifimage-95.fr\/wp-content\/uploads\/2025\/04\/E-Celine-D-achat-daffiches-683x1024.jpg","data-width":2,"data-height":2},{"id":"11901","halign":"center","valign":"middle","link":"","target":0,"width":2,"height":2,"togglelightbox":0,"hide_title":0,"filters":"","url":"https:\/\/www.objectifimage-95.fr\/wp-content\/uploads\/2025\/04\/E-Dominique-y-Montmartre-la-vie.jpg","alt":"","title":"E-Dominique-y-Montmartre -la vie","caption":"","description":"","report":"","src":"https:\/\/www.objectifimage-95.fr\/wp-content\/uploads\/2025\/04\/E-Dominique-y-Montmartre-la-vie-1024x887.jpg","data-width":2,"data-height":2},{"id":"11902","halign":"center","valign":"middle","link":"","target":0,"width":2,"height":2,"togglelightbox":0,"hide_title":0,"filters":"","url":"https:\/\/www.objectifimage-95.fr\/wp-content\/uploads\/2025\/04\/E-J-Pierre-P-Rue-Norvins.jpg","alt":"","title":"E-J-Pierre P &#8211; Rue Norvins","caption":"","description":"","report":"","src":"https:\/\/www.objectifimage-95.fr\/wp-content\/uploads\/2025\/04\/E-J-Pierre-P-Rue-Norvins-1024x683.jpg","data-width":2,"data-height":2},{"id":"11903","halign":"center","valign":"middle","link":"","target":0,"width":2,"height":2,"togglelightbox":0,"hide_title":0,"filters":"","url":"https:\/\/www.objectifimage-95.fr\/wp-content\/uploads\/2025\/04\/E-Jean-Paul-F-Caricaturistes.jpg","alt":"","title":"E-Jean-Paul-F-Caricaturistes","caption":"","description":"","report":"","src":"https:\/\/www.objectifimage-95.fr\/wp-content\/uploads\/2025\/04\/E-Jean-Paul-F-Caricaturistes-768x1024.jpg","data-width":2,"data-height":2},{"id":"11904","halign":"center","valign":"middle","link":"","target":0,"width":2,"height":2,"togglelightbox":0,"hide_title":0,"filters":"","url":"https:\/\/www.objectifimage-95.fr\/wp-content\/uploads\/2025\/04\/E-Jose-C-Montmartre-8.jpg","alt":"","title":"E-Jos\u00e9-C-Montmartre-8","caption":"","description":"","report":"","src":"https:\/\/www.objectifimage-95.fr\/wp-content\/uploads\/2025\/04\/E-Jose-C-Montmartre-8-1024x1024.jpg","data-width":2,"data-height":2},{"id":"11905","halign":"center","valign":"middle","link":"","target":0,"width":2,"height":2,"togglelightbox":0,"hide_title":0,"filters":"","url":"https:\/\/www.objectifimage-95.fr\/wp-content\/uploads\/2025\/04\/E-Jose-C-Montmartre-9.jpg","alt":"","title":"E-Jos\u00e9-C-Montmartre-9","caption":"","description":"","report":"","src":"https:\/\/www.objectifimage-95.fr\/wp-content\/uploads\/2025\/04\/E-Jose-C-Montmartre-9-1024x1024.jpg","data-width":2,"data-height":2},{"id":"11906","halign":"center","valign":"middle","link":"","target":0,"width":2,"height":2,"togglelightbox":0,"hide_title":0,"filters":"","url":"https:\/\/www.objectifimage-95.fr\/wp-content\/uploads\/2025\/04\/E-Pascale-B-3.jpg","alt":"","title":"Pascale-B-03","caption":"Pascale-B-03","description":"Pascale-B-03","report":"","src":"https:\/\/www.objectifimage-95.fr\/wp-content\/uploads\/2025\/04\/E-Pascale-B-3-1024x684.jpg","data-width":2,"data-height":2},{"id":"11907","halign":"center","valign":"middle","link":"","target":0,"width":2,"height":2,"togglelightbox":0,"hide_title":0,"filters":"","url":"https:\/\/www.objectifimage-95.fr\/wp-content\/uploads\/2025\/04\/E-Pascale-B-4.jpg","alt":"","title":"Pascale-B-04","caption":"Pascale-B-04","description":"Pascale-B-04","report":"","src":"https:\/\/www.objectifimage-95.fr\/wp-content\/uploads\/2025\/04\/E-Pascale-B-4-684x1024.jpg","data-width":2,"data-height":2},{"id":"11908","halign":"center","valign":"middle","link":"","target":0,"width":2,"height":2,"togglelightbox":0,"hide_title":0,"filters":"","url":"https:\/\/www.objectifimage-95.fr\/wp-content\/uploads\/2025\/04\/F-.jpg","alt":"","title":"F-","caption":"","description":"","report":"","src":"https:\/\/www.objectifimage-95.fr\/wp-content\/uploads\/2025\/04\/F--1024x683.jpg","data-width":2,"data-height":2},{"id":"11909","halign":"center","valign":"middle","link":"","target":0,"width":2,"height":2,"togglelightbox":0,"hide_title":0,"filters":"","url":"https:\/\/www.objectifimage-95.fr\/wp-content\/uploads\/2025\/04\/F-Celine-D-le-penseur.jpg","alt":"","title":"F-C\u00e9line-D-le penseur","caption":"","description":"","report":"","src":"https:\/\/www.objectifimage-95.fr\/wp-content\/uploads\/2025\/04\/F-Celine-D-le-penseur-683x1024.jpg","data-width":2,"data-height":2},{"id":"11910","halign":"center","valign":"middle","link":"","target":0,"width":2,"height":2,"togglelightbox":0,"hide_title":0,"filters":"","url":"https:\/\/www.objectifimage-95.fr\/wp-content\/uploads\/2025\/04\/F-Celine-D-Soleil-de-plomb.jpg","alt":"","title":"F-C\u00e9line-D-Soleil de plomb","caption":"","description":"","report":"","src":"https:\/\/www.objectifimage-95.fr\/wp-content\/uploads\/2025\/04\/F-Celine-D-Soleil-de-plomb-683x1024.jpg","data-width":2,"data-height":2},{"id":"11911","halign":"center","valign":"middle","link":"","target":0,"width":2,"height":2,"togglelightbox":0,"hide_title":0,"filters":"","url":"https:\/\/www.objectifimage-95.fr\/wp-content\/uploads\/2025\/04\/F-Jose-C-Montmartre-6-scaled.jpg","alt":"","title":"F-Jos\u00e9-C-Montmartre-6","caption":"","description":"","report":"","src":"https:\/\/www.objectifimage-95.fr\/wp-content\/uploads\/2025\/04\/F-Jose-C-Montmartre-6-683x1024.jpg","data-width":2,"data-height":2},{"id":"11912","halign":"center","valign":"middle","link":"","target":0,"width":2,"height":2,"togglelightbox":0,"hide_title":0,"filters":"","url":"https:\/\/www.objectifimage-95.fr\/wp-content\/uploads\/2025\/04\/F-Michel-G-Rue-de-labreuvoir-scaled.jpg","alt":"","title":"F-Michel-G-Rue de l&rsquo;abreuvoir)","caption":"","description":"","report":"","src":"https:\/\/www.objectifimage-95.fr\/wp-content\/uploads\/2025\/04\/F-Michel-G-Rue-de-labreuvoir-681x1024.jpg","data-width":2,"data-height":2},{"id":"12000","halign":"center","valign":"middle","link":"","target":0,"width":2,"height":2,"togglelightbox":0,"hide_title":0,"filters":"","url":"https:\/\/www.objectifimage-95.fr\/wp-content\/uploads\/2025\/04\/F-GEORGES-B-MONTMARTRE-RUE-NB.jpg","alt":"","title":"F-GEORGES-B-MONTMARTRE-RUE-N&amp;B","caption":"","description":"","report":"","src":"https:\/\/www.objectifimage-95.fr\/wp-content\/uploads\/2025\/04\/F-GEORGES-B-MONTMARTRE-RUE-NB-654x1024.jpg","data-width":2,"data-height":2},{"id":"11913","halign":"center","valign":"middle","link":"","target":0,"width":2,"height":2,"togglelightbox":0,"hide_title":0,"filters":"","url":"https:\/\/www.objectifimage-95.fr\/wp-content\/uploads\/2025\/04\/G-.jpg","alt":"","title":"G-","caption":"","description":"","report":"","src":"https:\/\/www.objectifimage-95.fr\/wp-content\/uploads\/2025\/04\/G--1024x683.jpg","data-width":2,"data-height":2},{"id":"11914","halign":"center","valign":"middle","link":"","target":0,"width":2,"height":2,"togglelightbox":0,"hide_title":0,"filters":"","url":"https:\/\/www.objectifimage-95.fr\/wp-content\/uploads\/2025\/04\/G-Celine-D-sacre-coeur.jpg","alt":"","title":"G-C\u00e9line-D-sacr\u00e9 coeur","caption":"","description":"","report":"","src":"https:\/\/www.objectifimage-95.fr\/wp-content\/uploads\/2025\/04\/G-Celine-D-sacre-coeur-683x1024.jpg","data-width":2,"data-height":2},{"id":"11915","halign":"center","valign":"middle","link":"","target":0,"width":2,"height":2,"togglelightbox":0,"hide_title":0,"filters":"","url":"https:\/\/www.objectifimage-95.fr\/wp-content\/uploads\/2025\/04\/G-Dominique-y-Montmartre-patrimoine-3-scaled.jpg","alt":"","title":"G-Dominique-y-Montmartre-patrimoine (3)","caption":"","description":"","report":"","src":"https:\/\/www.objectifimage-95.fr\/wp-content\/uploads\/2025\/04\/G-Dominique-y-Montmartre-patrimoine-3-683x1024.jpg","data-width":2,"data-height":2},{"id":"11916","halign":"center","valign":"middle","link":"","target":0,"width":2,"height":2,"togglelightbox":0,"hide_title":0,"filters":"","url":"https:\/\/www.objectifimage-95.fr\/wp-content\/uploads\/2025\/04\/G-Dominique-y-Montmartre-patrimoine.jpg","alt":"","title":"G-Dominique-y-Montmartre-patrimoine","caption":"","description":"","report":"","src":"https:\/\/www.objectifimage-95.fr\/wp-content\/uploads\/2025\/04\/G-Dominique-y-Montmartre-patrimoine-1024x683.jpg","data-width":2,"data-height":2},{"id":"11917","halign":"center","valign":"middle","link":"","target":0,"width":2,"height":2,"togglelightbox":0,"hide_title":0,"filters":"","url":"https:\/\/www.objectifimage-95.fr\/wp-content\/uploads\/2025\/04\/G-Jean-Claude-F-sortie-Montmartre-12_00001.jpg","alt":"","title":"G-Jean Claude-F sortie Montmartre (12)_00001","caption":"","description":"","report":"","src":"https:\/\/www.objectifimage-95.fr\/wp-content\/uploads\/2025\/04\/G-Jean-Claude-F-sortie-Montmartre-12_00001-1024x683.jpg","data-width":2,"data-height":2},{"id":"11918","halign":"center","valign":"middle","link":"","target":0,"width":2,"height":2,"togglelightbox":0,"hide_title":0,"filters":"","url":"https:\/\/www.objectifimage-95.fr\/wp-content\/uploads\/2025\/04\/G-Jean-Claude-F-sortie-Montmartre-13_00001.jpg","alt":"","title":"G-Jean Claude-F sortie Montmartre (13)_00001","caption":"","description":"","report":"","src":"https:\/\/www.objectifimage-95.fr\/wp-content\/uploads\/2025\/04\/G-Jean-Claude-F-sortie-Montmartre-13_00001-1024x683.jpg","data-width":2,"data-height":2},{"id":"11919","halign":"center","valign":"middle","link":"","target":0,"width":2,"height":2,"togglelightbox":0,"hide_title":0,"filters":"","url":"https:\/\/www.objectifimage-95.fr\/wp-content\/uploads\/2025\/04\/G-Jose-C-Montmartre-4.jpg","alt":"","title":"G-Jos\u00e9-C-Montmartre-4","caption":"","description":"","report":"","src":"https:\/\/www.objectifimage-95.fr\/wp-content\/uploads\/2025\/04\/G-Jose-C-Montmartre-4-1024x1024.jpg","data-width":2,"data-height":2},{"id":"11920","halign":"center","valign":"middle","link":"","target":0,"width":2,"height":2,"togglelightbox":0,"hide_title":0,"filters":"","url":"https:\/\/www.objectifimage-95.fr\/wp-content\/uploads\/2025\/04\/G-Michel-G-Sacre-coeur-scaled.jpg","alt":"","title":"G-Michel-G-Sacr\u00e9 coeur","caption":"","description":"","report":"","src":"https:\/\/www.objectifimage-95.fr\/wp-content\/uploads\/2025\/04\/G-Michel-G-Sacre-coeur-681x1024.jpg","data-width":2,"data-height":2},{"id":"12001","halign":"center","valign":"middle","link":"","target":0,"width":2,"height":2,"togglelightbox":0,"hide_title":0,"filters":"","url":"https:\/\/www.objectifimage-95.fr\/wp-content\/uploads\/2025\/04\/G-GEORGES-B-MONTMARTRE-SACRE-COEUR.jpg","alt":"","title":"G-GEORGES-B-MONTMARTRE-SACRE-COEUR","caption":"","description":"","report":"","src":"https:\/\/www.objectifimage-95.fr\/wp-content\/uploads\/2025\/04\/G-GEORGES-B-MONTMARTRE-SACRE-COEUR-638x1024.jpg","data-width":2,"data-height":2},{"id":"11921","halign":"center","valign":"middle","link":"","target":0,"width":2,"height":2,"togglelightbox":0,"hide_title":0,"filters":"","url":"https:\/\/www.objectifimage-95.fr\/wp-content\/uploads\/2025\/04\/H-STREET-ART-ET-PHOTO.jpg","alt":"","title":"H- STREET-ART ET PHOTO","caption":"","description":"","report":"","src":"https:\/\/www.objectifimage-95.fr\/wp-content\/uploads\/2025\/04\/H-STREET-ART-ET-PHOTO-1024x683.jpg","data-width":2,"data-height":2},{"id":"11922","halign":"center","valign":"middle","link":"","target":0,"width":2,"height":2,"togglelightbox":0,"hide_title":0,"filters":"","url":"https:\/\/www.objectifimage-95.fr\/wp-content\/uploads\/2025\/04\/H-.jpg","alt":"","title":"H-","caption":"","description":"","report":"","src":"https:\/\/www.objectifimage-95.fr\/wp-content\/uploads\/2025\/04\/H--1024x683.jpg","data-width":2,"data-height":2},{"id":"11923","halign":"center","valign":"middle","link":"","target":0,"width":2,"height":2,"togglelightbox":0,"hide_title":0,"filters":"","url":"https:\/\/www.objectifimage-95.fr\/wp-content\/uploads\/2025\/04\/H-Jean-Paul-F-Sourires.jpg","alt":"","title":"H-Jean-Paul-F-Sourires","caption":"","description":"","report":"","src":"https:\/\/www.objectifimage-95.fr\/wp-content\/uploads\/2025\/04\/H-Jean-Paul-F-Sourires-1024x576.jpg","data-width":2,"data-height":2},{"id":"11924","halign":"center","valign":"middle","link":"","target":0,"width":2,"height":2,"togglelightbox":0,"hide_title":0,"filters":"","url":"https:\/\/www.objectifimage-95.fr\/wp-content\/uploads\/2025\/04\/H-Jose-C-Montmartre-14.jpg","alt":"","title":"H-Jos\u00e9-C-Montmartre-14","caption":"","description":"","report":"","src":"https:\/\/www.objectifimage-95.fr\/wp-content\/uploads\/2025\/04\/H-Jose-C-Montmartre-14-1024x683.jpg","data-width":2,"data-height":2},{"id":"11925","halign":"center","valign":"middle","link":"","target":0,"width":2,"height":2,"togglelightbox":0,"hide_title":0,"filters":"","url":"https:\/\/www.objectifimage-95.fr\/wp-content\/uploads\/2025\/04\/H-Michel-G-Les-je-taime.jpg","alt":"","title":"H-Michel-G-Les je t&rsquo;aime","caption":"","description":"","report":"","src":"https:\/\/www.objectifimage-95.fr\/wp-content\/uploads\/2025\/04\/H-Michel-G-Les-je-taime-1024x682.jpg","data-width":2,"data-height":2},{"id":"11926","halign":"center","valign":"middle","link":"","target":0,"width":2,"height":2,"togglelightbox":0,"hide_title":0,"filters":"","url":"https:\/\/www.objectifimage-95.fr\/wp-content\/uploads\/2025\/04\/H-rolande-D-montmartre-9.jpg","alt":"","title":"Rolande-D-balade Montmartre","caption":"Rolande-D-La belle Rita Hayworth nous envoie un message","description":"Rolande-D-La belle Rita Hayworth nous envoie un message","report":"","src":"https:\/\/www.objectifimage-95.fr\/wp-content\/uploads\/2025\/04\/H-rolande-D-montmartre-9-1024x684.jpg","data-width":2,"data-height":2},{"id":"12002","halign":"center","valign":"middle","link":"","target":0,"width":2,"height":2,"togglelightbox":0,"hide_title":0,"filters":"","url":"https:\/\/www.objectifimage-95.fr\/wp-content\/uploads\/2025\/04\/H-GEORGES-B-MONTMARTRE-GILDA.jpg","alt":"","title":"H-GEORGES-B-MONTMARTRE-GILDA","caption":"","description":"","report":"","src":"https:\/\/www.objectifimage-95.fr\/wp-content\/uploads\/2025\/04\/H-GEORGES-B-MONTMARTRE-GILDA-1024x691.jpg","data-width":2,"data-height":2},{"id":"11927","halign":"center","valign":"middle","link":"","target":0,"width":2,"height":2,"togglelightbox":0,"hide_title":0,"filters":"","url":"https:\/\/www.objectifimage-95.fr\/wp-content\/uploads\/2025\/04\/I-.jpg","alt":"","title":"I-","caption":"","description":"","report":"","src":"https:\/\/www.objectifimage-95.fr\/wp-content\/uploads\/2025\/04\/I--1024x683.jpg","data-width":2,"data-height":2},{"id":"11928","halign":"center","valign":"middle","link":"","target":0,"width":2,"height":2,"togglelightbox":0,"hide_title":0,"filters":"","url":"https:\/\/www.objectifimage-95.fr\/wp-content\/uploads\/2025\/04\/I-Celine-D-sacree-foule.jpg","alt":"","title":"I-C\u00e9line-D-sacr\u00e9e foule","caption":"","description":"","report":"","src":"https:\/\/www.objectifimage-95.fr\/wp-content\/uploads\/2025\/04\/I-Celine-D-sacree-foule-683x1024.jpg","data-width":2,"data-height":2},{"id":"11929","halign":"center","valign":"middle","link":"","target":0,"width":2,"height":2,"togglelightbox":0,"hide_title":0,"filters":"","url":"https:\/\/www.objectifimage-95.fr\/wp-content\/uploads\/2025\/04\/I-J-Pierre-P-Monte-la-haut.jpg","alt":"","title":"I-J-Pierre P &#8211; Monte l\u00e0-haut","caption":"","description":"","report":"","src":"https:\/\/www.objectifimage-95.fr\/wp-content\/uploads\/2025\/04\/I-J-Pierre-P-Monte-la-haut-1024x658.jpg","data-width":2,"data-height":2},{"id":"11930","halign":"center","valign":"middle","link":"","target":0,"width":2,"height":2,"togglelightbox":0,"hide_title":0,"filters":"","url":"https:\/\/www.objectifimage-95.fr\/wp-content\/uploads\/2025\/04\/I-J-Pierre-P-Moustache-guidon.jpg","alt":"","title":"I-J-Pierre P &#8211; Moustache guidon","caption":"","description":"","report":"","src":"https:\/\/www.objectifimage-95.fr\/wp-content\/uploads\/2025\/04\/I-J-Pierre-P-Moustache-guidon-1024x704.jpg","data-width":2,"data-height":2},{"id":"11931","halign":"center","valign":"middle","link":"","target":0,"width":2,"height":2,"togglelightbox":0,"hide_title":0,"filters":"","url":"https:\/\/www.objectifimage-95.fr\/wp-content\/uploads\/2025\/04\/I-J-Pierre-P-Teotihuacan-scaled.jpg","alt":"","title":"I-J-Pierre P &#8211; T\u00e9otihuacan","caption":"","description":"","report":"","src":"https:\/\/www.objectifimage-95.fr\/wp-content\/uploads\/2025\/04\/I-J-Pierre-P-Teotihuacan-683x1024.jpg","data-width":2,"data-height":2},{"id":"11932","halign":"center","valign":"middle","link":"","target":0,"width":2,"height":2,"togglelightbox":0,"hide_title":0,"filters":"","url":"https:\/\/www.objectifimage-95.fr\/wp-content\/uploads\/2025\/04\/I-Jean-Claude-F-sortie-Montmartre-10_00001-scaled.jpg","alt":"","title":"I-Jean Claude-F sortie Montmartre (10)_00001","caption":"","description":"","report":"","src":"https:\/\/www.objectifimage-95.fr\/wp-content\/uploads\/2025\/04\/I-Jean-Claude-F-sortie-Montmartre-10_00001-683x1024.jpg","data-width":2,"data-height":2},{"id":"11933","halign":"center","valign":"middle","link":"","target":0,"width":2,"height":2,"togglelightbox":0,"hide_title":0,"filters":"","url":"https:\/\/www.objectifimage-95.fr\/wp-content\/uploads\/2025\/04\/I-Jose-C-Montmartre-3-scaled.jpg","alt":"","title":"I-Jos\u00e9-C-Montmartre-3","caption":"","description":"","report":"","src":"https:\/\/www.objectifimage-95.fr\/wp-content\/uploads\/2025\/04\/I-Jose-C-Montmartre-3-683x1024.jpg","data-width":2,"data-height":2},{"id":"11934","halign":"center","valign":"middle","link":"","target":0,"width":2,"height":2,"togglelightbox":0,"hide_title":0,"filters":"","url":"https:\/\/www.objectifimage-95.fr\/wp-content\/uploads\/2025\/04\/I-Jose-C-Montmartre-11.jpg","alt":"","title":"I-Jos\u00e9-C-Montmartre-11","caption":"","description":"","report":"","src":"https:\/\/www.objectifimage-95.fr\/wp-content\/uploads\/2025\/04\/I-Jose-C-Montmartre-11-1024x1024.jpg","data-width":2,"data-height":2},{"id":"11935","halign":"center","valign":"middle","link":"","target":0,"width":2,"height":2,"togglelightbox":0,"hide_title":0,"filters":"","url":"https:\/\/www.objectifimage-95.fr\/wp-content\/uploads\/2025\/04\/I-rolande-D-montmartre-3.jpg","alt":"","title":"Rolande-D-balade Montmartre","caption":"Rolande-D-La balade du chien \u00e0 Montmartre","description":"Rolande-D-La balade du chien \u00e0 Montmartre","report":"","src":"https:\/\/www.objectifimage-95.fr\/wp-content\/uploads\/2025\/04\/I-rolande-D-montmartre-3-1024x684.jpg","data-width":2,"data-height":2},{"id":"11936","halign":"center","valign":"middle","link":"","target":0,"width":2,"height":2,"togglelightbox":0,"hide_title":0,"filters":"","url":"https:\/\/www.objectifimage-95.fr\/wp-content\/uploads\/2025\/04\/I-rolande-D-montmartre-4-scaled.jpg","alt":"","title":"Rolande-D-balade Montmartre","caption":"Rolande-D-Devant chez Dalida, le travail des peintres","description":"Rolande-D-Devant chez Dalida, le travail des peintres","report":"","src":"https:\/\/www.objectifimage-95.fr\/wp-content\/uploads\/2025\/04\/I-rolande-D-montmartre-4-640x1024.jpg","data-width":2,"data-height":2},{"id":"11937","halign":"center","valign":"middle","link":"","target":0,"width":2,"height":2,"togglelightbox":0,"hide_title":0,"filters":"","url":"https:\/\/www.objectifimage-95.fr\/wp-content\/uploads\/2025\/04\/I-rolande-D-montmartre-5.jpg","alt":"","title":"Rolande-D-balade Montmartre","caption":"Rolande-D-Terrasse de caf\u00e9","description":"Rolande-D-Terrasse de caf\u00e9","report":"","src":"https:\/\/www.objectifimage-95.fr\/wp-content\/uploads\/2025\/04\/I-rolande-D-montmartre-5-1024x759.jpg","data-width":2,"data-height":2},{"id":"11938","halign":"center","valign":"middle","link":"","target":0,"width":2,"height":2,"togglelightbox":0,"hide_title":0,"filters":"","url":"https:\/\/www.objectifimage-95.fr\/wp-content\/uploads\/2025\/04\/I-rolande-D-montmartre-8.jpg","alt":"","title":"Rolande-D-balade Montmartre","caption":"Rolande-D-Glace, soleil et funiculaire","description":"Rolande-D-Glace, soleil et funiculaire","report":"","src":"https:\/\/www.objectifimage-95.fr\/wp-content\/uploads\/2025\/04\/I-rolande-D-montmartre-8-1024x574.jpg","data-width":2,"data-height":2},{"id":"12003","halign":"center","valign":"middle","link":"","target":0,"width":2,"height":2,"togglelightbox":0,"hide_title":0,"filters":"","url":"https:\/\/www.objectifimage-95.fr\/wp-content\/uploads\/2025\/04\/I-GEORGES-B-MONTMARTRE-PORTE-BLEUE.jpg","alt":"","title":"I-GEORGES-B-MONTMARTRE-PORTE BLEUE","caption":"","description":"","report":"","src":"https:\/\/www.objectifimage-95.fr\/wp-content\/uploads\/2025\/04\/I-GEORGES-B-MONTMARTRE-PORTE-BLEUE-892x1024.jpg","data-width":2,"data-height":2},{"id":"12004","halign":"center","valign":"middle","link":"","target":0,"width":2,"height":2,"togglelightbox":0,"hide_title":0,"filters":"","url":"https:\/\/www.objectifimage-95.fr\/wp-content\/uploads\/2025\/04\/I-GEORGES-B-MONTMARTRE-RUE.jpg","alt":"","title":"I-GEORGES-B-MONTMARTRE-RUE","caption":"","description":"","report":"","src":"https:\/\/www.objectifimage-95.fr\/wp-content\/uploads\/2025\/04\/I-GEORGES-B-MONTMARTRE-RUE-683x1024.jpg","data-width":2,"data-height":2},{"id":"11939","halign":"center","valign":"middle","link":"","target":0,"width":2,"height":2,"togglelightbox":0,"hide_title":0,"filters":"","url":"https:\/\/www.objectifimage-95.fr\/wp-content\/uploads\/2025\/04\/J-.jpg","alt":"","title":"J-","caption":"","description":"","report":"","src":"https:\/\/www.objectifimage-95.fr\/wp-content\/uploads\/2025\/04\/J--1024x683.jpg","data-width":2,"data-height":2},{"id":"11940","halign":"center","valign":"middle","link":"","target":0,"width":2,"height":2,"togglelightbox":0,"hide_title":0,"filters":"","url":"https:\/\/www.objectifimage-95.fr\/wp-content\/uploads\/2025\/04\/J-Jean-Paul-F-Fontaine-assechee.jpg","alt":"","title":"J-Jean-Paul-F-Fontaine-ass\u00e9ch\u00e9e","caption":"","description":"","report":"","src":"https:\/\/www.objectifimage-95.fr\/wp-content\/uploads\/2025\/04\/J-Jean-Paul-F-Fontaine-assechee-768x1024.jpg","data-width":2,"data-height":2},{"id":"11941","halign":"center","valign":"middle","link":"","target":0,"width":2,"height":2,"togglelightbox":0,"hide_title":0,"filters":"","url":"https:\/\/www.objectifimage-95.fr\/wp-content\/uploads\/2025\/04\/J-Jean-Paul-F-Jeu.jpg","alt":"","title":"J-Jean-Paul-F-Jeu","caption":"","description":"","report":"","src":"https:\/\/www.objectifimage-95.fr\/wp-content\/uploads\/2025\/04\/J-Jean-Paul-F-Jeu-1024x465.jpg","data-width":2,"data-height":2},{"id":"11942","halign":"center","valign":"middle","link":"","target":0,"width":2,"height":2,"togglelightbox":0,"hide_title":0,"filters":"","url":"https:\/\/www.objectifimage-95.fr\/wp-content\/uploads\/2025\/04\/J-Jose-C-Montmartre-10.jpg","alt":"","title":"J-Jos\u00e9-C-Montmartre-10","caption":"","description":"","report":"","src":"https:\/\/www.objectifimage-95.fr\/wp-content\/uploads\/2025\/04\/J-Jose-C-Montmartre-10-1024x418.jpg","data-width":2,"data-height":2},{"id":"11943","halign":"center","valign":"middle","link":"","target":0,"width":2,"height":2,"togglelightbox":0,"hide_title":0,"filters":"","url":"https:\/\/www.objectifimage-95.fr\/wp-content\/uploads\/2025\/04\/J-Pascale-B-6.jpg","alt":"","title":"Pascale-B-08","caption":"Pascale-B-08","description":"Pascale-B-08","report":"","src":"https:\/\/www.objectifimage-95.fr\/wp-content\/uploads\/2025\/04\/J-Pascale-B-6-1024x769.jpg","data-width":2,"data-height":2},{"id":"11944","halign":"center","valign":"middle","link":"","target":0,"width":2,"height":2,"togglelightbox":0,"hide_title":0,"filters":"","url":"https:\/\/www.objectifimage-95.fr\/wp-content\/uploads\/2025\/04\/K-.jpg","alt":"","title":"K-","caption":"","description":"","report":"","src":"https:\/\/www.objectifimage-95.fr\/wp-content\/uploads\/2025\/04\/K--1024x683.jpg","data-width":2,"data-height":2},{"id":"11945","halign":"center","valign":"middle","link":"","target":0,"width":2,"height":2,"togglelightbox":0,"hide_title":0,"filters":"","url":"https:\/\/www.objectifimage-95.fr\/wp-content\/uploads\/2025\/04\/K-Celine-D-Street-ombre.jpg","alt":"","title":"K-C\u00e9line-D Street ombre","caption":"","description":"","report":"","src":"https:\/\/www.objectifimage-95.fr\/wp-content\/uploads\/2025\/04\/K-Celine-D-Street-ombre-683x1024.jpg","data-width":2,"data-height":2},{"id":"11946","halign":"center","valign":"middle","link":"","target":0,"width":2,"height":2,"togglelightbox":0,"hide_title":0,"filters":"","url":"https:\/\/www.objectifimage-95.fr\/wp-content\/uploads\/2025\/04\/K-Dominique-y-Montmartre-art-2-scaled.jpg","alt":"","title":"K-Dominique-y-Montmartre-art (2)","caption":"","description":"","report":"","src":"https:\/\/www.objectifimage-95.fr\/wp-content\/uploads\/2025\/04\/K-Dominique-y-Montmartre-art-2-683x1024.jpg","data-width":2,"data-height":2},{"id":"11947","halign":"center","valign":"middle","link":"","target":0,"width":2,"height":2,"togglelightbox":0,"hide_title":0,"filters":"","url":"https:\/\/www.objectifimage-95.fr\/wp-content\/uploads\/2025\/04\/K-J-Pierre-P-Decor-mural.jpg","alt":"","title":"K-J-Pierre P &#8211; D\u00e9cor mural","caption":"","description":"","report":"","src":"https:\/\/www.objectifimage-95.fr\/wp-content\/uploads\/2025\/04\/K-J-Pierre-P-Decor-mural-1024x683.jpg","data-width":2,"data-height":2},{"id":"11948","halign":"center","valign":"middle","link":"","target":0,"width":2,"height":2,"togglelightbox":0,"hide_title":0,"filters":"","url":"https:\/\/www.objectifimage-95.fr\/wp-content\/uploads\/2025\/04\/K-Jean-Claude-F-sortie-Montmartre-7_00001.jpg","alt":"","title":"K-Jean Claude-F sortie Montmartre (7)_00001","caption":"","description":"","report":"","src":"https:\/\/www.objectifimage-95.fr\/wp-content\/uploads\/2025\/04\/K-Jean-Claude-F-sortie-Montmartre-7_00001-1024x683.jpg","data-width":2,"data-height":2},{"id":"11949","halign":"center","valign":"middle","link":"","target":0,"width":2,"height":2,"togglelightbox":0,"hide_title":0,"filters":"","url":"https:\/\/www.objectifimage-95.fr\/wp-content\/uploads\/2025\/04\/K-Jean-Claude-F-sortie-Montmartre-11_00001.jpg","alt":"","title":"K-Jean Claude-F sortie Montmartre (11)_00001","caption":"","description":"","report":"","src":"https:\/\/www.objectifimage-95.fr\/wp-content\/uploads\/2025\/04\/K-Jean-Claude-F-sortie-Montmartre-11_00001-1024x683.jpg","data-width":2,"data-height":2},{"id":"11950","halign":"center","valign":"middle","link":"","target":0,"width":2,"height":2,"togglelightbox":0,"hide_title":0,"filters":"","url":"https:\/\/www.objectifimage-95.fr\/wp-content\/uploads\/2025\/04\/K-Jose-C-Montmartre-12.jpg","alt":"","title":"K-Jos\u00e9-C-Montmartre-12","caption":"","description":"","report":"","src":"https:\/\/www.objectifimage-95.fr\/wp-content\/uploads\/2025\/04\/K-Jose-C-Montmartre-12-1024x683.jpg","data-width":2,"data-height":2},{"id":"11951","halign":"center","valign":"middle","link":"","target":0,"width":2,"height":2,"togglelightbox":0,"hide_title":0,"filters":"","url":"https:\/\/www.objectifimage-95.fr\/wp-content\/uploads\/2025\/04\/K-Michel-G-street-art-1.jpg","alt":"","title":"K-Michel-G-street art 1","caption":"","description":"","report":"","src":"https:\/\/www.objectifimage-95.fr\/wp-content\/uploads\/2025\/04\/K-Michel-G-street-art-1-1024x682.jpg","data-width":2,"data-height":2},{"id":"11952","halign":"center","valign":"middle","link":"","target":0,"width":2,"height":2,"togglelightbox":0,"hide_title":0,"filters":"","url":"https:\/\/www.objectifimage-95.fr\/wp-content\/uploads\/2025\/04\/K-rolande-D-montmartre-6.jpg","alt":"","title":"Rolande-D-balade Montmartre","caption":"Rolande-D-Sous un coin de parapluie, le paradis des amoureux","description":"Rolande-D-Sous un coin de parapluie, le paradis des amoureux","report":"","src":"https:\/\/www.objectifimage-95.fr\/wp-content\/uploads\/2025\/04\/K-rolande-D-montmartre-6-839x1024.jpg","data-width":2,"data-height":2},{"id":"12005","halign":"center","valign":"middle","link":"","target":0,"width":2,"height":2,"togglelightbox":0,"hide_title":0,"filters":"","url":"https:\/\/www.objectifimage-95.fr\/wp-content\/uploads\/2025\/04\/K-GEORGES-B-MONTMARTRE-PORTE.jpg","alt":"","title":"K-GEORGES-B-MONTMARTRE-PORTE","caption":"","description":"","report":"","src":"https:\/\/www.objectifimage-95.fr\/wp-content\/uploads\/2025\/04\/K-GEORGES-B-MONTMARTRE-PORTE-683x1024.jpg","data-width":2,"data-height":2},{"id":"12007","halign":"center","valign":"middle","link":"","target":0,"width":2,"height":2,"togglelightbox":0,"hide_title":0,"filters":"","url":"https:\/\/www.objectifimage-95.fr\/wp-content\/uploads\/2025\/04\/K-GEORGES-B-MONTMARTRE-VINYL.jpg","alt":"","title":"K-GEORGES-B-MONTMARTRE-VINYL","caption":"","description":"","report":"","src":"https:\/\/www.objectifimage-95.fr\/wp-content\/uploads\/2025\/04\/K-GEORGES-B-MONTMARTRE-VINYL-683x1024.jpg","data-width":2,"data-height":2},{"id":"12006","halign":"center","valign":"middle","link":"","target":0,"width":2,"height":2,"togglelightbox":0,"hide_title":0,"filters":"","url":"https:\/\/www.objectifimage-95.fr\/wp-content\/uploads\/2025\/04\/K-GEORGES-B-MONTMARTRE-TAG.jpg","alt":"","title":"K-GEORGES-B-MONTMARTRE-TAG","caption":"","description":"","report":"","src":"https:\/\/www.objectifimage-95.fr\/wp-content\/uploads\/2025\/04\/K-GEORGES-B-MONTMARTRE-TAG-817x1024.jpg","data-width":2,"data-height":2},{"id":"11953","halign":"center","valign":"middle","link":"","target":0,"width":2,"height":2,"togglelightbox":0,"hide_title":0,"filters":"","url":"https:\/\/www.objectifimage-95.fr\/wp-content\/uploads\/2025\/04\/L-.jpg","alt":"","title":"L-","caption":"","description":"","report":"","src":"https:\/\/www.objectifimage-95.fr\/wp-content\/uploads\/2025\/04\/L--1024x683.jpg","data-width":2,"data-height":2},{"id":"11954","halign":"center","valign":"middle","link":"","target":0,"width":2,"height":2,"togglelightbox":0,"hide_title":0,"filters":"","url":"https:\/\/www.objectifimage-95.fr\/wp-content\/uploads\/2025\/04\/L-Celine-D-du-soleil-pour-un-bon-vin.jpg","alt":"","title":"L-C\u00e9line-D-du soleil pour un bon vin","caption":"","description":"","report":"","src":"https:\/\/www.objectifimage-95.fr\/wp-content\/uploads\/2025\/04\/L-Celine-D-du-soleil-pour-un-bon-vin-1024x683.jpg","data-width":2,"data-height":2},{"id":"11955","halign":"center","valign":"middle","link":"","target":0,"width":2,"height":2,"togglelightbox":0,"hide_title":0,"filters":"","url":"https:\/\/www.objectifimage-95.fr\/wp-content\/uploads\/2025\/04\/L-J-Pierre-P-Clos-Montmartre.jpg","alt":"","title":"L-J-Pierre P &#8211; Clos Montmartre","caption":"","description":"","report":"","src":"https:\/\/www.objectifimage-95.fr\/wp-content\/uploads\/2025\/04\/L-J-Pierre-P-Clos-Montmartre-1024x683.jpg","data-width":2,"data-height":2},{"id":"11956","halign":"center","valign":"middle","link":"","target":0,"width":2,"height":2,"togglelightbox":0,"hide_title":0,"filters":"","url":"https:\/\/www.objectifimage-95.fr\/wp-content\/uploads\/2025\/04\/L-Jean-Claude-F-sortie-Montmartre-4_00001.jpg","alt":"","title":"L-Jean Claude-F sortie Montmartre (4)_00001","caption":"","description":"","report":"","src":"https:\/\/www.objectifimage-95.fr\/wp-content\/uploads\/2025\/04\/L-Jean-Claude-F-sortie-Montmartre-4_00001-1024x683.jpg","data-width":2,"data-height":2},{"id":"11957","halign":"center","valign":"middle","link":"","target":0,"width":2,"height":2,"togglelightbox":0,"hide_title":0,"filters":"","url":"https:\/\/www.objectifimage-95.fr\/wp-content\/uploads\/2025\/04\/L-Michel-G-les-vignes.jpg","alt":"","title":"L-Michel-G-les vignes","caption":"","description":"","report":"","src":"https:\/\/www.objectifimage-95.fr\/wp-content\/uploads\/2025\/04\/L-Michel-G-les-vignes-1024x682.jpg","data-width":2,"data-height":2},{"id":"11958","halign":"center","valign":"middle","link":"","target":0,"width":2,"height":2,"togglelightbox":0,"hide_title":0,"filters":"","url":"https:\/\/www.objectifimage-95.fr\/wp-content\/uploads\/2025\/04\/L-Michel-G-vue-de-la-vigne.jpg","alt":"","title":"L-Michel-G-vue de la vigne","caption":"","description":"","report":"","src":"https:\/\/www.objectifimage-95.fr\/wp-content\/uploads\/2025\/04\/L-Michel-G-vue-de-la-vigne-1024x682.jpg","data-width":2,"data-height":2},{"id":"11959","halign":"center","valign":"middle","link":"","target":0,"width":2,"height":2,"togglelightbox":0,"hide_title":0,"filters":"","url":"https:\/\/www.objectifimage-95.fr\/wp-content\/uploads\/2025\/04\/M-PLACE-DES-ABBESSES.jpg","alt":"","title":"M- PLACE DES ABBESSES","caption":"","description":"","report":"","src":"https:\/\/www.objectifimage-95.fr\/wp-content\/uploads\/2025\/04\/M-PLACE-DES-ABBESSES-1024x683.jpg","data-width":2,"data-height":2},{"id":"11960","halign":"center","valign":"middle","link":"","target":0,"width":2,"height":2,"togglelightbox":0,"hide_title":0,"filters":"","url":"https:\/\/www.objectifimage-95.fr\/wp-content\/uploads\/2025\/04\/M-Dominique-y-Montmartre-animation-scaled.jpg","alt":"","title":"M-Dominique-y-Montmartre-animation","caption":"","description":"","report":"","src":"https:\/\/www.objectifimage-95.fr\/wp-content\/uploads\/2025\/04\/M-Dominique-y-Montmartre-animation-556x1024.jpg","data-width":2,"data-height":2},{"id":"11961","halign":"center","valign":"middle","link":"","target":0,"width":2,"height":2,"togglelightbox":0,"hide_title":0,"filters":"","url":"https:\/\/www.objectifimage-95.fr\/wp-content\/uploads\/2025\/04\/M-Jean-Claude-F-sortie-Montmartre-14_00001.jpg","alt":"","title":"M-Jean Claude-F sortie Montmartre (14)_00001","caption":"","description":"","report":"","src":"https:\/\/www.objectifimage-95.fr\/wp-content\/uploads\/2025\/04\/M-Jean-Claude-F-sortie-Montmartre-14_00001-1024x683.jpg","data-width":2,"data-height":2},{"id":"11962","halign":"center","valign":"middle","link":"","target":0,"width":2,"height":2,"togglelightbox":0,"hide_title":0,"filters":"","url":"https:\/\/www.objectifimage-95.fr\/wp-content\/uploads\/2025\/04\/M-Jean-Paul-F-Bulle.jpg","alt":"","title":"M-Jean-Paul-F-Bulle","caption":"","description":"","report":"","src":"https:\/\/www.objectifimage-95.fr\/wp-content\/uploads\/2025\/04\/M-Jean-Paul-F-Bulle-768x1024.jpg","data-width":2,"data-height":2},{"id":"11963","halign":"center","valign":"middle","link":"","target":0,"width":2,"height":2,"togglelightbox":0,"hide_title":0,"filters":"","url":"https:\/\/www.objectifimage-95.fr\/wp-content\/uploads\/2025\/04\/M-Jean-Paul-F-Jonglage.jpg","alt":"","title":"M-Jean-Paul-F-Jonglage","caption":"","description":"","report":"","src":"https:\/\/www.objectifimage-95.fr\/wp-content\/uploads\/2025\/04\/M-Jean-Paul-F-Jonglage-828x1024.jpg","data-width":2,"data-height":2},{"id":"11964","halign":"center","valign":"middle","link":"","target":0,"width":2,"height":2,"togglelightbox":0,"hide_title":0,"filters":"","url":"https:\/\/www.objectifimage-95.fr\/wp-content\/uploads\/2025\/04\/M-Jose-C-Montmartre-13.jpg","alt":"","title":"M-Jos\u00e9-C-Montmartre-13","caption":"","description":"","report":"","src":"https:\/\/www.objectifimage-95.fr\/wp-content\/uploads\/2025\/04\/M-Jose-C-Montmartre-13-1024x1024.jpg","data-width":2,"data-height":2},{"id":"12008","halign":"center","valign":"middle","link":"","target":0,"width":2,"height":2,"togglelightbox":0,"hide_title":0,"filters":"","url":"https:\/\/www.objectifimage-95.fr\/wp-content\/uploads\/2025\/04\/M-GEORGES-B-MONTMARTRE-BULLE.jpg","alt":"","title":"M-GEORGES-B-MONTMARTRE-BULLE","caption":"","description":"","report":"","src":"https:\/\/www.objectifimage-95.fr\/wp-content\/uploads\/2025\/04\/M-GEORGES-B-MONTMARTRE-BULLE-1024x910.jpg","data-width":2,"data-height":2},{"id":"11965","halign":"center","valign":"middle","link":"","target":0,"width":2,"height":2,"togglelightbox":0,"hide_title":0,"filters":"","url":"https:\/\/www.objectifimage-95.fr\/wp-content\/uploads\/2025\/04\/M-Pascale-B-8.jpg","alt":"","title":"Pascale-B-10 labesse","caption":"","description":"","report":"","src":"https:\/\/www.objectifimage-95.fr\/wp-content\/uploads\/2025\/04\/M-Pascale-B-8-1024x769.jpg","data-width":2,"data-height":2},{"id":"11966","halign":"center","valign":"middle","link":"","target":0,"width":2,"height":2,"togglelightbox":0,"hide_title":0,"filters":"","url":"https:\/\/www.objectifimage-95.fr\/wp-content\/uploads\/2025\/04\/N-GROUPES-ET-NOUS.jpg","alt":"","title":"N- GROUPES ET NOUS","caption":"","description":"","report":"","src":"https:\/\/www.objectifimage-95.fr\/wp-content\/uploads\/2025\/04\/N-GROUPES-ET-NOUS-1024x683.jpg","data-width":2,"data-height":2},{"id":"11967","halign":"center","valign":"middle","link":"","target":0,"width":2,"height":2,"togglelightbox":0,"hide_title":0,"filters":"","url":"https:\/\/www.objectifimage-95.fr\/wp-content\/uploads\/2025\/04\/N-Celine-D-El-presidente.jpg","alt":"","title":"N-C\u00e9line-D-El presidente","caption":"","description":"","report":"","src":"https:\/\/www.objectifimage-95.fr\/wp-content\/uploads\/2025\/04\/N-Celine-D-El-presidente-683x1024.jpg","data-width":2,"data-height":2},{"id":"12009","halign":"center","valign":"middle","link":"","target":0,"width":2,"height":2,"togglelightbox":0,"hide_title":0,"filters":"","url":"https:\/\/www.objectifimage-95.fr\/wp-content\/uploads\/2025\/04\/N-GEORGES-B-MONTMARTRE-PRESIDENT.jpg","alt":"","title":"N-GEORGES-B-MONTMARTRE-PRESIDENT","caption":"","description":"","report":"","src":"https:\/\/www.objectifimage-95.fr\/wp-content\/uploads\/2025\/04\/N-GEORGES-B-MONTMARTRE-PRESIDENT-698x1024.jpg","data-width":2,"data-height":2},{"id":"11968","halign":"center","valign":"middle","link":"","target":0,"width":2,"height":2,"togglelightbox":0,"hide_title":0,"filters":"","url":"https:\/\/www.objectifimage-95.fr\/wp-content\/uploads\/2025\/04\/N-Dominique-y-Montmartre-espace-canin.jpg","alt":"","title":"N-Dominique-y-Montmartre-espace canin","caption":"","description":"","report":"","src":"https:\/\/www.objectifimage-95.fr\/wp-content\/uploads\/2025\/04\/N-Dominique-y-Montmartre-espace-canin-1024x576.jpg","data-width":2,"data-height":2},{"id":"11969","halign":"center","valign":"middle","link":"","target":0,"width":2,"height":2,"togglelightbox":0,"hide_title":0,"filters":"","url":"https:\/\/www.objectifimage-95.fr\/wp-content\/uploads\/2025\/04\/N-J-Pierre-P-Le-club-samuse.jpg","alt":"","title":"N-J-Pierre P &#8211; Le club s&rsquo;amuse","caption":"","description":"","report":"","src":"https:\/\/www.objectifimage-95.fr\/wp-content\/uploads\/2025\/04\/N-J-Pierre-P-Le-club-samuse-1024x683.jpg","data-width":2,"data-height":2},{"id":"11970","halign":"center","valign":"middle","link":"","target":0,"width":2,"height":2,"togglelightbox":0,"hide_title":0,"filters":"","url":"https:\/\/www.objectifimage-95.fr\/wp-content\/uploads\/2025\/04\/N-J-Pierre-P-On-est-ou.jpg","alt":"","title":"N-J-Pierre P &#8211; On est o\u00f9","caption":"","description":"","report":"","src":"https:\/\/www.objectifimage-95.fr\/wp-content\/uploads\/2025\/04\/N-J-Pierre-P-On-est-ou-1024x683.jpg","data-width":2,"data-height":2},{"id":"11971","halign":"center","valign":"middle","link":"","target":0,"width":2,"height":2,"togglelightbox":0,"hide_title":0,"filters":"","url":"https:\/\/www.objectifimage-95.fr\/wp-content\/uploads\/2025\/04\/N-Jean-Claude-F-sortie-Montmartre-2_00001-1.jpg","alt":"","title":"N-Jean Claude-F sortie Montmartre (2)_00001 (1)","caption":"","description":"","report":"","src":"https:\/\/www.objectifimage-95.fr\/wp-content\/uploads\/2025\/04\/N-Jean-Claude-F-sortie-Montmartre-2_00001-1-1024x683.jpg","data-width":2,"data-height":2},{"id":"11972","halign":"center","valign":"middle","link":"","target":0,"width":2,"height":2,"togglelightbox":0,"hide_title":0,"filters":"","url":"https:\/\/www.objectifimage-95.fr\/wp-content\/uploads\/2025\/04\/N-Jean-Claude-F-sortie-Montmartre-5_00001.jpg","alt":"","title":"N-Jean Claude-F sortie Montmartre (5)_00001","caption":"","description":"","report":"","src":"https:\/\/www.objectifimage-95.fr\/wp-content\/uploads\/2025\/04\/N-Jean-Claude-F-sortie-Montmartre-5_00001-1024x683.jpg","data-width":2,"data-height":2},{"id":"11973","halign":"center","valign":"middle","link":"","target":0,"width":2,"height":2,"togglelightbox":0,"hide_title":0,"filters":"","url":"https:\/\/www.objectifimage-95.fr\/wp-content\/uploads\/2025\/04\/N-Jean-Paul-F-Au-pied-des-vignes.jpg","alt":"","title":"N-Jean-Paul-F-Au-pied-des-vignes","caption":"","description":"","report":"","src":"https:\/\/www.objectifimage-95.fr\/wp-content\/uploads\/2025\/04\/N-Jean-Paul-F-Au-pied-des-vignes-1024x768.jpg","data-width":2,"data-height":2},{"id":"11974","halign":"center","valign":"middle","link":"","target":0,"width":2,"height":2,"togglelightbox":0,"hide_title":0,"filters":"","url":"https:\/\/www.objectifimage-95.fr\/wp-content\/uploads\/2025\/04\/N-Jose-C-Montmartre-5.jpg","alt":"","title":"N-Jos\u00e9-C-Montmartre-5","caption":"","description":"","report":"","src":"https:\/\/www.objectifimage-95.fr\/wp-content\/uploads\/2025\/04\/N-Jose-C-Montmartre-5-1024x1024.jpg","data-width":2,"data-height":2},{"id":"11975","halign":"center","valign":"middle","link":"","target":0,"width":2,"height":2,"togglelightbox":0,"hide_title":0,"filters":"","url":"https:\/\/www.objectifimage-95.fr\/wp-content\/uploads\/2025\/04\/O-DIVERS.jpg","alt":"","title":"O- DIVERS","caption":"","description":"","report":"","src":"https:\/\/www.objectifimage-95.fr\/wp-content\/uploads\/2025\/04\/O-DIVERS-1024x683.jpg","data-width":2,"data-height":2},{"id":"11976","halign":"center","valign":"middle","link":"","target":0,"width":2,"height":2,"togglelightbox":0,"hide_title":0,"filters":"","url":"https:\/\/www.objectifimage-95.fr\/wp-content\/uploads\/2025\/04\/O-Celine-D-escalier-bucolique.jpg","alt":"","title":"O-C\u00e9line-D-escalier bucolique","caption":"","description":"","report":"","src":"https:\/\/www.objectifimage-95.fr\/wp-content\/uploads\/2025\/04\/O-Celine-D-escalier-bucolique-683x1024.jpg","data-width":2,"data-height":2},{"id":"11977","halign":"center","valign":"middle","link":"","target":0,"width":2,"height":2,"togglelightbox":0,"hide_title":0,"filters":"","url":"https:\/\/www.objectifimage-95.fr\/wp-content\/uploads\/2025\/04\/O-Celine-D-la-meilleure-prise-de-vue.jpg","alt":"","title":"O-C\u00e9line-D-la meilleure prise de vue","caption":"","description":"","report":"","src":"https:\/\/www.objectifimage-95.fr\/wp-content\/uploads\/2025\/04\/O-Celine-D-la-meilleure-prise-de-vue-683x1024.jpg","data-width":2,"data-height":2},{"id":"11978","halign":"center","valign":"middle","link":"","target":0,"width":2,"height":2,"togglelightbox":0,"hide_title":0,"filters":"","url":"https:\/\/www.objectifimage-95.fr\/wp-content\/uploads\/2025\/04\/O-Dominique-y-Montmartre-demeure-2-scaled.jpg","alt":"","title":"O-Dominique-y-Montmartre-demeure (2)","caption":"","description":"","report":"","src":"https:\/\/www.objectifimage-95.fr\/wp-content\/uploads\/2025\/04\/O-Dominique-y-Montmartre-demeure-2-673x1024.jpg","data-width":2,"data-height":2},{"id":"11979","halign":"center","valign":"middle","link":"","target":0,"width":2,"height":2,"togglelightbox":0,"hide_title":0,"filters":"","url":"https:\/\/www.objectifimage-95.fr\/wp-content\/uploads\/2025\/04\/O-Dominique-y-Montmartre-demeure.jpg","alt":"","title":"O-Dominique-y-Montmartre-demeure","caption":"","description":"","report":"","src":"https:\/\/www.objectifimage-95.fr\/wp-content\/uploads\/2025\/04\/O-Dominique-y-Montmartre-demeure-1024x683.jpg","data-width":2,"data-height":2},{"id":"11980","halign":"center","valign":"middle","link":"","target":0,"width":2,"height":2,"togglelightbox":0,"hide_title":0,"filters":"","url":"https:\/\/www.objectifimage-95.fr\/wp-content\/uploads\/2025\/04\/O-Dominique-y-Montmartre-patrimoine-2-scaled.jpg","alt":"","title":"O-Dominique-y-Montmartre-patrimoine (2)","caption":"","description":"","report":"","src":"https:\/\/www.objectifimage-95.fr\/wp-content\/uploads\/2025\/04\/O-Dominique-y-Montmartre-patrimoine-2-683x1024.jpg","data-width":2,"data-height":2},{"id":"11981","halign":"center","valign":"middle","link":"","target":0,"width":2,"height":2,"togglelightbox":0,"hide_title":0,"filters":"","url":"https:\/\/www.objectifimage-95.fr\/wp-content\/uploads\/2025\/04\/O-Jean-Claude-F-sortie-Montmartre-6_00001.jpg","alt":"","title":"O-Jean Claude-F sortie Montmartre (6)_00001","caption":"","description":"","report":"","src":"https:\/\/www.objectifimage-95.fr\/wp-content\/uploads\/2025\/04\/O-Jean-Claude-F-sortie-Montmartre-6_00001-1024x683.jpg","data-width":2,"data-height":2},{"id":"11982","halign":"center","valign":"middle","link":"","target":0,"width":2,"height":2,"togglelightbox":0,"hide_title":0,"filters":"","url":"https:\/\/www.objectifimage-95.fr\/wp-content\/uploads\/2025\/04\/O-Jean-Paul-F-Guirlande.jpg","alt":"","title":"O-Jean-Paul-F-Guirlande","caption":"","description":"","report":"","src":"https:\/\/www.objectifimage-95.fr\/wp-content\/uploads\/2025\/04\/O-Jean-Paul-F-Guirlande-1024x576.jpg","data-width":2,"data-height":2},{"id":"11983","halign":"center","valign":"middle","link":"","target":0,"width":2,"height":2,"togglelightbox":0,"hide_title":0,"filters":"","url":"https:\/\/www.objectifimage-95.fr\/wp-content\/uploads\/2025\/04\/O-Michel-G-Montmartre-6.jpg","alt":"","title":"O-Michel-G-Montmartre (6)","caption":"","description":"","report":"","src":"https:\/\/www.objectifimage-95.fr\/wp-content\/uploads\/2025\/04\/O-Michel-G-Montmartre-6-1024x682.jpg","data-width":2,"data-height":2},{"id":"11984","halign":"center","valign":"middle","link":"","target":0,"width":2,"height":2,"togglelightbox":0,"hide_title":0,"filters":"","url":"https:\/\/www.objectifimage-95.fr\/wp-content\/uploads\/2025\/04\/O-Michel-G-Parc-de-la-turlure.jpg","alt":"","title":"O-Michel-G-Parc de la turlure","caption":"","description":"","report":"","src":"https:\/\/www.objectifimage-95.fr\/wp-content\/uploads\/2025\/04\/O-Michel-G-Parc-de-la-turlure-1024x682.jpg","data-width":2,"data-height":2},{"id":"11985","halign":"center","valign":"middle","link":"","target":0,"width":2,"height":2,"togglelightbox":0,"hide_title":0,"filters":"","url":"https:\/\/www.objectifimage-95.fr\/wp-content\/uploads\/2025\/04\/O-Pascale-B-0.jpg","alt":"","title":"Pascale-B-06","caption":"Pascale-B-06","description":"Pascale-B-06","report":"","src":"https:\/\/www.objectifimage-95.fr\/wp-content\/uploads\/2025\/04\/O-Pascale-B-0-1024x1024.jpg","data-width":2,"data-height":2},{"id":"11986","halign":"center","valign":"middle","link":"","target":0,"width":2,"height":2,"togglelightbox":0,"hide_title":0,"filters":"","url":"https:\/\/www.objectifimage-95.fr\/wp-content\/uploads\/2025\/04\/O-Pascale-B-1.jpg","alt":"","title":"Pascale-B-06","caption":"Pascale-B-06","description":"Pascale-B-06","report":"","src":"https:\/\/www.objectifimage-95.fr\/wp-content\/uploads\/2025\/04\/O-Pascale-B-1-766x1024.jpg","data-width":2,"data-height":2},{"id":"11987","halign":"center","valign":"middle","link":"","target":0,"width":2,"height":2,"togglelightbox":0,"hide_title":0,"filters":"","url":"https:\/\/www.objectifimage-95.fr\/wp-content\/uploads\/2025\/04\/O-Pascale-B-2.jpg","alt":"","title":"Pascale-B-07","caption":"Pascale-B-07","description":"Pascale-B-07","report":"","src":"https:\/\/www.objectifimage-95.fr\/wp-content\/uploads\/2025\/04\/O-Pascale-B-2-1024x769.jpg","data-width":2,"data-height":2},{"id":"11988","halign":"center","valign":"middle","link":"","target":0,"width":2,"height":2,"togglelightbox":0,"hide_title":0,"filters":"","url":"https:\/\/www.objectifimage-95.fr\/wp-content\/uploads\/2025\/04\/O-Pascale-B-7.jpg","alt":"","title":"Pascale-B-09 funiculaire","caption":"Pascale-B-09 funiculaire","description":"Pascale-B-09 funiculaire","report":"","src":"https:\/\/www.objectifimage-95.fr\/wp-content\/uploads\/2025\/04\/O-Pascale-B-7-769x1024.jpg","data-width":2,"data-height":2},{"id":"11989","halign":"center","valign":"middle","link":"","target":0,"width":2,"height":2,"togglelightbox":0,"hide_title":0,"filters":"","url":"https:\/\/www.objectifimage-95.fr\/wp-content\/uploads\/2025\/04\/O-rolande-D-montmartre-1.jpg","alt":"","title":"Rolande-D-balade Montmartre","caption":"Rolande-D-Le petit cimeti\u00e8re St Vincent o\u00f9 dorment quelques Montmartrois","description":"Rolande-D-Le petit cimeti\u00e8re St Vincent o\u00f9 dorment quelques Montmartrois","report":"","src":"https:\/\/www.objectifimage-95.fr\/wp-content\/uploads\/2025\/04\/O-rolande-D-montmartre-1-1024x684.jpg","data-width":2,"data-height":2},{"id":"11990","halign":"center","valign":"middle","link":"","target":0,"width":2,"height":2,"togglelightbox":0,"hide_title":0,"filters":"","url":"https:\/\/www.objectifimage-95.fr\/wp-content\/uploads\/2025\/04\/O-rolande-D-montmartre-7-scaled.jpg","alt":"","title":"Rolande-D-balade Montmartre","caption":"Rolande-D-Une fontaine Wallace au soleil","description":"Rolande-D-Une fontaine Wallace au soleil","report":"","src":"https:\/\/www.objectifimage-95.fr\/wp-content\/uploads\/2025\/04\/O-rolande-D-montmartre-7-684x1024.jpg","data-width":2,"data-height":2},{"id":"12010","halign":"center","valign":"middle","link":"","target":0,"width":2,"height":2,"togglelightbox":0,"hide_title":0,"filters":"","url":"https:\/\/www.objectifimage-95.fr\/wp-content\/uploads\/2025\/04\/O-GEORGES-B-MONTMARTRE-VIGNE.jpg","alt":"","title":"O-GEORGES-B-MONTMARTRE-VIGNE","caption":"","description":"","report":"","src":"https:\/\/www.objectifimage-95.fr\/wp-content\/uploads\/2025\/04\/O-GEORGES-B-MONTMARTRE-VIGNE-1024x1015.jpg","data-width":2,"data-height":2}],"yoast_head":"<!-- This site is optimized with the Yoast SEO plugin v27.5 - https:\/\/yoast.com\/product\/yoast-seo-wordpress\/ -->\n<title>G-SOR-2025-04-05-D\u00e9ambulation \u00e0 Montmartre - Objectif Image 95<\/title>\n<meta name=\"robots\" content=\"index, follow, max-snippet:-1, max-image-preview:large, max-video-preview:-1\" \/>\n<link rel=\"canonical\" href=\"https:\/\/www.objectifimage-95.fr\/index.php\/modula-gallery\/2025-04-05-deambulation-a-montmartre\/\" \/>\n<meta property=\"og:locale\" content=\"fr_FR\" \/>\n<meta property=\"og:type\" content=\"article\" \/>\n<meta property=\"og:title\" content=\"G-SOR-2025-04-05-D\u00e9ambulation \u00e0 Montmartre - Objectif Image 95\" \/>\n<meta property=\"og:url\" content=\"https:\/\/www.objectifimage-95.fr\/index.php\/modula-gallery\/2025-04-05-deambulation-a-montmartre\/\" \/>\n<meta property=\"og:site_name\" content=\"Objectif Image 95\" \/>\n<meta property=\"article:modified_time\" content=\"2025-04-18T13:42:57+00:00\" \/>\n<meta name=\"twitter:card\" content=\"summary_large_image\" \/>\n<script type=\"application\/ld+json\" class=\"yoast-schema-graph\">{\"@context\":\"https:\\\/\\\/schema.org\",\"@graph\":[{\"@type\":\"WebPage\",\"@id\":\"https:\\\/\\\/www.objectifimage-95.fr\\\/index.php\\\/modula-gallery\\\/2025-04-05-deambulation-a-montmartre\\\/\",\"url\":\"https:\\\/\\\/www.objectifimage-95.fr\\\/index.php\\\/modula-gallery\\\/2025-04-05-deambulation-a-montmartre\\\/\",\"name\":\"G-SOR-2025-04-05-D\u00e9ambulation \u00e0 Montmartre - Objectif Image 95\",\"isPartOf\":{\"@id\":\"https:\\\/\\\/www.objectifimage-95.fr\\\/#website\"},\"datePublished\":\"2025-04-06T09:23:48+00:00\",\"dateModified\":\"2025-04-18T13:42:57+00:00\",\"breadcrumb\":{\"@id\":\"https:\\\/\\\/www.objectifimage-95.fr\\\/index.php\\\/modula-gallery\\\/2025-04-05-deambulation-a-montmartre\\\/#breadcrumb\"},\"inLanguage\":\"fr-FR\",\"potentialAction\":[{\"@type\":\"ReadAction\",\"target\":[\"https:\\\/\\\/www.objectifimage-95.fr\\\/index.php\\\/modula-gallery\\\/2025-04-05-deambulation-a-montmartre\\\/\"]}]},{\"@type\":\"BreadcrumbList\",\"@id\":\"https:\\\/\\\/www.objectifimage-95.fr\\\/index.php\\\/modula-gallery\\\/2025-04-05-deambulation-a-montmartre\\\/#breadcrumb\",\"itemListElement\":[{\"@type\":\"ListItem\",\"position\":1,\"name\":\"Accueil\",\"item\":\"https:\\\/\\\/www.objectifimage-95.fr\\\/\"},{\"@type\":\"ListItem\",\"position\":2,\"name\":\"G-SOR-2025-04-05-D\u00e9ambulation \u00e0 Montmartre\"}]},{\"@type\":\"WebSite\",\"@id\":\"https:\\\/\\\/www.objectifimage-95.fr\\\/#website\",\"url\":\"https:\\\/\\\/www.objectifimage-95.fr\\\/\",\"name\":\"Objectif Image-95\",\"description\":\"Photo club de Soisy-sous-Montmorency\",\"publisher\":{\"@id\":\"https:\\\/\\\/www.objectifimage-95.fr\\\/#organization\"},\"potentialAction\":[{\"@type\":\"SearchAction\",\"target\":{\"@type\":\"EntryPoint\",\"urlTemplate\":\"https:\\\/\\\/www.objectifimage-95.fr\\\/?s={search_term_string}\"},\"query-input\":{\"@type\":\"PropertyValueSpecification\",\"valueRequired\":true,\"valueName\":\"search_term_string\"}}],\"inLanguage\":\"fr-FR\"},{\"@type\":\"Organization\",\"@id\":\"https:\\\/\\\/www.objectifimage-95.fr\\\/#organization\",\"name\":\"Objectif Image-95\",\"url\":\"https:\\\/\\\/www.objectifimage-95.fr\\\/\",\"logo\":{\"@type\":\"ImageObject\",\"inLanguage\":\"fr-FR\",\"@id\":\"https:\\\/\\\/www.objectifimage-95.fr\\\/#\\\/schema\\\/logo\\\/image\\\/\",\"url\":\"https:\\\/\\\/www.objectifimage-95.fr\\\/wp-content\\\/uploads\\\/2025\\\/01\\\/Logo-520px.png\",\"contentUrl\":\"https:\\\/\\\/www.objectifimage-95.fr\\\/wp-content\\\/uploads\\\/2025\\\/01\\\/Logo-520px.png\",\"width\":520,\"height\":343,\"caption\":\"Objectif Image-95\"},\"image\":{\"@id\":\"https:\\\/\\\/www.objectifimage-95.fr\\\/#\\\/schema\\\/logo\\\/image\\\/\"}}]}<\/script>\n<!-- \/ Yoast SEO plugin. -->","yoast_head_json":{"title":"G-SOR-2025-04-05-D\u00e9ambulation \u00e0 Montmartre - Objectif Image 95","robots":{"index":"index","follow":"follow","max-snippet":"max-snippet:-1","max-image-preview":"max-image-preview:large","max-video-preview":"max-video-preview:-1"},"canonical":"https:\/\/www.objectifimage-95.fr\/index.php\/modula-gallery\/2025-04-05-deambulation-a-montmartre\/","og_locale":"fr_FR","og_type":"article","og_title":"G-SOR-2025-04-05-D\u00e9ambulation \u00e0 Montmartre - Objectif Image 95","og_url":"https:\/\/www.objectifimage-95.fr\/index.php\/modula-gallery\/2025-04-05-deambulation-a-montmartre\/","og_site_name":"Objectif Image 95","article_modified_time":"2025-04-18T13:42:57+00:00","twitter_card":"summary_large_image","schema":{"@context":"https:\/\/schema.org","@graph":[{"@type":"WebPage","@id":"https:\/\/www.objectifimage-95.fr\/index.php\/modula-gallery\/2025-04-05-deambulation-a-montmartre\/","url":"https:\/\/www.objectifimage-95.fr\/index.php\/modula-gallery\/2025-04-05-deambulation-a-montmartre\/","name":"G-SOR-2025-04-05-D\u00e9ambulation \u00e0 Montmartre - Objectif Image 95","isPartOf":{"@id":"https:\/\/www.objectifimage-95.fr\/#website"},"datePublished":"2025-04-06T09:23:48+00:00","dateModified":"2025-04-18T13:42:57+00:00","breadcrumb":{"@id":"https:\/\/www.objectifimage-95.fr\/index.php\/modula-gallery\/2025-04-05-deambulation-a-montmartre\/#breadcrumb"},"inLanguage":"fr-FR","potentialAction":[{"@type":"ReadAction","target":["https:\/\/www.objectifimage-95.fr\/index.php\/modula-gallery\/2025-04-05-deambulation-a-montmartre\/"]}]},{"@type":"BreadcrumbList","@id":"https:\/\/www.objectifimage-95.fr\/index.php\/modula-gallery\/2025-04-05-deambulation-a-montmartre\/#breadcrumb","itemListElement":[{"@type":"ListItem","position":1,"name":"Accueil","item":"https:\/\/www.objectifimage-95.fr\/"},{"@type":"ListItem","position":2,"name":"G-SOR-2025-04-05-D\u00e9ambulation \u00e0 Montmartre"}]},{"@type":"WebSite","@id":"https:\/\/www.objectifimage-95.fr\/#website","url":"https:\/\/www.objectifimage-95.fr\/","name":"Objectif Image-95","description":"Photo club de Soisy-sous-Montmorency","publisher":{"@id":"https:\/\/www.objectifimage-95.fr\/#organization"},"potentialAction":[{"@type":"SearchAction","target":{"@type":"EntryPoint","urlTemplate":"https:\/\/www.objectifimage-95.fr\/?s={search_term_string}"},"query-input":{"@type":"PropertyValueSpecification","valueRequired":true,"valueName":"search_term_string"}}],"inLanguage":"fr-FR"},{"@type":"Organization","@id":"https:\/\/www.objectifimage-95.fr\/#organization","name":"Objectif Image-95","url":"https:\/\/www.objectifimage-95.fr\/","logo":{"@type":"ImageObject","inLanguage":"fr-FR","@id":"https:\/\/www.objectifimage-95.fr\/#\/schema\/logo\/image\/","url":"https:\/\/www.objectifimage-95.fr\/wp-content\/uploads\/2025\/01\/Logo-520px.png","contentUrl":"https:\/\/www.objectifimage-95.fr\/wp-content\/uploads\/2025\/01\/Logo-520px.png","width":520,"height":343,"caption":"Objectif Image-95"},"image":{"@id":"https:\/\/www.objectifimage-95.fr\/#\/schema\/logo\/image\/"}}]}},"jetpack_sharing_enabled":true,"_links":{"self":[{"href":"https:\/\/www.objectifimage-95.fr\/index.php\/wp-json\/wp\/v2\/modula-gallery\/11455","targetHints":{"allow":["GET"]}}],"collection":[{"href":"https:\/\/www.objectifimage-95.fr\/index.php\/wp-json\/wp\/v2\/modula-gallery"}],"about":[{"href":"https:\/\/www.objectifimage-95.fr\/index.php\/wp-json\/wp\/v2\/types\/modula-gallery"}],"wp:attachment":[{"href":"https:\/\/www.objectifimage-95.fr\/index.php\/wp-json\/wp\/v2\/media?parent=11455"}],"curies":[{"name":"wp","href":"https:\/\/api.w.org\/{rel}","templated":true}]}}